{"id":114,"date":"2025-01-19T10:25:03","date_gmt":"2025-01-19T10:25:03","guid":{"rendered":"https:\/\/thepartisans.info\/?page_id=114"},"modified":"2025-09-13T05:54:13","modified_gmt":"2025-09-13T11:54:13","slug":"recommended-articles","status":"publish","type":"page","link":"https:\/\/thepartisans.info\/index.php\/recommended-articles\/","title":{"rendered":"The Sweep"},"content":{"rendered":"<div class=\"vlp-link-container vlp-layout-basic wp-block-visual-link-preview-link\"><a href=\"https:\/\/www.democracycollaborative.org\/tracking-the-crisis\/turning-point\" class=\"vlp-link\" title=\"Turning Point \u2014 The Democracy Collaborative\" rel=\"nofollow\" target=\"_blank\"><\/a><div class=\"vlp-layout-zone-side\"><div class=\"vlp-block-2 vlp-link-image\"><img decoding=\"async\" src=\"http:\/\/static1.squarespace.com\/static\/668c154d4d09237bebbb257a\/t\/68c4ca52f4bdc7234d3416e9\/1757727314034\/GettyImages-2194451381-2.jpg?format=1500w\" style=\"max-width: 150px; max-height: 150px\" \/><\/div><\/div><div class=\"vlp-layout-zone-main\"><div class=\"vlp-block-0 vlp-link-title\">Turning Point \u2014 The Democracy Collaborative<\/div><div class=\"vlp-block-1 vlp-link-summary\">Week of September 5-11, 2025<\/div><\/div><\/div>\n\n<div class=\"vlp-link-container vlp-layout-basic wp-block-visual-link-preview-link\"><a href=\"https:\/\/www.cnn.com\/2025\/09\/12\/us\/ice-deadly-traffic-stop-illinois?Date=20250912&amp;Profile=CNN&amp;utm_content=1757703662&amp;utm_medium=social&amp;utm_source=facebook&amp;fbclid=IwY2xjawMyOiBleHRuA2FlbQIxMQABHhFUjuhUpy3Pxu5_OTHAJpP3wJFKddiWn8jfUTngHC6YdHCbrRC0JjpBQJ2Z_aem_TTKPQTro4Gj9p0mRNqp1qw\" class=\"vlp-link\" title=\"Man fatally shot during ICE traffic stop after dragging and injuring an officer in Chicago suburb, DHS says | CNN\" rel=\"nofollow\" target=\"_blank\"><\/a><div class=\"vlp-layout-zone-side\"><div class=\"vlp-block-2 vlp-link-image\"><img decoding=\"async\" src=\"https:\/\/media.cnn.com\/api\/v1\/images\/stellar\/prod\/gettyimages-2235087411.jpg?c=16x9&amp;q=w_800,c_fill\" style=\"max-width: 150px; max-height: 150px\" \/><\/div><\/div><div class=\"vlp-layout-zone-main\"><div class=\"vlp-block-0 vlp-link-title\">Man fatally shot during ICE traffic stop after dragging and injuring an officer in Chicago suburb, DHS says | CNN<\/div><div class=\"vlp-block-1 vlp-link-summary\">An Immigration and Customs Enforcement officer fatally shot a man who resisted arrest and dragged the officer during a vehicle stop in a Chicago suburb Friday morning, according to the Department of Homeland Security.<\/div><\/div><\/div>\n\n<div class=\"vlp-link-container vlp-layout-basic wp-block-visual-link-preview-link\"><a href=\"https:\/\/www.facebook.com\/reel\/799609625855673\" class=\"vlp-link\" title=\"122K views \u00b7 12K reactions | Author Viet Thanh Nguyen shares how his experience as a Vietnamese refugee led him to support Palestinian liberation. | Democracy Now!\" rel=\"nofollow\" target=\"_blank\"><\/a><div class=\"vlp-layout-zone-side\"><div class=\"vlp-block-2 vlp-link-image\"><img decoding=\"async\" src=\"https:\/\/scontent.xx.fbcdn.net\/v\/t15.5256-10\/545747404_647124885099000_2229148744729421771_n.jpg?_nc_cat=107&amp;ccb=1-7&amp;_nc_sid=596eb7&amp;_nc_ohc=b018XYP1SEoQ7kNvwHq9Eb3&amp;_nc_oc=AdlsgGW5pRXaIqgmHrbr-mRif-yNZan0zo66wf_X3LZcNGxrw5VHZ60MNXZ4kQYT9mM&amp;_nc_zt=23&amp;_nc_ht=scontent.xx&amp;_nc_gid=wAv0n3gHayaXgG_vSMLJoA&amp;oh=00_AfZ_z7lheBvBTTMWaF73odVzOT-lcpYy-KoU5sq-tj123A&amp;oe=68CB4490\" style=\"max-width: 150px; max-height: 150px\" \/><\/div><\/div><div class=\"vlp-layout-zone-main\"><div class=\"vlp-block-0 vlp-link-title\">122K views \u00b7 12K reactions | Author Viet Thanh Nguyen shares how his experience as a Vietnamese refugee led him to support Palestinian liberation. | Democracy Now!<\/div><div class=\"vlp-block-1 vlp-link-summary\">Author Viet Thanh Nguyen shares how his experience as a Vietnamese refugee led him to support Palestinian liberation\u2026<\/div><\/div><\/div>\n\n<div class=\"vlp-link-container vlp-layout-basic wp-block-visual-link-preview-link\"><a href=\"https:\/\/www.facebook.com\/reel\/1469332487682797\" class=\"vlp-link\" title=\"106K views \u00b7 4K reactions | Soumaya Ghannoushi, a writer and expert in Middle East politics, says Israel\u2019s strike on Doha is not just an escalation but a \u201cthunderclap, loud enough to rattle every palace, every ministry, every street in the Arab world.\u201d She writes that Israel has bombed Gaza, the West Bank, Syria, Lebanon, Yemen, Iraq, Iran, Tunis, and now Qatar, showing no regard for borders or sovereignty. She says that this was not just any capital. Doha is a \u201cMajor Non-NATO Ally\u201d of Washington, home to the largest US base in the Middle East, and a state that has poured billions into American coffers. None of it mattered. Just months ago, Trump stood in Doha boasting of a $1.2 trillion deal, pocketing tributes, even a $400 million private jet described as a \u201cpalace in the sky.\u201d Yet when Netanyahu called in the strike, Trump gave the green light. Ghannoushi adds that the men targeted in Doha were negotiators, not fighters, and were present at Washington\u2019s request, yet Israel struck them under American cover. While Israel pushes towards its vision of Greater Israel, Ghannoushi says Arab regimes have traded dignity for illusions of security through deals like Camp David, Oslo, and the Abraham Accords. They jail their own people for protesting while keeping their skies open to Israeli warplanes. She concludes that unless Arab states recognise Israel as the principal threat to their survival, they will remain exposed, humiliated, and betrayed, because Israel has already declared through fire that it threatens them all. | Middle East Eye\" rel=\"nofollow\" target=\"_blank\"><\/a><div class=\"vlp-layout-zone-side\"><div class=\"vlp-block-2 vlp-link-image\"><img decoding=\"async\" src=\"https:\/\/scontent.xx.fbcdn.net\/v\/t15.5256-10\/547659917_1857322711665113_9000987388121515348_n.jpg?_nc_cat=111&amp;ccb=1-7&amp;_nc_sid=596eb7&amp;_nc_ohc=i0shg8wjwn8Q7kNvwE5qrbg&amp;_nc_oc=AdlaYVXG2BQzN2ziJbEVU60dxPnoHvYvykv3Y0P64lxkrCzRYGWJnm6bRtDZoUmg_uc&amp;_nc_zt=23&amp;_nc_ht=scontent.xx&amp;_nc_gid=EUwT8w0EUyGRDB-v30YauQ&amp;oh=00_Afb8443P6xQMozj0a_53w2vtAj9UlIAit5U9O9ks8dTExQ&amp;oe=68CB44FB\" style=\"max-width: 150px; max-height: 150px\" \/><\/div><\/div><div class=\"vlp-layout-zone-main\"><div class=\"vlp-block-0 vlp-link-title\">106K views \u00b7 4K reactions | Soumaya Ghannoushi, a writer and expert in Middle East politics, says Israel\u2019s strike on Doha is not just an escalation but a \u201cthunderclap, loud enough to rattle every palace, every ministry, every street in the Arab world.\u201d She writes that Israel has bombed Gaza, the West Bank, Syria, Lebanon, Yemen, Iraq, Iran, Tunis, and now Qatar, showing no regard for borders or sovereignty. She says that this was not just any capital. Doha is a \u201cMajor Non-NATO Ally\u201d of Washington, home to the largest US base in the Middle East, and a state that has poured billions into American coffers. None of it mattered. Just months ago, Trump stood in Doha boasting of a $1.2 trillion deal, pocketing tributes, even a $400 million private jet described as a \u201cpalace in the sky.\u201d Yet when Netanyahu called in the strike, Trump gave the green light. Ghannoushi adds that the men targeted in Doha were negotiators, not fighters, and were present at Washington\u2019s request, yet Israel struck them under American cover. While Israel pushes towards its vision of Greater Israel, Ghannoushi says Arab regimes have traded dignity for illusions of security through deals like Camp David, Oslo, and the Abraham Accords. They jail their own people for protesting while keeping their skies open to Israeli warplanes. She concludes that unless Arab states recognise Israel as the principal threat to their survival, they will remain exposed, humiliated, and betrayed, because Israel has already declared through fire that it threatens them all. | Middle East Eye<\/div><div class=\"vlp-block-1 vlp-link-summary\">Soumaya Ghannoushi, a writer and expert in Middle East politics, says Israel\u2019s strike on Doha is not just an escalation but a \u201cthunderclap, loud enough to rattle every palace, every ministry, every\u2026<\/div><\/div><\/div>\n\n<div class=\"vlp-link-container vlp-layout-basic wp-block-visual-link-preview-link\"><a href=\"https:\/\/www.facebook.com\/reel\/1057612386236342\" class=\"vlp-link\" title=\"68 reactions \u00b7 35 shares | Nora Barrows-Friedman, associate editor, delivers the news report. This is a segment from The Electronic Intifada\u2019s livestream on day 706 of the Gaza genocide. Ali Abunimah, Nora Barrows-Friedman, Jon Elmer and Asa Winstanley were joined by international human rights lawyer Craig Mokhiber and activist Sawsan Samara. The full broadcast is available to watch on YouTube, Rumble and Twitter\/X, or you can listen to it on your preferred podcast platform. | The Electronic Intifada\" rel=\"nofollow\" target=\"_blank\"><\/a><div class=\"vlp-layout-zone-side\"><div class=\"vlp-block-2 vlp-link-image\"><img decoding=\"async\" src=\"https:\/\/scontent.xx.fbcdn.net\/v\/t15.5256-10\/546521082_1433985747683923_7068508467476596421_n.jpg?_nc_cat=109&amp;ccb=1-7&amp;_nc_sid=a27664&amp;_nc_ohc=0DXuvNblGJkQ7kNvwGD6Xuj&amp;_nc_oc=AdmgplA-Df9_gZeleYYq5xyMW4ZSazWxAPzc8_cCxsqsX2ZBFKXeCJmwLdbYXIl_7n8&amp;_nc_zt=23&amp;_nc_ht=scontent.xx&amp;_nc_gid=VfQ-X84YDtGEG6_VrHvdhQ&amp;oh=00_AfYHCTqEtUC9agiflMvCoLe2D4f9oOK0py0KZQcAqbcHbw&amp;oe=68CB3F26\" style=\"max-width: 150px; max-height: 150px\" \/><\/div><\/div><div class=\"vlp-layout-zone-main\"><div class=\"vlp-block-0 vlp-link-title\">68 reactions \u00b7 35 shares | Nora Barrows-Friedman, associate editor, delivers the news report. This is a segment from The Electronic Intifada\u2019s livestream on day 706 of the Gaza genocide. Ali Abunimah, Nora Barrows-Friedman, Jon Elmer and Asa Winstanley were joined by international human rights lawyer Craig Mokhiber and activist Sawsan Samara. The full broadcast is available to watch on YouTube, Rumble and Twitter\/X, or you can listen to it on your preferred podcast platform. | The Electronic Intifada<\/div><div class=\"vlp-block-1 vlp-link-summary\">Nora Barrows-Friedman, associate editor, delivers the news report. This is a segment from The Electronic Intifada\u2019s livestream on day 706 of the Gaza genocide. Ali Abunimah, Nora Barrows-Friedman,\u2026<\/div><\/div><\/div>\n\n<div class=\"vlp-link-container vlp-layout-basic wp-block-visual-link-preview-link\"><a href=\"https:\/\/abc7.com\/post\/mexico-city-deadly-explosion-gas-tanker-explodes-highway-overpass-killing-least-8-people-injuring-90-others\/17795858\/?ex_cid=TA_KABC_FB&amp;utm_campaign=trueAnthem%3A+Trending+Content&amp;utm_medium=trueAnthem&amp;utm_source=facebook&amp;fbclid=IwY2xjawMyOM9leHRuA2FlbQIxMQABHmM2aZZ6UEBcczCQZYGB_Px9ja2qD8vqWMKHy_u9PPT6Xp8IVb6FmJ_PmfMb_aem_i_612YkJLxPiMiLHzqIGVg\" class=\"vlp-link\" title=\"Massive gas tanker explosion in Mexico City kills at least 8 people, injures 90 others\" rel=\"nofollow\" target=\"_blank\"><\/a><div class=\"vlp-layout-zone-side\"><div class=\"vlp-block-2 vlp-link-image\"><img decoding=\"async\" src=\"https:\/\/cdn.abcotvs.com\/dip\/images\/17795930_AP25254061408084-copy.jpg?w=1600\" style=\"max-width: 150px; max-height: 150px\" \/><\/div><\/div><div class=\"vlp-layout-zone-main\"><div class=\"vlp-block-0 vlp-link-title\">Massive gas tanker explosion in Mexico City kills at least 8 people, injures 90 others<\/div><div class=\"vlp-block-1 vlp-link-summary\">Families clustered outside hospitals awaiting word of their loved ones after the crash and explosion of a tanker truck on a Mexico City highway that killed at least eight people and injured 90.<\/div><\/div><\/div>\n\n<div class=\"vlp-link-container vlp-layout-basic wp-block-visual-link-preview-link\"><a href=\"https:\/\/www.nbcphiladelphia.com\/news\/national-international\/teachers-professors-fired-disciplined-charlie-kirk-death-social-media-post\/4268413\/?_osource=SocialFlowFB_PHBrand&amp;fbclid=IwY2xjawMyOD1leHRuA2FlbQIxMQABHkCW_0aYE1NvqiBjGHlAu2myPh9OZq-hvEIsT0HpYs4YI7NeQGJ3B1gdTv-s_aem_3BdldmAkPdRcNsMoMUrTew\" class=\"vlp-link\" title=\"After Charlie Kirk\u2019s death, teachers and professors nationwide fired or disciplined over social media posts\" rel=\"nofollow\" target=\"_blank\"><\/a><div class=\"vlp-layout-zone-side\"><div class=\"vlp-block-2 vlp-link-image\"><img decoding=\"async\" src=\"https:\/\/media.nbcphiladelphia.com\/2025\/09\/image_5bf934.jpg?quality=85&amp;strip=all&amp;resize=1200%2C675\" style=\"max-width: 150px; max-height: 150px\" \/><\/div><\/div><div class=\"vlp-layout-zone-main\"><div class=\"vlp-block-0 vlp-link-title\">After Charlie Kirk\u2019s death, teachers and professors nationwide fired or disciplined over social media posts<\/div><div class=\"vlp-block-1 vlp-link-summary\">At least a dozen faculty and staff have faced fallout over insensitive comments online.<\/div><\/div><\/div>\n\n\n<figure class=\"wp-block-embed is-type-video is-provider-youtube wp-block-embed-youtube wp-embed-aspect-16-9 wp-has-aspect-ratio\"><div class=\"wp-block-embed__wrapper\">\n<div class=\"jetpack-video-wrapper\"><iframe loading=\"lazy\" title=\"Valerie Zink: Why I quit &amp; cut up my Reuters press card over Gaza | Real Talk\" width=\"640\" height=\"360\" src=\"https:\/\/www.youtube.com\/embed\/A5eKNHO7tyM?feature=oembed\" frameborder=\"0\" allow=\"accelerometer; autoplay; clipboard-write; encrypted-media; gyroscope; picture-in-picture; web-share\" referrerpolicy=\"strict-origin-when-cross-origin\" allowfullscreen><\/iframe><\/div>\n<\/div><\/figure>\n\n\n<div class=\"vlp-link-container vlp-layout-basic wp-block-visual-link-preview-link\"><a href=\"https:\/\/www.middleeasteye.net\/news\/arrest-warrant-sought-israeli-president-visit-uk?utm_source=facebook&amp;utm_medium=social&amp;utm_campaign=Social_Traffic&amp;utm_content=ap_sobailnum7\" class=\"vlp-link\" title=\"Arrest warrant sought for Israeli president on visit to UK\" rel=\"nofollow\" target=\"_blank\"><\/a><div class=\"vlp-layout-zone-side\"><div class=\"vlp-block-2 vlp-link-image\"><img decoding=\"async\" src=\"https:\/\/www.middleeasteye.net\/sites\/default\/files\/images-story\/000_68t79tr%20(1).jpg\" style=\"max-width: 150px; max-height: 150px\" \/><\/div><\/div><div class=\"vlp-layout-zone-main\"><div class=\"vlp-block-0 vlp-link-title\">Arrest warrant sought for Israeli president on visit to UK<\/div><div class=\"vlp-block-1 vlp-link-summary\">Friends of Al-Aqsa says it has \u2018submitted an application to compel UK law enforcement to arrest Isaac Herzog upon entry\u2019<\/div><\/div><\/div>\n\n<div class=\"vlp-link-container vlp-layout-basic wp-block-visual-link-preview-link\"><a href=\"https:\/\/www.middleeasteye.net\/opinion\/after-israel-strike-doha-gcc-faces-defining-moment?utm_source=facebook&amp;utm_medium=social&amp;utm_campaign=Social_Traffic&amp;utm_content=ap_en7ioyonvq\" class=\"vlp-link\" title=\"Israel has declared war on the regional order: Gulf countries must respond | Middle East Eye\" rel=\"nofollow\" target=\"_blank\"><\/a><div class=\"vlp-layout-zone-side\"><div class=\"vlp-block-2 vlp-link-image\"><img decoding=\"async\" src=\"https:\/\/www.middleeasteye.net\/sites\/default\/files\/images-story\/Emir%20of%20Qatar%20Sheikh%20Tamim%20bin%20Hamad%20Al%20Thani%20attends%20the%202nd%20ASEAN-Gulf%20Cooperation%20Council%20(GCC)%20Summit%20after%20the%2046th%20Association%20of%20Southeast%20Asian%20Nations%20(ASEAN)%20Summit%20in%20Kuala%20Lumpur%20on%20May%2027%2C%202025-afp.jpg\" style=\"max-width: 150px; max-height: 150px\" \/><\/div><\/div><div class=\"vlp-layout-zone-main\"><div class=\"vlp-block-0 vlp-link-title\">Israel has declared war on the regional order: Gulf countries must respond | Middle East Eye<\/div><div class=\"vlp-block-1 vlp-link-summary\">If a founding member such as Qatar can be attacked without consequence, the GCC\u2019s defensive architecture risks becoming meaningless<\/div><\/div><\/div>\n\n<div class=\"vlp-link-container vlp-layout-basic wp-block-visual-link-preview-link\"><a href=\"https:\/\/atlantablackstar.com\/2025\/09\/12\/amanda-seales-sparks-debate-following-her-blunt-response-to-charlie-kirks-shooting\/?fbclid=IwY2xjawMyN3RleHRuA2FlbQIxMQABHmiwbdxBoFb3qtnwNevhSYq81JFu7sWLUGeQAln4ypzhnY2hKWZWC97H4wwH_aem_vm7weJliV9lHjefvJP8jRw\" class=\"vlp-link\" title=\"\u2018I Can\u2019t Have Empathy Because I Have No Connectivity\u2019: Amanda Seales\u2019 Unfiltered Take on Charlie Kirk Shooting Has Everyone Talking\" rel=\"nofollow\" target=\"_blank\"><\/a><div class=\"vlp-layout-zone-side\"><div class=\"vlp-block-2 vlp-link-image\"><img decoding=\"async\" src=\"https:\/\/atlantablackstar.com\/wp-content\/uploads\/2025\/09\/Amanda-Seales-sparks-debate-after-Charlie-Kirks-death.jpg\" style=\"max-width: 150px; max-height: 150px\" \/><\/div><\/div><div class=\"vlp-layout-zone-main\"><div class=\"vlp-block-0 vlp-link-title\">\u2018I Can\u2019t Have Empathy Because I Have No Connectivity\u2019: Amanda Seales\u2019 Unfiltered Take on Charlie Kirk Shooting Has Everyone Talking<\/div><div class=\"vlp-block-1 vlp-link-summary\">\u201cActress Amanda Seales\u2019 bold stance on Charlie Kirk\u2019s shooting sparks heated debate. Find out why her words are dividing opinions. #Amand\u2026<\/div><\/div><\/div>\n\n<div class=\"vlp-link-container vlp-layout-basic wp-block-visual-link-preview-link\"><a href=\"https:\/\/www.cnn.com\/2025\/09\/11\/americas\/brazil-jair-bolsonaro-coup-trial-verdict-latam-intl?Date=20250911&amp;Profile=CNN%2CCNN+International&amp;utm_content=1757630989&amp;utm_medium=social&amp;utm_source=facebook%2Clinkedin&amp;fbclid=IwY2xjawMyNw1leHRuA2FlbQIxMQABHsPFMIpes4glDIUc59U8f7iDaOsAeSwTJIB8sMG5NMWUhm2BUg7sS9uT3NeP_aem_hZ5hSiOfli_wsCvD40Hw9w\" class=\"vlp-link\" title=\"Brazil\u2019s former President Jair Bolsonaro convicted of plotting coup, sentenced to over 27 years in prison | CNN\" rel=\"nofollow\" target=\"_blank\"><\/a><div class=\"vlp-layout-zone-side\"><div class=\"vlp-block-2 vlp-link-image\"><img decoding=\"async\" src=\"https:\/\/media.cnn.com\/api\/v1\/images\/stellar\/prod\/gettyimages-2218818287.jpg?c=16x9&amp;q=w_800,c_fill\" style=\"max-width: 150px; max-height: 150px\" \/><\/div><\/div><div class=\"vlp-layout-zone-main\"><div class=\"vlp-block-0 vlp-link-title\">Brazil\u2019s former President Jair Bolsonaro convicted of plotting coup, sentenced to over 27 years in prison | CNN<\/div><div class=\"vlp-block-1 vlp-link-summary\">Brazil\u2019s former President Jair Bolsonaro has been found guilty of attempting to overturn the country\u2019s 2022 election with a plot prosecutors say included plans to assassinate the president-elect in a bid to cling to power.<\/div><\/div><\/div>\n\n<div class=\"vlp-link-container vlp-layout-basic wp-block-visual-link-preview-link\"><a href=\"https:\/\/www.facebook.com\/reel\/743671455336313\" class=\"vlp-link\" title=\"454K views \u00b7 17K reactions | Ethiopia has inaugurated the Grand Ethiopian Renaissance Dam, Africa\u2019s largest hydro power project. Al Jazeera\u2019s Bernard Smith says the dam is a source of national pride but remains contentious among downstream nations including Egypt and Sudan. | Al Jazeera English\" rel=\"nofollow\" target=\"_blank\"><\/a><div class=\"vlp-layout-zone-side\"><div class=\"vlp-block-2 vlp-link-image\"><img decoding=\"async\" src=\"https:\/\/scontent.xx.fbcdn.net\/v\/t15.5256-10\/544138978_2550278941990422_5151750750970504422_n.jpg?_nc_cat=104&amp;ccb=1-7&amp;_nc_sid=596eb7&amp;_nc_ohc=aTsy6b5XjhsQ7kNvwEZxJdn&amp;_nc_oc=Admf3M3qpaGvJ1DbCTPITQ4bwT4BrLrAIWCejn1wggeBYO49gYPtkVQHPDMysh4-YyU&amp;_nc_zt=23&amp;_nc_ht=scontent.xx&amp;_nc_gid=7saYUYUouXatCgauW7aH_Q&amp;oh=00_AfZI720TJN-p8HTXy3sEGpQuIEhufhJyhaF-w2FllqOg8A&amp;oe=68CB3D48\" style=\"max-width: 150px; max-height: 150px\" \/><\/div><\/div><div class=\"vlp-layout-zone-main\"><div class=\"vlp-block-0 vlp-link-title\">454K views \u00b7 17K reactions | Ethiopia has inaugurated the Grand Ethiopian Renaissance Dam, Africa\u2019s largest hydro power project. Al Jazeera\u2019s Bernard Smith says the dam is a source of national pride but remains contentious among downstream nations including Egypt and Sudan. | Al Jazeera English<\/div><div class=\"vlp-block-1 vlp-link-summary\">Ethiopia has inaugurated the Grand Ethiopian Renaissance Dam, Africa\u2019s largest hydro power project. Al Jazeera\u2019s Bernard Smith says the dam is a source of national pride but remains contentious among\u2026<\/div><\/div><\/div>\n\n<div class=\"vlp-link-container vlp-layout-basic wp-block-visual-link-preview-link\"><a href=\"https:\/\/theintercept.com\/2025\/09\/11\/venezuela-boat-attack-trump-ilhan-omar\/?utm_content=buffer46df3&amp;utm_medium=buffer&amp;utm_source=facebook&amp;utm_campaign=theintercept&amp;fbclid=IwY2xjawMyNstleHRuA2FlbQIxMQABHhp23VgxXjfnW3y5Y3LYXHFX0vuH18Lcgiak7Y2Y14EwzyNDk1BI_xcvnKee_aem_h46cdSM5RGbsrefYq1J76A\" class=\"vlp-link\" title=\"Ilhan Omar Brings War Powers to Block Trump Attacks After Venezuela Boat Strike\" rel=\"nofollow\" target=\"_blank\"><\/a><div class=\"vlp-layout-zone-side\"><div class=\"vlp-block-2 vlp-link-image\"><img decoding=\"async\" src=\"https:\/\/theintercept.com\/wp-content\/uploads\/2025\/09\/AP25196773322237-e1757605789911.jpg?fit=6650%2C3325&amp;w=1200&amp;h=800\" style=\"max-width: 150px; max-height: 150px\" \/><\/div><\/div><div class=\"vlp-layout-zone-main\"><div class=\"vlp-block-0 vlp-link-title\">Ilhan Omar Brings War Powers to Block Trump Attacks After Venezuela Boat Strike<\/div><div class=\"vlp-block-1 vlp-link-summary\">The resolution, shared exclusively with The Intercept, is the first measure to address the U.S. strike on a boat leaving Venezuela.<\/div><\/div><\/div>\n\n<div class=\"vlp-link-container vlp-layout-basic wp-block-visual-link-preview-link\"><a href=\"https:\/\/www.middleeasteye.net\/news\/bbc-ignored-internal-request-correct-false-claim-anas-al-sharif-worked-hamas?utm_source=facebook&amp;utm_medium=social&amp;utm_campaign=Social_Traffic&amp;utm_content=ap_1oroicail6\" class=\"vlp-link\" title=\"BBC ignored internal request to correct false claim Anas al-Sharif worked with Hamas\" rel=\"nofollow\" target=\"_blank\"><\/a><div class=\"vlp-layout-zone-side\"><div class=\"vlp-block-2 vlp-link-image\"><img decoding=\"async\" src=\"https:\/\/www.middleeasteye.net\/sites\/default\/files\/images-story\/000_69cc3kk%20(1)_0.jpg\" style=\"max-width: 150px; max-height: 150px\" \/><\/div><\/div><div class=\"vlp-layout-zone-main\"><div class=\"vlp-block-0 vlp-link-title\">BBC ignored internal request to correct false claim Anas al-Sharif worked with Hamas<\/div><div class=\"vlp-block-1 vlp-link-summary\">A targeted Israeli strike killed the Al Jazeera correspondent and five colleagues in Gaza on 10 August<\/div><\/div><\/div>\n\n<div class=\"vlp-link-container vlp-layout-basic wp-block-visual-link-preview-link\"><a href=\"https:\/\/www.middleeasteye.net\/news\/trump-blames-radical-left-killing-ally-charlie-kirk-manhunt-continues?utm_source=facebook&amp;utm_medium=social&amp;utm_campaign=Social_Traffic&amp;utm_content=ap_nbhljvyyyz\" class=\"vlp-link\" title=\"Trump blames \u2018radical left\u2019 for killing of ally Charlie Kirk, as manhunt continues\" rel=\"nofollow\" target=\"_blank\"><\/a><div class=\"vlp-layout-zone-side\"><div class=\"vlp-block-2 vlp-link-image\"><img decoding=\"async\" src=\"https:\/\/www.middleeasteye.net\/sites\/default\/files\/images-story\/charlie-kirk-utah-screengrab-afp.jpg\" style=\"max-width: 150px; max-height: 150px\" \/><\/div><\/div><div class=\"vlp-layout-zone-main\"><div class=\"vlp-block-0 vlp-link-title\">Trump blames \u2018radical left\u2019 for killing of ally Charlie Kirk, as manhunt continues<\/div><div class=\"vlp-block-1 vlp-link-summary\">Right-wing activist was fielding questions on gun violence when a single shot was fired by a rooftop sniper<\/div><\/div><\/div>\n\n<div class=\"vlp-link-container vlp-layout-basic wp-block-visual-link-preview-link\"><a href=\"https:\/\/www.middleeasteye.net\/news\/turkey-steps-air-patrols-after-israeli-strikes-doha?utm_source=facebook&amp;utm_medium=social&amp;utm_campaign=Social_Traffic&amp;utm_content=ap_bts5woojoo\" class=\"vlp-link\" title=\"Turkey steps up air patrols after Israeli strikes in Doha\" rel=\"nofollow\" target=\"_blank\"><\/a><div class=\"vlp-layout-zone-side\"><div class=\"vlp-block-2 vlp-link-image\"><img decoding=\"async\" src=\"https:\/\/www.middleeasteye.net\/sites\/default\/files\/images-story\/turkey-air-force-jet-istanbul-30aug-2024-afp.jpg\" style=\"max-width: 150px; max-height: 150px\" \/><\/div><\/div><div class=\"vlp-layout-zone-main\"><div class=\"vlp-block-0 vlp-link-title\">Turkey steps up air patrols after Israeli strikes in Doha<\/div><div class=\"vlp-block-1 vlp-link-summary\">Jets scrambled as a precaution amid regional tensions after Israel targeted Hamas leaders in Qatar<\/div><\/div><\/div>\n\n<div class=\"vlp-link-container vlp-layout-basic wp-block-visual-link-preview-link\"><a href=\"https:\/\/www.blackagendareport.com\/gaza-donbass-how-israel-and-ukraine-built-fascist-transnational-war-machine?fbclid=IwY2xjawMvkeNleHRuA2FlbQIxMQABHjKo5z1q6drvsJVxJWbZSoJOZnAUIb-lmMz75-pFDY4UJ8AYG-p_haAR_rUT_aem_1QAG_EbZ2VZL-XenfBVvUw\" class=\"vlp-link\" title=\"Gaza to Donbass: How Israel and Ukraine Built a Fascist, Transnational War Machine | Black Agenda Report\" rel=\"nofollow\" target=\"_blank\"><\/a><div class=\"vlp-layout-zone-side\"><div class=\"vlp-block-2 vlp-link-image\"><img decoding=\"async\" src=\"https:\/\/www.blackagendareport.com\/sites\/default\/files\/2025-09\/1%20360x200.png\" style=\"max-width: 150px; max-height: 150px\" \/><\/div><\/div><div class=\"vlp-layout-zone-main\"><div class=\"vlp-block-0 vlp-link-title\">Gaza to Donbass: How Israel and Ukraine Built a Fascist, Transnational War Machine | Black Agenda Report<\/div><div class=\"vlp-block-1 vlp-link-summary\">From Bandera to Ben-Gurion, an axis of ethno-supremacy is rising, fueled by U.S. backing. Same guns. Same flags. Same ideology. Gaza and Donbass are not separate wars. They are one machine.<\/div><\/div><\/div>\n\n<div class=\"vlp-link-container vlp-layout-basic wp-block-visual-link-preview-link\"><a href=\"https:\/\/mondoweiss.net\/2025\/08\/in-israel-animals-in-human-form-may-be-killed\/?fbclid=IwY2xjawMvkcBleHRuA2FlbQIxMQABHtg4NNydJGlLnNcVTtFZqW49e3bWhxG7dApbl6H4PM21GMBSECHrFrRAQRhX_aem_LE3tOcVlbWY3SlRJ2-FpiQ\" class=\"vlp-link\" title=\"In Israel, \u2018animals in human form\u2019 may be killed\" rel=\"nofollow\" target=\"_blank\"><\/a><div class=\"vlp-layout-zone-side\"><div class=\"vlp-block-2 vlp-link-image\"><img decoding=\"async\" src=\"https:\/\/mondoweiss.net\/wp-content\/uploads\/2017\/01\/000_9S8HN.jpg\" style=\"max-width: 150px; max-height: 150px\" \/><\/div><\/div><div class=\"vlp-layout-zone-main\"><div class=\"vlp-block-0 vlp-link-title\">In Israel, \u2018animals in human form\u2019 may be killed<\/div><div class=\"vlp-block-1 vlp-link-summary\">Studies consistently show that Jewish Israelis view Palestinians as less than human. This deep-seated racism is rooted in the Zionist colonial project and helps explain the broad support for the Gaza genocide.<\/div><\/div><\/div>\n\n<div class=\"vlp-link-container vlp-layout-basic wp-block-visual-link-preview-link\"><a href=\"https:\/\/www.blackagendareport.com\/ethiopia-national-aspiration-identity-and-grand-ethiopian-renaissance-dam?fbclid=IwY2xjawMvkXNleHRuA2FlbQIxMQABHpIp_NLZCJ_iN4bvjYHxuF3OledL6a4qLn0NEmyT-4d3uZuTdciSfsKEmR6j_aem_76YmSpRpfRfs3hiBntAmGA\" class=\"vlp-link\" title=\"Ethiopia: National Aspiration, Identity, and the Grand Ethiopian Renaissance Dam | Black Agenda Report\" rel=\"nofollow\" target=\"_blank\"><\/a><div class=\"vlp-layout-zone-side\"><div class=\"vlp-block-2 vlp-link-image\"><img decoding=\"async\" src=\"https:\/\/www.blackagendareport.com\/sites\/default\/files\/2025-09\/360%20x%20200%20Dam%20Inauguration.jpeg\" style=\"max-width: 150px; max-height: 150px\" \/><\/div><\/div><div class=\"vlp-layout-zone-main\"><div class=\"vlp-block-0 vlp-link-title\">Ethiopia: National Aspiration, Identity, and the Grand Ethiopian Renaissance Dam | Black Agenda Report<\/div><div class=\"vlp-block-1 vlp-link-summary\">\u201cEthiopia\u00a0just changed the continent of Africa forever.\u201d -African Development Economist and electricity activist\u00a0@DavidHimbara<\/div><\/div><\/div>\n\n<div class=\"vlp-link-container vlp-layout-basic wp-block-visual-link-preview-link\"><a href=\"https:\/\/www.nbcnews.com\/news\/us-news\/live-blog\/live-updates-shooting-charlie-kirk-event-utah-rcna230437?canonicalCard=true&amp;fbclid=IwY2xjawMvIKNleHRuA2FlbQIxMQABHlLSwqDbrmGpnidlBawzorXSXyiivWy5_aaNwjqk6y5muFFmHiofdGX5KzMv_aem__5NZkmfvEidRMe8ZKjD7cw&amp;_branch_match_id=1263892625653983908&amp;utm_source=facebook&amp;utm_campaign=NBC%20News&amp;utm_medium=social&amp;_branch_referrer=H4sIAAAAAAAAAwXBzQqCMAAA4LfpqCBYEUhY%2BYcpZQfNy9jctOk25zSnHnr2vu8zTXI8maZAlSB6NKCUBqOiM13xaLJQXNccnWtUMYqdSL%2BtpYU6maM4ZSTMvq7lM%2FSMluTpXkJ2f%2BnhhhQPpKCYXaDeelW8ipXSOV9tAGGq26Hbrzb%2F%2Bj4PaV%2FjoLDjLZkBJBwAOy07Xs8exVlCjmXc3g6V3v0UqYlSVDQAqV6PRDkebsgfzqihzLkAAAA%3D\" class=\"vlp-link\" title=\"Live updates: Charlie Kirk is assassinated at Utah campus event; shooter at-large\" rel=\"nofollow\" target=\"_blank\"><\/a><div class=\"vlp-layout-zone-side\"><div class=\"vlp-block-2 vlp-link-image\"><img decoding=\"async\" src=\"https:\/\/media-cldnry.s-nbcnews.com\/image\/upload\/t_nbcnews-fp-1200-630,f_auto,q_auto:best\/rockcms\/2025-09\/250910-charlie-kirk-ch-1551-3937f9.jpg\" style=\"max-width: 150px; max-height: 150px\" \/><\/div><\/div><div class=\"vlp-layout-zone-main\"><div class=\"vlp-block-0 vlp-link-title\">Live updates: Charlie Kirk is assassinated at Utah campus event; shooter at-large<\/div><div class=\"vlp-block-1 vlp-link-summary\">Conservative activist Charlie Kirk was shot and killed at an event he was hosting at Utah Valley University.<\/div><\/div><\/div>\n\n<div class=\"vlp-link-container vlp-layout-basic wp-block-visual-link-preview-link\"><a href=\"https:\/\/www.bbc.com\/news\/live\/c741n80ndlxt?at_medium=social&amp;at_campaign=Social_Flow&amp;at_campaign_type=owned&amp;at_ptr_name=facebook_page&amp;at_link_origin=BBC_News&amp;at_link_id=AE7BC7A0-8D5C-11F0-856E-8D6CED10E6AA&amp;at_format=link&amp;at_link_type=web_link&amp;at_bbc_team=editorial&amp;fbclid=IwY2xjawMvHIFleHRuA2FlbQIxMQABHpIFUgP9l-1UZtgSEHUOfCyhzma8G1Bb1OVr17oi33Sc8IUWSSe5hmp4Rb1r_aem_WrZxFFNrWLTmyIVpuyuyNQ\" class=\"vlp-link\" title=\"Nepal\u2019s parliament set on fire after PM resigns over anti-corruption protests\" rel=\"nofollow\" target=\"_blank\"><\/a><div class=\"vlp-layout-zone-side\"><div class=\"vlp-block-2 vlp-link-image\"><img decoding=\"async\" src=\"https:\/\/ichef.bbci.co.uk\/ace\/branded_news\/1200\/cpsprodpb\/9cac\/live\/d4d7dfa0-8d76-11f0-a337-d7a51974c55f.jpg\" style=\"max-width: 150px; max-height: 150px\" \/><\/div><\/div><div class=\"vlp-layout-zone-main\"><div class=\"vlp-block-0 vlp-link-title\">Nepal\u2019s parliament set on fire after PM resigns over anti-corruption protests<\/div><div class=\"vlp-block-1 vlp-link-summary\">A social media ban that aimed to stifle an anti-corruption movement sparked unrest leaving at least 22 dead since Monday.<\/div><\/div><\/div>\n\n<div class=\"vlp-link-container vlp-layout-basic wp-block-visual-link-preview-link\"><a href=\"https:\/\/theintercept.com\/2025\/09\/09\/israel-attacks-doha-qatar\/?utm_content=buffer424e7&amp;utm_medium=buffer&amp;utm_source=facebook&amp;utm_campaign=theintercept&amp;fbclid=IwY2xjawMvHsdleHRuA2FlbQIxMQABHtOBpXtM6F5IZAnDotyeR_yfh6y4eyFDm-PcGHIZh_ou536pmWA0XwkEe5RE_aem_S6KI55ANjODcN3SDAKnu6g\" class=\"vlp-link\" title=\"Israel\u2019s Peace Plan: Assassinate the Ceasefire Negotiators\" rel=\"nofollow\" target=\"_blank\"><\/a><div class=\"vlp-layout-zone-side\"><div class=\"vlp-block-2 vlp-link-image\"><img decoding=\"async\" src=\"https:\/\/theintercept.com\/wp-content\/uploads\/2025\/09\/GettyImages-2233913056-e1757431421513.jpg?fit=3195%2C1600&amp;w=1200&amp;h=800\" style=\"max-width: 150px; max-height: 150px\" \/><\/div><\/div><div class=\"vlp-layout-zone-main\"><div class=\"vlp-block-0 vlp-link-title\">Israel\u2019s Peace Plan: Assassinate the Ceasefire Negotiators<\/div><div class=\"vlp-block-1 vlp-link-summary\">In \u201ca mockery of international law,\u201d per one expert, Israel has bombed the residence of Hamas officials negotiating peace in Doha, Qatar.<\/div><\/div><\/div>\n\n<div class=\"vlp-link-container vlp-layout-basic wp-block-visual-link-preview-link\"><a href=\"https:\/\/mondoweiss.net\/2025\/09\/israel-bombed-qatar-to-assassinate-hamass-lead-ceasefire-negotiators\/?fbclid=IwY2xjawMvH4JleHRuA2FlbQIxMQABHumhWjiNm2wBDG7nvY2N4qnsyFukyOtUXG0i5RSvDEX_m58j5duBGOqS2juj_aem_Vofo7IFPAAQYmqFukN3X-w\" class=\"vlp-link\" title=\"Israel bombed Qatar to assassinate Hamas\u2019s lead ceasefire negotiators\" rel=\"nofollow\" target=\"_blank\"><\/a><div class=\"vlp-layout-zone-side\"><div class=\"vlp-block-2 vlp-link-image\"><img decoding=\"async\" src=\"https:\/\/mondoweiss.net\/wp-content\/uploads\/2025\/09\/280722_GAZA_ASH_00-22-scaled.jpg\" style=\"max-width: 150px; max-height: 150px\" \/><\/div><\/div><div class=\"vlp-layout-zone-main\"><div class=\"vlp-block-0 vlp-link-title\">Israel bombed Qatar to assassinate Hamas\u2019s lead ceasefire negotiators<\/div><div class=\"vlp-block-1 vlp-link-summary\">Amid ongoing ceasefire talks, Israel attempted to assassinate the Hamas negotiating team in an airstrike on the Doha office of its lead negotiator, senior Hamas leader Khalil al-Hayya. Hamas officials say the negotiating team survived the attack.<\/div><\/div><\/div>\n\n<div class=\"vlp-link-container vlp-layout-basic wp-block-visual-link-preview-link\"><a href=\"https:\/\/www.facebook.com\/reel\/1454126702506021\" class=\"vlp-link\" title=\"55K views \u00b7 2.6K reactions | No sleep for ICE! The community showed up loud outside the Hampton Inn in Downer\u2019s Grove, a Chicago suburb. After several Department of Homeland Security vehicles were identified in the property\u2019s parking lot, protesters demanded the federal agents be kicked out of the hotel as Trump\u2019s crackdown on Chicago enters its third day. | BreakThrough News\" rel=\"nofollow\" target=\"_blank\"><\/a><div class=\"vlp-layout-zone-side\"><div class=\"vlp-block-2 vlp-link-image\"><img decoding=\"async\" src=\"https:\/\/scontent.xx.fbcdn.net\/v\/t15.5256-10\/545363695_1155960693055611_6120622301514106635_n.jpg?_nc_cat=106&amp;ccb=1-7&amp;_nc_sid=a27664&amp;_nc_ohc=haugAlc5p-UQ7kNvwGfH-O3&amp;_nc_oc=Adky-xhPyNXVUXSHL1vZ8eUBgCw7lCozCvAP6OJBFP0R3CO--yuXBbLCDQ_GFeGhpWc&amp;_nc_zt=23&amp;_nc_ht=scontent.xx&amp;_nc_gid=Md-xEyyzM1zzvVO26Z0CUw&amp;oh=00_AfZw-qnTgzSJNpLj8_lZux08rjDf2rS0MxFYY01IVDUTcw&amp;oe=68C7FA2F\" style=\"max-width: 150px; max-height: 150px\" \/><\/div><\/div><div class=\"vlp-layout-zone-main\"><div class=\"vlp-block-0 vlp-link-title\">55K views \u00b7 2.6K reactions | No sleep for ICE! The community showed up loud outside the Hampton Inn in Downer\u2019s Grove, a Chicago suburb. After several Department of Homeland Security vehicles were identified in the property\u2019s parking lot, protesters demanded the federal agents be kicked out of the hotel as Trump\u2019s crackdown on Chicago enters its third day. | BreakThrough News<\/div><div class=\"vlp-block-1 vlp-link-summary\">No sleep for ICE! The community showed up loud outside the Hampton Inn in Downer\u2019s Grove, a Chicago suburb. After several Department of Homeland Security vehicles were identified in the property\u2019s\u2026<\/div><\/div><\/div>\n\n<div class=\"vlp-link-container vlp-layout-basic wp-block-visual-link-preview-link\"><a href=\"https:\/\/www.middleeastmonitor.com\/20250909-activists-storm-israeli-arms-company-building-in-ulm-germany\/?fbclid=IwY2xjawMvHpdleHRuA2FlbQIxMABicmlkETFaa0tnYjZvM3JMTmZLeHhXAR7KD1Yj1-3wyM0n1XoOU3WNtSKC9RXLDu2GGZxB4TbcaDZwLuZ0zBu6Q_Qasg_aem_QYJk_mz3VPftNnfpVWzkeg\" class=\"vlp-link\" title=\"Activists storm Israeli arms company building in Ulm, Germany\" rel=\"nofollow\" target=\"_blank\"><\/a><div class=\"vlp-layout-zone-side\"><div class=\"vlp-block-2 vlp-link-image\"><img decoding=\"async\" src=\"https:\/\/i0.wp.com\/www.middleeastmonitor.com\/wp-content\/uploads\/2025\/09\/AA-20250906-39041257-39041254-PROTEST_IN_BERLIN_IN_SUPPORT_OF_PALESTINIANS_IN_GAZA.jpg?fit=920%2C613&amp;ssl=1\" style=\"max-width: 150px; max-height: 150px\" \/><\/div><\/div><div class=\"vlp-layout-zone-main\"><div class=\"vlp-block-0 vlp-link-title\">Activists storm Israeli arms company building in Ulm, Germany<\/div><div class=\"vlp-block-1 vlp-link-summary\">Pro-Palestinian activists stormed the offices of the Israeli weapons company Elbit Systems in the German city of Ulm on Monday evening, causing extensive damage, according to Israeli media. Israel\u2019\u2026<\/div><\/div><\/div>\n\n<div class=\"vlp-link-container vlp-layout-basic wp-block-visual-link-preview-link\"><a href=\"https:\/\/www.middleeasteye.net\/news\/spain-bans-israeli-ministers-ben-gvir-and-smotrich?utm_source=facebook&amp;utm_medium=social&amp;utm_campaign=Social_Traffic&amp;utm_content=ap_zi6pigbvcd\" class=\"vlp-link\" title=\"Spain bans Israeli ministers Ben Gvir and Smotrich from country\" rel=\"nofollow\" target=\"_blank\"><\/a><div class=\"vlp-layout-zone-side\"><div class=\"vlp-block-2 vlp-link-image\"><img decoding=\"async\" src=\"https:\/\/www.middleeasteye.net\/sites\/default\/files\/images-story\/ben-gvir-and-smotrich-2022-Afp.jpg\" style=\"max-width: 150px; max-height: 150px\" \/><\/div><\/div><div class=\"vlp-layout-zone-main\"><div class=\"vlp-block-0 vlp-link-title\">Spain bans Israeli ministers Ben Gvir and Smotrich from country<\/div><div class=\"vlp-block-1 vlp-link-summary\">Move follows sanctions against Israel aimed at combatting the genocide in Gaza<\/div><\/div><\/div>\n\n<div class=\"vlp-link-container vlp-layout-basic wp-block-visual-link-preview-link\"><a href=\"https:\/\/www.middleeasteye.net\/news\/flotilla-gaza-struck-drone-tunisian-port?utm_source=facebook&amp;utm_medium=social&amp;utm_campaign=Social_Traffic&amp;utm_content=ap_fwnzjjmjum\" class=\"vlp-link\" title=\"Sumud Flotilla for Gaza struck by drone off Tunisia coast, organisers say\" rel=\"nofollow\" target=\"_blank\"><\/a><div class=\"vlp-layout-zone-side\"><div class=\"vlp-block-2 vlp-link-image\"><img decoding=\"async\" src=\"https:\/\/www.middleeasteye.net\/sites\/default\/files\/images-story\/sumud-flotilla-family-boat-9sep-2025-afp.jpg\" style=\"max-width: 150px; max-height: 150px\" \/><\/div><\/div><div class=\"vlp-layout-zone-main\"><div class=\"vlp-block-0 vlp-link-title\">Sumud Flotilla for Gaza struck by drone off Tunisia coast, organisers say<\/div><div class=\"vlp-block-1 vlp-link-summary\">Flotilla says the attack, which was denied by Tunis, is an attempt to derail aid mission<\/div><\/div><\/div>\n\n<div class=\"vlp-link-container vlp-layout-basic wp-block-visual-link-preview-link\"><a href=\"https:\/\/www.middleeasteye.net\/news\/turkey-begins-training-syrian-forces-under-new-security-deal?utm_source=facebook&amp;utm_medium=social&amp;utm_campaign=Social_Traffic&amp;utm_content=ap_mlxnpfhwre\" class=\"vlp-link\" title=\"Turkey begins training Syrian forces under new security deal\" rel=\"nofollow\" target=\"_blank\"><\/a><div class=\"vlp-layout-zone-side\"><div class=\"vlp-block-2 vlp-link-image\"><img decoding=\"async\" src=\"https:\/\/www.middleeasteye.net\/sites\/default\/files\/images-story\/syrian%20soldier%20aid%20sweida%20truck%20reuters.jpg\" style=\"max-width: 150px; max-height: 150px\" \/><\/div><\/div><div class=\"vlp-layout-zone-main\"><div class=\"vlp-block-0 vlp-link-title\">Turkey begins training Syrian forces under new security deal<\/div><div class=\"vlp-block-1 vlp-link-summary\">Ankara steps up efforts to support Syria\u2019s new military as Israeli strikes target Homs and Latakia<\/div><\/div><\/div>\n\n<div class=\"vlp-link-container vlp-layout-basic wp-block-visual-link-preview-link\"><a href=\"https:\/\/www.middleeasteye.net\/news\/six-questions-you-want-answered-israel-strikes-qatar?utm_source=facebook&amp;utm_medium=social&amp;utm_campaign=Social_Traffic&amp;utm_content=ap_x3su9d1qu0\" class=\"vlp-link\" title=\"Six questions you want answered about Israel\u2019s strikes on Qatar\" rel=\"nofollow\" target=\"_blank\"><\/a><div class=\"vlp-layout-zone-side\"><div class=\"vlp-block-2 vlp-link-image\"><img decoding=\"async\" src=\"https:\/\/www.middleeasteye.net\/sites\/default\/files\/images-story\/000_63QM2EX%20(1).jpg\" style=\"max-width: 150px; max-height: 150px\" \/><\/div><\/div><div class=\"vlp-layout-zone-main\"><div class=\"vlp-block-0 vlp-link-title\">Six questions you want answered about Israel\u2019s strikes on Qatar<\/div><div class=\"vlp-block-1 vlp-link-summary\">Middle East Eye assembled a panel of regional experts to assess where we are and what comes next<\/div><\/div><\/div>\n\n<div class=\"vlp-link-container vlp-layout-basic wp-block-visual-link-preview-link\"><a href=\"https:\/\/www.middleeasteye.net\/news\/protest-israel-elbit-dsei-fair-london-arms?utm_source=facebook&amp;utm_medium=social&amp;utm_campaign=Social_Traffic&amp;utm_content=ap_pzmty3s4n7\" class=\"vlp-link\" title=\"Hundreds protest against presence of Israeli companies at London arms fair\" rel=\"nofollow\" target=\"_blank\"><\/a><div class=\"vlp-layout-zone-side\"><div class=\"vlp-block-2 vlp-link-image\"><img decoding=\"async\" src=\"https:\/\/www.middleeasteye.net\/sites\/default\/files\/images-story\/uk-london-israel-dsei-arms-fair-protests-september-2025-afp.jpg\" style=\"max-width: 150px; max-height: 150px\" \/><\/div><\/div><div class=\"vlp-layout-zone-main\"><div class=\"vlp-block-0 vlp-link-title\">Hundreds protest against presence of Israeli companies at London arms fair<\/div><div class=\"vlp-block-1 vlp-link-summary\">Several activists, calling for an end to the genocide in Gaza, received medical treatment amid police clashes at the DSEI event<\/div><\/div><\/div>\n\n<div class=\"vlp-link-container vlp-layout-basic wp-block-visual-link-preview-link\"><a href=\"https:\/\/www.aljazeera.com\/gallery\/2025\/9\/9\/nineteen-killed-in-nepal-protests-against-corruption-and-internet-bans?link_source=ta_first_comment&amp;taid=68c00fbd16155b0001f24f0f&amp;utm_campaign=trueAnthem%3A+Trending+Content&amp;utm_medium=trueAnthem&amp;utm_source=facebook&amp;fbclid=IwY2xjawMvHd9leHRuA2FlbQIxMQABHtkd3rddQTPoZ9sbkVDGDzYxR1fiM-e3KbTqtZOiGJf8dpKIHQfOM6G3tpFN_aem_uWp_reX9idGR05lF47LoQg\" class=\"vlp-link\" title=\"Nineteen killed in Nepal protests against corruption and internet bans\" rel=\"nofollow\" target=\"_blank\"><\/a><div class=\"vlp-layout-zone-side\"><div class=\"vlp-block-2 vlp-link-image\"><img decoding=\"async\" src=\"https:\/\/www.aljazeera.com\/wp-content\/uploads\/2025\/09\/13328214-1757394712.jpg?resize=1920%2C1440\" style=\"max-width: 150px; max-height: 150px\" \/><\/div><\/div><div class=\"vlp-layout-zone-main\"><div class=\"vlp-block-0 vlp-link-title\">Nineteen killed in Nepal protests against corruption and internet bans<\/div><div class=\"vlp-block-1 vlp-link-summary\">Nepal protests turn deadly; home minister resigns as hospitals struggle to treat injured amid chaotic scenes.<\/div><\/div><\/div>\n\n<div class=\"vlp-link-container vlp-layout-basic wp-block-visual-link-preview-link\"><a href=\"https:\/\/www.cnn.com\/2025\/09\/09\/business\/jobs-trade-trump-economy?Date=20250909&amp;Profile=CNN,CNN+Politics&amp;utm_content=1757430348&amp;utm_medium=social&amp;utm_source=facebook&amp;fbclid=IwY2xjawMvHNpleHRuA2FlbQIxMQABHrKU3X8mmvqZSIF-xgmJHhgMoSbgCIWfUugOwGf5ug1vA3D3f_x9n6iEeH-W_aem_tBsZ1NgUIrKICo_spH46dg\" class=\"vlp-link\" title=\"Tariff-exposed industries are losing jobs | CNN Business\" rel=\"nofollow\" target=\"_blank\"><\/a><div class=\"vlp-layout-zone-side\"><div class=\"vlp-block-2 vlp-link-image\"><img decoding=\"async\" src=\"https:\/\/media.cnn.com\/api\/v1\/images\/stellar\/prod\/gettyimages-2232257212.jpg?c=16x9&amp;q=w_800,c_fill\" style=\"max-width: 150px; max-height: 150px\" \/><\/div><\/div><div class=\"vlp-layout-zone-main\"><div class=\"vlp-block-0 vlp-link-title\">Tariff-exposed industries are losing jobs | CNN Business<\/div><div class=\"vlp-block-1 vlp-link-summary\">President Donald Trump\u2019s historically high tariffs are designed to inspire an American manufacturing renaissance.<\/div><\/div><\/div>\n\n<div class=\"vlp-link-container vlp-layout-basic wp-block-visual-link-preview-link\"><a href=\"https:\/\/www.facebook.com\/reel\/24622509860740199\" class=\"vlp-link\" title=\"313K views \u00b7 7.6K reactions | Videos show Nepal\u2019s parliament on fire as protests continue, with PM Khadga Prasad Sharma Oli and other top ministers resigning over mass anti-corruption unrest that left at least 19 people dead. | Al Jazeera English\" rel=\"nofollow\" target=\"_blank\"><\/a><div class=\"vlp-layout-zone-side\"><div class=\"vlp-block-2 vlp-link-image\"><img decoding=\"async\" src=\"https:\/\/scontent.xx.fbcdn.net\/v\/t15.5256-10\/545179677_1489476908859374_4646994208097576807_n.jpg?_nc_cat=109&amp;ccb=1-7&amp;_nc_sid=596eb7&amp;_nc_ohc=FT3YHkZjvn4Q7kNvwGk_zRL&amp;_nc_oc=Adn20I6Gx1Ce36HFlwazqGeA3h3PpMCsGdA1_3KguNYRaXfdctJqByByly-sTybCKC4&amp;_nc_zt=23&amp;_nc_ht=scontent.xx&amp;_nc_gid=eWRGHBOsI72emi-E2whGow&amp;oh=00_AfaGNl3F_W4OLtCHW0r5k1-6flZwDRvmd1BCqbZcUEu9qg&amp;oe=68C823CD\" style=\"max-width: 150px; max-height: 150px\" \/><\/div><\/div><div class=\"vlp-layout-zone-main\"><div class=\"vlp-block-0 vlp-link-title\">313K views \u00b7 7.6K reactions | Videos show Nepal\u2019s parliament on fire as protests continue, with PM Khadga Prasad Sharma Oli and other top ministers resigning over mass anti-corruption unrest that left at least 19 people dead. | Al Jazeera English<\/div><div class=\"vlp-block-1 vlp-link-summary\">Videos show Nepal\u2019s parliament on fire as protests continue, with PM Khadga Prasad Sharma Oli and other top ministers resigning over mass anti-corruption unrest that left at least 19 people dead\u2026<\/div><\/div><\/div>\n\n<div class=\"vlp-link-container vlp-layout-basic wp-block-visual-link-preview-link\"><a href=\"https:\/\/www.sfgate.com\/bayarea\/article\/horrifying-moment-sierra-nevada-chinese-camp-fire-21039152.php?utm_campaign=trueanthem%2B3984&amp;utm_medium=social&amp;utm_source=facebook&amp;fbclid=IwY2xjawMvHB5leHRuA2FlbQIxMQABHoQmTSG3hMwhw2Bx-HhAujXFpENNHGwRikD0lkVoQz2Bd_CK1svIVVjXJr4I_aem_JJ9QuoPXi1Sm9i9zwSx9-A\" class=\"vlp-link\" title=\"\u2018Looked like a nuclear bomb\u2019: Calif. Gold Rush town razed by wildfire\" rel=\"nofollow\" target=\"_blank\"><\/a><div class=\"vlp-layout-zone-side\"><div class=\"vlp-block-2 vlp-link-image\"><img decoding=\"async\" src=\"https:\/\/s.hdnux.com\/photos\/01\/54\/40\/17\/28443584\/3\/rawImage.jpg\" style=\"max-width: 150px; max-height: 150px\" \/><\/div><\/div><div class=\"vlp-layout-zone-main\"><div class=\"vlp-block-0 vlp-link-title\">\u2018Looked like a nuclear bomb\u2019: Calif. Gold Rush town razed by wildfire<\/div><div class=\"vlp-block-1 vlp-link-summary\">There\u2019s not even enough left to call Chinese Camp a ghost town, dead or alive.<\/div><\/div><\/div>\n\n<div class=\"vlp-link-container vlp-layout-basic wp-block-visual-link-preview-link\"><a href=\"https:\/\/www.msn.com\/en-us\/news\/us\/immigrants-in-southern-california-go-on-high-alert-after-supreme-court-ruling\/ar-AA1M8ZgF?ocid=msedgntp&amp;pc=ACTS&amp;cvid=68bfdd8843ea4065bb80ef70f8dadcc3&amp;ei=9\" class=\"vlp-link\" title=\"Immigrants in Southern California go on high alert after Supreme Court ruling\" rel=\"nofollow\" target=\"_blank\"><\/a><div class=\"vlp-layout-zone-side\"><div class=\"vlp-block-2 vlp-link-image\"><img decoding=\"async\" src=\"https:\/\/img-s-msn-com.akamaized.net\/tenant\/amp\/entityid\/AA1M9mZT.img?w=768&amp;h=512&amp;m=4&amp;q=78\" style=\"max-width: 150px; max-height: 150px\" \/><\/div><\/div><div class=\"vlp-layout-zone-main\"><div class=\"vlp-block-0 vlp-link-title\">Immigrants in Southern California go on high alert after Supreme Court ruling<\/div><div class=\"vlp-block-1 vlp-link-summary\">Anger and frustration rippled through Southern California\u2019s immigrant rights community on Monday, after the U.S.<\/div><\/div><\/div>\n\n<div class=\"vlp-link-container vlp-layout-basic wp-block-visual-link-preview-link\"><a href=\"https:\/\/www.middleeasteye.net\/news\/war-gaza-direct-result-balfour-declaration-palestinians-submit-petition-uk?utm_source=facebook&amp;utm_medium=social&amp;utm_campaign=Social_Traffic&amp;utm_content=ap_4eu5lgmix0\" class=\"vlp-link\" title=\"\u2018Gaza is a direct result of Balfour\u2019: Palestinians petition UK for reparations over historic crimes\" rel=\"nofollow\" target=\"_blank\"><\/a><div class=\"vlp-layout-zone-side\"><div class=\"vlp-block-2 vlp-link-image\"><img decoding=\"async\" src=\"https:\/\/www.middleeasteye.net\/sites\/default\/files\/images-story\/balfour-petition-london-08-09.JPG\" style=\"max-width: 150px; max-height: 150px\" \/><\/div><\/div><div class=\"vlp-layout-zone-main\"><div class=\"vlp-block-0 vlp-link-title\">\u2018Gaza is a direct result of Balfour\u2019: Palestinians petition UK for reparations over historic crimes<\/div><div class=\"vlp-block-1 vlp-link-summary\">Delivery of 400-page legal document authored by leading lawyers and historians marks the launch of \u2018Britain Owes Palestine\u2019 campaign<\/div><\/div><\/div>\n\n\n<figure class=\"wp-block-embed is-type-video is-provider-youtube wp-block-embed-youtube wp-embed-aspect-16-9 wp-has-aspect-ratio\"><div class=\"wp-block-embed__wrapper\">\n<div class=\"jetpack-video-wrapper\"><iframe loading=\"lazy\" title=\"Do billionaires even understand the sci-fi they\u2019re inspired by? | The Listening Post\" width=\"640\" height=\"360\" src=\"https:\/\/www.youtube.com\/embed\/gKOzDU64iPA?feature=oembed\" frameborder=\"0\" allow=\"accelerometer; autoplay; clipboard-write; encrypted-media; gyroscope; picture-in-picture; web-share\" referrerpolicy=\"strict-origin-when-cross-origin\" allowfullscreen><\/iframe><\/div>\n<\/div><\/figure>\n\n\n\n<figure class=\"wp-block-embed is-type-video is-provider-youtube wp-block-embed-youtube wp-embed-aspect-16-9 wp-has-aspect-ratio\"><div class=\"wp-block-embed__wrapper\">\n<iframe loading=\"lazy\" title=\"Redneck Gone Green with Special Guests Joe Guinan and Ben Sellers\" width=\"640\" height=\"360\" src=\"https:\/\/www.youtube.com\/embed\/19ShFUWmT1U?feature=oembed\" frameborder=\"0\" allow=\"accelerometer; autoplay; clipboard-write; encrypted-media; gyroscope; picture-in-picture; web-share\" referrerpolicy=\"strict-origin-when-cross-origin\" allowfullscreen><\/iframe>\n<\/div><\/figure>\n\n\n<div class=\"vlp-link-container vlp-layout-basic wp-block-visual-link-preview-link\"><a href=\"https:\/\/www.msn.com\/en-us\/news\/news\/supreme-court-lifts-restrictions-on-la-immigration-stops-set-after-agents-swept-up-us-citizens\/ar-AA1M7Sqs?ocid=msedgntp&amp;pc=ACTS&amp;cvid=68bfd4532a9e430c926e1419049d70c5&amp;ei=7\" class=\"vlp-link\" title=\"Supreme Court lifts restrictions on LA immigration stops set after agents swept up US citizens\" rel=\"nofollow\" target=\"_blank\"><\/a><div class=\"vlp-layout-zone-side\"><div class=\"vlp-block-2 vlp-link-image\"><img decoding=\"async\" src=\"https:\/\/img-s-msn-com.akamaized.net\/tenant\/amp\/entityid\/AA1M8Vxl.img?w=768&amp;h=512&amp;m=4&amp;q=94\" style=\"max-width: 150px; max-height: 150px\" \/><\/div><\/div><div class=\"vlp-layout-zone-main\"><div class=\"vlp-block-0 vlp-link-title\">Supreme Court lifts restrictions on LA immigration stops set after agents swept up US citizens<\/div><div class=\"vlp-block-1 vlp-link-summary\">WASHINGTON (AP) \u2014 The Supreme Court on Monday cleared the way for federal agents to conduct sweeping immigration operations for now in Los Angeles, the latest victory for President Donald Trump\u2019s administration at the high court. The conservative majority lifted a restraining order from a judge who found that roving patrols were conducting indiscri\u2026<\/div><\/div><\/div>\n\n<div class=\"vlp-link-container vlp-layout-basic wp-block-visual-link-preview-link\"><a href=\"https:\/\/www.cnn.com\/2025\/09\/08\/politics\/trump-nyc-mayor-race-mamdani-cuomo\" class=\"vlp-link\" title=\"Trump\u2019s moves to reshape the New York City mayor\u2019s race are backfiring | CNN Politics\" rel=\"nofollow\" target=\"_blank\"><\/a><div class=\"vlp-layout-zone-side\"><div class=\"vlp-block-2 vlp-link-image\"><img decoding=\"async\" src=\"https:\/\/media.cnn.com\/api\/v1\/images\/stellar\/prod\/ap25249567403138.jpg?c=16x9&amp;q=w_800,c_fill\" style=\"max-width: 150px; max-height: 150px\" \/><\/div><\/div><div class=\"vlp-layout-zone-main\"><div class=\"vlp-block-0 vlp-link-title\">Trump\u2019s moves to reshape the New York City mayor\u2019s race are backfiring | CNN Politics<\/div><div class=\"vlp-block-1 vlp-link-summary\">Add this to the list of Donald Trump\u2019s accomplishments: Helping elect a socialist mayor of New York City.<\/div><\/div><\/div>\n\n<div class=\"vlp-link-container vlp-layout-basic wp-block-visual-link-preview-link\"><a href=\"https:\/\/theconversation.com\/ais-ballooning-energy-consumption-puts-spotlight-on-data-center-efficiency-254192?utm_medium=Social&amp;utm_source=Facebook&amp;fbclid=IwY2xjawMrnUJleHRuA2FlbQIxMABicmlkETFOc0UwOEszZkg4T0RicHVCAR52c8N0M5baw9CEbMULE9LrFvmIhMRG2Ax7DwhW6WAX-rmVJh1bhAyeIYN6gA_aem_R_CyLGnChCTWqwQ-x16aUg#Echobox=1756953419\" class=\"vlp-link\" title=\"AI\u2019s ballooning energy consumption puts spotlight on data center efficiency\" rel=\"nofollow\" target=\"_blank\"><\/a><div class=\"vlp-layout-zone-side\"><div class=\"vlp-block-2 vlp-link-image\"><img decoding=\"async\" src=\"https:\/\/images.theconversation.com\/files\/688782\/original\/file-20250902-56-fgh9og.jpg?ixlib=rb-4.1.0&amp;rect=0%2C100%2C3348%2C1674&amp;q=45&amp;auto=format&amp;w=1356&amp;h=668&amp;fit=crop\" style=\"max-width: 150px; max-height: 150px\" \/><\/div><\/div><div class=\"vlp-layout-zone-main\"><div class=\"vlp-block-0 vlp-link-title\">AI\u2019s ballooning energy consumption puts spotlight on data center efficiency<\/div><div class=\"vlp-block-1 vlp-link-summary\">AI\u2019s burgeoning energy appetite is driving efforts to make more efficient computer chips. But chips are only part of the data center equation.<\/div><\/div><\/div>\n\n<div class=\"vlp-link-container vlp-layout-basic wp-block-visual-link-preview-link\"><a href=\"https:\/\/www.facebook.com\/reel\/1500950764364706\" class=\"vlp-link\" title=\"89K views \u00b7 10K reactions | Greta Thunberg addressed crowds in Tunis, stating that \u2018just across the water from here, there is a genocide going on.\u2019 Stressing the importance of keeping eyes on Gaza, she went on to call out the complicity of governments, institutions and the global media in enabling the mass starvation of the strip while failing to hold war criminals to account. Greta has been sailing from Barcelona to Tunis as part of the Global Sumud Flotilla, which plans to break Israel\u2019s 18-year blockade on Gaza by delivering humanitarian aid and supplies to Palestinians. | Middle East Eye\" rel=\"nofollow\" target=\"_blank\"><\/a><div class=\"vlp-layout-zone-side\"><div class=\"vlp-block-2 vlp-link-image\"><img decoding=\"async\" src=\"https:\/\/scontent.xx.fbcdn.net\/v\/t15.5256-10\/545061666_1930297744199795_5622896560690149493_n.jpg?_nc_cat=1&amp;ccb=1-7&amp;_nc_sid=a27664&amp;_nc_ohc=9HSiVyOIJQsQ7kNvwFNAD_3&amp;_nc_oc=AdlhCvPuyod7DUdDYLZDLWEgMPcaimTPs9ICoHwyIRQ6pFQLJVDux-yj2_qFaPwtpbk&amp;_nc_zt=23&amp;_nc_ht=scontent.xx&amp;_nc_gid=jbz7ZZKdTfml28dvO013Yg&amp;oh=00_AfbTw6vIM4-lOyMC3emOnkQW4N5igChsH-fHmCIHPJ3nBw&amp;oe=68C4A2EF\" style=\"max-width: 150px; max-height: 150px\" \/><\/div><\/div><div class=\"vlp-layout-zone-main\"><div class=\"vlp-block-0 vlp-link-title\">89K views \u00b7 10K reactions | Greta Thunberg addressed crowds in Tunis, stating that \u2018just across the water from here, there is a genocide going on.\u2019 Stressing the importance of keeping eyes on Gaza, she went on to call out the complicity of governments, institutions and the global media in enabling the mass starvation of the strip while failing to hold war criminals to account. Greta has been sailing from Barcelona to Tunis as part of the Global Sumud Flotilla, which plans to break Israel\u2019s 18-year blockade on Gaza by delivering humanitarian aid and supplies to Palestinians. | Middle East Eye<\/div><div class=\"vlp-block-1 vlp-link-summary\">Greta Thunberg addressed crowds in Tunis, stating that \u2018just across the water from here, there is a genocide going on.\u2019 Stressing the importance of keeping eyes on Gaza, she went on to call out the\u2026<\/div><\/div><\/div>\n\n<div class=\"vlp-link-container vlp-layout-basic wp-block-visual-link-preview-link\"><a href=\"https:\/\/www.aljazeera.com\/news\/2025\/9\/8\/israel-depriving-palestinian-prisoners-of-food-its-supreme-court-rules?utm_campaign=trueAnthem%3A+Trending+Content&amp;utm_medium=trueAnthem&amp;utm_source=facebook&amp;fbclid=IwY2xjawMrnaJleHRuA2FlbQIxMQABHirx8zDxY-uU8yB81FvVKNb-rUGkEutdltcZbPoUtbM8CMtoJhyMX6i059t5_aem_10x0j1cWrZX151VHniu0LA\" class=\"vlp-link\" title=\"Israel depriving Palestinian prisoners of food, its Supreme Court rules | Israel-Palestine conflict News | Al Jazeera\" rel=\"nofollow\" target=\"_blank\"><\/a><div class=\"vlp-layout-zone-side\"><div class=\"vlp-block-2 vlp-link-image\"><img decoding=\"async\" src=\"https:\/\/www.aljazeera.com\/static\/media\/aj-footer-logo.bac952ad.svg\" style=\"max-width: 150px; max-height: 150px\" \/><\/div><\/div><div class=\"vlp-layout-zone-main\"><div class=\"vlp-block-0 vlp-link-title\">Israel depriving Palestinian prisoners of food, its Supreme Court rules | Israel-Palestine conflict News | Al Jazeera<\/div><div class=\"vlp-block-1 vlp-link-summary\">We and our 932 partners store and access personal data, like browsing data or unique identifiers, on your device. Selecting Allow all enables tracking technologies to support the purposes shown under we and our partners process data to provide. Selecting Reject all or withdrawing your consent will disable them. If trackers are disabled, some content and ads you see may not be as relevant to you. You can resurface this menu to change your choices or withdraw consent at any time by clicking the Manage preferences link on the bottom of the webpage . Your choices will have effect within our Website. For more details, refer to our Privacy Policy.To learn more, please view our Cookie Policy.<\/div><\/div><\/div>\n\n<div class=\"vlp-link-container vlp-layout-basic wp-block-visual-link-preview-link\"><a href=\"https:\/\/www.nbcnews.com\/world\/israel\/gunmen-kill-five-jerusalem-bus-stop-rcna229764?cid=sm_npd_nn_fb_ma&amp;utm_campaign=trueanthem&amp;utm_medium=social&amp;utm_source=facebook&amp;fbclid=IwY2xjawMrnXxleHRuA2FlbQIxMQABHsqjX7wICL98KCQBFn8LSV96Mn9xU3NyPRona_MMLgA5qmOwGmnSYRyE1zLJ_aem_YUriAiOXnxbRWhi3WfiroQ&amp;_branch_match_id=1263892625653983908&amp;_branch_referrer=H4sIAAAAAAAAAwXB3RJCQBgA0LfpkqmmopmmUfkrm2iEK2PZ1RYfLWZXFz175zyHoeu3qgq4ACJ6Je86pWbwVtf09D1FthxjvKe4qFm5c0W6kK9cIA6JrIkTjsbCqnHgShQYB6f%2FvJKNcI%2Berl2OwcECzbs%2F9DUCXUbL63QLW8gzhLzKWH0aX9gN3NNwMudf75zlpMnSiDOD%2BQlIHMZPtowp420w%2B3FCCecMqgzzVvSE78yyIn8VP6kvuQAAAA%3D%3D\" class=\"vlp-link\" title=\"Gunmen kill five at Jerusalem bus stop\" rel=\"nofollow\" target=\"_blank\"><\/a><div class=\"vlp-layout-zone-side\"><div class=\"vlp-block-2 vlp-link-image\"><img decoding=\"async\" src=\"https:\/\/media-cldnry.s-nbcnews.com\/image\/upload\/t_nbcnews-fp-1200-630,f_auto,q_auto:best\/rockcms\/2025-09\/250908-jerusalem-3-rs-45c60b.jpg\" style=\"max-width: 150px; max-height: 150px\" \/><\/div><\/div><div class=\"vlp-layout-zone-main\"><div class=\"vlp-block-0 vlp-link-title\">Gunmen kill five at Jerusalem bus stop<\/div><div class=\"vlp-block-1 vlp-link-summary\">Two attackers were \u201cneutralized,\u201d the police said. No group has taken responsibility for the shootings.<\/div><\/div><\/div>\n\n<div class=\"vlp-link-container vlp-layout-basic wp-block-visual-link-preview-link\"><a href=\"https:\/\/www.facebook.com\/reel\/1095830959411812\" class=\"vlp-link\" title=\"141K views \u00b7 10K reactions | Thousands of Chicagoans marched through the streets in defiance of President Trump\u2019s threats to send federal agents and National Guard troops to the city. Demonstrators voiced opposition to what they see as federal overreach, raising concerns about civil liberties, immigration enforcement, and the increasing militarization of their neighborhoods. The march came as Trump continues to threaten to send troops to the city to crackdown on illegal immigration and crime. He\u2019s claimed deployments to cities like Chicago are about \u201ccommon sense\u201d and fighting violent crime \u2014 \u201cnot war\u201d \u2014 despite this post on Truth Social this weekend that read in part, \u201cChicago about to find out why it\u2019s called the Department of WAR\u201d which is a reference to the president\u2019s executive order rebranding the Department of Defense to the Department of War. | CBS News\" rel=\"nofollow\" target=\"_blank\"><\/a><div class=\"vlp-layout-zone-side\"><div class=\"vlp-block-2 vlp-link-image\"><img decoding=\"async\" src=\"https:\/\/scontent.xx.fbcdn.net\/v\/t15.5256-10\/545465719_4022669934646523_2786808900898201710_n.jpg?_nc_cat=1&amp;ccb=1-7&amp;_nc_sid=596eb7&amp;_nc_ohc=JUhqsgkFQ5YQ7kNvwGj5VOT&amp;_nc_oc=AdnMKc4xa-TiZB_7RZC1saWdMG4S13xQTPSKEo5ZH-p8Wl_RiAoPodXJe1Nz_tXOeKQ&amp;_nc_zt=23&amp;_nc_ht=scontent.xx&amp;_nc_gid=_fqnAJbo9bBi_JbjezOMsw&amp;oh=00_AfZC1o_J02KRPKnPeM957HaFlig_H53RsdW-0aUSwA5r3A&amp;oe=68C441BE\" style=\"max-width: 150px; max-height: 150px\" \/><\/div><\/div><div class=\"vlp-layout-zone-main\"><div class=\"vlp-block-0 vlp-link-title\">141K views \u00b7 10K reactions | Thousands of Chicagoans marched through the streets in defiance of President Trump\u2019s threats to send federal agents and National Guard troops to the city. Demonstrators voiced opposition to what they see as federal overreach, raising concerns about civil liberties, immigration enforcement, and the increasing militarization of their neighborhoods. The march came as Trump continues to threaten to send troops to the city to crackdown on illegal immigration and crime. He\u2019s claimed deployments to cities like Chicago are about \u201ccommon sense\u201d and fighting violent crime \u2014 \u201cnot war\u201d \u2014 despite this post on Truth Social this weekend that read in part, \u201cChicago about to find out why it\u2019s called the Department of WAR\u201d which is a reference to the president\u2019s executive order rebranding the Department of Defense to the Department of War. | CBS News<\/div><div class=\"vlp-block-1 vlp-link-summary\">Thousands of Chicagoans marched through the streets in defiance of President Trump\u2019s threats to send federal agents and National Guard troops to the city. Demonstrators voiced opposition to what they\u2026<\/div><\/div><\/div>\n\n<div class=\"vlp-link-container vlp-layout-basic wp-block-visual-link-preview-link\"><a href=\"https:\/\/www.facebook.com\/BreakThroughNews\/videos\/1307265950906410\" class=\"vlp-link\" title=\"3.2K views \u00b7 86 reactions | Red Onion State Prison: where six men set themselves on fire as a desperate form of protest. Since 1998, watchdog groups have documented shotgun attacks, electroshock torture, pervasive racism, and naked force-feedings in the Virginia prison \u2014 but families of the incarcerated men report little has changed. Now activists are demanding Red Onion be shut down and its leaders held accountable. Will the state keep looking away? | BreakThrough News\" rel=\"nofollow\" target=\"_blank\"><\/a><div class=\"vlp-layout-zone-side\"><div class=\"vlp-block-2 vlp-link-image\"><img decoding=\"async\" src=\"https:\/\/scontent.xx.fbcdn.net\/v\/t15.5256-10\/543127277_1327894555589255_4309819377396966064_n.jpg?_nc_cat=103&amp;ccb=1-7&amp;_nc_sid=a27664&amp;_nc_ohc=httch5o_ddoQ7kNvwHuP2us&amp;_nc_oc=AdmSe34bqtosCGsSzEno0KJ1as0owwUzeq6e94xyEEIeHcIt0jGEC5B2OO2-VvAy8OE&amp;_nc_zt=23&amp;_nc_ht=scontent.xx&amp;_nc_gid=fb_Nl5CwFzrLkDXmR97B6Q&amp;oh=00_AfYZ-zyr6rxsZPJ648GjEGrUY5DVjTNTbPUzXTg1XpfT-w&amp;oe=68C46D33\" style=\"max-width: 150px; max-height: 150px\" \/><\/div><\/div><div class=\"vlp-layout-zone-main\"><div class=\"vlp-block-0 vlp-link-title\">3.2K views \u00b7 86 reactions | Red Onion State Prison: where six men set themselves on fire as a desperate form of protest. Since 1998, watchdog groups have documented shotgun attacks, electroshock torture, pervasive racism, and naked force-feedings in the Virginia prison \u2014 but families of the incarcerated men report little has changed. Now activists are demanding Red Onion be shut down and its leaders held accountable. Will the state keep looking away? | BreakThrough News<\/div><div class=\"vlp-block-1 vlp-link-summary\">Red Onion State Prison: where six men set themselves on fire as a desperate form of protest. Since 1998, watchdog groups have documented shotgun attacks, electroshock torture, pervasive racism, and\u2026<\/div><\/div><\/div>\n\n<div class=\"vlp-link-container vlp-layout-basic wp-block-visual-link-preview-link\"><a href=\"https:\/\/truthout.org\/articles\/how-a-century-of-anti-communism-cleared-the-way-for-trumps-authoritarianism\/?fbclid=IwY2xjawMrZCdleHRuA2FlbQIxMQABHkcnAMXK0_glziL2jlfZrhnL8gGLAIdJp1bmBhexG8rKwijlQ17hTZWlCWqi_aem_rEnkruCDoasR-BjkfUCVyQ\" class=\"vlp-link\" title=\"How a Century of Anti-Communism Cleared the Way for Trump\u2019s Authoritarianism\" rel=\"nofollow\" target=\"_blank\"><\/a><div class=\"vlp-layout-zone-side\"><div class=\"vlp-block-2 vlp-link-image\"><img decoding=\"async\" src=\"https:\/\/truthout.org\/app\/uploads\/2025\/09\/GettyImages-2232255618.jpg\" style=\"max-width: 150px; max-height: 150px\" \/><\/div><\/div><div class=\"vlp-layout-zone-main\"><div class=\"vlp-block-0 vlp-link-title\">How a Century of Anti-Communism Cleared the Way for Trump\u2019s Authoritarianism<\/div><div class=\"vlp-block-1 vlp-link-summary\">This trope has long been used to justify repression of anarchists, communists, liberals, immigrants, and unions.<\/div><\/div><\/div>\n\n<div class=\"vlp-link-container vlp-layout-basic wp-block-visual-link-preview-link\"><a href=\"https:\/\/www.facebook.com\/reel\/774155098673741\" class=\"vlp-link\" title=\"5.1K views \u00b7 668 reactions | The Tunisian port of Tunis was full of cheering crowds today as the Global Sumud Flotilla arrived in the city. Thousands packed the harbour, waving Palestinian flags, chanting and singing as the boats from Barcelona carrying activists and aid sailed in. Mandla Mandela, grandson of Nelson Mandela, was amongst the crowds as he waits to join the flotilla as part of a 10-person South African delegation. The convoy is part of a wider push to break Israel\u2019s siege on Gaza and deliver humanitarian supplies to Palestinians. The group will now stay in Tunisia for a few days, before resuming the journey to Gaza. | Middle East Eye\" rel=\"nofollow\" target=\"_blank\"><\/a><div class=\"vlp-layout-zone-side\"><div class=\"vlp-block-2 vlp-link-image\"><img decoding=\"async\" src=\"https:\/\/scontent.xx.fbcdn.net\/v\/t15.5256-10\/544105902_24833376769636190_3994201145363954710_n.jpg?_nc_cat=110&amp;ccb=1-7&amp;_nc_sid=a27664&amp;_nc_ohc=a7B39VKJ53wQ7kNvwEjP-_-&amp;_nc_oc=Adn1Cy7cF2Qa7HUISNvefPS8efwbCvBNbcyVeZmgvLWpRcE9J06zGazUnWRp1L2rW1o&amp;_nc_zt=23&amp;_nc_ht=scontent.xx&amp;_nc_gid=56KSyXGfy8XWdFsQykg4Rw&amp;oh=00_AfYmRcTR50VYhyKDWObCaGlUwnuKGgLkuU4ySRY3DOwPtQ&amp;oe=68C462A7\" style=\"max-width: 150px; max-height: 150px\" \/><\/div><\/div><div class=\"vlp-layout-zone-main\"><div class=\"vlp-block-0 vlp-link-title\">5.1K views \u00b7 668 reactions | The Tunisian port of Tunis was full of cheering crowds today as the Global Sumud Flotilla arrived in the city. Thousands packed the harbour, waving Palestinian flags, chanting and singing as the boats from Barcelona carrying activists and aid sailed in. Mandla Mandela, grandson of Nelson Mandela, was amongst the crowds as he waits to join the flotilla as part of a 10-person South African delegation. The convoy is part of a wider push to break Israel\u2019s siege on Gaza and deliver humanitarian supplies to Palestinians. The group will now stay in Tunisia for a few days, before resuming the journey to Gaza. | Middle East Eye<\/div><div class=\"vlp-block-1 vlp-link-summary\">The Tunisian port of Tunis was full of cheering crowds today as the Global Sumud Flotilla arrived in the city. Thousands packed the harbour, waving Palestinian flags, chanting and singing as the\u2026<\/div><\/div><\/div>\n\n<div class=\"vlp-link-container vlp-layout-basic wp-block-visual-link-preview-link\"><a href=\"https:\/\/www.facebook.com\/share\/v\/19FTjKz1Eo\/\" class=\"vlp-link\" title=\"5.6K views \u00b7 214 reactions | Families in the Sudanese city of el-Fasher are resorting to eating animal feed. Millions in Sudan are facing famine, disease, displacement and war. More than 6,000 children are suffering from severe malnutrition and at risk of dying as the Rapid Support Forces (RSF) continues to block food supplies to those who are in need. | AJ+\" rel=\"nofollow\" target=\"_blank\"><\/a><div class=\"vlp-layout-zone-side\"><div class=\"vlp-block-2 vlp-link-image\"><img decoding=\"async\" src=\"https:\/\/scontent.xx.fbcdn.net\/v\/t15.5256-10\/542074925_1461044908276717_5869485343191258383_n.jpg?_nc_cat=100&amp;ccb=1-7&amp;_nc_sid=596eb7&amp;_nc_ohc=HyYwgPuREIMQ7kNvwH9SJbe&amp;_nc_oc=AdniqV46VIErVFnPivySQiBpNjUccUYGUzvDTS843i65VfZXSbejnY5TDZxFF9dRGCY&amp;_nc_zt=23&amp;_nc_ht=scontent.xx&amp;_nc_gid=tlZY54ltte69neFVeB7j0A&amp;oh=00_AfYixb3PIiNp4enY2Adx-2vsOHrhn7kmZevdz9ZypYA-XQ&amp;oe=68C44F90\" style=\"max-width: 150px; max-height: 150px\" \/><\/div><\/div><div class=\"vlp-layout-zone-main\"><div class=\"vlp-block-0 vlp-link-title\">5.6K views \u00b7 214 reactions | Families in the Sudanese city of el-Fasher are resorting to eating animal feed. Millions in Sudan are facing famine, disease, displacement and war. More than 6,000 children are suffering from severe malnutrition and at risk of dying as the Rapid Support Forces (RSF) continues to block food supplies to those who are in need. | AJ+<\/div><div class=\"vlp-block-1 vlp-link-summary\">Families in the Sudanese city of el-Fasher are resorting to eating animal feed. Millions in Sudan are facing famine, disease, displacement and war. More than 6,000 children are suffering from severe\u2026<\/div><\/div><\/div>\n\n<div class=\"vlp-link-container vlp-layout-basic wp-block-visual-link-preview-link\"><a href=\"https:\/\/www.middleeasteye.net\/news\/turkeys-opposition-chp-hold-extraordinary-congress-after-court-dismisses-leadership?utm_source=facebook&amp;utm_medium=social&amp;utm_campaign=Social_Traffic&amp;utm_content=ap_9o4gzm97mz\" class=\"vlp-link\" title=\"Turkey\u2019s CHP to hold extraordinary congress after court dismisses Istanbul leadership\" rel=\"nofollow\" target=\"_blank\"><\/a><div class=\"vlp-layout-zone-side\"><div class=\"vlp-block-2 vlp-link-image\"><img decoding=\"async\" src=\"https:\/\/www.middleeasteye.net\/sites\/default\/files\/images-story\/ISTANBUL_CHP_AFP.jpg\" style=\"max-width: 150px; max-height: 150px\" \/><\/div><\/div><div class=\"vlp-layout-zone-main\"><div class=\"vlp-block-0 vlp-link-title\">Turkey\u2019s CHP to hold extraordinary congress after court dismisses Istanbul leadership<\/div><div class=\"vlp-block-1 vlp-link-summary\">Istanbul leader Ozgur Celik and 195 other officials were removed from their positions over \u2018irregularities\u2019 earlier this week<\/div><\/div><\/div>\n\n<div class=\"vlp-link-container vlp-layout-basic wp-block-visual-link-preview-link\"><a href=\"https:\/\/www.nbcphiladelphia.com\/news\/sports\/tennis\/us-open-mens-final-delayed-security-trump-cheers-boos\/4265281\/?_osource=SocialFlowFB_PHBrand&amp;fbclid=IwY2xjawMrY6VleHRuA2FlbQIxMQABHo4tvoekkbrNnYZZtbsBQJ8rlAOb7tytv9505PZy8i6O5ZT3oLD_ZtTWFbgj_aem_Lqd6TBPeI9CFv64EIPMzaA\" class=\"vlp-link\" title=\"U.S. Open men\u2019s final delayed because of security as Trump gets cheers, boos\" rel=\"nofollow\" target=\"_blank\"><\/a><div class=\"vlp-layout-zone-side\"><div class=\"vlp-block-2 vlp-link-image\"><img decoding=\"async\" src=\"https:\/\/media.nbcphiladelphia.com\/2025\/09\/GettyImages-2234163690.jpg?quality=85&amp;strip=all&amp;resize=1200%2C675\" style=\"max-width: 150px; max-height: 150px\" \/><\/div><\/div><div class=\"vlp-layout-zone-main\"><div class=\"vlp-block-0 vlp-link-title\">U.S. Open men\u2019s final delayed because of security as Trump gets cheers, boos<\/div><div class=\"vlp-block-1 vlp-link-summary\">The U.S. Open men\u2019s final was delayed a half-hour due to extra security, and President Trump was met with a mix of emotions by the tennis crowd.<\/div><\/div><\/div>\n\n<div class=\"vlp-link-container vlp-layout-basic wp-block-visual-link-preview-link\"><a href=\"https:\/\/www.foxnews.com\/media\/jeffrey-wright-calls-batman-casting-critics-f-racist-stupid-heated-response?intcmp=fb_fnc&amp;utm_campaign=trueanthem&amp;utm_medium=social&amp;utm_source=facebook&amp;fbclid=IwY2xjawMrYtdleHRuA2FlbQIxMQABHlpiuWZ-JlGD3Zy0PRp7Gj_vdodFupAbCmBIkEoTzHYbp_Pj54t3YlmzRoNz_aem_D9BVxTYHvKiZ2eQGI1oKjA\" class=\"vlp-link\" title=\"Jeffrey Wright calls Batman casting critics \u2018f------ racist and stupid\u2019 in heated response\" rel=\"nofollow\" target=\"_blank\"><\/a><div class=\"vlp-layout-zone-side\"><div class=\"vlp-block-2 vlp-link-image\"><img decoding=\"async\" src=\"https:\/\/static.foxnews.com\/foxnews.com\/content\/uploads\/2025\/09\/wright-batman-race.jpg\" style=\"max-width: 150px; max-height: 150px\" \/><\/div><\/div><div class=\"vlp-layout-zone-main\"><div class=\"vlp-block-0 vlp-link-title\">Jeffrey Wright calls Batman casting critics \u2018f&#8212;&#8212; racist and stupid\u2019 in heated response<\/div><div class=\"vlp-block-1 vlp-link-summary\">Actor Jeffrey Wright defended his role as Jim Gordon in \u201cThe Batman,\u201d arguing that diverse casting reflects societal evolution and New York\u2019s multicultural reality.<\/div><\/div><\/div>\n\n\n<figure class=\"wp-block-embed is-type-video is-provider-youtube wp-block-embed-youtube wp-embed-aspect-16-9 wp-has-aspect-ratio\"><div class=\"wp-block-embed__wrapper\">\n<div class=\"jetpack-video-wrapper\"><iframe loading=\"lazy\" title=\"The Dark Money Behind \u201cProgressive\u201d Influencers (w\/ Taylor Lorenz &amp; John Ross)\" width=\"640\" height=\"360\" src=\"https:\/\/www.youtube.com\/embed\/-qENvZBa-Ao?feature=oembed\" frameborder=\"0\" allow=\"accelerometer; autoplay; clipboard-write; encrypted-media; gyroscope; picture-in-picture; web-share\" referrerpolicy=\"strict-origin-when-cross-origin\" allowfullscreen><\/iframe><\/div>\n<\/div><\/figure>\n\n\n\n<figure class=\"wp-block-embed is-type-video is-provider-youtube wp-block-embed-youtube wp-embed-aspect-16-9 wp-has-aspect-ratio\"><div class=\"wp-block-embed__wrapper\">\n<div class=\"jetpack-video-wrapper\"><iframe loading=\"lazy\" title=\"Stop Acting Like This is Normal | The Ezra Klein Show\" width=\"640\" height=\"360\" src=\"https:\/\/www.youtube.com\/embed\/W3-0SpkF-V0?feature=oembed\" frameborder=\"0\" allow=\"accelerometer; autoplay; clipboard-write; encrypted-media; gyroscope; picture-in-picture; web-share\" referrerpolicy=\"strict-origin-when-cross-origin\" allowfullscreen><\/iframe><\/div>\n<\/div><\/figure>\n\n\n<div class=\"vlp-link-container vlp-layout-basic wp-block-visual-link-preview-link\"><a href=\"https:\/\/www.middleeasteye.net\/news\/elbit-systems-factory-shuttered-following-palestine-action-campaign?utm_source=facebook&amp;utm_medium=social&amp;utm_campaign=Social_Traffic&amp;utm_content=ap_6t2sk8pal6\" class=\"vlp-link\" title=\"Elbit Systems factory apparently shuttered following Palestine Action campaign\" rel=\"nofollow\" target=\"_blank\"><\/a><div class=\"vlp-layout-zone-side\"><div class=\"vlp-block-2 vlp-link-image\"><img decoding=\"async\" src=\"https:\/\/www.middleeasteye.net\/sites\/default\/files\/images-story\/PALESTINE_ACTION_PARLIAMENT_AFP.jpg\" style=\"max-width: 150px; max-height: 150px\" \/><\/div><\/div><div class=\"vlp-layout-zone-main\"><div class=\"vlp-block-0 vlp-link-title\">Elbit Systems factory apparently shuttered following Palestine Action campaign<\/div><div class=\"vlp-block-1 vlp-link-summary\">The defence company\u2019s plant in Bristol is reportedly empty in the wake of a direct action campaign by the now-proscribed group<\/div><\/div><\/div>\n\n<div class=\"vlp-link-container vlp-layout-basic wp-block-visual-link-preview-link\"><a href=\"https:\/\/www.middleeasteye.net\/news\/almost-900-arrested-palestine-action-demonstration-london-police-say?utm_source=facebook&amp;utm_medium=social&amp;utm_campaign=Social_Traffic&amp;utm_content=ap_dngnzhfurf\" class=\"vlp-link\" title=\"Almost 900 arrested at Palestine Action demonstration in London, police say\" rel=\"nofollow\" target=\"_blank\"><\/a><div class=\"vlp-layout-zone-side\"><div class=\"vlp-block-2 vlp-link-image\"><img decoding=\"async\" src=\"https:\/\/www.middleeasteye.net\/sites\/default\/files\/images-story\/PAL_ACTION_WESTMINSTER_AFP.jpg\" style=\"max-width: 150px; max-height: 150px\" \/><\/div><\/div><div class=\"vlp-layout-zone-main\"><div class=\"vlp-block-0 vlp-link-title\">Almost 900 arrested at Palestine Action demonstration in London, police say<\/div><div class=\"vlp-block-1 vlp-link-summary\">Hundreds gathered in Westminster to protest the proscription of the direct action group<\/div><\/div><\/div>\n\n<div class=\"vlp-link-container vlp-layout-basic wp-block-visual-link-preview-link\"><a href=\"https:\/\/www.middleeasteye.net\/news\/turkeys-opposition-chp-hold-extraordinary-congress-after-court-dismisses-leadership?utm_source=facebook&amp;utm_medium=social&amp;utm_campaign=Social_Traffic&amp;utm_content=ap_9o4gzm97mz\" class=\"vlp-link\" title=\"Turkey\u2019s CHP to hold extraordinary congress after court dismisses Istanbul leadership\" rel=\"nofollow\" target=\"_blank\"><\/a><div class=\"vlp-layout-zone-side\"><div class=\"vlp-block-2 vlp-link-image\"><img decoding=\"async\" src=\"https:\/\/www.middleeasteye.net\/sites\/default\/files\/images-story\/ISTANBUL_CHP_AFP.jpg\" style=\"max-width: 150px; max-height: 150px\" \/><\/div><\/div><div class=\"vlp-layout-zone-main\"><div class=\"vlp-block-0 vlp-link-title\">Turkey\u2019s CHP to hold extraordinary congress after court dismisses Istanbul leadership<\/div><div class=\"vlp-block-1 vlp-link-summary\">Istanbul leader Ozgur Celik and 195 other officials were removed from their positions over \u2018irregularities\u2019 earlier this week<\/div><\/div><\/div>\n\n<div class=\"vlp-link-container vlp-layout-basic wp-block-visual-link-preview-link\"><a href=\"https:\/\/www.facebook.com\/reel\/3645731819069890\" class=\"vlp-link\" title=\"194K views \u00b7 18K reactions | Palestinian actor Motaz Malhees says portraying Hind Rajab\u2019s story, in which the Israeli army kills the 5-year-old and her family, is a \u201cresponsibility\u201d that artists must uphold. | Al Jazeera English\" rel=\"nofollow\" target=\"_blank\"><\/a><div class=\"vlp-layout-zone-side\"><div class=\"vlp-block-2 vlp-link-image\"><img decoding=\"async\" src=\"https:\/\/scontent.xx.fbcdn.net\/v\/t15.5256-10\/543674756_1962750244513617_2611674998006895315_n.jpg?_nc_cat=106&amp;ccb=1-7&amp;_nc_sid=596eb7&amp;_nc_ohc=usQTrVOz3sEQ7kNvwFRWq3C&amp;_nc_oc=Adn6PcRJrSGSa8IaRJWUaEOD1ginat62RD2Pqovmr5lv_6iUm4a3i3eoxBTwMeLNSM8&amp;_nc_zt=23&amp;_nc_ht=scontent.xx&amp;_nc_gid=WN1YW7L3CJeRq1_O1Yzj_A&amp;oh=00_AfY96Z4oYKtiPsKlhfzie2AVSfqrL0of-gbMFfIFZDffqw&amp;oe=68C35847\" style=\"max-width: 150px; max-height: 150px\" \/><\/div><\/div><div class=\"vlp-layout-zone-main\"><div class=\"vlp-block-0 vlp-link-title\">194K views \u00b7 18K reactions | Palestinian actor Motaz Malhees says portraying Hind Rajab\u2019s story, in which the Israeli army kills the 5-year-old and her family, is a \u201cresponsibility\u201d that artists must uphold. | Al Jazeera English<\/div><div class=\"vlp-block-1 vlp-link-summary\">Palestinian actor Motaz Malhees says portraying Hind Rajab\u2019s story, in which the Israeli army kills the 5-year-old and her family, is a \u201cresponsibility\u201d that artists must uphold\u2026<\/div><\/div><\/div>\n\n<div class=\"vlp-link-container vlp-layout-basic wp-block-visual-link-preview-link\"><a href=\"https:\/\/www.cnn.com\/2025\/09\/06\/politics\/protesters-federal-law-enforcement-dc?Date=20250907&amp;Profile=CNN&amp;utm_content=1757218320&amp;utm_medium=social&amp;utm_source=facebook&amp;fbclid=IwY2xjawMqbgxleHRuA2FlbQIxMQABHrseOCCxOfwlPcPaXSq8M-TCKeW2xQ65Wj0oxwSMFpRW7azvREXiq4-dzKMH_aem_tbDb-hBB3LO2TZNftHugtA\" class=\"vlp-link\" title=\"Protesters call for end of federal law enforcement takeover of DC | CNN Politics\" rel=\"nofollow\" target=\"_blank\"><\/a><div class=\"vlp-layout-zone-side\"><div class=\"vlp-block-2 vlp-link-image\"><img decoding=\"async\" src=\"https:\/\/media.cnn.com\/api\/v1\/images\/stellar\/prod\/2025-09-06t170432z-717021541-rc2hmga7bm7a-rtrmadp-3-usa-trump-crime-dc-protest.jpg?c=16x9&amp;q=w_800,c_fill\" style=\"max-width: 150px; max-height: 150px\" \/><\/div><\/div><div class=\"vlp-layout-zone-main\"><div class=\"vlp-block-0 vlp-link-title\">Protesters call for end of federal law enforcement takeover of DC | CNN Politics<\/div><div class=\"vlp-block-1 vlp-link-summary\">Scores of protesters marched in Washington, DC, on Saturday against President Donald Trump\u2019s federal takeover of the city\u2019s police department and deployment of National Guard troops to the capital.<\/div><\/div><\/div>\n\n<div class=\"vlp-link-container vlp-layout-basic wp-block-visual-link-preview-link\"><a href=\"https:\/\/www.facebook.com\/reel\/1993094628112280\" class=\"vlp-link\" title=\"Chicago is bracing for a possible influx of Immigration agents and National Guard troops after US President Trump said they\u2019d be \u201cgoing in\u201d. The Chicago Teachers Union was handing out flyers at schools Friday informing parents of their rights if they encounter law enforcement. | Al Jazeera English | Facebook\" rel=\"nofollow\" target=\"_blank\"><\/a><div class=\"vlp-layout-zone-side\"><div class=\"vlp-block-2 vlp-link-image\"><img decoding=\"async\" src=\"https:\/\/scontent.xx.fbcdn.net\/v\/t15.5256-10\/543746344_1504409510593756_1303542029998593096_n.jpg?_nc_cat=104&amp;ccb=1-7&amp;_nc_sid=596eb7&amp;_nc_ohc=IYhA48wtaawQ7kNvwHuE-H7&amp;_nc_oc=Adljdl9gAr5pzcV4dIySsF8ts8twQ1CkkYyl7C7nggK9OA9HpuawuTbJnAWi7-ViaXI&amp;_nc_ad=z-m&amp;_nc_cid=0&amp;_nc_zt=23&amp;_nc_rml=0&amp;_nc_ht=scontent.xx&amp;_nc_gid=ZSo1xepM1_4ktOLAA1K-IA&amp;oh=00_Afb--uyKHE0MGTExbG5pdaX83UcpDVKccp32O0zzqqILZw&amp;oe=68C35858\" style=\"max-width: 150px; max-height: 150px\" \/><\/div><\/div><div class=\"vlp-layout-zone-main\"><div class=\"vlp-block-0 vlp-link-title\">Chicago is bracing for a possible influx of Immigration agents and National Guard troops after US President Trump said they\u2019d be \u201cgoing in\u201d. The Chicago Teachers Union was handing out flyers at schools Friday informing parents of their rights if they encounter law enforcement. | Al Jazeera English | Facebook<\/div><div class=\"vlp-block-1 vlp-link-summary\">Chicago is bracing for a possible influx of Immigration agents and National Guard troops after US President Trump said they\u2019d be \u201cgoing in\u201d. The Chicago Teachers Union was handing out flyers at\u2026<\/div><\/div><\/div>\n\n<div class=\"vlp-link-container vlp-layout-basic wp-block-visual-link-preview-link\"><a href=\"https:\/\/www.facebook.com\/reel\/1107141000971647\" class=\"vlp-link\" title=\"A explosive drone launched from Yemen hit Ramon Airport in southern Israel on Sunday afternoon, lightly wounding two people and causing smoke to billow above the airport terminal. The impact came after Israel\u2019s military said it had intercepted three drones launched from Yemen earlier in the day. Israel has now closed the airspace above the airport. | Middle East Eye | Facebook\" rel=\"nofollow\" target=\"_blank\"><\/a><div class=\"vlp-layout-zone-side\"><div class=\"vlp-block-2 vlp-link-image\"><img decoding=\"async\" src=\"https:\/\/scontent.xx.fbcdn.net\/v\/t15.5256-10\/545340584_1079335523980757_2533645795847282574_n.jpg?_nc_cat=100&amp;ccb=1-7&amp;_nc_sid=596eb7&amp;_nc_ohc=hfRn3ywokRUQ7kNvwFAWchg&amp;_nc_oc=AdmW-6zSF1zyti2_iLsdpFUcRIVK6cIqn8bwceHn2R4ACaPhL-qOIuticajYyi-r_yg&amp;_nc_ad=z-m&amp;_nc_cid=0&amp;_nc_zt=23&amp;_nc_rml=0&amp;_nc_ht=scontent.xx&amp;_nc_gid=hpHJ-siEDbZm8BzCJKDfIQ&amp;oh=00_AfbOgtMWLzJ9HS0n9EkHt0b3HNoJAJK5Q2lm__zwrzw4Mw&amp;oe=68C36CA5\" style=\"max-width: 150px; max-height: 150px\" \/><\/div><\/div><div class=\"vlp-layout-zone-main\"><div class=\"vlp-block-0 vlp-link-title\">A explosive drone launched from Yemen hit Ramon Airport in southern Israel on Sunday afternoon, lightly wounding two people and causing smoke to billow above the airport terminal. The impact came after Israel\u2019s military said it had intercepted three drones launched from Yemen earlier in the day. Israel has now closed the airspace above the airport. | Middle East Eye | Facebook<\/div><div class=\"vlp-block-1 vlp-link-summary\">A explosive drone launched from Yemen hit Ramon Airport in southern Israel on Sunday afternoon, lightly wounding two people and causing smoke to billow above the airport terminal. The impact came\u2026<\/div><\/div><\/div>\n\n<div class=\"vlp-link-container vlp-layout-basic wp-block-visual-link-preview-link\"><a href=\"https:\/\/www.nbcnews.com\/news\/nbcblk\/black-latina-women-are-leading-unions-transforming-work-rcna174289?cid=sm_npd_nn_fb_ma&amp;fbclid=IwY2xjawMqbodleHRuA2FlbQIxMQABHmSlMDzD5THydleFu0O_HjvuKq8gNKuQ099OCYGGlROURU1JkM7VbzPg7kL__aem_OsibhXOMXkPmYBNdWDDgdQ&amp;_branch_match_id=1263892625653983908&amp;utm_source=facebook&amp;utm_campaign=NBC%20News&amp;utm_medium=social&amp;_branch_referrer=H4sIAAAAAAAAAw3JXxOBMAAA8G%2FjsXDn%2FLlzDqFkVonkZddsrdlKbaV48Nn5vf6yui71zDQLfC9oq42kLA3JC2GGYnOrRcR1hBcpvktO5k4bD7tH0oIKP4mkdtAsh1uJfacD%2FnJl5ycJrI81Cu33f7dNHyL78WrcasKObuP3p1O4jnc7GcBzcB7sBRhf8MdjY3FAKKE5gprj7ArBVXh5vDqSyLIY8XtfRVOqFC8YwurZaqrmG8LoD3gJOke5AAAA\" class=\"vlp-link\" title=\"More Black and Latina women are leading unions \u2014 and transforming how they work\" rel=\"nofollow\" target=\"_blank\"><\/a><div class=\"vlp-layout-zone-side\"><div class=\"vlp-block-2 vlp-link-image\"><img decoding=\"async\" src=\"https:\/\/media-cldnry.s-nbcnews.com\/image\/upload\/t_nbcnews-fp-1200-630,f_auto,q_auto:best\/rockcms\/2024-10\/241007-Keturah-Johnson-se-1123a-3aab8c.jpg\" style=\"max-width: 150px; max-height: 150px\" \/><\/div><\/div><div class=\"vlp-layout-zone-main\"><div class=\"vlp-block-0 vlp-link-title\">More Black and Latina women are leading unions \u2014 and transforming how they work<\/div><div class=\"vlp-block-1 vlp-link-summary\">The trend has translated into an emphasis on family-friendly benefits like\u00a0parental leave\u00a0and health care coverage, as well as protections against sexual harassment.<\/div><\/div><\/div>\n\n<div class=\"vlp-link-container vlp-layout-basic wp-block-visual-link-preview-link\"><a href=\"https:\/\/www.facebook.com\/reel\/756952396951092\" class=\"vlp-link\" title=\"1.5K views \u00b7 137 reactions | Speaking to Middle East Eye, Saif Abu Keshek, a Palestinian activist taking part in the Global Sumud Flotilla, has warned that Israel will \u201cwill use every reason to justify their crimes\u201d, emphasising the importance of not responding to their provocations. Abu Keshek referenced Israeli minister Ben Gvir\u2019s attempts to classify the flotilla participants as terrorists in order to make it acceptable to carry our strikes on the convoy as they sail to break the siege on Gaza. | Middle East Eye\" rel=\"nofollow\" target=\"_blank\"><\/a><div class=\"vlp-layout-zone-side\"><div class=\"vlp-block-2 vlp-link-image\"><img decoding=\"async\" src=\"https:\/\/scontent.xx.fbcdn.net\/v\/t15.5256-10\/544793790_4333346866991787_4210885052289156801_n.jpg?_nc_cat=104&amp;ccb=1-7&amp;_nc_sid=596eb7&amp;_nc_ohc=NKcEEZfm5QgQ7kNvwFyp9-b&amp;_nc_oc=AdlCTOve5CoWjVKkokA9atgz2I2VQsEbJQEZEdGbxjzU3in41pqtV-g-f5KRt4WK8Gs&amp;_nc_zt=23&amp;_nc_ht=scontent.xx&amp;_nc_gid=nD6ly2g1Ctg543fq8caHkQ&amp;oh=00_AfbZFITpRJVo3Z6eKySlZCk7Cwm_VCvejwQQH1k9uwNjfw&amp;oe=68C36257\" style=\"max-width: 150px; max-height: 150px\" \/><\/div><\/div><div class=\"vlp-layout-zone-main\"><div class=\"vlp-block-0 vlp-link-title\">1.5K views \u00b7 137 reactions | Speaking to Middle East Eye, Saif Abu Keshek, a Palestinian activist taking part in the Global Sumud Flotilla, has warned that Israel will \u201cwill use every reason to justify their crimes\u201d, emphasising the importance of not responding to their provocations. Abu Keshek referenced Israeli minister Ben Gvir\u2019s attempts to classify the flotilla participants as terrorists in order to make it acceptable to carry our strikes on the convoy as they sail to break the siege on Gaza. | Middle East Eye<\/div><div class=\"vlp-block-1 vlp-link-summary\">Speaking to Middle East Eye, Saif Abu Keshek, a Palestinian activist taking part in the Global Sumud Flotilla, has warned that Israel will \u201cwill use every reason to justify their crimes\u201d, emphasising\u2026<\/div><\/div><\/div>\n\n<div class=\"vlp-link-container vlp-layout-basic wp-block-visual-link-preview-link\"><a href=\"https:\/\/www.facebook.com\/reel\/1478325433403047\" class=\"vlp-link\" title=\"6.7K views \u00b7 300 reactions | Last year, massive student-led demonstrations in Bangladesh led to the overthrow of their authoritarian government. Al Jazeera Investigations spoke with the students who risked their lives to protest their government. | AJ+ | Facebook\" rel=\"nofollow\" target=\"_blank\"><\/a><div class=\"vlp-layout-zone-side\"><div class=\"vlp-block-2 vlp-link-image\"><img decoding=\"async\" src=\"https:\/\/scontent.xx.fbcdn.net\/v\/t15.5256-10\/536528367_1851266588760122_2734440650445928548_n.jpg?_nc_cat=102&amp;ccb=1-7&amp;_nc_sid=596eb7&amp;_nc_ohc=Ja0cXTkXKskQ7kNvwERCJe0&amp;_nc_oc=AdkDxoN5XOcVYRUU4dlPKrwswpMxR4NlpVMSH66K6wmuAFtLdQS6Or9Gb1JAXIzt724&amp;_nc_ad=z-m&amp;_nc_cid=0&amp;_nc_zt=23&amp;_nc_rml=0&amp;_nc_ht=scontent.xx&amp;_nc_gid=nye2O0Vz9qgu6BjfCRB4jA&amp;oh=00_AfZUmUSB8sEcT2h80-gU_dlrFeHLp5iIzPOaBTDrWqvGlA&amp;oe=68C3713E\" style=\"max-width: 150px; max-height: 150px\" \/><\/div><\/div><div class=\"vlp-layout-zone-main\"><div class=\"vlp-block-0 vlp-link-title\">6.7K views \u00b7 300 reactions | Last year, massive student-led demonstrations in Bangladesh led to the overthrow of their authoritarian government. Al Jazeera Investigations spoke with the students who risked their lives to protest their government. | AJ+ | Facebook<\/div><div class=\"vlp-block-1 vlp-link-summary\">Last year, massive student-led demonstrations in Bangladesh led to the overthrow of their authoritarian government. Al Jazeera Investigations spoke with the students who risked their lives to protest\u2026<\/div><\/div><\/div>\n\n<div class=\"vlp-link-container vlp-layout-basic wp-block-visual-link-preview-link\"><a href=\"https:\/\/www.facebook.com\/reel\/656879930776074\" class=\"vlp-link\" title=\"86K views \u00b7 3K reactions | Israeli forces reportedly used quadcopter drones to drop incendiary bombs on ambulances parked outside a clinic in Gaza City, causing a fire. The use of incendiary weapons is prohibited in civilian-populated areas under international humanitarian law. | Al Jazeera English\" rel=\"nofollow\" target=\"_blank\"><\/a><div class=\"vlp-layout-zone-side\"><div class=\"vlp-block-2 vlp-link-image\"><img decoding=\"async\" src=\"https:\/\/scontent.xx.fbcdn.net\/v\/t15.5256-10\/542102859_1215179703748500_2532219646928779126_n.jpg?_nc_cat=110&amp;ccb=1-7&amp;_nc_sid=596eb7&amp;_nc_ohc=m768utqe0mwQ7kNvwHcTHhT&amp;_nc_oc=Adn6Vadc6UUNXheVviPmbolwlBUfrswhKY_GEITo7GoY0tgHqBwliwKnS3sEB9HUUhU&amp;_nc_zt=23&amp;_nc_ht=scontent.xx&amp;_nc_gid=UDyuwWI1aG-Fb2cH5gbtvA&amp;oh=00_Afanlj3usMY_eWIhAYrVwBsjgbv-k8_hmSoWcUjTWukfOw&amp;oe=68C35741\" style=\"max-width: 150px; max-height: 150px\" \/><\/div><\/div><div class=\"vlp-layout-zone-main\"><div class=\"vlp-block-0 vlp-link-title\">86K views \u00b7 3K reactions | Israeli forces reportedly used quadcopter drones to drop incendiary bombs on ambulances parked outside a clinic in Gaza City, causing a fire. The use of incendiary weapons is prohibited in civilian-populated areas under international humanitarian law. | Al Jazeera English<\/div><div class=\"vlp-block-1 vlp-link-summary\">Israeli forces reportedly used quadcopter drones to drop incendiary bombs on ambulances parked outside a clinic in Gaza City, causing a fire. The use of incendiary weapons is prohibited in\u2026<\/div><\/div><\/div>\n\n<div class=\"vlp-link-container vlp-layout-basic wp-block-visual-link-preview-link\"><a href=\"https:\/\/www.facebook.com\/reel\/665866689276900\" class=\"vlp-link\" title=\"132K views \u00b7 2.7K reactions | Israel\u2019s far-right Finance Minister Bezalel Smotrich says maps are being drawn up to annex \u201cmaximum territory\u201d in the occupied West Bank and is urging PM Benjamin Netanyahu to accept his plans. | Al Jazeera English\" rel=\"nofollow\" target=\"_blank\"><\/a><div class=\"vlp-layout-zone-side\"><div class=\"vlp-block-2 vlp-link-image\"><img decoding=\"async\" src=\"https:\/\/scontent.xx.fbcdn.net\/v\/t15.5256-10\/543323169_24342001398783291_5224308425892319644_n.jpg?_nc_cat=101&amp;ccb=1-7&amp;_nc_sid=596eb7&amp;_nc_ohc=XOXzgqdQROIQ7kNvwEnYEOb&amp;_nc_oc=Admwx8a9wZ-Iuw1WK8eH8UAIidUZ610-SNY_S7cdsNiMmgd10wXzgHeYAf5k543GCT4&amp;_nc_zt=23&amp;_nc_ht=scontent.xx&amp;_nc_gid=g8RxvMIEp_6MmCkKJjkQCg&amp;oh=00_AfaBAydRDs6Xdy1_4rperdFme5tN6RKx1ziK4p3dWU9tWg&amp;oe=68C360FA\" style=\"max-width: 150px; max-height: 150px\" \/><\/div><\/div><div class=\"vlp-layout-zone-main\"><div class=\"vlp-block-0 vlp-link-title\">132K views \u00b7 2.7K reactions | Israel\u2019s far-right Finance Minister Bezalel Smotrich says maps are being drawn up to annex \u201cmaximum territory\u201d in the occupied West Bank and is urging PM Benjamin Netanyahu to accept his plans. | Al Jazeera English<\/div><div class=\"vlp-block-1 vlp-link-summary\">Israel\u2019s far-right Finance Minister Bezalel Smotrich says maps are being drawn up to annex \u201cmaximum territory\u201d in the occupied West Bank and is urging PM Benjamin Netanyahu to accept his plans\u2026<\/div><\/div><\/div>\n\n<div class=\"vlp-link-container vlp-layout-basic wp-block-visual-link-preview-link\"><a href=\"https:\/\/www.middleeasteye.net\/news\/uae-says-israeli-annexation-occupied-west-bank-red-line?utm_source=facebook&amp;utm_medium=social&amp;utm_campaign=Social_Traffic&amp;utm_content=ap_ppuvdgqbhy\" class=\"vlp-link\" title=\"UAE says Israeli annexation of occupied West Bank a \u2018red line\u2019\" rel=\"nofollow\" target=\"_blank\"><\/a><div class=\"vlp-layout-zone-side\"><div class=\"vlp-block-2 vlp-link-image\"><img decoding=\"async\" src=\"https:\/\/www.middleeasteye.net\/sites\/default\/files\/images-story\/Israel-occupation.jpg\" style=\"max-width: 150px; max-height: 150px\" \/><\/div><\/div><div class=\"vlp-layout-zone-main\"><div class=\"vlp-block-0 vlp-link-title\">UAE says Israeli annexation of occupied West Bank a \u2018red line\u2019<\/div><div class=\"vlp-block-1 vlp-link-summary\">Rare censure comes as Emirati analysts question whether Abraham Accords allow Israel to achieve \u2018regional supremacy\u2019<\/div><\/div><\/div>\n\n<div class=\"vlp-link-container vlp-layout-basic wp-block-visual-link-preview-link\"><a href=\"https:\/\/www.facebook.com\/share\/v\/177JGoWTD4\/\" class=\"vlp-link\" title=\"2.2K views \u00b7 219 reactions | Today, thousands of people took to the streets of Washington D.C. to protest Trump\u2019s military occupatio. Lydia Walther-Rodriguez, Chief of Organizing for CASA, spoke to the crowd saying, \u201cToday we are with thousands in our community, who is immigrant, who is working class, who live right here in D.C., and who is marching today knowing that just last week, their families were ripped away from them and deported. We have heard this threat of occupation here in D.C. expanding to Baltimore, expanding to Chicago, but we are going to rise up together and not be silenced because our stories and struggle is how we move forward.\u201d | BreakThrough News\" rel=\"nofollow\" target=\"_blank\"><\/a><div class=\"vlp-layout-zone-side\"><div class=\"vlp-block-2 vlp-link-image\"><img decoding=\"async\" src=\"https:\/\/scontent.xx.fbcdn.net\/v\/t15.5256-10\/543260283_2205651306528222_7166797142514099683_n.jpg?_nc_cat=107&amp;ccb=1-7&amp;_nc_sid=596eb7&amp;_nc_ohc=Oj-iom_gXG4Q7kNvwGF17Ka&amp;_nc_oc=AdnGxbptRd7AwO8UPL4HQv4yED9sTbolPX-1DFEem9XLeS6gzI3PqFh3WWA2pwpEkbs&amp;_nc_zt=23&amp;_nc_ht=scontent.xx&amp;_nc_gid=esMyVux4rNwLytltfLn_FQ&amp;oh=00_AfZ-33jwMbASr0pCY6HyqnKm7VWgEGIbzvOgDlX13eazTA&amp;oe=68C26C71\" style=\"max-width: 150px; max-height: 150px\" \/><\/div><\/div><div class=\"vlp-layout-zone-main\"><div class=\"vlp-block-0 vlp-link-title\">2.2K views \u00b7 219 reactions | Today, thousands of people took to the streets of Washington D.C. to protest Trump\u2019s military occupatio. Lydia Walther-Rodriguez, Chief of Organizing for CASA, spoke to the crowd saying, \u201cToday we are with thousands in our community, who is immigrant, who is working class, who live right here in D.C., and who is marching today knowing that just last week, their families were ripped away from them and deported. We have heard this threat of occupation here in D.C. expanding to Baltimore, expanding to Chicago, but we are going to rise up together and not be silenced because our stories and struggle is how we move forward.\u201d | BreakThrough News<\/div><div class=\"vlp-block-1 vlp-link-summary\">Today, thousands of people took to the streets of Washington D.C. to protest Trump\u2019s military occupatio. Lydia Walther-Rodriguez, Chief of Organizing for CASA, spoke to the crowd saying, \u201cToday we\u2026<\/div><\/div><\/div>\n\n<div class=\"vlp-link-container vlp-layout-basic wp-block-visual-link-preview-link\"><a href=\"https:\/\/www.aljazeera.com\/news\/2025\/9\/6\/police-make-mass-arrests-at-palestine-action-rally-outside-uk-parliament?utm_campaign=trueAnthem%3A+Trending+Content&amp;utm_medium=trueAnthem&amp;utm_source=facebook&amp;fbclid=IwY2xjawMpg9dleHRuA2FlbQIxMQBicmlkETFkQU1oTE5LRGRQRlllOGpuAR7Bd0ARxOXoAHHRvBOVKgjN7gx5ngyBPjvbH1spcCapOXr0SsH8XunRJnDVEA_aem_lmJPBF-7gny94jauuSy65Q\" class=\"vlp-link\" title=\"Police make mass arrests at Palestine Action rally outside UK Parliament | Protests News | Al Jazeera\" rel=\"nofollow\" target=\"_blank\"><\/a><div class=\"vlp-layout-zone-side\"><div class=\"vlp-block-2 vlp-link-image\"><img decoding=\"async\" src=\"https:\/\/www.aljazeera.com\/static\/media\/aj-footer-logo.bac952ad.svg\" style=\"max-width: 150px; max-height: 150px\" \/><\/div><\/div><div class=\"vlp-layout-zone-main\"><div class=\"vlp-block-0 vlp-link-title\">Police make mass arrests at Palestine Action rally outside UK Parliament | Protests News | Al Jazeera<\/div><div class=\"vlp-block-1 vlp-link-summary\">We and our 932 partners store and access personal data, like browsing data or unique identifiers, on your device. Selecting Allow all enables tracking technologies to support the purposes shown under we and our partners process data to provide. Selecting Reject all or withdrawing your consent will disable them. If trackers are disabled, some content and ads you see may not be as relevant to you. You can resurface this menu to change your choices or withdraw consent at any time by clicking the Manage preferences link on the bottom of the webpage . Your choices will have effect within our Website. For more details, refer to our Privacy Policy.To learn more, please view our Cookie Policy.<\/div><\/div><\/div>\n\n\n<figure class=\"wp-block-embed is-type-video is-provider-youtube wp-block-embed-youtube wp-embed-aspect-16-9 wp-has-aspect-ratio\"><div class=\"wp-block-embed__wrapper\">\n<div class=\"jetpack-video-wrapper\"><iframe loading=\"lazy\" title=\"\u2018They used my chain to choke me\u2019: Chris Smalls speaks out after Israeli prison assault | Real Talk\" width=\"640\" height=\"360\" src=\"https:\/\/www.youtube.com\/embed\/XaeiPl6zUg0?feature=oembed\" frameborder=\"0\" allow=\"accelerometer; autoplay; clipboard-write; encrypted-media; gyroscope; picture-in-picture; web-share\" referrerpolicy=\"strict-origin-when-cross-origin\" allowfullscreen><\/iframe><\/div>\n<\/div><\/figure>\n\n\n\n<figure class=\"wp-block-embed is-type-video is-provider-youtube wp-block-embed-youtube wp-embed-aspect-16-9 wp-has-aspect-ratio\"><div class=\"wp-block-embed__wrapper\">\n<div class=\"jetpack-video-wrapper\"><iframe loading=\"lazy\" title=\"Expert Reveals The Stunning SECRETS Behind China\u2019s Economic Rise | Aaron Bastani Meets Dan Wang\" width=\"640\" height=\"360\" src=\"https:\/\/www.youtube.com\/embed\/3T51oWYSRjw?feature=oembed\" frameborder=\"0\" allow=\"accelerometer; autoplay; clipboard-write; encrypted-media; gyroscope; picture-in-picture; web-share\" referrerpolicy=\"strict-origin-when-cross-origin\" allowfullscreen><\/iframe><\/div>\n<\/div><\/figure>\n\n\n<div class=\"vlp-link-container vlp-layout-basic wp-block-visual-link-preview-link\"><a href=\"https:\/\/www.nbcnews.com\/news\/us-news\/popular-el-grito-festival-postponed-chicago-concerns-possible-ice-oper-rcna229294?cid=sm_npd_nn_fb_ma&amp;utm_campaign=trueanthem&amp;utm_medium=social&amp;utm_source=facebook&amp;fbclid=IwY2xjawMpXr1leHRuA2FlbQIxMQABHpL1tonFCMMqfdwAXdnFSpoFdsSlzQmQScMiGsWOwVp9yitmU5Jvx2Y88hSN_aem_rC70aj5pug1dntkoFjja1g&amp;_branch_match_id=1263892625653983908&amp;_branch_referrer=H4sIAAAAAAAAAwXB2w6CIAAA0L%2FpUdPWumyumYvMRc1ctycHgooiIlBYD31759TGSL12XYELQa12kJQOZ6J1BxbF9T6ZDXe8KXHBGQkO9umPDbJQPpTHaXx5hT7gOD2MMA23sTx6phcggnAoiQ0fRIBM9oDojH%2FTLs0KyPb6frY3ufow013nyXv0n8tlnZ1yRLtcRYspaubyVXlEmLYHTYO8avJTtKRKMVHlWPVWUxXsSEX%2F8ZBv9LkAAAA%3D\" class=\"vlp-link\" title=\"Popular El Grito festival postponed in Chicago over concerns of possible ICE operations\" rel=\"nofollow\" target=\"_blank\"><\/a><div class=\"vlp-layout-zone-side\"><div class=\"vlp-block-2 vlp-link-image\"><img decoding=\"async\" src=\"https:\/\/media-cldnry.s-nbcnews.com\/image\/upload\/t_nbcnews-fp-1200-630,f_auto,q_auto:best\/rockcms\/2025-09\/250905-mexican-chicago-rs-9e7d1a.jpg\" style=\"max-width: 150px; max-height: 150px\" \/><\/div><\/div><div class=\"vlp-layout-zone-main\"><div class=\"vlp-block-0 vlp-link-title\">Popular El Grito festival postponed in Chicago over concerns of possible ICE operations<\/div><div class=\"vlp-block-1 vlp-link-summary\">The event was slated to be held Sept. 13-14 in the city\u2019s Grant Park. No future date was given for the celebrations and the festival\u2019s website said it was issuing refunds for all tickets.<\/div><\/div><\/div>\n\n<div class=\"vlp-link-container vlp-layout-basic wp-block-visual-link-preview-link\"><a href=\"https:\/\/www.middleeasteye.net\/news\/arrests-made-palestine-action-demonstration-against-proscription-london?utm_source=facebook&amp;utm_medium=social&amp;utm_campaign=Social_Traffic&amp;utm_content=ap_mtlnt8k1i0\" class=\"vlp-link\" title=\"Police use batons as dozens arrested at Palestine Action protest\" rel=\"nofollow\" target=\"_blank\"><\/a><div class=\"vlp-layout-zone-side\"><div class=\"vlp-block-2 vlp-link-image\"><img decoding=\"async\" src=\"https:\/\/www.middleeasteye.net\/sites\/default\/files\/images-story\/ISRAEL_PAL_ACTION_AFP.jpg\" style=\"max-width: 150px; max-height: 150px\" \/><\/div><\/div><div class=\"vlp-layout-zone-main\"><div class=\"vlp-block-0 vlp-link-title\">Police use batons as dozens arrested at Palestine Action protest<\/div><div class=\"vlp-block-1 vlp-link-summary\">Elderly demonstrators and families of Holocaust survivors were among those detained in Parliament Square<\/div><\/div><\/div>\n\n<div class=\"vlp-link-container vlp-layout-basic wp-block-visual-link-preview-link\"><a href=\"https:\/\/venezuelanalysis.com\/opinion\/the-great-hoax-against-venezuela-oil-geopolitics-disguised-as-war-on-drugs\/?fbclid=IwY2xjawMpXxRleHRuA2FlbQIxMQABHqVFXqlDyALfWIcQ16tj0whwwvCfjewvjas1EHX8mzDHp03QTR0YLO0AFU5-_aem_rOyQAqCDwmmlL66cHhcpAA\" class=\"vlp-link\" title=\"The Great Hoax Against Venezuela: Oil Geopolitics Disguised as \u2018War on Drugs\u2019 - Venezuelanalysis\" rel=\"nofollow\" target=\"_blank\"><\/a><div class=\"vlp-layout-zone-side\"><div class=\"vlp-block-2 vlp-link-image\"><img decoding=\"async\" src=\"https:\/\/venezuelanalysis.com\/wp-content\/uploads\/2025\/09\/Maduro.jpg\" style=\"max-width: 150px; max-height: 150px\" \/><\/div><\/div><div class=\"vlp-layout-zone-main\"><div class=\"vlp-block-0 vlp-link-title\">The Great Hoax Against Venezuela: Oil Geopolitics Disguised as \u2018War on Drugs\u2019 &#8211; Venezuelanalysis<\/div><div class=\"vlp-block-1 vlp-link-summary\">Former UN anti-drugs agency director Pino Arlacchi dismantles the Venezuela \u201cnarco-state\u201d narrative with 30 years of reliable data.<\/div><\/div><\/div>\n\n<div class=\"vlp-link-container vlp-layout-basic wp-block-visual-link-preview-link\"><a href=\"https:\/\/www.facebook.com\/share\/v\/1AHaCBNdrB\/\" class=\"vlp-link\" title=\"102K views \u00b7 2K reactions | Venezuela says the US violated international law after President Trump posted a video he says shows the military targeting a boat smuggling drugs in international waters. Eleven people were reportedly killed in the strike which critics say could amount to a war crime. | Al Jazeera English\" rel=\"nofollow\" target=\"_blank\"><\/a><div class=\"vlp-layout-zone-side\"><div class=\"vlp-block-2 vlp-link-image\"><img decoding=\"async\" src=\"https:\/\/scontent.xx.fbcdn.net\/v\/t15.5256-10\/542920148_1307420494248420_33135335905385259_n.jpg?_nc_cat=111&amp;ccb=1-7&amp;_nc_sid=596eb7&amp;_nc_ohc=nC93x6bMKtAQ7kNvwGpMFtD&amp;_nc_oc=AdlAY39Vj2QNtSzMsNhfm6O_YIhiOoGpvuzh1BhoVpor8rmI8RVJb2cPhjMGsUn9x2k&amp;_nc_zt=23&amp;_nc_ht=scontent.xx&amp;_nc_gid=ovzPC8XQ2m4CHajDIn-lBg&amp;oh=00_AfaI1nu_eCrTXOHopJdwh-gO8baWebB3XVaqcn1LEBFfQw&amp;oe=68C241F9\" style=\"max-width: 150px; max-height: 150px\" \/><\/div><\/div><div class=\"vlp-layout-zone-main\"><div class=\"vlp-block-0 vlp-link-title\">102K views \u00b7 2K reactions | Venezuela says the US violated international law after President Trump posted a video he says shows the military targeting a boat smuggling drugs in international waters. Eleven people were reportedly killed in the strike which critics say could amount to a war crime. | Al Jazeera English<\/div><div class=\"vlp-block-1 vlp-link-summary\">Venezuela says the US violated international law after President Trump posted a video he says shows the military targeting a boat smuggling drugs in international waters. Eleven people were\u2026<\/div><\/div><\/div>\n\n<div class=\"vlp-link-container vlp-layout-basic wp-block-visual-link-preview-link\"><a href=\"https:\/\/www.democracycollaborative.org\/tracking-the-crisis\/drug-wars?fbclid=IwY2xjawMpAwhleHRuA2FlbQIxMQABHq7U2KfwVnnmn_--aa1pskqknWv1jUQD52ysNVaNumE9YyEC4tVUsTryNN1U_aem_S7qoA2g0MgPXnR2USbARtw\" class=\"vlp-link\" title=\"Drug Wars \u2014 The Democracy Collaborative\" rel=\"nofollow\" target=\"_blank\"><\/a><div class=\"vlp-layout-zone-side\"><div class=\"vlp-block-2 vlp-link-image\"><img decoding=\"async\" src=\"http:\/\/static1.squarespace.com\/static\/668c154d4d09237bebbb257a\/t\/68bb73b6f0e3026c8e879502\/1757115318718\/GettyImages-2194451381-2.jpg?format=1500w\" style=\"max-width: 150px; max-height: 150px\" \/><\/div><\/div><div class=\"vlp-layout-zone-main\"><div class=\"vlp-block-0 vlp-link-title\">Drug Wars \u2014 The Democracy Collaborative<\/div><div class=\"vlp-block-1 vlp-link-summary\">Week of August 29-September 4, 2025<\/div><\/div><\/div>\n\n<div class=\"vlp-link-container vlp-layout-basic wp-block-visual-link-preview-link\"><a href=\"https:\/\/theintercept.com\/2025\/09\/05\/pentagon-official-trump-boat-strike-was-a-criminal-attack-on-civilians\/?utm_content=buffer1c1be&amp;utm_medium=buffer&amp;utm_source=facebook&amp;utm_campaign=theintercept&amp;fbclid=IwY2xjawMpBG9leHRuA2FlbQIxMQABHnxx8797Z1fgZNwnTrYT8lTJp9hy-2uQEzBizrhjtuWYCb_R5qQ9QxW5wMM9_aem_liRq-bl4UQLj9XtEilCgiw\" class=\"vlp-link\" title=\"Pentagon Official: Trump Boat Strike Was a Criminal Attack on Civilians\" rel=\"nofollow\" target=\"_blank\"><\/a><div class=\"vlp-layout-zone-side\"><div class=\"vlp-block-2 vlp-link-image\"><img decoding=\"async\" src=\"https:\/\/theintercept.com\/wp-content\/uploads\/2025\/09\/boatvid1-e1757086018627.png?fit=3024%2C1512&amp;w=1200&amp;h=800\" style=\"max-width: 150px; max-height: 150px\" \/><\/div><\/div><div class=\"vlp-layout-zone-main\"><div class=\"vlp-block-0 vlp-link-title\">Pentagon Official: Trump Boat Strike Was a Criminal Attack on Civilians<\/div><div class=\"vlp-block-1 vlp-link-summary\">A current DoD official and many military legal experts say the U.S. attack on a boat in the Caribbean near Venezuela broke international law.<\/div><\/div><\/div>\n\n<div class=\"vlp-link-container vlp-layout-basic wp-block-visual-link-preview-link\"><a href=\"https:\/\/www.middleeasteye.net\/news\/trump-offering-new-york-mayor-saudi-ambassadorship-drop-out-re-election-bid-report?utm_source=facebook&amp;utm_medium=social&amp;utm_campaign=Social_Traffic&amp;utm_content=ap_byfqh15u82\" class=\"vlp-link\" title=\"Trump offering NYC mayor Saudi ambassadorship to drop re-election bid: Report\" rel=\"nofollow\" target=\"_blank\"><\/a><div class=\"vlp-layout-zone-side\"><div class=\"vlp-block-2 vlp-link-image\"><img decoding=\"async\" src=\"https:\/\/www.middleeasteye.net\/sites\/default\/files\/images-story\/2025-08-07T165332Z_1823935070_RC2F2GA3P9Z0_RTRMADP_3_USA-ELECTION-NEW-YORK-MAYOR.JPG\" style=\"max-width: 150px; max-height: 150px\" \/><\/div><\/div><div class=\"vlp-layout-zone-main\"><div class=\"vlp-block-0 vlp-link-title\">Trump offering NYC mayor Saudi ambassadorship to drop re-election bid: Report<\/div><div class=\"vlp-block-1 vlp-link-summary\">Eric Adams exiting the race would pit Trump\u2019s de-facto pick, Andrew Cuomo, against leading candidate Zohran Mamdani<\/div><\/div><\/div>\n\n<div class=\"vlp-link-container vlp-layout-basic wp-block-visual-link-preview-link\"><a href=\"https:\/\/www.middleeasteye.net\/opinion\/west-criminal-deny-holocaust-while-it-is-dangerous-recognise-gaza-genocide?utm_source=facebook&amp;utm_medium=social&amp;utm_campaign=Social_Traffic&amp;utm_content=ap_hcsuaatzco\" class=\"vlp-link\" title=\"In the West, it is a crime to deny one Holocaust and dangerous to name another\" rel=\"nofollow\" target=\"_blank\"><\/a><div class=\"vlp-layout-zone-side\"><div class=\"vlp-block-2 vlp-link-image\"><img decoding=\"async\" src=\"https:\/\/www.middleeasteye.net\/sites\/default\/files\/images-story\/000_72WK3AZ(1)_0.jpg\" style=\"max-width: 150px; max-height: 150px\" \/><\/div><\/div><div class=\"vlp-layout-zone-main\"><div class=\"vlp-block-0 vlp-link-title\">In the West, it is a crime to deny one Holocaust and dangerous to name another<\/div><div class=\"vlp-block-1 vlp-link-summary\">While outlawing Holocaust denial, western governments punish critics of Israel\u2019s crimes and elevate denial of its ongoing genocide in Gaza to official policy and media orthodoxy<\/div><\/div><\/div>\n\n<div class=\"vlp-link-container vlp-layout-basic wp-block-visual-link-preview-link\"><a href=\"https:\/\/www.aljazeera.com\/news\/2025\/9\/6\/us-navy-seals-killed-north-korean-civilians-during-botched-mission-report?utm_campaign=trueAnthem%3A+Trending+Content&amp;utm_medium=trueAnthem&amp;utm_source=facebook&amp;fbclid=IwY2xjawMpA5BleHRuA2FlbQIxMQABHsDb8OICi3-vrU7FZj_qxeGMljeWsqe5065Pz2xmIS3WRp0Mvl9bFJbKxarr_aem_42MDJqiZeK8gLqmGtIhARQ\" class=\"vlp-link\" title=\"US Navy SEALs killed North Korean civilians during botched mission: Report | Kim Jong Un News | Al Jazeera\" rel=\"nofollow\" target=\"_blank\"><\/a><div class=\"vlp-layout-zone-side\"><div class=\"vlp-block-2 vlp-link-image\"><img decoding=\"async\" src=\"https:\/\/www.aljazeera.com\/static\/media\/aj-footer-logo.bac952ad.svg\" style=\"max-width: 150px; max-height: 150px\" \/><\/div><\/div><div class=\"vlp-layout-zone-main\"><div class=\"vlp-block-0 vlp-link-title\">US Navy SEALs killed North Korean civilians during botched mission: Report | Kim Jong Un News | Al Jazeera<\/div><div class=\"vlp-block-1 vlp-link-summary\">We and our 932 partners store and access personal data, like browsing data or unique identifiers, on your device. Selecting Allow all enables tracking technologies to support the purposes shown under we and our partners process data to provide. Selecting Reject all or withdrawing your consent will disable them. If trackers are disabled, some content and ads you see may not be as relevant to you. You can resurface this menu to change your choices or withdraw consent at any time by clicking the Manage preferences link on the bottom of the webpage . Your choices will have effect within our Website. For more details, refer to our Privacy Policy.To learn more, please view our Cookie Policy.<\/div><\/div><\/div>\n\n<div class=\"vlp-link-container vlp-layout-basic wp-block-visual-link-preview-link\"><a href=\"https:\/\/www.aljazeera.com\/news\/2025\/9\/6\/us-weighs-strikes-on-cartels-in-venezuela-f-35-warplanes-deploy-reports?utm_campaign=trueAnthem%3A+Trending+Content&amp;utm_medium=trueAnthem&amp;utm_source=facebook&amp;fbclid=IwY2xjawMpA79leHRuA2FlbQIxMQABHrC1KjP6TtJLAkZPoBM5o9CzEFofKgDTtHBAzLgPblYJSxDdabYS5nVutdrJ_aem_cV8dek7gYsTiK4YNRWRYyw\" class=\"vlp-link\" title=\"US weighs strikes on cartels in Venezuela, F-35 warplanes deploy: Reports | Donald Trump News | Al Jazeera\" rel=\"nofollow\" target=\"_blank\"><\/a><div class=\"vlp-layout-zone-side\"><div class=\"vlp-block-2 vlp-link-image\"><img decoding=\"async\" src=\"https:\/\/www.aljazeera.com\/static\/media\/aj-footer-logo.bac952ad.svg\" style=\"max-width: 150px; max-height: 150px\" \/><\/div><\/div><div class=\"vlp-layout-zone-main\"><div class=\"vlp-block-0 vlp-link-title\">US weighs strikes on cartels in Venezuela, F-35 warplanes deploy: Reports | Donald Trump News | Al Jazeera<\/div><div class=\"vlp-block-1 vlp-link-summary\">We and our 932 partners store and access personal data, like browsing data or unique identifiers, on your device. Selecting Allow all enables tracking technologies to support the purposes shown under we and our partners process data to provide. Selecting Reject all or withdrawing your consent will disable them. If trackers are disabled, some content and ads you see may not be as relevant to you. You can resurface this menu to change your choices or withdraw consent at any time by clicking the Manage preferences link on the bottom of the webpage . Your choices will have effect within our Website. For more details, refer to our Privacy Policy.To learn more, please view our Cookie Policy.<\/div><\/div><\/div>\n\n\n<figure class=\"wp-block-embed is-type-video is-provider-youtube wp-block-embed-youtube wp-embed-aspect-16-9 wp-has-aspect-ratio\"><div class=\"wp-block-embed__wrapper\">\n<div class=\"jetpack-video-wrapper\"><iframe loading=\"lazy\" title=\"Massive immigration raid at Hyundai plant, most are Korean | DW News\" width=\"640\" height=\"360\" src=\"https:\/\/www.youtube.com\/embed\/tzTFN1e1vUw?feature=oembed\" frameborder=\"0\" allow=\"accelerometer; autoplay; clipboard-write; encrypted-media; gyroscope; picture-in-picture; web-share\" referrerpolicy=\"strict-origin-when-cross-origin\" allowfullscreen><\/iframe><\/div>\n<\/div><\/figure>\n\n\n\n<figure class=\"wp-block-embed is-type-video is-provider-youtube wp-block-embed-youtube wp-embed-aspect-16-9 wp-has-aspect-ratio\"><div class=\"wp-block-embed__wrapper\">\n<div class=\"jetpack-video-wrapper\"><iframe loading=\"lazy\" title=\"Capitalism\u2019s Addiction To Growth Means Civilisational COLLAPSE | Aaron Bastani Meets Jason Hickel\" width=\"640\" height=\"360\" src=\"https:\/\/www.youtube.com\/embed\/bjlqWHXrTak?feature=oembed\" frameborder=\"0\" allow=\"accelerometer; autoplay; clipboard-write; encrypted-media; gyroscope; picture-in-picture; web-share\" referrerpolicy=\"strict-origin-when-cross-origin\" allowfullscreen><\/iframe><\/div>\n<\/div><\/figure>\n\n\n<div class=\"vlp-link-container vlp-layout-basic wp-block-visual-link-preview-link\"><a href=\"https:\/\/www.nbcnews.com\/news\/latino\/migrant-children-guatemala-ice-removal-trump-admin-immigration-rcna228775?cid=sm_npd_nn_fb_ma&amp;utm_campaign=trueanthem&amp;utm_medium=social&amp;utm_source=facebook&amp;fbclid=IwY2xjawMnmy5leHRuA2FlbQIxMQBicmlkETFzVktWZXc0Y3FXQ282Um5GAR4qaG2URd-TafOhe-_K6rUomRYcfM-08msWOwvhK7Ff8dHnqf2dvuY55A6F9w_aem_bL5zk1RoDeMiZ2aMBPgn-Q&amp;_branch_match_id=1263892625653983908&amp;_branch_referrer=H4sIAAAAAAAAAwXB0W6CMBQA0L%2FZG6J1OLbEGMxEiWsUIgN8IS29hY62YEGrPvjtO6cZx374cl1NKw12mJC%2Bn0ihWzcCNssfx67P6IrTSgq2jGyB7n%2FEYq0enoRdcg1QKGkc3XG8FpWS7eYUPn%2FbMTvn1bSYh3mMfJQqbxsk7xeyRWnCnBPhhwaccr8waaeSouLYmfpqyA721uw%2FQu6znb5wxG7XwvOCRfhpSwKqpD%2Fes50l3TdgcUYEr4%2B1duK3lwEOxghdl9R0dgCz3LAa%2FgHe10H%2F1wAAAA%3D%3D\" class=\"vlp-link\" title=\"Guatemalan migrant children reeling from trauma of attempted deportations\" rel=\"nofollow\" target=\"_blank\"><\/a><div class=\"vlp-layout-zone-side\"><div class=\"vlp-block-2 vlp-link-image\"><img decoding=\"async\" src=\"https:\/\/media-cldnry.s-nbcnews.com\/image\/upload\/t_nbcnews-fp-1200-630,f_auto,q_auto:best\/rockcms\/2025-09\/250904-guatemalan-children-ch-0955-727857.jpg\" style=\"max-width: 150px; max-height: 150px\" \/><\/div><\/div><div class=\"vlp-layout-zone-main\"><div class=\"vlp-block-0 vlp-link-title\">Guatemalan migrant children reeling from trauma of attempted deportations<\/div><div class=\"vlp-block-1 vlp-link-summary\">Unaccompanied minors are at the center of a legal battle over a Trump administration plan to return hundreds of kids to their home country despite immigration protections.<\/div><\/div><\/div>\n\n<div class=\"vlp-link-container vlp-layout-basic wp-block-visual-link-preview-link\"><a href=\"https:\/\/www.facebook.com\/share\/v\/19ZqH54wRy\/\" class=\"vlp-link\" title=\"Facebook\" rel=\"nofollow\" target=\"_blank\"><\/a><div class=\"vlp-layout-zone-side\"><div class=\"vlp-block-2 vlp-link-image\"><\/div><\/div><div class=\"vlp-layout-zone-main\"><div class=\"vlp-block-0 vlp-link-title\">Facebook<\/div><div class=\"vlp-block-1 vlp-link-summary\">Jeremy Corbyn has opened a two-day public Gaza Tribunal into alleged British complicity in Israeli war crimes. Witnesses, journalists, survivors, former diplomats and<br \/>\nUN special rapporteur Francesca Albanese will be giving evidence&#8230;. See more<\/div><\/div><\/div>\n\n\n<figure class=\"wp-block-embed is-type-video is-provider-youtube wp-block-embed-youtube wp-embed-aspect-16-9 wp-has-aspect-ratio\"><div class=\"wp-block-embed__wrapper\">\n<div class=\"jetpack-video-wrapper\"><iframe loading=\"lazy\" title=\"Legal Corruption: How Power Really Works | Camila Vergara &amp; Clara Mattei\" width=\"640\" height=\"360\" src=\"https:\/\/www.youtube.com\/embed\/UT0y1CRFfBA?feature=oembed\" frameborder=\"0\" allow=\"accelerometer; autoplay; clipboard-write; encrypted-media; gyroscope; picture-in-picture; web-share\" referrerpolicy=\"strict-origin-when-cross-origin\" allowfullscreen><\/iframe><\/div>\n<\/div><\/figure>\n\n\n\n<figure class=\"wp-block-embed is-type-video is-provider-youtube wp-block-embed-youtube wp-embed-aspect-16-9 wp-has-aspect-ratio\"><div class=\"wp-block-embed__wrapper\">\n<div class=\"jetpack-video-wrapper\"><iframe loading=\"lazy\" title=\"Who Was Abu Obeida? Words, Not Weapons, Will Decide This War\" width=\"640\" height=\"360\" src=\"https:\/\/www.youtube.com\/embed\/wFIB61z0QwQ?feature=oembed\" frameborder=\"0\" allow=\"accelerometer; autoplay; clipboard-write; encrypted-media; gyroscope; picture-in-picture; web-share\" referrerpolicy=\"strict-origin-when-cross-origin\" allowfullscreen><\/iframe><\/div>\n<\/div><\/figure>\n\n\n<div class=\"vlp-link-container vlp-layout-basic wp-block-visual-link-preview-link\"><a href=\"https:\/\/www.middleeasteye.net\/news\/venice-audience-left-tears-during-film-about-gaza-genocide-victim-hind-rajab?utm_source=facebook&amp;utm_medium=social&amp;utm_campaign=Social_Traffic&amp;utm_content=ap_gpr3cy2wua\" class=\"vlp-link\" title=\"Venice audience left in tears during film about Gaza genocide victim Hind Rajab\" rel=\"nofollow\" target=\"_blank\"><\/a><div class=\"vlp-layout-zone-side\"><div class=\"vlp-block-2 vlp-link-image\"><img decoding=\"async\" src=\"https:\/\/www.middleeasteye.net\/sites\/default\/files\/images-story\/Hind-Rajab-cast-03-09-venice-Tiziana-FABI-AFP.jpg\" style=\"max-width: 150px; max-height: 150px\" \/><\/div><\/div><div class=\"vlp-layout-zone-main\"><div class=\"vlp-block-0 vlp-link-title\">Venice audience left in tears during film about Gaza genocide victim Hind Rajab<\/div><div class=\"vlp-block-1 vlp-link-summary\">The five-year-old girl was killed by Israeli soldiers in January 2024 while she was fleeing Gaza City in a car<\/div><\/div><\/div>\n\n<div class=\"vlp-link-container vlp-layout-basic wp-block-visual-link-preview-link\"><a href=\"https:\/\/www.theguardian.com\/us-news\/2025\/sep\/02\/trump-immigration-ice-israeli-spyware?fbclid=IwY2xjawMnPfpleHRuA2FlbQIxMQABHnwGQp1KXFMRFKKP-XK-GTDz3XcZo8GyJEzAa8mqeVQcwe4KeC4_Ul8Hmm7f_aem_bvfckPSMKUDjdBkIpHm4zQ\" class=\"vlp-link\" title=\"Ice obtains access to Israeli-made spyware that can hack phones and encrypted apps\" rel=\"nofollow\" target=\"_blank\"><\/a><div class=\"vlp-layout-zone-side\"><div class=\"vlp-block-2 vlp-link-image\"><img decoding=\"async\" src=\"https:\/\/i.guim.co.uk\/img\/media\/c9895a5d04d90015d4216bb6fc8d3efb9661c574\/309_0_3751_3001\/master\/3751.jpg?width=1200&amp;height=630&amp;quality=85&amp;auto=format&amp;fit=crop&amp;precrop=40:21,offset-x50,offset-y0&amp;overlay-align=bottom%2Cleft&amp;overlay-width=100p&amp;overlay-base64=L2ltZy9zdGF0aWMvb3ZlcmxheXMvdGctZGVmYXVsdC5wbmc&amp;enable=upscale&amp;s=f56072db2f76c79cbda64fcf4d07c515\" style=\"max-width: 150px; max-height: 150px\" \/><\/div><\/div><div class=\"vlp-layout-zone-main\"><div class=\"vlp-block-0 vlp-link-title\">Ice obtains access to Israeli-made spyware that can hack phones and encrypted apps<\/div><div class=\"vlp-block-1 vlp-link-summary\">Trump administration contract with Paragon Solutions gives immigration agency access to one of the most powerful stealth cyberweapons<\/div><\/div><\/div>\n\n<div class=\"vlp-link-container vlp-layout-basic wp-block-visual-link-preview-link\"><a href=\"https:\/\/www.nbcnews.com\/politics\/politics-news\/dc-sues-trump-administration-illegal-deployment-national-guard-rcna228913?cid=sm_npd_nn_fb_ma&amp;utm_campaign=trueanthem&amp;utm_medium=social&amp;utm_source=facebook&amp;fbclid=IwY2xjawMnPmZleHRuA2FlbQIxMQABHgAlC8a5uijnFqs2cAQ6EVWaNE839-97tQ9I-chwA8qjhKVNV08ivCnvFSr7_aem_uHAuvyW8bvDHF_BBwmUV9g&amp;_branch_match_id=1263892625653983908&amp;_branch_referrer=H4sIAAAAAAAAAwXB2w6CIAAA0L%2FpzWy2EttcQ9Ppuixr4erFgaJiiIYK9tK3d049jv2wM01BckH1sMR9v%2BRMvM1raYuTVKxLyb4kOWeFG%2BunNTdYn8W1fXEa3SZohZwk8XxOoBdVkPsAbybWiPAzWDlMtgFK8SUAa8dw7DFxYiOvNQSfpj6iC1oBpnyhwru0M0zbbIrgpL4pIOoQhZnn6faBnGrxk7SkUjJRZUR2eqDSDYqK%2FgH6daLnuQAAAA%3D%3D\" class=\"vlp-link\" title=\"D.C. sues Trump administration over \u2018illegal deployment\u2019 of National Guard in Washington\" rel=\"nofollow\" target=\"_blank\"><\/a><div class=\"vlp-layout-zone-side\"><div class=\"vlp-block-2 vlp-link-image\"><img decoding=\"async\" src=\"https:\/\/media-cldnry.s-nbcnews.com\/image\/upload\/t_nbcnews-fp-1200-630,f_auto,q_auto:best\/rockcms\/2025-09\/250904-national-guard-ch-1030-2cadda.jpg\" style=\"max-width: 150px; max-height: 150px\" \/><\/div><\/div><div class=\"vlp-layout-zone-main\"><div class=\"vlp-block-0 vlp-link-title\">D.C. sues Trump administration over \u2018illegal deployment\u2019 of National Guard in Washington<\/div><div class=\"vlp-block-1 vlp-link-summary\">\u201cNone of this is lawful,\u201d the suit from D.C. Attorney General Brian Schwalb says.<\/div><\/div><\/div>\n\n<div class=\"vlp-link-container vlp-layout-basic wp-block-visual-link-preview-link\"><a href=\"https:\/\/www.nbcnews.com\/health\/health-news\/ousted-cdc-chief-warns-rfk-jr-politicizing-public-health-rcna229028?cid=sm_npd_nn_fb_ma&amp;utm_campaign=trueanthem&amp;utm_medium=social&amp;utm_source=facebook&amp;fbclid=IwY2xjawMnPchleHRuA2FlbQIxMQABHn7GEkogFumz8llccXI6yZUdcP7hh0ga3sGB4k6UNQGMO4IvQOYP9AEK-DRI_aem_QF-UPACvMFmInYWVJj1lxA&amp;_branch_match_id=1263892625653983908&amp;_branch_referrer=H4sIAAAAAAAAAwXBSQ6CMAAAwN94Q1wIqIkxRVmqqVITRLwQWspaCikg6MG3O5P3fdvtVFUQKtjYzeO2nfNCVCoy0yqQfd8E5JASyotkD8dwNZXxiIRHc87c%2BwBWNicYTggD0xWGY1VNZg%2F1d8M5pU%2Bof15%2BQj0jzxdZvO4cU6t0%2F4oddNPgG99Cbwusi3K6wyhmdYRtxffA8Y3sGooweJzLJZ%2FA7CdZyqQsRBYR2Ywdk3srydgf9Xkp27kAAAA%3D\" class=\"vlp-link\" title=\"Ousted CDC chief warns that RFK Jr. is politicizing public health\" rel=\"nofollow\" target=\"_blank\"><\/a><div class=\"vlp-layout-zone-side\"><div class=\"vlp-block-2 vlp-link-image\"><img decoding=\"async\" src=\"https:\/\/media-cldnry.s-nbcnews.com\/image\/upload\/t_nbcnews-fp-1200-630,f_auto,q_auto:best\/rockcms\/2025-09\/250904-monarez-mb-1339-7bddcf.jpg\" style=\"max-width: 150px; max-height: 150px\" \/><\/div><\/div><div class=\"vlp-layout-zone-main\"><div class=\"vlp-block-0 vlp-link-title\">Ousted CDC chief warns that RFK Jr. is politicizing public health<\/div><div class=\"vlp-block-1 vlp-link-summary\">\u201cParents deserve a CDC they can trust to put children above politics, evidence above ideology and facts above fear. I was fired for holding that line,\u201d Susan Monarez wrote.<\/div><\/div><\/div>\n\n<div class=\"vlp-link-container vlp-layout-basic wp-block-visual-link-preview-link\"><a href=\"https:\/\/www.theguardian.com\/world\/2025\/sep\/03\/us-military-venezuela-strike-guerrilla-war\" class=\"vlp-link\" title=\"Top Obama-era Latin American expert warns of \u2018disastrous\u2019 US intervention in Venezuela\" rel=\"nofollow\" target=\"_blank\"><\/a><div class=\"vlp-layout-zone-side\"><div class=\"vlp-block-2 vlp-link-image\"><img decoding=\"async\" src=\"https:\/\/i.guim.co.uk\/img\/media\/4665e3169400d6beac0d92a65967133d1496f625\/521_0_2635_2110\/master\/2635.jpg?width=1200&amp;height=630&amp;quality=85&amp;auto=format&amp;fit=crop&amp;precrop=40:21,offset-x50,offset-y0&amp;overlay-align=bottom%2Cleft&amp;overlay-width=100p&amp;overlay-base64=L2ltZy9zdGF0aWMvb3ZlcmxheXMvdGctZGVmYXVsdC5wbmc&amp;enable=upscale&amp;s=e44fbf02856e03e9f02b4a96acf3296b\" style=\"max-width: 150px; max-height: 150px\" \/><\/div><\/div><div class=\"vlp-layout-zone-main\"><div class=\"vlp-block-0 vlp-link-title\">Top Obama-era Latin American expert warns of \u2018disastrous\u2019 US intervention in Venezuela<\/div><div class=\"vlp-block-1 vlp-link-summary\">US military buildup and attack on alleged narco boat spark fears of protracted guerrilla war in South America<\/div><\/div><\/div>\n\n<div class=\"vlp-link-container vlp-layout-basic wp-block-visual-link-preview-link\"><a href=\"https:\/\/www.facebook.com\/reel\/1331246201892425\" class=\"vlp-link\" title=\"A film about a five-year-old Palestinian girl who was killed by the Israeli military received a 23-minute standing ovation at the Venice Film Festival on Tuesday. The Voice of Hind Rajab left much of the audience and cast tears after the screening. It tells the story of Rajab who fled Gaza City with six of her family members in January 2024 when their vehicle was shelled by tanks. Her uncle, aunt, and three cousins all died in the attack. Rajab and another cousin - who initially survived - contacted the Palestine Red Crescent Society (PRCS) by phone seeking help. However, Israeli tanks also killed Rajab and the paramedics who came to help her. Rajab\u2019s car was found to have more than 300 rounds fired into it. | Middle East Eye | Facebook\" rel=\"nofollow\" target=\"_blank\"><\/a><div class=\"vlp-layout-zone-side\"><div class=\"vlp-block-2 vlp-link-image\"><img decoding=\"async\" src=\"https:\/\/scontent.xx.fbcdn.net\/v\/t15.5256-10\/543712792_1451492316129448_2613632669548612819_n.jpg?_nc_cat=100&amp;ccb=1-7&amp;_nc_sid=596eb7&amp;_nc_ohc=jnp6B8-bxyIQ7kNvwF89sQl&amp;_nc_oc=AdlnHF5I_70-ofSbHMrPNJKY3TZs_dOjsDDabJkkZCgHYu9pk7S1x5npS5nHevq6K9A&amp;_nc_ad=z-m&amp;_nc_cid=0&amp;_nc_zt=23&amp;_nc_rml=0&amp;_nc_ht=scontent.xx&amp;_nc_gid=oXHGPQdYiPR0ijnmfS0uFg&amp;oh=00_AfZhpjtJ6eCeu337b9Kgkq-qsOoYzzfpg54hsCqbX10rJA&amp;oe=68BF2424\" style=\"max-width: 150px; max-height: 150px\" \/><\/div><\/div><div class=\"vlp-layout-zone-main\"><div class=\"vlp-block-0 vlp-link-title\">A film about a five-year-old Palestinian girl who was killed by the Israeli military received a 23-minute standing ovation at the Venice Film Festival on Tuesday. The Voice of Hind Rajab left much of the audience and cast tears after the screening. It tells the story of Rajab who fled Gaza City with six of her family members in January 2024 when their vehicle was shelled by tanks. Her uncle, aunt, and three cousins all died in the attack. Rajab and another cousin &#8211; who initially survived &#8211; contacted the Palestine Red Crescent Society (PRCS) by phone seeking help. However, Israeli tanks also killed Rajab and the paramedics who came to help her. Rajab\u2019s car was found to have more than 300 rounds fired into it. | Middle East Eye | Facebook<\/div><div class=\"vlp-block-1 vlp-link-summary\">A film about a five-year-old Palestinian girl who was killed by the Israeli military received a 23-minute standing ovation at the Venice Film Festival on Tuesday. The Voice of Hind Rajab left much\u2026<\/div><\/div><\/div>\n\n<div class=\"vlp-link-container vlp-layout-basic wp-block-visual-link-preview-link\"><a href=\"https:\/\/ceylontoday.lk\/2025\/08\/30\/nyeleni-2025-a-world-of-food-sovereignty\/?fbclid=IwY2xjawMnPQ5leHRuA2FlbQIxMQABHix4nqR5EL_5x70SQNCyq1nexP2UPglA07jHn9Ctkb1drvCmYB9Absgrsbs8_aem_gkwLQsBXs6l-ov9bQ3iVow\" class=\"vlp-link\" title=\"Access denied | ceylontoday.lk used Cloudflare to restrict access | ceylontoday.lk | Cloudflare\" rel=\"nofollow\" target=\"_blank\"><\/a><div class=\"vlp-layout-zone-main\"><div class=\"vlp-block-0 vlp-link-title\">Access denied | ceylontoday.lk used Cloudflare to restrict access | ceylontoday.lk | Cloudflare<\/div><div class=\"vlp-block-1 vlp-link-summary\">Please enable cookies.<\/div><\/div><\/div>\n\n<div class=\"vlp-link-container vlp-layout-basic wp-block-visual-link-preview-link\"><a href=\"https:\/\/www.facebook.com\/reel\/1452682919114403\" class=\"vlp-link\" title=\"7.5K views \u00b7 198 reactions | Pakistan\u2019s eastern province of Punjab is experiencing the worst floods in its history because of heavy monsoon rains linked to the climate crisis. India\u2019s decision to release excess water in neighboring dams also caused 3 rivers across the border in eastern Pakistan \u2013 the Ravi, Sutlej and Chenab \u2013 to further flood surrounding areas. | AJ+\" rel=\"nofollow\" target=\"_blank\"><\/a><div class=\"vlp-layout-zone-side\"><div class=\"vlp-block-2 vlp-link-image\"><img decoding=\"async\" src=\"https:\/\/scontent.xx.fbcdn.net\/v\/t15.5256-10\/541241116_656217663673317_4407721419591215339_n.jpg?_nc_cat=101&amp;ccb=1-7&amp;_nc_sid=596eb7&amp;_nc_ohc=vnpeyEU8SSUQ7kNvwH5uKzP&amp;_nc_oc=AdlEShUfpLC5jNWgUfA1wR0qC56F2rpbrN0c3D8RHkvUtZXffbK9E4Ldh4jEoFBx0Ho&amp;_nc_zt=23&amp;_nc_ht=scontent.xx&amp;_nc_gid=p3yWOw8yjHZECxiH8INJKw&amp;oh=00_AfZteROZXt03IO42CufnRyydF0aJzHW0nXIK1rgbGPUExw&amp;oe=68BF28A9\" style=\"max-width: 150px; max-height: 150px\" \/><\/div><\/div><div class=\"vlp-layout-zone-main\"><div class=\"vlp-block-0 vlp-link-title\">7.5K views \u00b7 198 reactions | Pakistan\u2019s eastern province of Punjab is experiencing the worst floods in its history because of heavy monsoon rains linked to the climate crisis. India\u2019s decision to release excess water in neighboring dams also caused 3 rivers across the border in eastern Pakistan \u2013 the Ravi, Sutlej and Chenab \u2013 to further flood surrounding areas. | AJ+<\/div><div class=\"vlp-block-1 vlp-link-summary\">Pakistan\u2019s eastern province of Punjab is experiencing the worst floods in its history because of heavy monsoon rains linked to the climate crisis. India\u2019s decision to release excess water in\u2026<\/div><\/div><\/div>\n\n<div class=\"vlp-link-container vlp-layout-basic wp-block-visual-link-preview-link\"><a href=\"https:\/\/www.foxnews.com\/politics\/more-than-1000-hhs-workers-demand-kennedy-resignation-over-cdc-director-firing-agency-changes?intcmp=fb_fnc&amp;utm_campaign=trueanthem&amp;utm_medium=social&amp;utm_source=facebook&amp;fbclid=IwY2xjawMmKBtleHRuA2FlbQIxMQABHlpLAb8NM_3m5VLmPAw1z3mWMY3zdQnTFqSvfWqJNBDakrzRgNb7QPnAExIg_aem_N2os9LGoXu8_ITXeuJztjA\" class=\"vlp-link\" title=\"More than 1,000 HHS workers demand Kennedy resignation over CDC director firing and agency changes\" rel=\"nofollow\" target=\"_blank\"><\/a><div class=\"vlp-layout-zone-side\"><div class=\"vlp-block-2 vlp-link-image\"><img decoding=\"async\" src=\"https:\/\/static.foxnews.com\/foxnews.com\/content\/uploads\/2025\/08\/robert-f-kennedy-jr.jpg\" style=\"max-width: 150px; max-height: 150px\" \/><\/div><\/div><div class=\"vlp-layout-zone-main\"><div class=\"vlp-block-0 vlp-link-title\">More than 1,000 HHS workers demand Kennedy resignation over CDC director firing and agency changes<\/div><div class=\"vlp-block-1 vlp-link-summary\">HHS Secretary Robert F. Kennedy Jr. is facing calls to resign from current and former HHS employees after his removal of CDC director Susan Monarez.<\/div><\/div><\/div>\n\n<div class=\"vlp-link-container vlp-layout-basic wp-block-visual-link-preview-link\"><a href=\"https:\/\/novaramedia.com\/2025\/09\/02\/italian-dockworkers-threaten-to-shut-down-all-of-europe-if-gaza-aid-flotilla-is-blocked\/\" class=\"vlp-link\" title=\"Italian Dockworkers Threaten to \u2018Shut Down All of Europe\u2019 If Gaza Aid Flotilla Is Blocked | Novara Media\" rel=\"nofollow\" target=\"_blank\"><\/a><div class=\"vlp-layout-zone-side\"><div class=\"vlp-block-2 vlp-link-image\"><img decoding=\"async\" src=\"https:\/\/novaramedia.com\/wp-content\/uploads\/2025\/09\/2025-08-30T000000Z_1140338148_MT1ABCPR962849002_RTRMADP_3_ABACA-PRESS-1200x630.jpg\" style=\"max-width: 150px; max-height: 150px\" \/><\/div><\/div><div class=\"vlp-layout-zone-main\"><div class=\"vlp-block-0 vlp-link-title\">Italian Dockworkers Threaten to \u2018Shut Down All of Europe\u2019 If Gaza Aid Flotilla Is Blocked | Novara Media<\/div><div class=\"vlp-block-1 vlp-link-summary\">A union representing dockworkers at one of the largest ports in the Mediterranean &#8211; a key stopping point for Israeli goods &#8211; has said it will \u2018block everything\u2019 if Israel stops the inbound aid flotilla. Polly Smythe reports.<\/div><\/div><\/div>\n\n\n\n<div class=\"vlp-link-container vlp-layout-basic wp-block-visual-link-preview-link\"><a href=\"https:\/\/www.nbcnews.com\/news\/us-news\/chicago-boston-preparing-immigration-trump-raids-rcna228505?cid=sm_npd_nn_fb_ma&amp;utm_campaign=trueanthem&amp;utm_medium=social&amp;utm_source=facebook&amp;fbclid=IwY2xjawMl1_VleHRuA2FlbQIxMQABHp2FCKDWBqjg7OP66jVDzPjGpxcr-egYT3RQ01N_m29JfwrPLlJS7wZ1IMOz_aem_hn9N_fACBFFO7gMu97itmQ&amp;_branch_match_id=1263892625653983908&amp;_branch_referrer=H4sIAAAAAAAAAwXB2wqCMAAA0L%2FprcwFikGElyw181IY9TKczemaa01l4kPf3jnNMIh%2Bq2kcVRyrflUKsWItf2vRGUQpzRG%2Fo32NKta%2BdoF6gImWKmY6LBg%2B5aMNfIayYIoz2zkJ4LuRd3e%2BlJhJahi08OaUHsVUySUmj9smz9b6BXbACmsl0zMLr6Z66kGczLDEHWy4dYG17Tq%2Bn5gkHi2zHbps8ZO4xlK2nEAkP6rHcnd4EfwHiIZ4u7kAAAA%3D\" class=\"vlp-link\" title=\"How Chicago and Boston officials are readying for Trump\u2019s promise of more immigration raids\" rel=\"nofollow\" target=\"_blank\"><\/a><div class=\"vlp-layout-zone-side\"><div class=\"vlp-block-2 vlp-link-image\"><img decoding=\"async\" src=\"https:\/\/media-cldnry.s-nbcnews.com\/image\/upload\/t_nbcnews-fp-1200-630,f_auto,q_auto:best\/rockcms\/2025-09\/250903-pritzker-johnson-mb-1627-efa730.jpg\" style=\"max-width: 150px; max-height: 150px\" \/><\/div><\/div><div class=\"vlp-layout-zone-main\"><div class=\"vlp-block-0 vlp-link-title\">How Chicago and Boston officials are readying for Trump\u2019s promise of more immigration raids<\/div><div class=\"vlp-block-1 vlp-link-summary\">Immigration enforcement has gone hand in hand with the Trump administration\u2019s sending National Guard troops to Los Angeles and in the federal takeover of Washington, D.C.<\/div><\/div><\/div>\n\n<div class=\"vlp-link-container vlp-layout-basic wp-block-visual-link-preview-link\"><a href=\"https:\/\/www.middleeasteye.net\/news\/campaigners-calling-lift-palestine-action-confirm-biggest-ever-day-defiance-following-seven?utm_source=facebook&amp;utm_medium=social&amp;utm_campaign=Social_Traffic&amp;utm_content=ap_vfe3htbvuo\" class=\"vlp-link\" title=\"UK Palestine Action ban to be met with \u2018biggest ever day of defiance\u2019\" rel=\"nofollow\" target=\"_blank\"><\/a><div class=\"vlp-layout-zone-side\"><div class=\"vlp-block-2 vlp-link-image\"><img decoding=\"async\" src=\"https:\/\/www.middleeasteye.net\/sites\/default\/files\/images-story\/Parliament-Square-London-protester-detained-Defend-Our-Juries-rally-9-August-2025-Reuters.jpg\" style=\"max-width: 150px; max-height: 150px\" \/><\/div><\/div><div class=\"vlp-layout-zone-main\"><div class=\"vlp-block-0 vlp-link-title\">UK Palestine Action ban to be met with \u2018biggest ever day of defiance\u2019<\/div><div class=\"vlp-block-1 vlp-link-summary\">Following seven arrests this week, campaigners say that over 1,000 people will stage protest on Saturday<\/div><\/div><\/div>\n\n<div class=\"vlp-link-container vlp-layout-basic wp-block-visual-link-preview-link\"><a href=\"https:\/\/theintercept.com\/2025\/09\/03\/ice-la-immigrants-activists-teacher-union-del-barrio\/?utm_content=buffer8bd94&amp;utm_medium=buffer&amp;utm_source=facebook&amp;utm_campaign=theintercept&amp;fbclid=IwY2xjawMl2FdleHRuA2FlbQIxMQABHtWwcwSEpppP51ru1tDICRluIEp6CGFjXD-71-hTR88d_s9U9exVkgMz134Y_aem_39qa5aFeDlMRu-S5ohDe1Q\" class=\"vlp-link\" title=\"The Los Angeles Schoolteacher Leading the Fight Against ICE\" rel=\"nofollow\" target=\"_blank\"><\/a><div class=\"vlp-layout-zone-side\"><div class=\"vlp-block-2 vlp-link-image\"><img decoding=\"async\" src=\"https:\/\/theintercept.com\/wp-content\/uploads\/2025\/09\/ACFB_film_thumb.jpg?fit=3840%2C2160&amp;w=1200&amp;h=800\" style=\"max-width: 150px; max-height: 150px\" \/><\/div><\/div><div class=\"vlp-layout-zone-main\"><div class=\"vlp-block-0 vlp-link-title\">The Los Angeles Schoolteacher Leading the Fight Against ICE<\/div><div class=\"vlp-block-1 vlp-link-summary\">As the Trump administration ramps up its anti-immigrant campaign, activists like Ron Gochez of Uni\u00f3n Del Barrio are showing how to resist.<\/div><\/div><\/div>\n\n<div class=\"vlp-link-container vlp-layout-basic wp-block-visual-link-preview-link\"><a href=\"https:\/\/mondoweiss.net\/2025\/09\/leaked-documents-detail-trumps-ethnic-cleansing-plan-for-gaza\/?fbclid=IwY2xjawMl2LtleHRuA2FlbQIxMQABHvkq4RDM6LOxMVYnN325w2DGysw9pclNndyk9Ef2CRaLDMVZpiqlj7QAs34G_aem_Xq5Qv-4S1IHLkFs8wLUu3Q\" class=\"vlp-link\" title=\"Trump\u2019s ethnic cleansing plan leaked\" rel=\"nofollow\" target=\"_blank\"><\/a><div class=\"vlp-layout-zone-side\"><div class=\"vlp-block-2 vlp-link-image\"><img decoding=\"async\" src=\"https:\/\/mondoweiss.net\/wp-content\/uploads\/2025\/07\/54689307441_95973a2820_k-scaled.jpg\" style=\"max-width: 150px; max-height: 150px\" \/><\/div><\/div><div class=\"vlp-layout-zone-main\"><div class=\"vlp-block-0 vlp-link-title\">Trump\u2019s ethnic cleansing plan leaked<\/div><div class=\"vlp-block-1 vlp-link-summary\">A leaked document details the Trump administration\u2019s plan to forcibly relocate the population of Gaza. Included in a \u201crelocation package\u201d would be $5,000, four years of rent subsidies, and a year of food subsidies.<\/div><\/div><\/div>\n\n<div class=\"vlp-link-container vlp-layout-basic wp-block-visual-link-preview-link\"><a href=\"https:\/\/www.aljazeera.com\/opinions\/2025\/9\/3\/us-and-eu-sanctions-have-killed-38-million-people-since-1970?utm_campaign=trueAnthem%3A+Trending+Content&amp;utm_medium=trueAnthem&amp;utm_source=facebook&amp;fbclid=IwY2xjawMl2HxleHRuA2FlbQIxMQABHgYYiEjeI4VJ2PFzycsSpYRg8YGYxjGftV4qY1LQDNAe2jc48xQxAjRcs3oQ_aem_GD2s16JAY7DhGHXT79PAuQ\" class=\"vlp-link\" title=\"US and EU sanctions have killed 38 million people since 1970 | Business and Economy | Al Jazeera\" rel=\"nofollow\" target=\"_blank\"><\/a><div class=\"vlp-layout-zone-side\"><div class=\"vlp-block-2 vlp-link-image\"><img decoding=\"async\" src=\"https:\/\/www.aljazeera.com\/static\/media\/aj-footer-logo.bac952ad.svg\" style=\"max-width: 150px; max-height: 150px\" \/><\/div><\/div><div class=\"vlp-layout-zone-main\"><div class=\"vlp-block-0 vlp-link-title\">US and EU sanctions have killed 38 million people since 1970 | Business and Economy | Al Jazeera<\/div><div class=\"vlp-block-1 vlp-link-summary\">We and our 924 partners store and access personal data, like browsing data or unique identifiers, on your device. Selecting Allow all enables tracking technologies to support the purposes shown under we and our partners process data to provide. Selecting Reject all or withdrawing your consent will disable them. If trackers are disabled, some content and ads you see may not be as relevant to you. You can resurface this menu to change your choices or withdraw consent at any time by clicking the Manage preferences link on the bottom of the webpage . Your choices will have effect within our Website. For more details, refer to our Privacy Policy.To learn more, please view our Cookie Policy.<\/div><\/div><\/div>\n\n<div class=\"vlp-link-container vlp-layout-basic wp-block-visual-link-preview-link\"><a href=\"https:\/\/www.middleeasteye.net\/news\/four-women-sue-arizona-state-university-police-forcibly-removing-hijabs-after-gaza-protest?utm_source=facebook&amp;utm_medium=social&amp;utm_campaign=Social_Traffic&amp;utm_content=ap_iaod14wp9u\" class=\"vlp-link\" title=\"Arizona State University police sued for forcibly removing protesters\u2019 hijabs\" rel=\"nofollow\" target=\"_blank\"><\/a><div class=\"vlp-layout-zone-side\"><div class=\"vlp-block-2 vlp-link-image\"><img decoding=\"async\" src=\"https:\/\/www.middleeasteye.net\/sites\/default\/files\/images-story\/000_697M4TP.jpg\" style=\"max-width: 150px; max-height: 150px\" \/><\/div><\/div><div class=\"vlp-layout-zone-main\"><div class=\"vlp-block-0 vlp-link-title\">Arizona State University police sued for forcibly removing protesters\u2019 hijabs<\/div><div class=\"vlp-block-1 vlp-link-summary\">The protesters spent more than 24 hours in jail with their hair exposed despite \u2018reasonable accommodations\u2019 provision<\/div><\/div><\/div>\n\n\n<figure class=\"wp-block-embed is-type-video is-provider-youtube wp-block-embed-youtube wp-embed-aspect-16-9 wp-has-aspect-ratio\"><div class=\"wp-block-embed__wrapper\">\n<div class=\"jetpack-video-wrapper\"><iframe loading=\"lazy\" title=\"Arundhati Roy: How to Survive Authoritarianism | The Interview\" width=\"640\" height=\"360\" src=\"https:\/\/www.youtube.com\/embed\/7AB300pI6JA?feature=oembed\" frameborder=\"0\" allow=\"accelerometer; autoplay; clipboard-write; encrypted-media; gyroscope; picture-in-picture; web-share\" referrerpolicy=\"strict-origin-when-cross-origin\" allowfullscreen><\/iframe><\/div>\n<\/div><\/figure>\n\n\n<div class=\"vlp-link-container vlp-layout-basic wp-block-visual-link-preview-link\"><a href=\"https:\/\/www.msn.com\/en-us\/politics\/international-relations\/a-look-at-the-world-leaders-joining-china-s-military-parade-in-a-show-of-solidarity-with-beijing\/ar-AA1LLaLu?ocid=msedgntp&amp;pc=ACTS&amp;cvid=68b7f9d1d82541488c027f3ee904544c&amp;ei=30\" class=\"vlp-link\" title=\"A look at the world leaders joining China\u2019s military parade in a show of solidarity with Beijing\" rel=\"nofollow\" target=\"_blank\"><\/a><div class=\"vlp-layout-zone-side\"><div class=\"vlp-block-2 vlp-link-image\"><img decoding=\"async\" src=\"https:\/\/img-s-msn-com.akamaized.net\/tenant\/amp\/entityid\/AA1LLPUy.img?w=768&amp;h=512&amp;m=4&amp;q=94\" style=\"max-width: 150px; max-height: 150px\" \/><\/div><\/div><div class=\"vlp-layout-zone-main\"><div class=\"vlp-block-0 vlp-link-title\">A look at the world leaders joining China\u2019s military parade in a show of solidarity with Beijing<\/div><div class=\"vlp-block-1 vlp-link-summary\">HONG KONG (AP) \u2014 The leaders of 26 countries and other foreign representatives joined Chinese President Xi Jinping to mark the 80th anniversary of the end of World War II with a military parade in the Chinese capital on Wednesday, in a show of solidarity among nations friendly to Beijing. Russian President Vladimir Putin and North Korean leader Kim\u2026<\/div><\/div><\/div>\n\n<div class=\"vlp-link-container vlp-layout-basic wp-block-visual-link-preview-link\"><a href=\"https:\/\/theintercept.com\/2025\/09\/02\/trump-military-venezuela-drug-boat\/?utm_content=buffer089b5&amp;utm_medium=buffer&amp;utm_source=facebook&amp;utm_campaign=theintercept&amp;fbclid=IwY2xjawMk1e5leHRuA2FlbQIxMABicmlkETE1amVoa1c4SVFVNWU4U044AR4WF59Q2pLPsOyr0agrFWeiWzu3vS2xb-0Sh6UAB1Vyr1xwwTfSzSVKkziReA_aem_wazq8yc1oTDRlAeTLqS8ZQ\" class=\"vlp-link\" title=\"Trump Boasts of Strike on \u201cDrug-Carrying Boat\u201d from Venezuela\" rel=\"nofollow\" target=\"_blank\"><\/a><div class=\"vlp-layout-zone-side\"><div class=\"vlp-block-2 vlp-link-image\"><img decoding=\"async\" src=\"https:\/\/theintercept.com\/wp-content\/uploads\/2025\/09\/9186800-e1756848239995.jpeg?fit=6048%2C3024&amp;w=1200&amp;h=800\" style=\"max-width: 150px; max-height: 150px\" \/><\/div><\/div><div class=\"vlp-layout-zone-main\"><div class=\"vlp-block-0 vlp-link-title\">Trump Boasts of Strike on \u201cDrug-Carrying Boat\u201d from Venezuela<\/div><div class=\"vlp-block-1 vlp-link-summary\">The U.S. military carried out an attack on a \u201cdrug vessel\u201d in the Caribbean. It could mark the first shots of a new war.<\/div><\/div><\/div>\n\n<div class=\"vlp-link-container vlp-layout-basic wp-block-visual-link-preview-link\"><a href=\"https:\/\/mondoweiss.net\/2025\/09\/cuny-students-win-landmark-legal-case-demanding-the-school-disclose-investments-linked-to-gaza-genocide\/?fbclid=IwY2xjawMk1qpleHRuA2FlbQIxMQABHrwBfoYyFe40F98P7uVF8yA236XjzRSJAhPhdER5K5xVOghNJOp-QiFGMT4e_aem_4D1zTJP3QcUWg62FUPBjlQ\" class=\"vlp-link\" title=\"CUNY students win landmark legal case demanding the school disclose investments linked to Gaza genocide\" rel=\"nofollow\" target=\"_blank\"><\/a><div class=\"vlp-layout-zone-side\"><div class=\"vlp-block-2 vlp-link-image\"><img decoding=\"async\" src=\"https:\/\/mondoweiss.net\/wp-content\/uploads\/2025\/09\/IMG_0870-scaled.jpg\" style=\"max-width: 150px; max-height: 150px\" \/><\/div><\/div><div class=\"vlp-layout-zone-main\"><div class=\"vlp-block-0 vlp-link-title\">CUNY students win landmark legal case demanding the school disclose investments linked to Gaza genocide<\/div><div class=\"vlp-block-1 vlp-link-summary\">In a landmark victory for student activists, the Supreme Court of New York ruled that CUNY must disclose the school\u2019s financial portfolio, specifically contracts with businesses connected to the genocide in Gaza.<\/div><\/div><\/div>\n\n<div class=\"vlp-link-container vlp-layout-basic wp-block-visual-link-preview-link\"><a href=\"https:\/\/www.nbcnews.com\/politics\/justice-department\/dc-grand-jury-declines-indict-another-defendant-trumps-crime-crackdown-rcna228527?cid=sm_npd_nn_fb_ma&amp;utm_campaign=trueanthem&amp;utm_medium=social&amp;utm_source=facebook&amp;fbclid=IwY2xjawMk1mJleHRuA2FlbQIxMQABHrPArl7gVI1yRwsWYY5q5s7BkavIvYv8zYrPLRb5wh5zac6sXenHDwIQIvOr_aem_xmPJaR2_iHCP3Tb6PGiHxw&amp;_branch_match_id=1263892625653983908&amp;_branch_referrer=H4sIAAAAAAAAAwXBSQ6CMBQA0Nu4lIjBKTEGx9ZoLMSpK9JCxUqp%2BIt8dOHZfe9e15WbeJ6VqVXouqKqukbbwivqsTnhODMXObvJ1OhsSpH77UPgvuiVW6NI%2FA79tZERbfdROCfAQjDD%2FEx7nxjdhfPgFbjhvBANbXgz%2BnJgu1gGeA%2B%2BIh24q7JkiTSizQESocqkLdlWxH6iyYL1j3LANpq02PmBuikAbfNEwhOdgukqy9UfN4jU2bkAAAA%3D\" class=\"vlp-link\" title=\"D.C. grand jury declines to indict another defendant amid Trump\u2019s crime crackdown\" rel=\"nofollow\" target=\"_blank\"><\/a><div class=\"vlp-layout-zone-side\"><div class=\"vlp-block-2 vlp-link-image\"><img decoding=\"async\" src=\"https:\/\/media-cldnry.s-nbcnews.com\/image\/upload\/t_nbcnews-fp-1200-630,f_auto,q_auto:best\/rockcms\/2025-09\/250902-washington-dc-rs-e711b2.jpg\" style=\"max-width: 150px; max-height: 150px\" \/><\/div><\/div><div class=\"vlp-layout-zone-main\"><div class=\"vlp-block-0 vlp-link-title\">D.C. grand jury declines to indict another defendant amid Trump\u2019s crime crackdown<\/div><div class=\"vlp-block-1 vlp-link-summary\">Grand juries have declined to indict at least six times in recent weeks during President Donald Trump\u2019s federal policing effort in Washington.<\/div><\/div><\/div>\n\n<div class=\"vlp-link-container vlp-layout-basic wp-block-visual-link-preview-link\"><a href=\"https:\/\/www.nbcnews.com\/news\/us-news\/trump-immigration-policy-threatens-california-economy-rcna228504?cid=sm_npd_nn_fb_ma&amp;utm_campaign=trueanthem&amp;utm_medium=social&amp;utm_source=facebook&amp;fbclid=IwY2xjawMke0tleHRuA2FlbQIxMQABHnZ9gNK6xl3eCyxW-Tuff5TyHoIVQA3S7S-5FQDHK2t18UnPBPQdlwuLlsz2_aem_jj_2jIK_0_sdBkaYWIu5og&amp;_branch_match_id=1263892625653983908&amp;_branch_referrer=H4sIAAAAAAAAAwXB3QqCMBgA0LfprqyJ%2FUGEVuKwolUmdTOcfppzTdm0WRc9e%2Bc827bRS8uSLJVg9ChpmpEoZWVFaDs5vyMuYrbOWSrKbIXNHfU8MYcKxq2A4Ny5yBeM4P5AXC%2BQj0VxDKe9sGHz6ePhtctz5%2FoJanwjrn2ZXYaOT7ZBiNrJPJIn70QyYbq90F9EE3hRziniOKRjqjOvSu4x7py6GPwU5KBUKQvKVG00qNUuK%2BAPXyA3PLkAAAA%3D\" class=\"vlp-link\" title=\"Trump\u2019s immigration policy threatens key sectors of California\u2019s economy, long reliant on immigrant workers\" rel=\"nofollow\" target=\"_blank\"><\/a><div class=\"vlp-layout-zone-side\"><div class=\"vlp-block-2 vlp-link-image\"><img decoding=\"async\" src=\"https:\/\/media-cldnry.s-nbcnews.com\/image\/upload\/t_nbcnews-fp-1200-630,f_auto,q_auto:best\/rockcms\/2025-09\/250902-farm-workers-california-mn-0845-b6ad9b.jpg\" style=\"max-width: 150px; max-height: 150px\" \/><\/div><\/div><div class=\"vlp-layout-zone-main\"><div class=\"vlp-block-0 vlp-link-title\">Trump\u2019s immigration policy threatens key sectors of California\u2019s economy, long reliant on immigrant workers<\/div><div class=\"vlp-block-1 vlp-link-summary\">At stake are billions of dollars that fuel businesses large and small across the state, whose standalone economy is the fourth largest in the world after the U.S., China and Germany.<\/div><\/div><\/div>\n\n\n<figure class=\"wp-block-embed is-type-video is-provider-youtube wp-block-embed-youtube wp-embed-aspect-16-9 wp-has-aspect-ratio\"><div class=\"wp-block-embed__wrapper\">\n<iframe loading=\"lazy\" title=\"#BuildAndFight Formula 8: People\u2019s Assemblies and Planning Councils\" width=\"640\" height=\"360\" src=\"https:\/\/www.youtube.com\/embed\/xiV9ZmsaWn8?feature=oembed\" frameborder=\"0\" allow=\"accelerometer; autoplay; clipboard-write; encrypted-media; gyroscope; picture-in-picture; web-share\" referrerpolicy=\"strict-origin-when-cross-origin\" allowfullscreen><\/iframe>\n<\/div><\/figure>\n\n\n<div class=\"vlp-link-container vlp-layout-basic wp-block-visual-link-preview-link\"><a href=\"https:\/\/www.nbcnews.com\/news\/us-news\/judge-rules-trump-illegally-deployed-national-guard-l-rcna224779?cid=sm_npd_nn_fb_ma&amp;utm_campaign=trueanthem&amp;utm_medium=social&amp;utm_source=facebook&amp;fbclid=IwY2xjawMkeT1leHRuA2FlbQIxMQABHrVYpL2KH71hyJb6C-Y8T8KclYwuKO5fAn-KzMhp92orspJW6rQXps0oZb8b_aem_JIoY4rVmt18BYZ2i1ivhjA&amp;_branch_match_id=1263892625653983908&amp;_branch_referrer=H4sIAAAAAAAAAwXB3QqCMBgA0LfprszRjwURGoW6JIyy1o04nblc2%2Fimrbro2Tun6Tptlo4jaSmZNaNC65HgsnUQjtQZ%2BnN7oeualoJXq8gS9H4UNmnZyRUsPPY%2B2gmaRu8k9YMQMqL3CIdzt%2FnEdLYZEu%2Fk4VIQ2%2BPDtPblEH%2BTRi%2BQAqPjywzSqzZjdaMezQv2zONIkQlkz871AnJD3OWv5uEPfsBqBsDlPaegrGGw2lZ39gd6qLQOuQAAAA%3D%3D\" class=\"vlp-link\" title=\"Judge rules Trump illegally deployed National Guard and Marines to Los Angeles\" rel=\"nofollow\" target=\"_blank\"><\/a><div class=\"vlp-layout-zone-side\"><div class=\"vlp-block-2 vlp-link-image\"><img decoding=\"async\" src=\"https:\/\/media-cldnry.s-nbcnews.com\/image\/upload\/t_nbcnews-fp-1200-630,f_auto,q_auto:best\/rockcms\/2025-08\/250813-california-national-guard-ch-1232-52aa67.jpg\" style=\"max-width: 150px; max-height: 150px\" \/><\/div><\/div><div class=\"vlp-layout-zone-main\"><div class=\"vlp-block-0 vlp-link-title\">Judge rules Trump illegally deployed National Guard and Marines to Los Angeles<\/div><div class=\"vlp-block-1 vlp-link-summary\">U.S. District Judge Charles Breyer said using the California National Guard and the Marines to conduct law enforcement in the city violated a 19th century law.<\/div><\/div><\/div>\n\n<div class=\"vlp-link-container vlp-layout-basic wp-block-visual-link-preview-link\"><a href=\"https:\/\/www.facebook.com\/share\/v\/16yncbomCr\/\" class=\"vlp-link\" title=\"7.2K views \u00b7 607 reactions | Unidentified drones have been spotted pursuing the Global Sumud Flotilla in international waters and flying at medium altitude over a number of ships, Al Jazeera Arabic reported on Tuesday. The global fleet of boats, which are part of an international initiative aimed at delivering humanitarian aid to people in Gaza, set sail for Gaza on 1 September. More than six drones are pursuing the flotilla, and they are trying to surround the entire area above each boat. | Middle East Eye\" rel=\"nofollow\" target=\"_blank\"><\/a><div class=\"vlp-layout-zone-side\"><div class=\"vlp-block-2 vlp-link-image\"><img decoding=\"async\" src=\"https:\/\/scontent.xx.fbcdn.net\/v\/t15.5256-10\/541367266_2317760865287528_1924755508891622319_n.jpg?_nc_cat=101&amp;ccb=1-7&amp;_nc_sid=596eb7&amp;_nc_ohc=P2UXxpjyIwoQ7kNvwFE-ZZO&amp;_nc_oc=AdlJE8yrSh16bmR3Nxmysg4TUA00R7PMjGX03q5Qyji_JXpBw5ZcUWrqtKK1w9nwU2E&amp;_nc_zt=23&amp;_nc_ht=scontent.xx&amp;_nc_gid=oTe2qfPHdOsoOqVXQNla9Q&amp;oh=00_AfblUQ2XE8unpCGgK1OZJwlY3tx6STcCZnjj5r8PZZrunw&amp;oe=68BD5695\" style=\"max-width: 150px; max-height: 150px\" \/><\/div><\/div><div class=\"vlp-layout-zone-main\"><div class=\"vlp-block-0 vlp-link-title\">7.2K views \u00b7 607 reactions | Unidentified drones have been spotted pursuing the Global Sumud Flotilla in international waters and flying at medium altitude over a number of ships, Al Jazeera Arabic reported on Tuesday. The global fleet of boats, which are part of an international initiative aimed at delivering humanitarian aid to people in Gaza, set sail for Gaza on 1 September. More than six drones are pursuing the flotilla, and they are trying to surround the entire area above each boat. | Middle East Eye<\/div><div class=\"vlp-block-1 vlp-link-summary\">Unidentified drones have been spotted pursuing the Global Sumud Flotilla in international waters and flying at medium altitude over a number of ships, Al Jazeera Arabic reported on Tuesday. The\u2026<\/div><\/div><\/div>\n\n<div class=\"vlp-link-container vlp-layout-basic wp-block-visual-link-preview-link\"><a href=\"https:\/\/www.aljazeera.com\/news\/2025\/9\/2\/russia-china-ink-deal-to-build-new-gas-pipeline-as-they-deepen-energy-ties?utm_campaign=trueAnthem%3A+Trending+Content&amp;utm_medium=trueAnthem&amp;utm_source=facebook&amp;fbclid=IwY2xjawMkehJleHRuA2FlbQIxMQABHtCn6K694jcJ1Z96IQMnImUSjMf8Y03B3xHroOd2FCTQ5Z3JuH6J1C1_GHQh_aem_cHvqNf0aUOtCGY0t63V8Zw\" class=\"vlp-link\" title=\"Russia, China ink deal to build new gas pipeline as they deepen energy ties | Energy News | Al Jazeera\" rel=\"nofollow\" target=\"_blank\"><\/a><div class=\"vlp-layout-zone-side\"><div class=\"vlp-block-2 vlp-link-image\"><img decoding=\"async\" src=\"https:\/\/www.aljazeera.com\/static\/media\/aj-footer-logo.bac952ad.svg\" style=\"max-width: 150px; max-height: 150px\" \/><\/div><\/div><div class=\"vlp-layout-zone-main\"><div class=\"vlp-block-0 vlp-link-title\">Russia, China ink deal to build new gas pipeline as they deepen energy ties | Energy News | Al Jazeera<\/div><div class=\"vlp-block-1 vlp-link-summary\">We and our 924 partners store and access personal data, like browsing data or unique identifiers, on your device. Selecting Allow all enables tracking technologies to support the purposes shown under we and our partners process data to provide. Selecting Reject all or withdrawing your consent will disable them. If trackers are disabled, some content and ads you see may not be as relevant to you. You can resurface this menu to change your choices or withdraw consent at any time by clicking the Manage preferences link on the bottom of the webpage . Your choices will have effect within our Website. For more details, refer to our Privacy Policy.To learn more, please view our Cookie Policy.<\/div><\/div><\/div>\n\n<div class=\"vlp-link-container vlp-layout-basic wp-block-visual-link-preview-link\"><a href=\"https:\/\/www.middleeasteye.net\/news\/university-michigan-still-trying-discipline-pro-palestine-students-after-graduation-job?utm_source=facebook&amp;utm_medium=social&amp;utm_campaign=Social_Traffic&amp;utm_content=ap_v2qs5bhpgc\" class=\"vlp-link\" title=\"University of Michigan still punishing pro-Palestine students after graduating\" rel=\"nofollow\" target=\"_blank\"><\/a><div class=\"vlp-layout-zone-side\"><div class=\"vlp-block-2 vlp-link-image\"><img decoding=\"async\" src=\"https:\/\/www.middleeasteye.net\/sites\/default\/files\/images-story\/000_43293GJ_0.jpg\" style=\"max-width: 150px; max-height: 150px\" \/><\/div><\/div><div class=\"vlp-layout-zone-main\"><div class=\"vlp-block-0 vlp-link-title\">University of Michigan still punishing pro-Palestine students after graduating<\/div><div class=\"vlp-block-1 vlp-link-summary\">Arbitration hearings carried out this summer are overreach, former students say<\/div><\/div><\/div>\n\n\n<figure class=\"wp-block-embed is-type-video is-provider-youtube wp-block-embed-youtube wp-embed-aspect-16-9 wp-has-aspect-ratio\"><div class=\"wp-block-embed__wrapper\">\n<iframe loading=\"lazy\" title=\"Redneck Gone Green with Special Guest Rebecca Lurie of the Union-Coop movement\" width=\"640\" height=\"360\" src=\"https:\/\/www.youtube.com\/embed\/OAmoiHT19sY?feature=oembed\" frameborder=\"0\" allow=\"accelerometer; autoplay; clipboard-write; encrypted-media; gyroscope; picture-in-picture; web-share\" referrerpolicy=\"strict-origin-when-cross-origin\" allowfullscreen><\/iframe>\n<\/div><\/figure>\n\n\n<div class=\"vlp-link-container vlp-layout-basic wp-block-visual-link-preview-link\"><a href=\"https:\/\/www.middleeasteye.net\/news\/leaked-israeli-army-document-reveals-failure-operation-gideons-chariots?utm_source=facebook&amp;utm_medium=social&amp;utm_campaign=Social_Traffic&amp;utm_content=ap_wyceqbmfl9\" class=\"vlp-link\" title=\"Leaked Israeli army document \u2018says it made every possible mistake\u2019 in Gaza\" rel=\"nofollow\" target=\"_blank\"><\/a><div class=\"vlp-layout-zone-side\"><div class=\"vlp-block-2 vlp-link-image\"><img decoding=\"async\" src=\"https:\/\/www.middleeasteye.net\/sites\/default\/files\/images-story\/palestinian-woman-israel-attack-gaza-may-2025-afp.jpg\" style=\"max-width: 150px; max-height: 150px\" \/><\/div><\/div><div class=\"vlp-layout-zone-main\"><div class=\"vlp-block-0 vlp-link-title\">Leaked Israeli army document \u2018says it made every possible mistake\u2019 in Gaza<\/div><div class=\"vlp-block-1 vlp-link-summary\">The probe reportedly says main goals not achieved due to manpower strain, lack of resources and preparation for\u00a0guerrilla warfare<\/div><\/div><\/div>\n\n<div class=\"vlp-link-container vlp-layout-basic wp-block-visual-link-preview-link\"><a href=\"https:\/\/www.chicagotribune.com\/2025\/09\/01\/strike-immigration-labor-day\/?fbclid=IwY2xjawMiyaFleHRuA2FlbQIxMQABHmcWkjs8-TfJcOiTuxjd9BEaZ_Hh4uTb68Pe-QmvxdAxERv790JzrV2qq88c_aem_nRzJaXqeQarjYPR0mDub_Q\" class=\"vlp-link\" title=\"As federal immigration enforcement set to ramp up, strike over immigration protections in Little Village continues this Labor Day\" rel=\"nofollow\" target=\"_blank\"><\/a><div class=\"vlp-layout-zone-side\"><div class=\"vlp-block-2 vlp-link-image\"><img decoding=\"async\" src=\"https:\/\/www.chicagotribune.com\/wp-content\/uploads\/2025\/08\/CTC-L-biz-mauser-strike01.jpg?w=1024&amp;h=683\" style=\"max-width: 150px; max-height: 150px\" \/><\/div><\/div><div class=\"vlp-layout-zone-main\"><div class=\"vlp-block-0 vlp-link-title\">As federal immigration enforcement set to ramp up, strike over immigration protections in Little Village continues this Labor Day<\/div><div class=\"vlp-block-1 vlp-link-summary\">Workers are demanding Mauser Packaging Solutions provide them with safer workplace conditions \u2014 and protect them from federal immigration enforcement raids.<\/div><\/div><\/div>\n\n<div class=\"vlp-link-container vlp-layout-basic wp-block-visual-link-preview-link\"><a href=\"https:\/\/www.politico.eu\/article\/italian-dockworkers-threaten-israel-cargo-ban-gaza-flotilla-departs-genova\/\" class=\"vlp-link\" title=\"Italian dockworkers threaten Israel cargo ban if Gaza flotilla blocked\" rel=\"nofollow\" target=\"_blank\"><\/a><div class=\"vlp-layout-zone-side\"><div class=\"vlp-block-2 vlp-link-image\"><img decoding=\"async\" src=\"https:\/\/www.politico.eu\/cdn-cgi\/image\/width=1200,height=630,fit=crop,quality=80,onerror=redirect\/wp-content\/uploads\/2025\/09\/01\/GettyImages-2232566864-scaled.jpg\" style=\"max-width: 150px; max-height: 150px\" \/><\/div><\/div><div class=\"vlp-layout-zone-main\"><div class=\"vlp-block-0 vlp-link-title\">Italian dockworkers threaten Israel cargo ban if Gaza flotilla blocked<\/div><div class=\"vlp-block-1 vlp-link-summary\">\u201cIf we lose contact with our boats \u2026 even for just 20 minutes, we will shut down all of Europe,\u201d dockworker says.<\/div><\/div><\/div>\n\n<div class=\"vlp-link-container vlp-layout-basic wp-block-visual-link-preview-link\"><a href=\"https:\/\/www.aljazeera.com\/news\/2025\/9\/1\/more-than-800-killed-as-earthquake-hits-eastern-afghanistan?utm_campaign=trueAnthem%3A+Trending+Content&amp;utm_medium=trueAnthem&amp;utm_source=facebook&amp;fbclid=IwY2xjawMiyXZleHRuA2FlbQIxMQABHroxoKWI33GTFguIbwYYZVlVQuhviZASPNAZxmYydoiu5Cn60JRkiyOo6tVf_aem_iWgS2CiFVqu4qzG9MhVsvg\" class=\"vlp-link\" title=\"At least 800 people killed as earthquake hits eastern Afghanistan | Earthquakes News | Al Jazeera\" rel=\"nofollow\" target=\"_blank\"><\/a><div class=\"vlp-layout-zone-side\"><div class=\"vlp-block-2 vlp-link-image\"><img decoding=\"async\" src=\"https:\/\/www.aljazeera.com\/static\/media\/aj-footer-logo.bac952ad.svg\" style=\"max-width: 150px; max-height: 150px\" \/><\/div><\/div><div class=\"vlp-layout-zone-main\"><div class=\"vlp-block-0 vlp-link-title\">At least 800 people killed as earthquake hits eastern Afghanistan | Earthquakes News | Al Jazeera<\/div><div class=\"vlp-block-1 vlp-link-summary\">We and our 924 partners store and access personal data, like browsing data or unique identifiers, on your device. Selecting Allow all enables tracking technologies to support the purposes shown under we and our partners process data to provide. Selecting Reject all or withdrawing your consent will disable them. If trackers are disabled, some content and ads you see may not be as relevant to you. You can resurface this menu to change your choices or withdraw consent at any time by clicking the Manage preferences link on the bottom of the webpage . Your choices will have effect within our Website. For more details, refer to our Privacy Policy.To learn more, please view our Cookie Policy.<\/div><\/div><\/div>\n\n<div class=\"vlp-link-container vlp-layout-basic wp-block-visual-link-preview-link\"><a href=\"https:\/\/www.middleeasteye.net\/news\/israel-tells-us-unfolding-plans-annex-west-bank?utm_source=facebook&amp;utm_medium=social&amp;utm_campaign=Social_Traffic&amp;utm_content=ap_s1w9t5awog\" class=\"vlp-link\" title=\"Israel \u2018tells US of unfolding plans to annex West Bank\u2019\" rel=\"nofollow\" target=\"_blank\"><\/a><div class=\"vlp-layout-zone-side\"><div class=\"vlp-block-2 vlp-link-image\"><img decoding=\"async\" src=\"https:\/\/www.middleeasteye.net\/sites\/default\/files\/images-story\/israel-forces-west-bank-2025-reuters.JPG\" style=\"max-width: 150px; max-height: 150px\" \/><\/div><\/div><div class=\"vlp-layout-zone-main\"><div class=\"vlp-block-0 vlp-link-title\">Israel \u2018tells US of unfolding plans to annex West Bank\u2019<\/div><div class=\"vlp-block-1 vlp-link-summary\">Israel\u2019s upper echelon have reportedly agreed to fully seizing the Palestinian occupied territory in the coming months<\/div><\/div><\/div>\n\n<div class=\"vlp-link-container vlp-layout-basic wp-block-visual-link-preview-link\"><a href=\"https:\/\/www.aljazeera.com\/news\/2025\/9\/1\/guyana-votes-in-elections-amid-oil-boom-debate-and-venezuela-tensions?utm_campaign=trueAnthem%3A+Trending+Content&amp;utm_medium=trueAnthem&amp;utm_source=facebook&amp;fbclid=IwY2xjawMipNlleHRuA2FlbQIxMQABHkvWhEVs_7rEkNSNEHKhsQ1w1TRpVcgewYfYJ6H06G_0ZhxvRBB0BP1JMLIF_aem_TZxK61Sg8_6S0eTqqiV-Mw\" class=\"vlp-link\" title=\"Guyana votes in elections amid oil boom debate and Venezuela tensions | Elections News | Al Jazeera\" rel=\"nofollow\" target=\"_blank\"><\/a><div class=\"vlp-layout-zone-side\"><div class=\"vlp-block-2 vlp-link-image\"><img decoding=\"async\" src=\"https:\/\/www.aljazeera.com\/static\/media\/aj-footer-logo.bac952ad.svg\" style=\"max-width: 150px; max-height: 150px\" \/><\/div><\/div><div class=\"vlp-layout-zone-main\"><div class=\"vlp-block-0 vlp-link-title\">Guyana votes in elections amid oil boom debate and Venezuela tensions | Elections News | Al Jazeera<\/div><div class=\"vlp-block-1 vlp-link-summary\">We and our 924 partners store and access personal data, like browsing data or unique identifiers, on your device. Selecting Allow all enables tracking technologies to support the purposes shown under we and our partners process data to provide. Selecting Reject all or withdrawing your consent will disable them. If trackers are disabled, some content and ads you see may not be as relevant to you. You can resurface this menu to change your choices or withdraw consent at any time by clicking the Manage preferences link on the bottom of the webpage . Your choices will have effect within our Website. For more details, refer to our Privacy Policy.To learn more, please view our Cookie Policy.<\/div><\/div><\/div>\n\n<div class=\"vlp-link-container vlp-layout-basic wp-block-visual-link-preview-link\"><a href=\"https:\/\/www.facebook.com\/jacksonrising\/videos\/1136286265018875\/\" class=\"vlp-link\" title=\"A discussion with Ivan Miro and Elba Mansilla about their July 2025 visit to the United States to visit various organizations in the People\u2019s Network for Land and Liberation (PNLL) \ufffd New to streaming or looking to level up? Check out StreamYard and get $10 discount! \ufffd | Jackson Rising\" rel=\"nofollow\" target=\"_blank\"><\/a><div class=\"vlp-layout-zone-side\"><div class=\"vlp-block-2 vlp-link-image\"><img decoding=\"async\" src=\"https:\/\/scontent.xx.fbcdn.net\/v\/t15.5256-10\/540277743_775115385001562_8600243804812575212_n.jpg?_nc_cat=100&amp;ccb=1-7&amp;_nc_sid=a27664&amp;_nc_ohc=0qFEkj6d6p8Q7kNvwH3x5d2&amp;_nc_oc=Adm4PYhj5wjXXq_a64DGyOG2MlJiV37IkwxzTA7uogLHUUFubmXoVVskSZucgscmHO4&amp;_nc_zt=23&amp;_nc_ht=scontent.xx&amp;_nc_gid=Q1WU0ml-dfAbe5P6qsAlRg&amp;oh=00_AfWRiDy3u2w30mR3xIleSepvCA5FUfxkiCwgij6BQLh-EQ&amp;oe=68BB840E\" style=\"max-width: 150px; max-height: 150px\" \/><\/div><\/div><div class=\"vlp-layout-zone-main\"><div class=\"vlp-block-0 vlp-link-title\">A discussion with Ivan Miro and Elba Mansilla about their July 2025 visit to the United States to visit various organizations in the People\u2019s Network for Land and Liberation (PNLL) \ufffd New to streaming or looking to level up? Check out StreamYard and get $10 discount! \ufffd | Jackson Rising<\/div><div class=\"vlp-block-1 vlp-link-summary\">A discussion with Ivan Miro and Elba Mansilla about their July 2025 visit to the United States to visit various organizations in the People\u2019s Network for Land and Liberation (PNLL) \ufffd New to\u2026<\/div><\/div><\/div>\n\n<div class=\"vlp-link-container vlp-layout-basic wp-block-visual-link-preview-link\"><a href=\"https:\/\/www.facebook.com\/reel\/1190619979756553\/?s=fb_shorts_profile&amp;stack_idx=0\" class=\"vlp-link\" title=\"75K views \u00b7 1.3K reactions | Mike Huckabee, the US Ambassador to Israel, told senior rabbis they were \u201cthe chosen people, given a chosen place, for a chosen purpose.\u201d In his visit to the city of Bnei Brak last month, Huckabee repeated his beliefs that anti-Semitism is at its heart \u201cgood versus evil... it is the creator versus those who rebel against the creators.\u201d An ordained Baptist minister with strong Evangelical beliefs, Huckabee is a Christian Zionist, and has long expressed opposition to the establishment of a Palestinian state, once stating that \u201cthere\u2019s really no such thing as a Palestinian\u201d | Middle East Eye\" rel=\"nofollow\" target=\"_blank\"><\/a><div class=\"vlp-layout-zone-side\"><div class=\"vlp-block-2 vlp-link-image\"><img decoding=\"async\" src=\"https:\/\/scontent.xx.fbcdn.net\/v\/t15.5256-10\/541467195_707576192324369_1950175939316144510_n.jpg?_nc_cat=105&amp;ccb=1-7&amp;_nc_sid=596eb7&amp;_nc_ohc=P7cEo-TvZHsQ7kNvwGd5075&amp;_nc_oc=AdlOZBe7VvFSKWyzVPq27f1nuvBv_FQblzWBRjeDXhqHL6Tu1fmmm7uIplv_ozjf5B8&amp;_nc_zt=23&amp;_nc_ht=scontent.xx&amp;_nc_gid=cDuOFZtncOan1oFtB0vupw&amp;oh=00_AfVCTzs0MVtDxMQ3gAlQB5faQAPlvdTxgsZXsZGn837ztg&amp;oe=68BB7E2C\" style=\"max-width: 150px; max-height: 150px\" \/><\/div><\/div><div class=\"vlp-layout-zone-main\"><div class=\"vlp-block-0 vlp-link-title\">75K views \u00b7 1.3K reactions | Mike Huckabee, the US Ambassador to Israel, told senior rabbis they were \u201cthe chosen people, given a chosen place, for a chosen purpose.\u201d In his visit to the city of Bnei Brak last month, Huckabee repeated his beliefs that anti-Semitism is at its heart \u201cgood versus evil&#8230; it is the creator versus those who rebel against the creators.\u201d An ordained Baptist minister with strong Evangelical beliefs, Huckabee is a Christian Zionist, and has long expressed opposition to the establishment of a Palestinian state, once stating that \u201cthere\u2019s really no such thing as a Palestinian\u201d | Middle East Eye<\/div><div class=\"vlp-block-1 vlp-link-summary\">Mike Huckabee, the US Ambassador to Israel, told senior rabbis they were \u201cthe chosen people, given a chosen place, for a chosen purpose.\u201d In his visit to the city of Bnei Brak last month, Huckabee\u2026<\/div><\/div><\/div>\n\n<div class=\"vlp-link-container vlp-layout-basic wp-block-visual-link-preview-link\"><a href=\"https:\/\/www.facebook.com\/reel\/1613059342987112\/?s=fb_shorts_profile&amp;stack_idx=0\" class=\"vlp-link\" title=\"9.1K views \u00b7 820 reactions | Crowds gathered in Johannesburg to bid farewell to the ten South Africans joining the Global Sumud Flotilla. \u201cWe gathered here today to commemorate the brave, courageous South Africans who are joining the flotilla from Tunisia,\u201d organiser Khalid Vawda said to reporters. Labelling the mission as \u201cthe largest of its kind\u201d, he praised the support the campaign had received from \u201cpoliticians, celebrities, activists, people of all faiths, all backgrounds, all ethnicities.\u201d The South Africans will meet other vessels in international waters before proceeding together towards Gaza, carrying humanitarian aid in what organisers describe as the biggest solidarity mission in history. As Israel\u2019s genocide in Gaza enters its 23rd month, the Flotilla aims to deliver much-needed aid to the Strip\u2019s starving population | Middle East Eye\" rel=\"nofollow\" target=\"_blank\"><\/a><div class=\"vlp-layout-zone-side\"><div class=\"vlp-block-2 vlp-link-image\"><img decoding=\"async\" src=\"https:\/\/scontent.xx.fbcdn.net\/v\/t15.5256-10\/541243076_1303191504519407_6820509213297691857_n.jpg?_nc_cat=109&amp;ccb=1-7&amp;_nc_sid=596eb7&amp;_nc_ohc=svXmk8jt9eUQ7kNvwHQ34SK&amp;_nc_oc=AdnWLdSZdD9KuM-TcWbOKKG4ph0o1A9t9o2bdmKbQA3phOq4ywgS8eJ6var6okCovjI&amp;_nc_zt=23&amp;_nc_ht=scontent.xx&amp;_nc_gid=l8SSGQl9vkvxK_fr4j3aOw&amp;oh=00_AfXQoBvNLaPYSvfYc6efiOACySAR0TCUmlguioqTjdFnhA&amp;oe=68BB684B\" style=\"max-width: 150px; max-height: 150px\" \/><\/div><\/div><div class=\"vlp-layout-zone-main\"><div class=\"vlp-block-0 vlp-link-title\">9.1K views \u00b7 820 reactions | Crowds gathered in Johannesburg to bid farewell to the ten South Africans joining the Global Sumud Flotilla. \u201cWe gathered here today to commemorate the brave, courageous South Africans who are joining the flotilla from Tunisia,\u201d organiser Khalid Vawda said to reporters. Labelling the mission as \u201cthe largest of its kind\u201d, he praised the support the campaign had received from \u201cpoliticians, celebrities, activists, people of all faiths, all backgrounds, all ethnicities.\u201d The South Africans will meet other vessels in international waters before proceeding together towards Gaza, carrying humanitarian aid in what organisers describe as the biggest solidarity mission in history. As Israel\u2019s genocide in Gaza enters its 23rd month, the Flotilla aims to deliver much-needed aid to the Strip\u2019s starving population | Middle East Eye<\/div><div class=\"vlp-block-1 vlp-link-summary\">Crowds gathered in Johannesburg to bid farewell to the ten South Africans joining the Global Sumud Flotilla. \u201cWe gathered here today to commemorate the brave, courageous South Africans who are\u2026<\/div><\/div><\/div>\n\n<div class=\"vlp-link-container vlp-layout-basic wp-block-visual-link-preview-link\"><a href=\"https:\/\/www.aljazeera.com\/news\/2025\/9\/1\/the-global-sumud-flotilla-to-gaza-everything-you-need-to-know-2?utm_campaign=trueAnthem%3A+Trending+Content&amp;utm_medium=trueAnthem&amp;utm_source=facebook&amp;fbclid=IwY2xjawMihURleHRuA2FlbQIxMQABHsc2MjsGR1yV4ewaYX4QXi_kX5K21UiRw-SxJH_ltiPcjPbRWE3x9R-inoUz_aem_iw7utS_d7l-1dnT7JG5RGg\" class=\"vlp-link\" title=\"The Global Sumud Flotilla to Gaza: Everything you need to know | Israel-Palestine conflict News | Al Jazeera\" rel=\"nofollow\" target=\"_blank\"><\/a><div class=\"vlp-layout-zone-side\"><div class=\"vlp-block-2 vlp-link-image\"><img decoding=\"async\" src=\"https:\/\/www.aljazeera.com\/static\/media\/aj-footer-logo.bac952ad.svg\" style=\"max-width: 150px; max-height: 150px\" \/><\/div><\/div><div class=\"vlp-layout-zone-main\"><div class=\"vlp-block-0 vlp-link-title\">The Global Sumud Flotilla to Gaza: Everything you need to know | Israel-Palestine conflict News | Al Jazeera<\/div><div class=\"vlp-block-1 vlp-link-summary\">We and our 924 partners store and access personal data, like browsing data or unique identifiers, on your device. Selecting Allow all enables tracking technologies to support the purposes shown under we and our partners process data to provide. Selecting Reject all or withdrawing your consent will disable them. If trackers are disabled, some content and ads you see may not be as relevant to you. You can resurface this menu to change your choices or withdraw consent at any time by clicking the Manage preferences link on the bottom of the webpage . Your choices will have effect within our Website. For more details, refer to our Privacy Policy.To learn more, please view our Cookie Policy.<\/div><\/div><\/div>\n\n<div class=\"vlp-link-container vlp-layout-basic wp-block-visual-link-preview-link\"><a href=\"https:\/\/theintercept.com\/2025\/08\/25\/pentagon-military-ai-propaganda-influence\/?utm_content=buffer6a2c3&amp;utm_medium=buffer&amp;utm_source=facebook&amp;utm_campaign=theintercept&amp;fbclid=IwY2xjawMiUQtleHRuA2FlbQIxMQABHhM-xB-lIbutWKCeTbBnYkdjT0wQeB8MFlLslSXkifADpJgO7HHGUtEy6gB5_aem_LCxZFNC7C4cEc8pFVMw1BQ\" class=\"vlp-link\" title=\"Pentagon Document: U.S. Wants to \u201cSuppress Dissenting Arguments\u201d Using AI Propaganda\" rel=\"nofollow\" target=\"_blank\"><\/a><div class=\"vlp-layout-zone-side\"><div class=\"vlp-block-2 vlp-link-image\"><img decoding=\"async\" src=\"https:\/\/theintercept.com\/wp-content\/uploads\/2025\/08\/AP25236571409363-e1756130646782.jpg?fit=4450%2C2225&amp;w=1200&amp;h=800\" style=\"max-width: 150px; max-height: 150px\" \/><\/div><\/div><div class=\"vlp-layout-zone-main\"><div class=\"vlp-block-0 vlp-link-title\">Pentagon Document: U.S. Wants to \u201cSuppress Dissenting Arguments\u201d Using AI Propaganda<\/div><div class=\"vlp-block-1 vlp-link-summary\">The U.S. is interested in acquiring machine-learning technology to carry out AI-generated propaganda campaigns overseas.<\/div><\/div><\/div>\n\n<div class=\"vlp-link-container vlp-layout-basic wp-block-visual-link-preview-link\"><a href=\"https:\/\/www.aljazeera.com\/news\/2025\/9\/1\/houthis-fire-missile-at-israeli-owned-tanker-after-prime-minister-killed?utm_campaign=trueAnthem%3A+Trending+Content&amp;utm_medium=trueAnthem&amp;utm_source=facebook&amp;fbclid=IwY2xjawMiVjtleHRuA2FlbQIxMQABHm2y14nlrmBLOL_ehoE8CbOZXSHa_MAKXwH_rj4BBAENQXx_l_fFV6yUZp6N_aem_J9f_RB2Q1H0r1VZtv9gSXg\" class=\"vlp-link\" title=\"Houthis fire missile at Israeli-owned tanker after prime minister killed | Houthis News | Al Jazeera\" rel=\"nofollow\" target=\"_blank\"><\/a><div class=\"vlp-layout-zone-side\"><div class=\"vlp-block-2 vlp-link-image\"><img decoding=\"async\" src=\"https:\/\/www.aljazeera.com\/static\/media\/aj-footer-logo.bac952ad.svg\" style=\"max-width: 150px; max-height: 150px\" \/><\/div><\/div><div class=\"vlp-layout-zone-main\"><div class=\"vlp-block-0 vlp-link-title\">Houthis fire missile at Israeli-owned tanker after prime minister killed | Houthis News | Al Jazeera<\/div><div class=\"vlp-block-1 vlp-link-summary\">We and our 924 partners store and access personal data, like browsing data or unique identifiers, on your device. Selecting Allow all enables tracking technologies to support the purposes shown under we and our partners process data to provide. Selecting Reject all or withdrawing your consent will disable them. If trackers are disabled, some content and ads you see may not be as relevant to you. You can resurface this menu to change your choices or withdraw consent at any time by clicking the Manage preferences link on the bottom of the webpage . Your choices will have effect within our Website. For more details, refer to our Privacy Policy.To learn more, please view our Cookie Policy.<\/div><\/div><\/div>\n\n<div class=\"vlp-link-container vlp-layout-basic wp-block-visual-link-preview-link\"><a href=\"https:\/\/theintercept.com\/2025\/08\/26\/trump-ice-immigrant-delivery-drivers-dc\/?utm_content=buffer54333&amp;utm_medium=buffer&amp;utm_source=facebook&amp;utm_campaign=theintercept&amp;fbclid=IwY2xjawMiUNhleHRuA2FlbQIxMQABHlcGsuD6-rrk_nlTJQOfXp2JNCjNWgq6bADY2trYtCowCJJeDAlBVHwzx0JO_aem_-B9rtbLfbmjvXAVqmRGS-Q\" class=\"vlp-link\" title=\"ICE Targets App Delivery Drivers \u2014 and the Tech Giants They Work for Stay Silent\" rel=\"nofollow\" target=\"_blank\"><\/a><div class=\"vlp-layout-zone-side\"><div class=\"vlp-block-2 vlp-link-image\"><img decoding=\"async\" src=\"https:\/\/theintercept.com\/wp-content\/uploads\/2025\/08\/GettyImages-2229749394-e1756148994723.jpg?fit=5000%2C2500&amp;w=1200&amp;h=800\" style=\"max-width: 150px; max-height: 150px\" \/><\/div><\/div><div class=\"vlp-layout-zone-main\"><div class=\"vlp-block-0 vlp-link-title\">ICE Targets App Delivery Drivers \u2014 and the Tech Giants They Work for Stay Silent<\/div><div class=\"vlp-block-1 vlp-link-summary\">As part of the federal takeover of D.C., ICE agents have been targeting delivery drivers for the likes of Uber, Grubhub, and DoorDash.<\/div><\/div><\/div>\n\n<div class=\"vlp-link-container vlp-layout-basic wp-block-visual-link-preview-link\"><a href=\"https:\/\/www.aljazeera.com\/news\/2025\/8\/31\/two-million-impacted-as-pakistans-punjab-faces-worst-floods-in-its-history?utm_campaign=trueAnthem%3A+Trending+Content&amp;utm_medium=trueAnthem&amp;utm_source=facebook&amp;fbclid=IwY2xjawMiU7JleHRuA2FlbQIxMQABHur6NDm6BW1y3NuPw_BYmB0hbjyZzuoLcvY1Xl6ILzDafsADa5LFPY5I_Ax5_aem_l4TgtnUjYnoSZxWu-SXjWg\" class=\"vlp-link\" title=\"Two million impacted as Pakistan\u2019s Punjab faces worst floods in its history | Climate Crisis News | Al Jazeera\" rel=\"nofollow\" target=\"_blank\"><\/a><div class=\"vlp-layout-zone-side\"><div class=\"vlp-block-2 vlp-link-image\"><img decoding=\"async\" src=\"https:\/\/www.aljazeera.com\/static\/media\/aj-footer-logo.bac952ad.svg\" style=\"max-width: 150px; max-height: 150px\" \/><\/div><\/div><div class=\"vlp-layout-zone-main\"><div class=\"vlp-block-0 vlp-link-title\">Two million impacted as Pakistan\u2019s Punjab faces worst floods in its history | Climate Crisis News | Al Jazeera<\/div><div class=\"vlp-block-1 vlp-link-summary\">We and our 924 partners store and access personal data, like browsing data or unique identifiers, on your device. Selecting Allow all enables tracking technologies to support the purposes shown under we and our partners process data to provide. Selecting Reject all or withdrawing your consent will disable them. If trackers are disabled, some content and ads you see may not be as relevant to you. You can resurface this menu to change your choices or withdraw consent at any time by clicking the Manage preferences link on the bottom of the webpage . Your choices will have effect within our Website. For more details, refer to our Privacy Policy.To learn more, please view our Cookie Policy.<\/div><\/div><\/div>\n\n<div class=\"vlp-link-container vlp-layout-basic wp-block-visual-link-preview-link\"><a href=\"https:\/\/www.cbsnews.com\/news\/guatemala-children-deportation-judge-ruling\/?ftag=CNM-00-10aab6a&amp;linkId=856647659&amp;fbclid=IwY2xjawMiTt5leHRuA2FlbQIxMQABHkwFI4ABizfKwHdv8sIBHYyBavTIQFplatdiwpvHXI2c8oYLES9P1ywVCopn_aem_IcQDQwzIm8GBe1aA_ETnCg\" class=\"vlp-link\" title=\"Judge blocks deportation of Guatemalan migrant children as flights were ready to take off\" rel=\"nofollow\" target=\"_blank\"><\/a><div class=\"vlp-layout-zone-side\"><div class=\"vlp-block-2 vlp-link-image\"><img decoding=\"async\" src=\"https:\/\/assets3.cbsnewsstatic.com\/hub\/i\/r\/2025\/08\/31\/3c6f6dc8-e426-4913-b94a-1fa1af2e9c5d\/thumbnail\/1200x630\/a08b7a97840548a17c04bfa2546be09d\/gettyimages-1170987970-1.jpg\" style=\"max-width: 150px; max-height: 150px\" \/><\/div><\/div><div class=\"vlp-layout-zone-main\"><div class=\"vlp-block-0 vlp-link-title\">Judge blocks deportation of Guatemalan migrant children as flights were ready to take off<\/div><div class=\"vlp-block-1 vlp-link-summary\">The case involves 10 migrants between 10- and 17-years-old who entered the U.S. without authorization and without their parents or legal guardians.<\/div><\/div><\/div>\n\n<div class=\"vlp-link-container vlp-layout-basic wp-block-visual-link-preview-link\"><a href=\"https:\/\/www.middleeasteye.net\/trending\/us-envoy-faces-backlash-lebanon-over-act-civilised-comments-journalists?utm_source=facebook&amp;utm_medium=social&amp;utm_campaign=Social_Traffic&amp;utm_content=ap_ikeiojnd82\" class=\"vlp-link\" title=\"US envoy sparks outrage for telling Lebanese journalists to \u2018act civilised\u2019\" rel=\"nofollow\" target=\"_blank\"><\/a><div class=\"vlp-layout-zone-side\"><div class=\"vlp-block-2 vlp-link-image\"><img decoding=\"async\" src=\"https:\/\/www.middleeasteye.net\/sites\/default\/files\/images-story\/Lebanon-us-ambassador-envoy-tom-barrack-press-conference-presidential-palace-18-August-2025-AFP.jpg\" style=\"max-width: 150px; max-height: 150px\" \/><\/div><\/div><div class=\"vlp-layout-zone-main\"><div class=\"vlp-block-0 vlp-link-title\">US envoy sparks outrage for telling Lebanese journalists to \u2018act civilised\u2019<\/div><div class=\"vlp-block-1 vlp-link-summary\">Tom Barrack cut short a planned visit to southern Lebanon amid protests and calls for apology<\/div><\/div><\/div>\n\n<div class=\"vlp-link-container vlp-layout-basic wp-block-visual-link-preview-link\"><a href=\"https:\/\/www.newarab.com\/opinion\/why-are-arab-leaders-silent-over-bibis-greater-israel-vision?fbclid=IwY2xjawMiVWVleHRuA2FlbQIxMQABHoQKUl3-gxFnB0APZOFNsmeE8fxXujUH5RqXwORzADa4BcA5KuU7EXRgunbn_aem_YIa_wJYNHM3TUzOcb35Bkg\" class=\"vlp-link\" title=\"Why are Arab leaders silent over Bibi\u2019s \u2019Greater Israel\u2019 vision?\" rel=\"nofollow\" target=\"_blank\"><\/a><div class=\"vlp-layout-zone-side\"><div class=\"vlp-block-2 vlp-link-image\"><img decoding=\"async\" src=\"https:\/\/www.newarab.com\/sites\/default\/files\/styles\/new_arab_overlay_medium_16_9\/public\/2229191241.jpeg?itok=8__QW1m0\" style=\"max-width: 150px; max-height: 150px\" \/><\/div><\/div><div class=\"vlp-layout-zone-main\"><div class=\"vlp-block-0 vlp-link-title\">Why are Arab leaders silent over Bibi\u2019s \u2019Greater Israel\u2019 vision?<\/div><div class=\"vlp-block-1 vlp-link-summary\">Arab inaction in the face of the Gaza genocide will haunt them when Netanyahu\u2019s \u2019Greater Israel\u2019 project extends Israel\u2019s firepower into their countries.<\/div><\/div><\/div>\n\n<div class=\"vlp-link-container vlp-layout-basic wp-block-visual-link-preview-link\"><a href=\"https:\/\/theintercept.com\/2025\/08\/29\/aipac-israel-gaza-democrats-deborah-ross\/?utm_content=buffer89f6b&amp;utm_medium=buffer&amp;utm_source=facebook&amp;utm_campaign=theintercept&amp;fbclid=IwY2xjawMiTjhleHRuA2FlbQIxMQABHqbTSkvr7CCCZugweNxZyRJ--Up5gx-HRcEMlFHUqt342Wh60z5SflWJ8Pj8_aem_-QBPMn3gNw1x84z5qyDdiA\" class=\"vlp-link\" title=\"Facing Voter Pressure, Swing-State Democrat Swears Off AIPAC Cash\" rel=\"nofollow\" target=\"_blank\"><\/a><div class=\"vlp-layout-zone-side\"><div class=\"vlp-block-2 vlp-link-image\"><img decoding=\"async\" src=\"https:\/\/theintercept.com\/wp-content\/uploads\/2025\/08\/AP24155503299854-e1756411165524.jpg?fit=6353%2C3176&amp;w=1200&amp;h=800\" style=\"max-width: 150px; max-height: 150px\" \/><\/div><\/div><div class=\"vlp-layout-zone-main\"><div class=\"vlp-block-0 vlp-link-title\">Facing Voter Pressure, Swing-State Democrat Swears Off AIPAC Cash<\/div><div class=\"vlp-block-1 vlp-link-summary\">Rep. Deborah Ross became the latest Democrat to swear off AIPAC amid pressure to hold Israel accountable for its genocide in Gaza.<\/div><\/div><\/div>\n\n\n<figure class=\"wp-block-embed is-type-video is-provider-youtube wp-block-embed-youtube wp-embed-aspect-16-9 wp-has-aspect-ratio\"><div class=\"wp-block-embed__wrapper\">\n<div class=\"jetpack-video-wrapper\"><iframe loading=\"lazy\" title=\"Trump Isolated FUMING: China, India &amp; Russia Just Changed the Game | Richard Wolff &amp; Michael Hudson\" width=\"640\" height=\"360\" src=\"https:\/\/www.youtube.com\/embed\/MoAn1Yq2szE?feature=oembed\" frameborder=\"0\" allow=\"accelerometer; autoplay; clipboard-write; encrypted-media; gyroscope; picture-in-picture; web-share\" referrerpolicy=\"strict-origin-when-cross-origin\" allowfullscreen><\/iframe><\/div>\n<\/div><\/figure>\n\n\n\n<figure class=\"wp-block-embed is-type-video is-provider-youtube wp-block-embed-youtube wp-embed-aspect-16-9 wp-has-aspect-ratio\"><div class=\"wp-block-embed__wrapper\">\n<div class=\"jetpack-video-wrapper\"><iframe loading=\"lazy\" title=\"Democracy from Below: How to Defeat Oligarchy | Camila Vergara &amp; Clara Mattei\" width=\"640\" height=\"360\" src=\"https:\/\/www.youtube.com\/embed\/VHlRrO2louU?feature=oembed\" frameborder=\"0\" allow=\"accelerometer; autoplay; clipboard-write; encrypted-media; gyroscope; picture-in-picture; web-share\" referrerpolicy=\"strict-origin-when-cross-origin\" allowfullscreen><\/iframe><\/div>\n<\/div><\/figure>\n\n\n\n<figure class=\"wp-block-embed is-type-video is-provider-youtube wp-block-embed-youtube wp-embed-aspect-16-9 wp-has-aspect-ratio\"><div class=\"wp-block-embed__wrapper\">\n<div class=\"jetpack-video-wrapper\"><iframe loading=\"lazy\" title=\"Just In: Greta Thunberg Issues Powerful Gaza Statement Before Flotilla Sets Sail | AC1B\" width=\"640\" height=\"360\" src=\"https:\/\/www.youtube.com\/embed\/MS9kC9qhTxg?feature=oembed\" frameborder=\"0\" allow=\"accelerometer; autoplay; clipboard-write; encrypted-media; gyroscope; picture-in-picture; web-share\" referrerpolicy=\"strict-origin-when-cross-origin\" allowfullscreen><\/iframe><\/div>\n<\/div><\/figure>\n\n\n\n<figure class=\"wp-block-embed is-type-video is-provider-youtube wp-block-embed-youtube wp-embed-aspect-16-9 wp-has-aspect-ratio\"><div class=\"wp-block-embed__wrapper\">\n<iframe loading=\"lazy\" title=\"Keynote: Gaza is the Center of the World | People&#039;s Conference for Palestine\" width=\"640\" height=\"360\" src=\"https:\/\/www.youtube.com\/embed\/OpjcxGAb2zc?feature=oembed\" frameborder=\"0\" allow=\"accelerometer; autoplay; clipboard-write; encrypted-media; gyroscope; picture-in-picture; web-share\" referrerpolicy=\"strict-origin-when-cross-origin\" allowfullscreen><\/iframe>\n<\/div><\/figure>\n\n\n<div class=\"vlp-link-container vlp-layout-basic wp-block-visual-link-preview-link\"><a href=\"https:\/\/www.middleeastmonitor.com\/20250830-gaza-death-toll-nears-63400-as-10-more-palestinians-die-of-starvation\/?fbclid=IwY2xjawMgczlleHRuA2FlbQIxMABicmlkETFnV1BPVTJwNjJ1UHRFd1IwAR4m7t68SSRCYFDe52CIIilQSVTnE5mTwFad5PUlZt_Rpu-xFpyuNoNjJhvDtw_aem_p5f3PbNbvQnhsHXAGqsb4Q\" class=\"vlp-link\" title=\"Gaza death toll nears 63,400 as 10 more Palestinians die of starvation\" rel=\"nofollow\" target=\"_blank\"><\/a><div class=\"vlp-layout-zone-side\"><div class=\"vlp-block-2 vlp-link-image\"><img decoding=\"async\" src=\"https:\/\/i0.wp.com\/www.middleeastmonitor.com\/wp-content\/uploads\/2025\/08\/AA-20250829-38956167-38956141-ISRAELI_ATTACKS_ON_GAZA_CONTINUE-1.jpg?fit=920%2C613&amp;ssl=1\" style=\"max-width: 150px; max-height: 150px\" \/><\/div><\/div><div class=\"vlp-layout-zone-main\"><div class=\"vlp-block-0 vlp-link-title\">Gaza death toll nears 63,400 as 10 more Palestinians die of starvation<\/div><div class=\"vlp-block-1 vlp-link-summary\">At least 63,371 Palestinians have been killed in Israel\u2019s genocidal war on the Gaza Strip since October 2023, as 10 more people died of starvation in the enclave, the Health Ministry said on Saturd\u2026<\/div><\/div><\/div>\n\n\n\n<div class=\"vlp-link-container vlp-layout-basic wp-block-visual-link-preview-link\"><a href=\"https:\/\/www.middleeasteye.net\/news\/yemens-houthis-confirm-prime-minister-killed-israeli-strike?utm_source=facebook&amp;utm_medium=social&amp;utm_campaign=Social_Traffic&amp;utm_content=ap_w9awoewxo4\" class=\"vlp-link\" title=\"Yemen\u2019s Houthis confirm prime minister killed in Israeli strike\" rel=\"nofollow\" target=\"_blank\"><\/a><div class=\"vlp-layout-zone-side\"><div class=\"vlp-block-2 vlp-link-image\"><img decoding=\"async\" src=\"https:\/\/www.middleeasteye.net\/sites\/default\/files\/images-story\/000_36KH2G9%20(1).jpg\" style=\"max-width: 150px; max-height: 150px\" \/><\/div><\/div><div class=\"vlp-layout-zone-main\"><div class=\"vlp-block-0 vlp-link-title\">Yemen\u2019s Houthis confirm prime minister killed in Israeli strike<\/div><div class=\"vlp-block-1 vlp-link-summary\">The movement says other ministers were killed and wounded in the Thursday attack<\/div><\/div><\/div>\n\n\n<figure class=\"wp-block-embed is-type-video is-provider-youtube wp-block-embed-youtube wp-embed-aspect-16-9 wp-has-aspect-ratio\"><div class=\"wp-block-embed__wrapper\">\n<div class=\"jetpack-video-wrapper\"><iframe loading=\"lazy\" title=\"Indonesia: Violent rioting continues with three people confirmed dead | DW News\" width=\"640\" height=\"360\" src=\"https:\/\/www.youtube.com\/embed\/kP2bHnHegfs?feature=oembed\" frameborder=\"0\" allow=\"accelerometer; autoplay; clipboard-write; encrypted-media; gyroscope; picture-in-picture; web-share\" referrerpolicy=\"strict-origin-when-cross-origin\" allowfullscreen><\/iframe><\/div>\n<\/div><\/figure>\n\n\n<div class=\"vlp-link-container vlp-layout-basic wp-block-visual-link-preview-link\"><a href=\"https:\/\/www.msn.com\/en-us\/politics\/government\/chicago-mayor-signs-order-to-resist-trump-immigration-crackdown\/ar-AA1Lyv4s?ocid=msedgntp&amp;pc=ACTS&amp;cvid=31c16c8380fd466cb068d2764cede385&amp;ei=11\" class=\"vlp-link\" title=\"Chicago mayor signs order to resist Trump immigration crackdown\" rel=\"nofollow\" target=\"_blank\"><\/a><div class=\"vlp-layout-zone-side\"><div class=\"vlp-block-2 vlp-link-image\"><img decoding=\"async\" src=\"https:\/\/img-s-msn-com.akamaized.net\/tenant\/amp\/entityid\/AA1Lyc1u.img?w=768&amp;h=512&amp;m=4&amp;q=89\" style=\"max-width: 150px; max-height: 150px\" \/><\/div><\/div><div class=\"vlp-layout-zone-main\"><div class=\"vlp-block-0 vlp-link-title\">Chicago mayor signs order to resist Trump immigration crackdown<\/div><div class=\"vlp-block-1 vlp-link-summary\">Chicago Mayor Brandon Johnson signed an order that would block possible immigration raids from the Trump administration.<\/div><\/div><\/div>\n\n\n<figure class=\"wp-block-embed is-type-video is-provider-youtube wp-block-embed-youtube wp-embed-aspect-16-9 wp-has-aspect-ratio\"><div class=\"wp-block-embed__wrapper\">\n<iframe loading=\"lazy\" title=\"#BuildAndFight Formula 7B: Community Self-Defense Part 2\" width=\"640\" height=\"360\" src=\"https:\/\/www.youtube.com\/embed\/BqAMbF1NKIA?feature=oembed\" frameborder=\"0\" allow=\"accelerometer; autoplay; clipboard-write; encrypted-media; gyroscope; picture-in-picture; web-share\" referrerpolicy=\"strict-origin-when-cross-origin\" allowfullscreen><\/iframe>\n<\/div><\/figure>\n\n\n<div class=\"vlp-link-container vlp-layout-basic wp-block-visual-link-preview-link\"><a href=\"https:\/\/www.msn.com\/en-us\/politics\/government\/trump-s-tariff-push-overstepped-presidential-powers-appeals-court-says\/ar-AA1LvzXW?ocid=msedgntp&amp;pc=ACTS&amp;cvid=d03cc75a77994ce8912b2f7ef71e855a&amp;ei=20\" class=\"vlp-link\" title=\"Trump\u2019s tariff push overstepped presidential powers, appeals court says\" rel=\"nofollow\" target=\"_blank\"><\/a><div class=\"vlp-layout-zone-side\"><div class=\"vlp-block-2 vlp-link-image\"><img decoding=\"async\" src=\"https:\/\/img-s-msn-com.akamaized.net\/tenant\/amp\/entityid\/AA1LvM6A.img?w=768&amp;h=512&amp;m=4&amp;q=80\" style=\"max-width: 150px; max-height: 150px\" \/><\/div><\/div><div class=\"vlp-layout-zone-main\"><div class=\"vlp-block-0 vlp-link-title\">Trump\u2019s tariff push overstepped presidential powers, appeals court says<\/div><div class=\"vlp-block-1 vlp-link-summary\">A federal appeals court said Friday that President Donald Trump had misused his authority in imposing an array of tariffs under an emergency-powers statute, ruling that only Congress has the power to apply such sweeping measures<\/div><\/div><\/div>\n\n<div class=\"vlp-link-container vlp-layout-basic wp-block-visual-link-preview-link\"><a href=\"https:\/\/www.msn.com\/en-us\/politics\/government\/federal-judge-issues-order-blocking-trump-effort-to-expand-speedy-deportations-of-migrants\/ar-AA1LwyLu?ocid=msedgntp&amp;pc=ACTS&amp;cvid=d03cc75a77994ce8912b2f7ef71e855a&amp;ei=23\" class=\"vlp-link\" title=\"Federal judge issues order blocking Trump effort to expand speedy deportations of migrants\" rel=\"nofollow\" target=\"_blank\"><\/a><div class=\"vlp-layout-zone-side\"><div class=\"vlp-block-2 vlp-link-image\"><img decoding=\"async\" src=\"https:\/\/img-s-msn-com.akamaized.net\/tenant\/amp\/entityid\/AA1LwpuU.img?w=768&amp;h=511&amp;m=4&amp;q=94\" style=\"max-width: 150px; max-height: 150px\" \/><\/div><\/div><div class=\"vlp-layout-zone-main\"><div class=\"vlp-block-0 vlp-link-title\">Federal judge issues order blocking Trump effort to expand speedy deportations of migrants<\/div><div class=\"vlp-block-1 vlp-link-summary\">WASHINGTON (AP) \u2014 A federal judge on Friday temporarily blocked the Trump administration from carrying out speedy deportations of undocumented migrants detained in the interior of the United States. The move is a setback for the Republican administration\u2019s efforts to expand the use of the federal expedited removal statute to quickly remove some mig\u2026<\/div><\/div><\/div>\n\n<div class=\"vlp-link-container vlp-layout-basic wp-block-visual-link-preview-link\"><a href=\"https:\/\/www.middleeasteye.net\/news\/sudans-rsf-builds-network-earth-walls-around-el-fasher?utm_source=facebook&amp;utm_medium=social&amp;utm_campaign=Social_Traffic&amp;utm_content=ap_mqft4kmdrc\" class=\"vlp-link\" title=\"Sudan\u2019s RSF traps el-Fasher inside network of earth walls\" rel=\"nofollow\" target=\"_blank\"><\/a><div class=\"vlp-layout-zone-side\"><div class=\"vlp-block-2 vlp-link-image\"><img decoding=\"async\" src=\"https:\/\/www.middleeasteye.net\/sites\/default\/files\/images-story\/Berm%20el%20fasher.jpg\" style=\"max-width: 150px; max-height: 150px\" \/><\/div><\/div><div class=\"vlp-layout-zone-main\"><div class=\"vlp-block-0 vlp-link-title\">Sudan\u2019s RSF traps el-Fasher inside network of earth walls<\/div><div class=\"vlp-block-1 vlp-link-summary\">After 500 days of siege, a \u2018literal kill box\u2019 has been constructed around the capital of North Darfur<\/div><\/div><\/div>\n\n\n<figure class=\"wp-block-embed is-type-video is-provider-youtube wp-block-embed-youtube wp-embed-aspect-16-9 wp-has-aspect-ratio\"><div class=\"wp-block-embed__wrapper\">\n<div class=\"jetpack-video-wrapper\"><iframe loading=\"lazy\" title=\"Inequality in Kenya: View from Kibera\" width=\"640\" height=\"360\" src=\"https:\/\/www.youtube.com\/embed\/_0pAGKImYyM?feature=oembed\" frameborder=\"0\" allow=\"accelerometer; autoplay; clipboard-write; encrypted-media; gyroscope; picture-in-picture; web-share\" referrerpolicy=\"strict-origin-when-cross-origin\" allowfullscreen><\/iframe><\/div>\n<\/div><\/figure>\n\n\n<div class=\"vlp-link-container vlp-layout-basic wp-block-visual-link-preview-link\"><a href=\"https:\/\/www.aljazeera.com\/news\/2025\/8\/30\/russia-china-blast-deployment-of-us-typhon-missiles-to-japan?utm_campaign=trueAnthem%3A+Trending+Content&amp;utm_medium=trueAnthem&amp;utm_source=facebook&amp;fbclid=IwY2xjawMfdLFleHRuA2FlbQIxMQABHr2Mx-JvBAMaQQG6w8bI5bknW4ARCoZTI6GTKMqjT4G-B3YpACEzs3lZp1JZ_aem_sHsMkm9FD1wm032IEwj1AQ\" class=\"vlp-link\" title=\"Russia, China blast deployment of US \u2018Typhon\u2019 missiles to Japan | Military News | Al Jazeera\" rel=\"nofollow\" target=\"_blank\"><\/a><div class=\"vlp-layout-zone-side\"><div class=\"vlp-block-2 vlp-link-image\"><img decoding=\"async\" src=\"https:\/\/www.aljazeera.com\/static\/media\/aj-footer-logo.bac952ad.svg\" style=\"max-width: 150px; max-height: 150px\" \/><\/div><\/div><div class=\"vlp-layout-zone-main\"><div class=\"vlp-block-0 vlp-link-title\">Russia, China blast deployment of US \u2018Typhon\u2019 missiles to Japan | Military News | Al Jazeera<\/div><div class=\"vlp-block-1 vlp-link-summary\">We and our 923 partners store and access personal data, like browsing data or unique identifiers, on your device. Selecting Allow all enables tracking technologies to support the purposes shown under we and our partners process data to provide. Selecting Reject all or withdrawing your consent will disable them. If trackers are disabled, some content and ads you see may not be as relevant to you. You can resurface this menu to change your choices or withdraw consent at any time by clicking the Manage preferences link on the bottom of the webpage . Your choices will have effect within our Website. For more details, refer to our Privacy Policy.To learn more, please view our Cookie Policy.<\/div><\/div><\/div>\n\n<div class=\"vlp-link-container vlp-layout-basic wp-block-visual-link-preview-link\"><a href=\"https:\/\/soundcloud.com\/mrdaveyd\/hkr-08-29-25-remembering-katrina-20-yrs-later-w-malik-rahim-and-kali-akuno?fbclid=IwY2xjawMfPZ9leHRuA2FlbQIxMQBicmlkETF3YUZJdEtMcWRjS040QnVFAR7kXxiI4MustmvNL6XPLcX9R_iXoeaQzeXlUHh0YovJEhMiQr5-PHtdhGVIVw_aem_EG1PhdI0W6sXMHzpQj2bgw\" class=\"vlp-link\" title=\"HKR-08-29-25 Remembering Katrina 20 Yrs Later w\/ Malik Rahim and Kali Akuno\" rel=\"nofollow\" target=\"_blank\"><\/a><div class=\"vlp-layout-zone-side\"><div class=\"vlp-block-2 vlp-link-image\"><img decoding=\"async\" src=\"https:\/\/i1.sndcdn.com\/artworks-wgZICgD38UuDyzop-G4SnpQ-t500x500.png\" style=\"max-width: 150px; max-height: 150px\" \/><\/div><\/div><div class=\"vlp-layout-zone-main\"><div class=\"vlp-block-0 vlp-link-title\">HKR-08-29-25 Remembering Katrina 20 Yrs Later w\/ Malik Rahim and Kali Akuno<\/div><div class=\"vlp-block-1 vlp-link-summary\">This week on Hard Knock Radio, host Davey D revisited the legacy of Hurricane Katrina with two men who lived the struggle and carried the weight of rebuilding: Malik Rahim, veteran Black Panther and c<\/div><\/div><\/div>\n\n<div class=\"vlp-link-container vlp-layout-basic wp-block-visual-link-preview-link\"><a href=\"https:\/\/soundcloud.com\/user-92939733\/chicago-stands-up-to-trumps-threats?fbclid=IwY2xjawMfPxZleHRuA2FlbQIxMQABHiAJdGEsgnaBnHMbtEE844Kofn6CGBPO096DAHVItXImWSfNXCNCnL_uGnhX_aem_z5fdNkABmY-yJeh2OqO5xA\" class=\"vlp-link\" title=\"Chicago Stands Up to Trump\" rel=\"nofollow\" target=\"_blank\"><\/a><div class=\"vlp-layout-zone-side\"><div class=\"vlp-block-2 vlp-link-image\"><img decoding=\"async\" src=\"https:\/\/i1.sndcdn.com\/artworks-ayPkftzd5puVyoan-zUReyQ-t500x500.jpg\" style=\"max-width: 150px; max-height: 150px\" \/><\/div><\/div><div class=\"vlp-layout-zone-main\"><div class=\"vlp-block-0 vlp-link-title\">Chicago Stands Up to Trump<\/div><div class=\"vlp-block-1 vlp-link-summary\">Frank Chapman is Executive Director of the National Alliance Against Racist and Political Repression. That organization led the fight for community control of the police, with the creation of the Comm<\/div><\/div><\/div>\n\n<div class=\"vlp-link-container vlp-layout-basic wp-block-visual-link-preview-link\"><a href=\"https:\/\/theintercept.com\/2025\/08\/29\/briefing-podcast-housing-working-homeless\/?utm_content=buffer55f06&amp;utm_medium=buffer&amp;utm_source=facebook&amp;utm_campaign=theintercept&amp;fbclid=IwY2xjawMfPrFleHRuA2FlbQIxMQABHoxkFg-rKTb9X1NJlASRzatBC-3-K5mHwTTjkzdjPz_k-PSlK9pjDRuDcZxO_aem_F5fAK0WT39lSGs_CHHBZjg\" class=\"vlp-link\" title=\"The Housing Hunger Games\" rel=\"nofollow\" target=\"_blank\"><\/a><div class=\"vlp-layout-zone-side\"><div class=\"vlp-block-2 vlp-link-image\"><img decoding=\"async\" src=\"https:\/\/theintercept.com\/wp-content\/uploads\/2025\/08\/Working-and-Homeless.jpg?fit=2000%2C1000&amp;w=1200&amp;h=800\" style=\"max-width: 150px; max-height: 150px\" \/><\/div><\/div><div class=\"vlp-layout-zone-main\"><div class=\"vlp-block-0 vlp-link-title\">The Housing Hunger Games<\/div><div class=\"vlp-block-1 vlp-link-summary\">\u201cHow extremely profitable all of this precarity has become.\u201d Author Brian Goldstone speaks to Laura Flynn on working and homelessness in today\u2019s America.<\/div><\/div><\/div>\n\n<div class=\"vlp-link-container vlp-layout-basic wp-block-visual-link-preview-link\"><a href=\"https:\/\/www.democracycollaborative.org\/tracking-the-crisis\/power-grab\" class=\"vlp-link\" title=\"Power Grab \u2014 The Democracy Collaborative\" rel=\"nofollow\" target=\"_blank\"><\/a><div class=\"vlp-layout-zone-side\"><div class=\"vlp-block-2 vlp-link-image\"><img decoding=\"async\" src=\"http:\/\/static1.squarespace.com\/static\/668c154d4d09237bebbb257a\/67c8703e107612216a7713e1\/68b1f9acc09a95629f9adeef\/1756495924883\/GettyImages-2194451381-2.jpg?format=1500w\" style=\"max-width: 150px; max-height: 150px\" \/><\/div><\/div><div class=\"vlp-layout-zone-main\"><div class=\"vlp-block-0 vlp-link-title\">Power Grab \u2014 The Democracy Collaborative<\/div><div class=\"vlp-block-1 vlp-link-summary\">Week of August 22-28, 2025<\/div><\/div><\/div>\n\n<div class=\"vlp-link-container vlp-layout-basic wp-block-visual-link-preview-link\"><a href=\"https:\/\/www.blackagendareport.com\/defeatism-has-no-place-liberation-struggles-frantz-fanons-daughter-says?fbclid=IwY2xjawMeUx5leHRuA2FlbQIxMQABHlqXg5Tc4ypnVnzG9nC-bXq95Dlvazg_sT8ftQBtn19NUK9mF0Nie3fYmbal_aem_Cbaw_rt-VDzzMxGRl1WA0w\" class=\"vlp-link\" title=\"\u201cDefeatism Has No Place\u201d in Liberation Struggles, Frantz Fanon\u2019s Daughter Says | Black Agenda Report\" rel=\"nofollow\" target=\"_blank\"><\/a><div class=\"vlp-layout-zone-side\"><div class=\"vlp-block-2 vlp-link-image\"><img decoding=\"async\" src=\"https:\/\/www.blackagendareport.com\/sites\/default\/files\/2025-08\/19%20360x200.png\" style=\"max-width: 150px; max-height: 150px\" \/><\/div><\/div><div class=\"vlp-layout-zone-main\"><div class=\"vlp-block-0 vlp-link-title\">\u201cDefeatism Has No Place\u201d in Liberation Struggles, Frantz Fanon\u2019s Daughter Says | Black Agenda Report<\/div><div class=\"vlp-block-1 vlp-link-summary\">For Black August, Mireille Fanon Mend\u00e8s-France sets the record straight on her father\u2019s revolutionary legacy.<\/div><\/div><\/div>\n\n<div class=\"vlp-link-container vlp-layout-basic wp-block-visual-link-preview-link\"><a href=\"https:\/\/www.nbcnews.com\/politics\/politics-news\/man-threw-sandwich-federal-officer-dc-charged-misdemeanor-assault-rcna227885?cid=sm_npd_nn_fb_ma&amp;fbclid=IwY2xjawMeUmVleHRuA2FlbQIxMQABHpO7bQdBjDB93MOlkhGnYa02dv6tp2XGUVYhWOh2-MukGLQT3meFni_8ZW7d_aem_mu3wnbyOZthQfqTWN8aKEA&amp;_branch_match_id=1263892625653983908&amp;utm_source=facebook&amp;utm_campaign=NBC%20News&amp;utm_medium=social&amp;_branch_referrer=H4sIAAAAAAAAAwXB3QqCMBgA0LfprqwJ%2FUGEkpqUyaI0u5HNfTZ1rjW11U3P3jm871W3tixJCwmmmxClJqKSjYVm89orWchSui1pISq2CU2GPjUxEVzbRMD%2BPDjIFxSHnwg77l7FC4qZW%2B%2FclR3FouGBzMgUsfe8V%2BgWXJOMpzFH42hogiO%2B2C34ssqX93TBcgJt3g62kfQb33uOy9clPS3JwXNGPw0laF3JR07103SgNx57wB8ri4u5uQAAAA%3D%3D\" class=\"vlp-link\" title=\"Man who threw sandwich at federal officer in D.C. is charged with misdemeanor assault\" rel=\"nofollow\" target=\"_blank\"><\/a><div class=\"vlp-layout-zone-side\"><div class=\"vlp-block-2 vlp-link-image\"><img decoding=\"async\" src=\"https:\/\/media-cldnry.s-nbcnews.com\/image\/upload\/t_nbcnews-fp-1200-630,f_auto,q_auto:best\/rockcms\/2025-08\/250814-man-who-threw-sandwich-Sean-Charles-Dunn-se-326p-658f5a.jpg\" style=\"max-width: 150px; max-height: 150px\" \/><\/div><\/div><div class=\"vlp-layout-zone-main\"><div class=\"vlp-block-0 vlp-link-title\">Man who threw sandwich at federal officer in D.C. is charged with misdemeanor assault<\/div><div class=\"vlp-block-1 vlp-link-summary\">Federal prosecutors initially sought to secure felony charges against the man, dubbed \u201cSandwich Guy,\u201d but a grand jury declined to return an indictment.<\/div><\/div><\/div>\n\n<div class=\"vlp-link-container vlp-layout-basic wp-block-visual-link-preview-link\"><a href=\"https:\/\/theintercept.com\/2025\/08\/26\/stanford-daily-lawsuit-international-student-deportations-visa\/?utm_content=buffer1d4c0&amp;utm_medium=buffer&amp;utm_source=facebook&amp;utm_campaign=theintercept&amp;fbclid=IwY2xjawMeUXFleHRuA2FlbQIxMQBicmlkETFPdWdQOXo3WGhMMmJaWmFwAR6yacMvIPLbtGMDrNh4d8DODOoAlspmX98UECgEfYCsCYvmlVPHVSY02veXyg_aem_u0c_u_ecSEJpDuw6_JSjHA\" class=\"vlp-link\" title=\"The Student Newspaper Suing Marco Rubio Over Targeted Deportations\" rel=\"nofollow\" target=\"_blank\"><\/a><div class=\"vlp-layout-zone-side\"><div class=\"vlp-block-2 vlp-link-image\"><img decoding=\"async\" src=\"https:\/\/theintercept.com\/wp-content\/uploads\/2025\/08\/AP25237634451136-e1756175201895.jpg?fit=5616%2C2808&amp;w=1200&amp;h=800\" style=\"max-width: 150px; max-height: 150px\" \/><\/div><\/div><div class=\"vlp-layout-zone-main\"><div class=\"vlp-block-0 vlp-link-title\">The Student Newspaper Suing Marco Rubio Over Targeted Deportations<\/div><div class=\"vlp-block-1 vlp-link-summary\">The Stanford Daily argues the First Amendment protects journalists from arcane laws used against Mahmoud Khalil and R\u00fcmeysa \u00d6zt\u00fcrk.<\/div><\/div><\/div>\n\n<div class=\"vlp-link-container vlp-layout-basic wp-block-visual-link-preview-link\"><a href=\"https:\/\/www.aljazeera.com\/news\/2025\/8\/29\/venezuelas-maduro-says-no-way-us-can-invade-as-trump-deploys-naval-force?utm_campaign=trueAnthem%3A+Trending+Content&amp;utm_medium=trueAnthem&amp;utm_source=facebook&amp;fbclid=IwY2xjawMeTsBleHRuA2FlbQIxMQABHjdCpfRyNjMsBOcL51YTQQ88aNsPMQ6GhCz59noAcOS8E6NJSz3YDvBJipiR_aem__sQS0LMTylGqIJ7_6T7HHw\" class=\"vlp-link\" title=\"Venezuela\u2019s Maduro says \u2018no way\u2019 US can invade as Trump deploys naval force | Donald Trump News | Al Jazeera\" rel=\"nofollow\" target=\"_blank\"><\/a><div class=\"vlp-layout-zone-side\"><div class=\"vlp-block-2 vlp-link-image\"><img decoding=\"async\" src=\"https:\/\/www.aljazeera.com\/static\/media\/aj-footer-logo.bac952ad.svg\" style=\"max-width: 150px; max-height: 150px\" \/><\/div><\/div><div class=\"vlp-layout-zone-main\"><div class=\"vlp-block-0 vlp-link-title\">Venezuela\u2019s Maduro says \u2018no way\u2019 US can invade as Trump deploys naval force | Donald Trump News | Al Jazeera<\/div><div class=\"vlp-block-1 vlp-link-summary\">We and our 923 partners store and access personal data, like browsing data or unique identifiers, on your device. Selecting Allow all enables tracking technologies to support the purposes shown under we and our partners process data to provide. Selecting Reject all or withdrawing your consent will disable them. If trackers are disabled, some content and ads you see may not be as relevant to you. You can resurface this menu to change your choices or withdraw consent at any time by clicking the Manage preferences link on the bottom of the webpage . Your choices will have effect within our Website. For more details, refer to our Privacy Policy.To learn more, please view our Cookie Policy.<\/div><\/div><\/div>\n\n<div class=\"vlp-link-container vlp-layout-basic wp-block-visual-link-preview-link\"><a href=\"https:\/\/theintercept.com\/2025\/08\/25\/trump-kilmar-abrego-garcia-deport\/?utm_content=buffer2c99f&amp;utm_medium=buffer&amp;utm_source=facebook&amp;utm_campaign=theintercept&amp;fbclid=IwY2xjawMeTZdleHRuA2FlbQIxMQBicmlkETFPdWdQOXo3WGhMMmJaWmFwAR5ECohXO1EqvAH96kDlwLjUTtfM_fqR7wrhNcAQBDQUaCKOfYjO6ValtFnwIA_aem_iqRfiXkEeZpgVgqObtRoqA\" class=\"vlp-link\" title=\"Trump Administration Wants to Banish Kilmar Abrego Garcia to Uganda\" rel=\"nofollow\" target=\"_blank\"><\/a><div class=\"vlp-layout-zone-side\"><div class=\"vlp-block-2 vlp-link-image\"><img decoding=\"async\" src=\"https:\/\/theintercept.com\/wp-content\/uploads\/2025\/08\/GettyImages-2231998933-e1756140045229.jpg?fit=5100%2C2550&amp;w=1200&amp;h=800\" style=\"max-width: 150px; max-height: 150px\" \/><\/div><\/div><div class=\"vlp-layout-zone-main\"><div class=\"vlp-block-0 vlp-link-title\">Trump Administration Wants to Banish Kilmar Abrego Garcia to Uganda<\/div><div class=\"vlp-block-1 vlp-link-summary\">The Trump administration aims to expel Abrego Garcia as its global gulag expands to Uganda, which has a long record of human rights abuses.<\/div><\/div><\/div>\n\n\n<figure class=\"wp-block-embed is-type-video is-provider-youtube wp-block-embed-youtube wp-embed-aspect-16-9 wp-has-aspect-ratio\"><div class=\"wp-block-embed__wrapper\">\n<iframe loading=\"lazy\" title=\"Exclusive: Reuters Journalist Who Resigned Over Gaza Speaks Out\" width=\"640\" height=\"360\" src=\"https:\/\/www.youtube.com\/embed\/2R8U2_XUsCA?feature=oembed\" frameborder=\"0\" allow=\"accelerometer; autoplay; clipboard-write; encrypted-media; gyroscope; picture-in-picture; web-share\" referrerpolicy=\"strict-origin-when-cross-origin\" allowfullscreen><\/iframe>\n<\/div><\/figure>\n\n\n<div class=\"vlp-link-container vlp-layout-basic wp-block-visual-link-preview-link\"><a href=\"https:\/\/www.blackagendareport.com\/why-we-remember-katrina?fbclid=IwY2xjawMd8sxleHRuA2FlbQIxMQBicmlkETFPdWdQOXo3WGhMMmJaWmFwAR4-yx0rNMkeEbG3-JKfki1C0JyJOnEKdXT-UGzsaxJAWP0p0in0p6RXbVuU1Q_aem_wqZD71FxjHvvZr4vw-yT0A\" class=\"vlp-link\" title=\"Why We Remember Katrina | Black Agenda Report\" rel=\"nofollow\" target=\"_blank\"><\/a><div class=\"vlp-layout-zone-side\"><div class=\"vlp-block-2 vlp-link-image\"><img decoding=\"async\" src=\"https:\/\/www.blackagendareport.com\/sites\/default\/files\/2025-08\/20%20360x200.png\" style=\"max-width: 150px; max-height: 150px\" \/><\/div><\/div><div class=\"vlp-layout-zone-main\"><div class=\"vlp-block-0 vlp-link-title\">Why We Remember Katrina | Black Agenda Report<\/div><div class=\"vlp-block-1 vlp-link-summary\">Twenty years ago, the world witnessed more than the suffering of hurricane Katrina\u2019s victims. The United States was exposed as a failed state controlled by the cruelties of racialized capitalism.<\/div><\/div><\/div>\n\n<div class=\"vlp-link-container vlp-layout-basic wp-block-visual-link-preview-link\"><a href=\"https:\/\/mondoweiss.net\/2025\/08\/gaza-is-the-compass-second-annual-peoples-conference-for-palestine\/?fbclid=IwY2xjawMd-b5leHRuA2FlbQIxMQABHrTx1uzwe8f5c0kpfw0hZoEGBt368YYDCuT39lJ99SX5WJIa_uvXY_1IQcw__aem_Usp5MF9PlN6KE8giI6cDhQ\" class=\"vlp-link\" title=\"Gaza is the Compass: Second annual People\u2019s Conference for Palestine\" rel=\"nofollow\" target=\"_blank\"><\/a><div class=\"vlp-layout-zone-side\"><div class=\"vlp-block-2 vlp-link-image\"><img decoding=\"async\" src=\"https:\/\/mondoweiss.net\/wp-content\/uploads\/2025\/08\/Conf2.jpg\" style=\"max-width: 150px; max-height: 150px\" \/><\/div><\/div><div class=\"vlp-layout-zone-main\"><div class=\"vlp-block-0 vlp-link-title\">Gaza is the Compass: Second annual People\u2019s Conference for Palestine<\/div><div class=\"vlp-block-1 vlp-link-summary\">From August 29-31, thousands of Palestine supporters will gather in Detroit, Michigan, for the second annual People\u2019s Conference for Palestine, guided by the principle: Gaza is the Compass.<\/div><\/div><\/div>\n\n<div class=\"vlp-link-container vlp-layout-basic wp-block-visual-link-preview-link\"><a href=\"https:\/\/mondoweiss.net\/2025\/08\/in-defiance-of-voter-base-dnc-rejects-resolution-calling-for-israel-arms-embargo\/?fbclid=IwY2xjawMeTyhleHRuA2FlbQIxMQABHl05QkfdlErJFLeCDlFY6ePPZQiVSZa2SHGDgFowL_VpRys13qWq_7zae3T5_aem_qvHDSlqB1JBTwT7ZflQNuQ\" class=\"vlp-link\" title=\"DNC rejects Israel arms embargo\" rel=\"nofollow\" target=\"_blank\"><\/a><div class=\"vlp-layout-zone-side\"><div class=\"vlp-block-2 vlp-link-image\"><img decoding=\"async\" src=\"https:\/\/mondoweiss.net\/wp-content\/uploads\/2025\/08\/Screenshot-2025-08-26-at-1.09.57-PM-1.png\" style=\"max-width: 150px; max-height: 150px\" \/><\/div><\/div><div class=\"vlp-layout-zone-main\"><div class=\"vlp-block-0 vlp-link-title\">DNC rejects Israel arms embargo<\/div><div class=\"vlp-block-1 vlp-link-summary\">Democratic National Committee members rejected a resolution calling for an arms embargo on Israel, but pressure continues to mount on party leaders to adopt a stronger stance against the Gaza genocide.<\/div><\/div><\/div>\n\n\n<figure class=\"wp-block-embed is-type-video is-provider-youtube wp-block-embed-youtube wp-embed-aspect-16-9 wp-has-aspect-ratio\"><div class=\"wp-block-embed__wrapper\">\n<iframe loading=\"lazy\" title=\"Redneck Gone Green with special guest Edget Betru\" width=\"640\" height=\"360\" src=\"https:\/\/www.youtube.com\/embed\/3mZ4I1CBL9k?feature=oembed\" frameborder=\"0\" allow=\"accelerometer; autoplay; clipboard-write; encrypted-media; gyroscope; picture-in-picture; web-share\" referrerpolicy=\"strict-origin-when-cross-origin\" allowfullscreen><\/iframe>\n<\/div><\/figure>\n\n\n\n<figure class=\"wp-block-embed is-type-video is-provider-youtube wp-block-embed-youtube wp-embed-aspect-16-9 wp-has-aspect-ratio\"><div class=\"wp-block-embed__wrapper\">\n<div class=\"jetpack-video-wrapper\"><iframe loading=\"lazy\" title=\"Trump Is Building His Own Paramilitary Force | The Ezra Klein Show\" width=\"640\" height=\"360\" src=\"https:\/\/www.youtube.com\/embed\/UcTZ_en5FTM?feature=oembed\" frameborder=\"0\" allow=\"accelerometer; autoplay; clipboard-write; encrypted-media; gyroscope; picture-in-picture; web-share\" referrerpolicy=\"strict-origin-when-cross-origin\" allowfullscreen><\/iframe><\/div>\n<\/div><\/figure>\n\n\n<div class=\"vlp-link-container vlp-layout-basic wp-block-visual-link-preview-link\"><a href=\"https:\/\/www.blackagendareport.com\/federal-takeover-dc-colonial-occupation-disguised-public-safety?fbclid=IwY2xjawMd9Q5leHRuA2FlbQIxMQABHhqH3OsOL8OTE-RARD4x0wP5FZPMY5DRZyjGofq-JnXnR73Wuv_0NZb2LbqT_aem_4ZPb-1Z2IizCKBfvUo6L0w\" class=\"vlp-link\" title=\"The Federal Takeover of D.C.: The Colonial Occupation Disguised as \u201cPublic Safety\u201d | Black Agenda Report\" rel=\"nofollow\" target=\"_blank\"><\/a><div class=\"vlp-layout-zone-side\"><div class=\"vlp-block-2 vlp-link-image\"><img decoding=\"async\" src=\"https:\/\/www.blackagendareport.com\/sites\/default\/files\/2025-08\/17%20360x200_0.png\" style=\"max-width: 150px; max-height: 150px\" \/><\/div><\/div><div class=\"vlp-layout-zone-main\"><div class=\"vlp-block-0 vlp-link-title\">The Federal Takeover of D.C.: The Colonial Occupation Disguised as \u201cPublic Safety\u201d | Black Agenda Report<\/div><div class=\"vlp-block-1 vlp-link-summary\">The deployment of federal agents and National Guard troops to Washington, D.C. is a militarized occupation disguised as a public safety initiative. This move weaponizes the state\u2019s power to criminalize poverty and suppress dissent in the capital.<\/div><\/div><\/div>\n\n<div class=\"vlp-link-container vlp-layout-basic wp-block-visual-link-preview-link\"><a href=\"https:\/\/mondoweiss.net\/2025\/08\/iowa-city-council-passes-israel-divestment-resolution\/?fbclid=IwY2xjawMd9gxleHRuA2FlbQIxMQABHlKMzjkCySQ4l98SktcWhCDj3sPTMPm4irMkSdGDra_35zhdfZF1BRKvGVW2_aem_MI2tUTmmEGYwjYyx3V5RWA\" class=\"vlp-link\" title=\"Iowa City Council passes Israel divestment resolution\" rel=\"nofollow\" target=\"_blank\"><\/a><div class=\"vlp-layout-zone-side\"><div class=\"vlp-block-2 vlp-link-image\"><img decoding=\"async\" src=\"https:\/\/mondoweiss.net\/wp-content\/uploads\/2025\/08\/Screenshot-2025-08-20-at-8.52.59-AM-scaled.png\" style=\"max-width: 150px; max-height: 150px\" \/><\/div><\/div><div class=\"vlp-layout-zone-main\"><div class=\"vlp-block-0 vlp-link-title\">Iowa City Council passes Israel divestment resolution<\/div><div class=\"vlp-block-1 vlp-link-summary\">On August 5, the Iowa City Council unanimously voted to boycott and divest from Israel bonds and all companies complicit in the Gaza genocide and occupation of Palestine.<\/div><\/div><\/div>\n\n<div class=\"vlp-link-container vlp-layout-basic wp-block-visual-link-preview-link\"><a href=\"https:\/\/www.middleeasteye.net\/news\/joaquin-phoenix-and-brad-pitt-join-film-about-hind-rajab-executive-producers?utm_source=facebook&amp;utm_medium=social&amp;utm_campaign=Social_Traffic&amp;utm_content=ap_gqpgb7nggb\" class=\"vlp-link\" title=\"Joaquin Phoenix and Brad Pitt join film about Hind Rajab as executive producers\" rel=\"nofollow\" target=\"_blank\"><\/a><div class=\"vlp-layout-zone-side\"><div class=\"vlp-block-2 vlp-link-image\"><img decoding=\"async\" src=\"https:\/\/www.middleeasteye.net\/sites\/default\/files\/images-story\/brad-pitt-joaquin-phoenix-amy-sussman-2020-afp.jpg\" style=\"max-width: 150px; max-height: 150px\" \/><\/div><\/div><div class=\"vlp-layout-zone-main\"><div class=\"vlp-block-0 vlp-link-title\">Joaquin Phoenix and Brad Pitt join film about Hind Rajab as executive producers<\/div><div class=\"vlp-block-1 vlp-link-summary\">Tunisian director Kaouther Ben Hania\u2019s upcoming movie depicts Israel\u2019s killing of the six-year-old Palestinian girl<\/div><\/div><\/div>\n\n<div class=\"vlp-link-container vlp-layout-basic wp-block-visual-link-preview-link\"><a href=\"https:\/\/www.democracycollaborative.org\/tracking-the-crisis\/siege\" class=\"vlp-link\" title=\"Siege \u2014 The Democracy Collaborative\" rel=\"nofollow\" target=\"_blank\"><\/a><div class=\"vlp-layout-zone-side\"><div class=\"vlp-block-2 vlp-link-image\"><img decoding=\"async\" src=\"http:\/\/static1.squarespace.com\/static\/668c154d4d09237bebbb257a\/t\/68a8c420bb69fd46a035a239\/1755890720369\/GettyImages-2194451381-2.jpg?format=1500w\" style=\"max-width: 150px; max-height: 150px\" \/><\/div><\/div><div class=\"vlp-layout-zone-main\"><div class=\"vlp-block-0 vlp-link-title\">Siege \u2014 The Democracy Collaborative<\/div><div class=\"vlp-block-1 vlp-link-summary\">Week of August 15-21, 2025<\/div><\/div><\/div>\n\n<div class=\"vlp-link-container vlp-layout-basic wp-block-visual-link-preview-link\"><a href=\"https:\/\/www.aljazeera.com\/news\/2025\/8\/22\/wrongfully-deported-kilmar-abrego-garcia-released-from-tennessee-jail?utm_campaign=trueAnthem%3A+Trending+Content&amp;utm_medium=trueAnthem&amp;utm_source=facebook&amp;fbclid=IwY2xjawMWVBtleHRuA2FlbQIxMQABHjBgnm4zOsvepRwM1qZCKNjI205QDTOVZWO_quKyaTEFiO2myj5iAnZVqj-1_aem_RaE_0wjqyVNa2twyQi-pgw\" class=\"vlp-link\" title=\"Wrongfully deported Kilmar Abrego Garcia released from Tennessee jail | Donald Trump News | Al Jazeera\" rel=\"nofollow\" target=\"_blank\"><\/a><div class=\"vlp-layout-zone-side\"><div class=\"vlp-block-2 vlp-link-image\"><img decoding=\"async\" src=\"https:\/\/www.aljazeera.com\/static\/media\/aj-footer-logo.bac952ad.svg\" style=\"max-width: 150px; max-height: 150px\" \/><\/div><\/div><div class=\"vlp-layout-zone-main\"><div class=\"vlp-block-0 vlp-link-title\">Wrongfully deported Kilmar Abrego Garcia released from Tennessee jail | Donald Trump News | Al Jazeera<\/div><div class=\"vlp-block-1 vlp-link-summary\">We and our 923 partners store and access personal data, like browsing data or unique identifiers, on your device. Selecting Allow all enables tracking technologies to support the purposes shown under we and our partners process data to provide. Selecting Reject all or withdrawing your consent will disable them. If trackers are disabled, some content and ads you see may not be as relevant to you. You can resurface this menu to change your choices or withdraw consent at any time by clicking the Manage preferences link on the bottom of the webpage . Your choices will have effect within our Website. For more details, refer to our Privacy Policy.To learn more, please view our Cookie Policy.<\/div><\/div><\/div>\n\n<div class=\"vlp-link-container vlp-layout-basic wp-block-visual-link-preview-link\"><a href=\"https:\/\/soundcloud.com\/user-92939733\/memphis-organizes-against-elon-musks-polluting-data-center?fbclid=IwY2xjawMWVWJleHRuA2FlbQIxMQABHlZpD6sSZCuxnarkUYFX5T60_3P94VZxlu1fDHPvrwN4zzVJF-coCuzGflKD_aem_fqyRKJMDC7jrPra_es9hFg\" class=\"vlp-link\" title=\"Memphis Black Communities Protest Elon Musk\u2019s Data Center\" rel=\"nofollow\" target=\"_blank\"><\/a><div class=\"vlp-layout-zone-side\"><div class=\"vlp-block-2 vlp-link-image\"><img decoding=\"async\" src=\"https:\/\/i1.sndcdn.com\/artworks-jbSXQ7VPf4KfT1Yl-aid8bA-t500x500.png\" style=\"max-width: 150px; max-height: 150px\" \/><\/div><\/div><div class=\"vlp-layout-zone-main\"><div class=\"vlp-block-0 vlp-link-title\">Memphis Black Communities Protest Elon Musk\u2019s Data Center<\/div><div class=\"vlp-block-1 vlp-link-summary\">Keshaun Pearson is a co-founder of Memphis Community Against Pollution (MCAP). He joins us from Memphis to discuss Elon Musk\u2019s A.I. data center, Colossus. There is great community opposition to the da<\/div><\/div><\/div>\n\n<div class=\"vlp-link-container vlp-layout-basic wp-block-visual-link-preview-link\"><a href=\"https:\/\/mondoweiss.net\/2025\/08\/power-pushback-rubio-suggests-hell-target-cair-over-palestine-advocacy\/?fbclid=IwY2xjawMWU2RleHRuA2FlbQIxMQABHiE-GD3c6s8yTDjrye1Xv_YyyogKUvyNbvWP_NGLcxRzApqv_gd24xUMc_qd_aem_ds7lu8_VRQW83nedzfg_3g\" class=\"vlp-link\" title=\"Power &amp; Pushback: Rubio suggests he\u2019ll target CAIR over Palestine advocacy\" rel=\"nofollow\" target=\"_blank\"><\/a><div class=\"vlp-layout-zone-side\"><div class=\"vlp-block-2 vlp-link-image\"><img decoding=\"async\" src=\"https:\/\/mondoweiss.net\/wp-content\/uploads\/2025\/04\/rubio_netanyahu.jpg\" style=\"max-width: 150px; max-height: 150px\" \/><\/div><\/div><div class=\"vlp-layout-zone-main\"><div class=\"vlp-block-0 vlp-link-title\">Power &amp; Pushback: Rubio suggests he\u2019ll target CAIR over Palestine advocacy<\/div><div class=\"vlp-block-1 vlp-link-summary\">In a recent radio interview, Secretary of State Marco Rubio indicated that the Trump administration is considering targeting Muslim groups like CAIR, potentially designating them as terrorist organizations.<\/div><\/div><\/div>\n\n<div class=\"vlp-link-container vlp-layout-basic wp-block-visual-link-preview-link\"><a href=\"https:\/\/www.aljazeera.com\/news\/2025\/8\/23\/north-korea-accuses-south-korean-troops-of-firing-warning-shots-near-border?utm_campaign=trueAnthem%3A+Trending+Content&amp;utm_medium=trueAnthem&amp;utm_source=facebook&amp;fbclid=IwY2xjawMWUr1leHRuA2FlbQIxMQABHrwr1ygYzSeXBBzZCBHR0rpsra7_45kr5VhXTsRZVw9neSHaiC7aBvI0-19r_aem_bfVopFSeMmhJAWW-cpB4kQ\" class=\"vlp-link\" title=\"North Korea accuses South Korean troops of firing warning shots near border | Border Disputes News | Al Jazeera\" rel=\"nofollow\" target=\"_blank\"><\/a><div class=\"vlp-layout-zone-side\"><div class=\"vlp-block-2 vlp-link-image\"><img decoding=\"async\" src=\"https:\/\/www.aljazeera.com\/static\/media\/aj-footer-logo.bac952ad.svg\" style=\"max-width: 150px; max-height: 150px\" \/><\/div><\/div><div class=\"vlp-layout-zone-main\"><div class=\"vlp-block-0 vlp-link-title\">North Korea accuses South Korean troops of firing warning shots near border | Border Disputes News | Al Jazeera<\/div><div class=\"vlp-block-1 vlp-link-summary\">We and our 923 partners store and access personal data, like browsing data or unique identifiers, on your device. Selecting Allow all enables tracking technologies to support the purposes shown under we and our partners process data to provide. Selecting Reject all or withdrawing your consent will disable them. If trackers are disabled, some content and ads you see may not be as relevant to you. You can resurface this menu to change your choices or withdraw consent at any time by clicking the Manage preferences link on the bottom of the webpage . Your choices will have effect within our Website. For more details, refer to our Privacy Policy.To learn more, please view our Cookie Policy.<\/div><\/div><\/div>\n\n<div class=\"vlp-link-container vlp-layout-basic wp-block-visual-link-preview-link\"><a href=\"https:\/\/theintercept.com\/2025\/08\/21\/ice-immigrants-wire-transfers-remittances-surveillance\/?utm_content=buffer741b6&amp;utm_medium=buffer&amp;utm_source=facebook&amp;utm_campaign=theintercept&amp;fbclid=IwY2xjawMVw9dleHRuA2FlbQIxMQBicmlkETFBNUNOYjBGb2QydjhLSmdFAR7fnsqMLFIKsNR4KD6cUH9XTDu_D_udNVXyVjhXwl6KNL6SswKFVHaCuKlY0g_aem_9cCwgXvvi_ovJuNBGKwTjw\" class=\"vlp-link\" title=\"ICE Hunts Down Immigrants by Spying on Their Wire Transfers\" rel=\"nofollow\" target=\"_blank\"><\/a><div class=\"vlp-layout-zone-side\"><div class=\"vlp-block-2 vlp-link-image\"><img decoding=\"async\" src=\"https:\/\/theintercept.com\/wp-content\/uploads\/2025\/08\/AP25212487724541-e1755785949359.jpg?fit=3000%2C1500&amp;w=1200&amp;h=800\" style=\"max-width: 150px; max-height: 150px\" \/><\/div><\/div><div class=\"vlp-layout-zone-main\"><div class=\"vlp-block-0 vlp-link-title\">ICE Hunts Down Immigrants by Spying on Their Wire Transfers<\/div><div class=\"vlp-block-1 vlp-link-summary\">Investigators traced the remittances an immigrant was sending from Hawaii to Mexico to figure out his location.<\/div><\/div><\/div>\n\n<div class=\"vlp-link-container vlp-layout-basic wp-block-visual-link-preview-link\"><a href=\"https:\/\/www.middleeasteye.net\/news\/turkey-bar-israel-linked-ships-after-hague-group-pledge?utm_source=facebook&amp;utm_medium=social&amp;utm_campaign=Social_Traffic&amp;utm_content=ap_rinl0jxenm\" class=\"vlp-link\" title=\"Turkey bars Israel-linked ships after Hague Group pledge\" rel=\"nofollow\" target=\"_blank\"><\/a><div class=\"vlp-layout-zone-side\"><div class=\"vlp-block-2 vlp-link-image\"><img decoding=\"async\" src=\"https:\/\/www.middleeasteye.net\/sites\/default\/files\/images-story\/ship%20istanbul%20turkey%20afp.jpg\" style=\"max-width: 150px; max-height: 150px\" \/><\/div><\/div><div class=\"vlp-layout-zone-main\"><div class=\"vlp-block-0 vlp-link-title\">Turkey bars Israel-linked ships after Hague Group pledge<\/div><div class=\"vlp-block-1 vlp-link-summary\">Ankara also restricts Turkish ships from visiting Israeli ports after signing the Bogota declaration<\/div><\/div><\/div>\n\n<div class=\"vlp-link-container vlp-layout-basic wp-block-visual-link-preview-link\"><a href=\"https:\/\/www.youtube.com\/live\/3IV6SMZCvc4?si=TZ1BOPI78_1UE1gQ\" class=\"vlp-link\" title=\"#BuildAndFight Formula 7: Self-Defense\" rel=\"nofollow\" target=\"_blank\"><\/a><div class=\"vlp-layout-zone-side\"><div class=\"vlp-block-2 vlp-link-image\"><img decoding=\"async\" src=\"https:\/\/i.ytimg.com\/vi\/3IV6SMZCvc4\/maxresdefault.jpg\" style=\"max-width: 150px; max-height: 150px\" \/><\/div><\/div><div class=\"vlp-layout-zone-main\"><div class=\"vlp-block-0 vlp-link-title\">#BuildAndFight Formula 7: Self-Defense<\/div><div class=\"vlp-block-1 vlp-link-summary\">#BuildAndFight Formula 7: Self-DefenseThe Build and Fight Formula is a program for the radical transformation of society. Kali Akuno, Co-founder and Executiv\u2026<\/div><\/div><\/div>\n\n<div class=\"vlp-link-container vlp-layout-basic wp-block-visual-link-preview-link\"><a href=\"https:\/\/theintercept.com\/2025\/08\/18\/ice-children-hotel-detention-nyc-deported\/?fbclid=IwY2xjawMVxtBleHRuA2FlbQIxMQABHlEBmYVcgRwjFkR5tBzr4dAKr5QeNjAfuAOE8TTRJyMji3-p-BxqFi0y_fYT_aem_vQTkLLmSr4aYj65rZotEug\" class=\"vlp-link\" title=\"ICE Held an NYC Child Incommunicado at Secret Hotels, Then Deported Him\" rel=\"nofollow\" target=\"_blank\"><\/a><div class=\"vlp-layout-zone-side\"><div class=\"vlp-block-2 vlp-link-image\"><img decoding=\"async\" src=\"https:\/\/theintercept.com\/wp-content\/uploads\/2025\/08\/GettyImages-2230132283-e1755439700872.jpeg?fit=6000%2C3000&amp;w=1200&amp;h=800\" style=\"max-width: 150px; max-height: 150px\" \/><\/div><\/div><div class=\"vlp-layout-zone-main\"><div class=\"vlp-block-0 vlp-link-title\">ICE Held an NYC Child Incommunicado at Secret Hotels, Then Deported Him<\/div><div class=\"vlp-block-1 vlp-link-summary\">ICE arrested a New York high school student at a regular check-in, then whisked him to private hotels and isolated him until he was deported.<\/div><\/div><\/div>\n\n<div class=\"vlp-link-container vlp-layout-basic wp-block-visual-link-preview-link\"><a href=\"https:\/\/mondoweiss.net\/2025\/08\/the-western-media-is-complicit-in-israels-murder-of-palestinian-journalist-anas-al-sharif\/?fbclid=IwY2xjawMVxRhleHRuA2FlbQIxMQABHkAHJ7_NVZTz-qnYqlzNAUl_Q4_YxaS4g2iKGqlvGHL3PBwi0y1_jNU5k5O2_aem__gM6NBt_2I4yzRbcrnk3eg\" class=\"vlp-link\" title=\"The Western media is complicit in Israel\u2019s murder of Palestinian journalist Anas al-Sharif\" rel=\"nofollow\" target=\"_blank\"><\/a><div class=\"vlp-layout-zone-side\"><div class=\"vlp-block-2 vlp-link-image\"><img decoding=\"async\" src=\"https:\/\/mondoweiss.net\/wp-content\/uploads\/2025\/08\/110825_Gaza_OSH_3_0011.jpg\" style=\"max-width: 150px; max-height: 150px\" \/><\/div><\/div><div class=\"vlp-layout-zone-main\"><div class=\"vlp-block-0 vlp-link-title\">The Western media is complicit in Israel\u2019s murder of Palestinian journalist Anas al-Sharif<\/div><div class=\"vlp-block-1 vlp-link-summary\">Israel murdered Anas al-Sharif and his colleagues because genocide can only proceed without witnesses. Western media outlets have failed to condemn the systematic murder of Palestinian journalists, and in the process have become accomplices.<\/div><\/div><\/div>\n\n<div class=\"vlp-link-container vlp-layout-basic wp-block-visual-link-preview-link\"><a href=\"https:\/\/www.middleeasteye.net\/opinion\/gaza-genocide-risks-becoming-model-muslims-targeted-globally?utm_source=facebook&amp;utm_medium=social&amp;utm_campaign=Social_Traffic&amp;utm_content=ap_h8hmygrc1c\" class=\"vlp-link\" title=\"Why the Gaza genocide risks becoming a model for targeting Muslims worldwide\" rel=\"nofollow\" target=\"_blank\"><\/a><div class=\"vlp-layout-zone-side\"><div class=\"vlp-block-2 vlp-link-image\"><img decoding=\"async\" src=\"https:\/\/www.middleeasteye.net\/sites\/default\/files\/images-story\/000_69983TK(1).jpg\" style=\"max-width: 150px; max-height: 150px\" \/><\/div><\/div><div class=\"vlp-layout-zone-main\"><div class=\"vlp-block-0 vlp-link-title\">Why the Gaza genocide risks becoming a model for targeting Muslims worldwide<\/div><div class=\"vlp-block-1 vlp-link-summary\">For decades, Palestine has been a key site where techniques of population control and elimination are forged and\u00a0exported across the world<\/div><\/div><\/div>\n\n<div class=\"vlp-link-container vlp-layout-basic wp-block-visual-link-preview-link\"><a href=\"https:\/\/mondoweiss.net\/2025\/08\/united-methodist-church-divests-from-israel-bonds\/?fbclid=IwY2xjawMVxFtleHRuA2FlbQIxMQABHojrcF64cly2P6MWh84SYiXZr1z7BGGoKUyhd-NK08mclKKX32dcatUzQnJl_aem_ViJlxRAF-IQUt7_Lg-rXAA\" class=\"vlp-link\" title=\"United Methodist Church divests from Israel\" rel=\"nofollow\" target=\"_blank\"><\/a><div class=\"vlp-layout-zone-side\"><div class=\"vlp-block-2 vlp-link-image\"><img decoding=\"async\" src=\"https:\/\/mondoweiss.net\/wp-content\/uploads\/2024\/05\/53689952323_c341a52b3f_k.jpg\" style=\"max-width: 150px; max-height: 150px\" \/><\/div><\/div><div class=\"vlp-layout-zone-main\"><div class=\"vlp-block-0 vlp-link-title\">United Methodist Church divests from Israel<\/div><div class=\"vlp-block-1 vlp-link-summary\">The United Methodist Church (UMC) will divest from Israel bonds and from other governments maintaining illegal military occupations, making it the first church in the world to make such a pledge.<\/div><\/div><\/div>\n\n<div class=\"vlp-link-container vlp-layout-basic wp-block-visual-link-preview-link\"><a href=\"https:\/\/www.middleeasteye.net\/news\/israel-bombards-gaza-deir-al-balah-die-starvation?utm_source=facebook&amp;utm_medium=social&amp;utm_campaign=Social_Traffic&amp;utm_content=ap_3w2cdvfce5\" class=\"vlp-link\" title=\"Israel bombards Gaza\u2019s Deir al-Balah as 18 die from starvation\" rel=\"nofollow\" target=\"_blank\"><\/a><div class=\"vlp-layout-zone-side\"><div class=\"vlp-block-2 vlp-link-image\"><img decoding=\"async\" src=\"https:\/\/www.middleeasteye.net\/sites\/default\/files\/images-story\/GAZA_STRIKE_REUTERS.JPG\" style=\"max-width: 150px; max-height: 150px\" \/><\/div><\/div><div class=\"vlp-layout-zone-main\"><div class=\"vlp-block-0 vlp-link-title\">Israel bombards Gaza\u2019s Deir al-Balah as 18 die from starvation<\/div><div class=\"vlp-block-1 vlp-link-summary\">Widespread hunger reaches critical levels as Israel expands attacks to central Gaza<\/div><\/div><\/div>\n\n<div class=\"vlp-link-container vlp-layout-basic wp-block-visual-link-preview-link\"><a href=\"https:\/\/www.democracycollaborative.org\/tracking-the-crisis\/epstein\" class=\"vlp-link\" title=\"Epstein \u2014 The Democracy Collaborative\" rel=\"nofollow\" target=\"_blank\"><\/a><div class=\"vlp-layout-zone-side\"><div class=\"vlp-block-2 vlp-link-image\"><img decoding=\"async\" src=\"http:\/\/static1.squarespace.com\/static\/668c154d4d09237bebbb257a\/t\/687ac1ce22913208288fcde9\/1752875470392\/GettyImages-2194451381-2.jpg?format=1500w\" style=\"max-width: 150px; max-height: 150px\" \/><\/div><\/div><div class=\"vlp-layout-zone-main\"><div class=\"vlp-block-0 vlp-link-title\">Epstein \u2014 The Democracy Collaborative<\/div><div class=\"vlp-block-1 vlp-link-summary\">Week of July 11-17, 2025<\/div><\/div><\/div>\n\n<div class=\"vlp-link-container vlp-layout-basic wp-block-visual-link-preview-link\"><a href=\"https:\/\/youtu.be\/r6MzrXuadAY?si=UtMEFqiL0OKacciU\" class=\"vlp-link\" title=\"Why Trump Can\u2019t Shake Jeffrey Epstein | The Ezra Klein Show\" rel=\"nofollow\" target=\"_blank\"><\/a><div class=\"vlp-layout-zone-side\"><div class=\"vlp-block-2 vlp-link-image\"><img decoding=\"async\" src=\"https:\/\/i.ytimg.com\/vi\/r6MzrXuadAY\/maxresdefault.jpg\" style=\"max-width: 150px; max-height: 150px\" \/><\/div><\/div><div class=\"vlp-layout-zone-main\"><div class=\"vlp-block-0 vlp-link-title\">Why Trump Can\u2019t Shake Jeffrey Epstein | The Ezra Klein Show<\/div><div class=\"vlp-block-1 vlp-link-summary\">MAGA has been infighting over the Jeffrey Epstein files. And that\u2019s because the conspiracy theories around Epstein hit at the very core of MAGA\u2019s whole world\u2026<\/div><\/div><\/div>\n\n<div class=\"vlp-link-container vlp-layout-basic wp-block-visual-link-preview-link\"><a href=\"https:\/\/mondoweiss.net\/2025\/07\/scenes-from-the-end-of-zionism-reflections-on-the-jewish-anti-zionist-congress-in-vienna\/?fbclid=IwY2xjawLrC4pleHRuA2FlbQIxMQABHgqKh3yDNGKscd9pspFs3LUgGnEWneknMMRZflfpHK_099OA4xOUs2ZzQybu_aem_8KrKKPwQiAoheZd97kbS4Q\" class=\"vlp-link\" title=\"Scenes from the end of Zionism: Reflections on the Jewish Anti-Zionist Congress in Vienna\" rel=\"nofollow\" target=\"_blank\"><\/a><div class=\"vlp-layout-zone-side\"><div class=\"vlp-block-2 vlp-link-image\"><img decoding=\"async\" src=\"https:\/\/mondoweiss.net\/wp-content\/uploads\/2025\/07\/IMG20250613105856-scaled.jpg\" style=\"max-width: 150px; max-height: 150px\" \/><\/div><\/div><div class=\"vlp-layout-zone-main\"><div class=\"vlp-block-0 vlp-link-title\">Scenes from the end of Zionism: Reflections on the Jewish Anti-Zionist Congress in Vienna<\/div><div class=\"vlp-block-1 vlp-link-summary\">The first Jewish Anti-Zionist Congress, which drew 1,000 anti-Zionist Jews and their allies to Vienna, marked a significant moment in the rising tide against the settler-colonial state of Israel.<\/div><\/div><\/div>\n\n<div class=\"vlp-link-container vlp-layout-basic wp-block-visual-link-preview-link\"><a href=\"https:\/\/youtu.be\/6t6bAMF-9J0?si=E4Oyf4me7s07ejha\" class=\"vlp-link\" title=\"SINNERS and the Art of Social Investigation\" rel=\"nofollow\" target=\"_blank\"><\/a><div class=\"vlp-layout-zone-side\"><div class=\"vlp-block-2 vlp-link-image\"><img decoding=\"async\" src=\"https:\/\/i.ytimg.com\/vi\/6t6bAMF-9J0\/maxresdefault.jpg\" style=\"max-width: 150px; max-height: 150px\" \/><\/div><\/div><div class=\"vlp-layout-zone-main\"><div class=\"vlp-block-0 vlp-link-title\">SINNERS and the Art of Social Investigation<\/div><div class=\"vlp-block-1 vlp-link-summary\">Rob and James talk about \u201cSinners\u201d (2025), directed by Ryan Coogler and staring Michael B. Jordan. #film #christianity #capitalism<\/div><\/div><\/div>\n\n<div class=\"vlp-link-container vlp-layout-basic wp-block-visual-link-preview-link\"><a href=\"https:\/\/soundcloud.com\/mrdaveyd\/hkr-07-18-25-kamau-franklin?si=9e51d853769b4f47adbc36e318463e4d&amp;utm_source=mobi&amp;utm_medium=text&amp;utm_campaign=social_sharing\" class=\"vlp-link\" title=\"HKR-07-18-25 Kamau Franklin Speaks on the No Cop City Movement\" rel=\"nofollow\" target=\"_blank\"><\/a><div class=\"vlp-layout-zone-side\"><div class=\"vlp-block-2 vlp-link-image\"><img decoding=\"async\" src=\"https:\/\/i1.sndcdn.com\/artworks-AJ0PY4qJMxZDxNW5-6pGDtg-t500x500.png\" style=\"max-width: 150px; max-height: 150px\" \/><\/div><\/div><div class=\"vlp-layout-zone-main\"><div class=\"vlp-block-0 vlp-link-title\">HKR-07-18-25 Kamau Franklin Speaks on the No Cop City Movement<\/div><div class=\"vlp-block-1 vlp-link-summary\">(HKR-07-17-25)<br \/>\nKamau Franklin on Cop City, Black Misleadership, and the Fight for Real Power On this edition of Hard Knock Radio, host Davey D sits down with Kamau Franklin\u2014organizer, lawyer, and co-<\/div><\/div><\/div>\n\n<div class=\"vlp-link-container vlp-layout-basic wp-block-visual-link-preview-link\"><a href=\"https:\/\/theintercept.com\/2025\/07\/19\/lone-soldiers-israel-gaza-idf\/?fbclid=IwY2xjawLrCnJleHRuA2FlbQIxMABicmlkETFKRU5wMEJHOFFyWG5vaU0zAR6fQRv62PNyMczGpoDomjVg01GOQy9Ct5PuFrr3aYtvF0GyK4rp-EV9MCWo2g_aem_m-vlR2ZCMZC0NgGSfrKtjg\" class=\"vlp-link\" title=\"U.S. Nonprofits Funnel Millions to Israeli Army Volunteers\" rel=\"nofollow\" target=\"_blank\"><\/a><div class=\"vlp-layout-zone-side\"><div class=\"vlp-block-2 vlp-link-image\"><img decoding=\"async\" src=\"https:\/\/theintercept.com\/wp-content\/uploads\/2025\/07\/IDF-lone-soldiers2.jpg?fit=2000%2C1000&amp;w=1200&amp;h=800\" style=\"max-width: 150px; max-height: 150px\" \/><\/div><\/div><div class=\"vlp-layout-zone-main\"><div class=\"vlp-block-0 vlp-link-title\">U.S. Nonprofits Funnel Millions to Israeli Army Volunteers<\/div><div class=\"vlp-block-1 vlp-link-summary\">Lone soldier programs recruit American teens to provide reinforcements to the Israeli military during its ongoing genocide in Gaza.<\/div><\/div><\/div>\n\n<div class=\"vlp-link-container vlp-layout-basic wp-block-visual-link-preview-link\"><a href=\"https:\/\/youtu.be\/cmI4i-WHxt4?si=heN3w4C3f-EftiZz\" class=\"vlp-link\" title=\"When You Can\u2019t Deny Climate Change Anymore, Just Defund the Weather Service\" rel=\"nofollow\" target=\"_blank\"><\/a><div class=\"vlp-layout-zone-side\"><div class=\"vlp-block-2 vlp-link-image\"><img decoding=\"async\" src=\"https:\/\/i.ytimg.com\/vi\/cmI4i-WHxt4\/maxresdefault.jpg\" style=\"max-width: 150px; max-height: 150px\" \/><\/div><\/div><div class=\"vlp-layout-zone-main\"><div class=\"vlp-block-0 vlp-link-title\">When You Can\u2019t Deny Climate Change Anymore, Just Defund the Weather Service<\/div><div class=\"vlp-block-1 vlp-link-summary\">Aru Shiney-Ajay, Executive Director of the Sunrise Movement, joins the show to discuss the devastating flash floods in Central Texas that have killed at leas\u2026<\/div><\/div><\/div>\n\n<div class=\"vlp-link-container vlp-layout-basic wp-block-visual-link-preview-link\"><a href=\"https:\/\/soundcloud.com\/user-92939733\/haitian-communities-devastated-by-efforts-to-end-temporary-protective-status?fbclid=IwY2xjawLfcDhleHRuA2FlbQIxMQABHv8VkU0yLvFqMPB2eXzLydoEY36C_2tUrv_J7lVpoaOcgAyIo6jN8ERyuckT_aem_Uv62Mwp2rgGSuImX1JBpYw\" class=\"vlp-link\" title=\"Haitian Communities Devastated by Efforts to End Temporary Protective Status\" rel=\"nofollow\" target=\"_blank\"><\/a><div class=\"vlp-layout-zone-side\"><div class=\"vlp-block-2 vlp-link-image\"><img decoding=\"async\" src=\"https:\/\/i1.sndcdn.com\/artworks-FWqPUPnbm7yOQVEE-bjdCzg-t1080x1080.png\" style=\"max-width: 150px; max-height: 150px\" \/><\/div><\/div><div class=\"vlp-layout-zone-main\"><div class=\"vlp-block-0 vlp-link-title\">Haitian Communities Devastated by Efforts to End Temporary Protective Status<\/div><div class=\"vlp-block-1 vlp-link-summary\">Stream Haitian Communities Devastated by Efforts to End Temporary Protective Status by Black Agenda Radio on desktop and mobile. Play over 320 million tracks for free on SoundCloud.<\/div><\/div><\/div>\n\n<div class=\"vlp-link-container vlp-layout-basic wp-block-visual-link-preview-link\"><a href=\"https:\/\/www.middleeasteye.net\/news\/pkk-fighters-burn-weapons-landmark-disarmament-ceremony?utm_source=facebook&amp;utm_medium=social&amp;utm_campaign=Social_Traffic&amp;utm_content=ap_uticoj5jfn\" class=\"vlp-link\" title=\"PKK fighters burn weapons in landmark disarmament ceremony\" rel=\"nofollow\" target=\"_blank\"><\/a><div class=\"vlp-layout-zone-side\"><div class=\"vlp-block-2 vlp-link-image\"><img decoding=\"async\" src=\"https:\/\/www.middleeasteye.net\/sites\/default\/files\/images-story\/pkk-disarm-iraq-11-7-2025-afp.jpg\" style=\"max-width: 150px; max-height: 150px\" \/><\/div><\/div><div class=\"vlp-layout-zone-main\"><div class=\"vlp-block-0 vlp-link-title\">PKK fighters burn weapons in landmark disarmament ceremony<\/div><div class=\"vlp-block-1 vlp-link-summary\">Kurds attending the event in Iraq welcomed the event as the first step towards peace and freedom<\/div><\/div><\/div>\n\n<div class=\"vlp-link-container vlp-layout-basic wp-block-visual-link-preview-link\"><a href=\"https:\/\/theintercept.com\/2025\/07\/12\/ice-neighborhood-watch-la\/?fbclid=IwY2xjawLfaYdleHRuA2FlbQIxMQABHmaJoyPpAQF3J1Ax7wTCQj6ev-kjJDGTTpfFlZVCOBReSYLtjq8adupz1PoM_aem_J1W02OxlNoUT0-7eEZRVTQ\" class=\"vlp-link\" title=\"What To Do When You See ICE in Your Neighborhood\" rel=\"nofollow\" target=\"_blank\"><\/a><div class=\"vlp-layout-zone-side\"><div class=\"vlp-block-2 vlp-link-image\"><img decoding=\"async\" src=\"https:\/\/theintercept.com\/wp-content\/uploads\/2025\/07\/GettyImages-2223410160.jpg?fit=7792%2C5200&amp;w=1200&amp;h=800\" style=\"max-width: 150px; max-height: 150px\" \/><\/div><\/div><div class=\"vlp-layout-zone-main\"><div class=\"vlp-block-0 vlp-link-title\">What To Do When You See ICE in Your Neighborhood<\/div><div class=\"vlp-block-1 vlp-link-summary\">How can you deter the Trump administration\u2019s immigrant deportation machine when it pops up in your community? Follow these steps.<\/div><\/div><\/div>\n\n<div class=\"vlp-link-container vlp-layout-basic wp-block-visual-link-preview-link\"><a href=\"https:\/\/www.middleeasteye.net\/news\/israeli-settlers-beat-palestinian-american-death-kill-another-west-bank?utm_source=facebook&amp;utm_medium=social&amp;utm_campaign=Social_Traffic&amp;utm_content=ap_01gvzo94av\" class=\"vlp-link\" title=\"Israeli settlers beat Palestinian-American to death, fatally shoot another\" rel=\"nofollow\" target=\"_blank\"><\/a><div class=\"vlp-layout-zone-side\"><div class=\"vlp-block-2 vlp-link-image\"><img decoding=\"async\" src=\"https:\/\/www.middleeasteye.net\/sites\/default\/files\/images-story\/masallat.jpg\" style=\"max-width: 150px; max-height: 150px\" \/><\/div><\/div><div class=\"vlp-layout-zone-main\"><div class=\"vlp-block-0 vlp-link-title\">Israeli settlers beat Palestinian-American to death, fatally shoot another<\/div><div class=\"vlp-block-1 vlp-link-summary\">In latest assault, settlers beat a young man and block ambulances from reaching him, then shoot another and leave his body in the bushes<\/div><\/div><\/div>\n\n<div class=\"vlp-link-container vlp-layout-basic wp-block-visual-link-preview-link\"><a href=\"https:\/\/www.democracycollaborative.org\/tracking-the-crisis\/floods\" class=\"vlp-link\" title=\"Floods \u2014 The Democracy Collaborative\" rel=\"nofollow\" target=\"_blank\"><\/a><div class=\"vlp-layout-zone-side\"><div class=\"vlp-block-2 vlp-link-image\"><img decoding=\"async\" src=\"http:\/\/static1.squarespace.com\/static\/668c154d4d09237bebbb257a\/t\/687182046588572799f2a775\/1752269316875\/GettyImages-2194451381-2.jpg?format=1500w\" style=\"max-width: 150px; max-height: 150px\" \/><\/div><\/div><div class=\"vlp-layout-zone-main\"><div class=\"vlp-block-0 vlp-link-title\">Floods \u2014 The Democracy Collaborative<\/div><div class=\"vlp-block-1 vlp-link-summary\">Week of July 4-10, 2025<\/div><\/div><\/div>\n\n<div class=\"vlp-link-container vlp-layout-basic wp-block-visual-link-preview-link\"><a href=\"https:\/\/www.middleeasteye.net\/news\/protesters-prepare-defy-ban-shows-support-palestine-action\" class=\"vlp-link\" title=\"UK: Protesters prepare to defy Palestine Action ban in shows of support\" rel=\"nofollow\" target=\"_blank\"><\/a><div class=\"vlp-layout-zone-side\"><div class=\"vlp-block-2 vlp-link-image\"><img decoding=\"async\" src=\"https:\/\/www.middleeasteye.net\/sites\/default\/files\/images-story\/Supporters%20of%20pro-Palestinian%20campaign%20organisation%20Palestine%20Action%20demonstrate%20outside%20London%27s%20High%20Court%20in%20London%2C%20Britain%2C%20July%204%2C%202025.jpg\" style=\"max-width: 150px; max-height: 150px\" \/><\/div><\/div><div class=\"vlp-layout-zone-main\"><div class=\"vlp-block-0 vlp-link-title\">UK: Protesters prepare to defy Palestine Action ban in shows of support<\/div><div class=\"vlp-block-1 vlp-link-summary\">Police have arrested 110 people for supporting the group since it was proscribed on 4 July<\/div><\/div><\/div>\n\n<div class=\"vlp-link-container vlp-layout-basic wp-block-visual-link-preview-link\"><a href=\"https:\/\/mondoweiss.net\/2025\/07\/israels-plan-to-build-gaza-concentration-camps-was-rolled-out-months-ago\/?fbclid=IwY2xjawLfb1hleHRuA2FlbQIxMQABHkuunR2lf-nPWgYtTkwxCDcMqqGejP2C2YVb_-VHe78mjfQNgS258jgSGFBD_aem_rWCuYJ-leqNEmm5PhstlxA\" class=\"vlp-link\" title=\"Israel\u2019s plan to build Gaza \u2018concentration camps\u2019 was rolled out months ago\" rel=\"nofollow\" target=\"_blank\"><\/a><div class=\"vlp-layout-zone-side\"><div class=\"vlp-block-2 vlp-link-image\"><img decoding=\"async\" src=\"https:\/\/mondoweiss.net\/wp-content\/uploads\/2025\/07\/080625_Bureij_MS_0013-scaled.jpg\" style=\"max-width: 150px; max-height: 150px\" \/><\/div><\/div><div class=\"vlp-layout-zone-main\"><div class=\"vlp-block-0 vlp-link-title\">Israel\u2019s plan to build Gaza \u2018concentration camps\u2019 was rolled out months ago<\/div><div class=\"vlp-block-1 vlp-link-summary\">A recent announcement that Israel intends to \u201cconcentrate\u201d Gaza\u2019s population into camps built on Rafah\u2019s ruins before forcibly displacing them has elicited international condemnation. But Israel has already been rolling out this plan for months.<\/div><\/div><\/div>\n\n<div class=\"vlp-link-container vlp-layout-basic wp-block-visual-link-preview-link\"><a href=\"https:\/\/www.theguardian.com\/us-news\/2025\/jul\/09\/israel-gaza-war-un-sanctions\" class=\"vlp-link\" title=\"US issues sanctions against UN official investigating abuses in Gaza\" rel=\"nofollow\" target=\"_blank\"><\/a><div class=\"vlp-layout-zone-side\"><div class=\"vlp-block-2 vlp-link-image\"><img decoding=\"async\" src=\"https:\/\/i.guim.co.uk\/img\/media\/5f14afd8f95dec074ddc5f52f32ac0898c0ad3bd\/683_0_6827_5464\/master\/6827.jpg?width=1200&amp;height=630&amp;quality=85&amp;auto=format&amp;fit=crop&amp;overlay-align=bottom%2Cleft&amp;overlay-width=100p&amp;overlay-base64=L2ltZy9zdGF0aWMvb3ZlcmxheXMvdGctZGVmYXVsdC5wbmc&amp;enable=upscale&amp;s=b85e6ac058a7400482245dd9b6edeab1\" style=\"max-width: 150px; max-height: 150px\" \/><\/div><\/div><div class=\"vlp-layout-zone-main\"><div class=\"vlp-block-0 vlp-link-title\">US issues sanctions against UN official investigating abuses in Gaza<\/div><div class=\"vlp-block-1 vlp-link-summary\">Trump administration imposes sanctions on independent investigator in latest action against critics of Israel\u2019s war<\/div><\/div><\/div>\n\n<div class=\"vlp-link-container vlp-layout-basic wp-block-visual-link-preview-link\"><a href=\"https:\/\/theintercept.com\/2025\/07\/10\/corecivic-trump-big-beautiful-bill\/?fbclid=IwY2xjawLfcl5leHRuA2FlbQIxMQABHg_540G8AloCV6lnaCEgg3redQyMFWSOHjbr8W22VLtMzxrl2m4a0y8cqP8K_aem_aevZNNkbXnU3cl5DJald9A\" class=\"vlp-link\" title=\"The Private Prison Industry Looks Forward to Soaring Profits Thanks to Trump\u2019s Budget\" rel=\"nofollow\" target=\"_blank\"><\/a><div class=\"vlp-layout-zone-side\"><div class=\"vlp-block-2 vlp-link-image\"><img decoding=\"async\" src=\"https:\/\/theintercept.com\/wp-content\/uploads\/2025\/07\/GettyImages-2197671363-e1752093648460.jpg?fit=6048%2C3024&amp;w=1200&amp;h=800\" style=\"max-width: 150px; max-height: 150px\" \/><\/div><\/div><div class=\"vlp-layout-zone-main\"><div class=\"vlp-block-0 vlp-link-title\">The Private Prison Industry Looks Forward to Soaring Profits Thanks to Trump\u2019s Budget<\/div><div class=\"vlp-block-1 vlp-link-summary\">The $45 billion for immigration detention in the \u201cBig, Beautiful Bill\u201d represented a long-sought win for private prisons.<\/div><\/div><\/div>\n\n<div class=\"vlp-link-container vlp-layout-basic wp-block-visual-link-preview-link\"><a href=\"https:\/\/theintercept.com\/2025\/07\/09\/pro-israel-professor-shai-davidai-leaving-columbia\/?fbclid=IwY2xjawLcgdBleHRuA2FlbQIxMABicmlkETE2SUJ4T0tXeERKOVhwb1BIAR642I_R1a0yypz8XodgRb1GoOxEJhZORYwLSRGcPkFYxfa0ecsj4QvM1fMfeg_aem_zbstqer5MPB6u_titWSLWw\" class=\"vlp-link\" title=\"Pro-Israel Professor Shai Davidai Is Leaving Columbia\" rel=\"nofollow\" target=\"_blank\"><\/a><div class=\"vlp-layout-zone-side\"><div class=\"vlp-block-2 vlp-link-image\"><img decoding=\"async\" src=\"https:\/\/theintercept.com\/wp-content\/uploads\/2025\/07\/GettyImages-2177174354-e1752081013876.jpg?fit=5392%2C2696&amp;w=1200&amp;h=800\" style=\"max-width: 150px; max-height: 150px\" \/><\/div><\/div><div class=\"vlp-layout-zone-main\"><div class=\"vlp-block-0 vlp-link-title\">Pro-Israel Professor Shai Davidai Is Leaving Columbia<\/div><div class=\"vlp-block-1 vlp-link-summary\">Davidai posted that he had been cleared of allegations filed against him last year. He was previously suspended after he was accused of harassment and intimidation.<\/div><\/div><\/div>\n\n<div class=\"vlp-link-container vlp-layout-basic wp-block-visual-link-preview-link\"><a href=\"https:\/\/www.aljazeera.com\/news\/2025\/7\/9\/at-least-31-dead-532-arrested-in-kenyas-antigovernment-protests?utm_campaign=trueAnthem%3A+Trending+Content&amp;utm_medium=trueAnthem&amp;utm_source=facebook&amp;fbclid=IwY2xjawLcgYtleHRuA2FlbQIxMQBicmlkETFieU9xM3FsbjRXdUNucENjAR4ggtCsd_dieSlAFgx6Y5ih7YL-i5d7rjWnNmnL9ODehkgn2l4vtTCWZDytpg_aem_q8uh7Cl5wm43Dkc7YoR_nA\" class=\"vlp-link\" title=\"At least 31 dead, 532 arrested in Kenya\u2019s antigovernment protests | Protests News | Al Jazeera\" rel=\"nofollow\" target=\"_blank\"><\/a><div class=\"vlp-layout-zone-side\"><div class=\"vlp-block-2 vlp-link-image\"><img decoding=\"async\" src=\"https:\/\/www.aljazeera.com\/static\/media\/aj-footer-logo.bac952ad.svg\" style=\"max-width: 150px; max-height: 150px\" \/><\/div><\/div><div class=\"vlp-layout-zone-main\"><div class=\"vlp-block-0 vlp-link-title\">At least 31 dead, 532 arrested in Kenya\u2019s antigovernment protests | Protests News | Al Jazeera<\/div><div class=\"vlp-block-1 vlp-link-summary\">We and our 911 partners store and access personal data, like browsing data or unique identifiers, on your device. Selecting Allow all enables tracking technologies to support the purposes shown under we and our partners process data to provide. Selecting Reject all or withdrawing your consent will disable them. If trackers are disabled, some content and ads you see may not be as relevant to you. You can resurface this menu to change your choices or withdraw consent at any time by clicking the Manage preferences link on the bottom of the webpage . Your choices will have effect within our Website. For more details, refer to our Privacy Policy.To learn more, please view our Cookie Policy.<\/div><\/div><\/div>\n\n<div class=\"vlp-link-container vlp-layout-basic wp-block-visual-link-preview-link\"><a href=\"https:\/\/www.youtube.com\/live\/TOOrym6JALo?si=H31xwWfsyqswcOv4\" class=\"vlp-link\" title=\"#BuildAndFight: Part 6 with Kali Akuno\" rel=\"nofollow\" target=\"_blank\"><\/a><div class=\"vlp-layout-zone-side\"><div class=\"vlp-block-2 vlp-link-image\"><img decoding=\"async\" src=\"https:\/\/i.ytimg.com\/vi\/TOOrym6JALo\/maxresdefault.jpg?v=685294b4\" style=\"max-width: 150px; max-height: 150px\" \/><\/div><\/div><div class=\"vlp-layout-zone-main\"><div class=\"vlp-block-0 vlp-link-title\">#BuildAndFight: Part 6 with Kali Akuno<\/div><div class=\"vlp-block-1 vlp-link-summary\">Social Digital InfrastructureThe Build and Fight Formula is a program for the radical transformation of society. Kali Akuno, Co-founder and Executive Directo\u2026<\/div><\/div><\/div>\n\n<div class=\"vlp-link-container vlp-layout-basic wp-block-visual-link-preview-link\"><a href=\"https:\/\/www.youtube.com\/live\/CnHCFC4F3FM?si=Vjr7IPUF2DbLu_Ty\" class=\"vlp-link\" title=\"#BuildAndFight: Part 5 with Kali Akuno\" rel=\"nofollow\" target=\"_blank\"><\/a><div class=\"vlp-layout-zone-side\"><div class=\"vlp-block-2 vlp-link-image\"><img decoding=\"async\" src=\"https:\/\/i.ytimg.com\/vi\/CnHCFC4F3FM\/maxresdefault.jpg\" style=\"max-width: 150px; max-height: 150px\" \/><\/div><\/div><div class=\"vlp-layout-zone-main\"><div class=\"vlp-block-0 vlp-link-title\">#BuildAndFight: Part 5 with Kali Akuno<\/div><div class=\"vlp-block-1 vlp-link-summary\">Community ProductionThe Build and Fight Formula is a program for the radical transformation of society. Kali Akuno, Co-founder and Executive Director of Miss\u2026<\/div><\/div><\/div>\n\n<div class=\"vlp-link-container vlp-layout-basic wp-block-visual-link-preview-link\"><a href=\"https:\/\/youtu.be\/cZO1B4fZlOw?si=v1RR3oc4s6sxX4fK\" class=\"vlp-link\" title=\"How The Attention Economy is Devouring Gen Z | The Ezra Klein Show\" rel=\"nofollow\" target=\"_blank\"><\/a><div class=\"vlp-layout-zone-side\"><div class=\"vlp-block-2 vlp-link-image\"><img decoding=\"async\" src=\"https:\/\/i.ytimg.com\/vi\/cZO1B4fZlOw\/maxresdefault.jpg\" style=\"max-width: 150px; max-height: 150px\" \/><\/div><\/div><div class=\"vlp-layout-zone-main\"><div class=\"vlp-block-0 vlp-link-title\">How The Attention Economy is Devouring Gen Z | The Ezra Klein Show<\/div><div class=\"vlp-block-1 vlp-link-summary\">Donald Trump and Zohran Mamdani are both proof of how the ability to capture attention is power. And the attention economy isn\u2019t reshaping just politics; it\u2019\u2026<\/div><\/div><\/div>\n\n<div class=\"vlp-link-container vlp-layout-basic wp-block-visual-link-preview-link\"><a href=\"https:\/\/www.vox.com\/climate\/419017\/central-texas-floods-early-warning-flash-flood-alley?fbclid=IwY2xjawLan3lleHRuA2FlbQIxMQBicmlkETFkUnkxYzEyZ1pzTjF4Q0oyAR7P5I6hLxqSxEQNVnhBF1L5PLeg-3JVdwaX0d6eAaUF6i6UqY6ZW0TkdRAgGg_aem_3fCHr9NtrV8WzxvtfvQtxg\" class=\"vlp-link\" title=\"Why were the central Texas floods so deadly?\" rel=\"nofollow\" target=\"_blank\"><\/a><div class=\"vlp-layout-zone-side\"><div class=\"vlp-block-2 vlp-link-image\"><img decoding=\"async\" src=\"https:\/\/platform.vox.com\/wp-content\/uploads\/sites\/2\/2025\/07\/GettyImages-2222872780.jpg?quality=90&amp;strip=all&amp;crop=0%2C10.732984293194%2C100%2C78.534031413613&amp;w=1200\" style=\"max-width: 150px; max-height: 150px\" \/><\/div><\/div><div class=\"vlp-layout-zone-main\"><div class=\"vlp-block-0 vlp-link-title\">Why were the central Texas floods so deadly?<\/div><div class=\"vlp-block-1 vlp-link-summary\">How missed flood warnings and infrastructure gaps cost so many lives in central Texas.<\/div><\/div><\/div>\n\n<div class=\"vlp-link-container vlp-layout-basic wp-block-visual-link-preview-link\"><a href=\"https:\/\/www.middleeasteye.net\/news\/greek-dock-workers-will-refuse-unload-ship-carrying-military-grade-steel-israel?utm_source=facebook&amp;utm_medium=social&amp;utm_campaign=Social_Traffic&amp;utm_content=ap_ya7hczisyp\" class=\"vlp-link\" title=\"Greek dock workers will refuse to unload Israel\u2019s \u2018murderous cargo\u2019\" rel=\"nofollow\" target=\"_blank\"><\/a><div class=\"vlp-layout-zone-side\"><div class=\"vlp-block-2 vlp-link-image\"><img decoding=\"async\" src=\"https:\/\/www.middleeasteye.net\/sites\/default\/files\/images-story\/ever%20golden.jpg\" style=\"max-width: 150px; max-height: 150px\" \/><\/div><\/div><div class=\"vlp-layout-zone-main\"><div class=\"vlp-block-0 vlp-link-title\">Greek dock workers will refuse to unload Israel\u2019s \u2018murderous cargo\u2019<\/div><div class=\"vlp-block-1 vlp-link-summary\">The military-grade steel cargo on board the Ever Golden was set to be transferred to a ship owned by the Saudi sovereign wealth fund before being taken to Israel<\/div><\/div><\/div>\n\n<div class=\"vlp-link-container vlp-layout-basic wp-block-visual-link-preview-link\"><a href=\"https:\/\/www.middleeasteye.net\/news\/us-only-has-25-percent-patriot-interceptors-needed-pentagon-planning-report?utm_source=facebook&amp;utm_medium=social&amp;utm_campaign=Social_Traffic&amp;utm_content=ap_muy633n3op\" class=\"vlp-link\" title=\"US has only 25 percent of Patriot interceptors needed for Pentagon planning: Report\" rel=\"nofollow\" target=\"_blank\"><\/a><div class=\"vlp-layout-zone-side\"><div class=\"vlp-block-2 vlp-link-image\"><img decoding=\"async\" src=\"https:\/\/www.middleeasteye.net\/sites\/default\/files\/images-story\/Patriot-missile-AFP-2025.jpg\" style=\"max-width: 150px; max-height: 150px\" \/><\/div><\/div><div class=\"vlp-layout-zone-main\"><div class=\"vlp-block-0 vlp-link-title\">US has only 25 percent of Patriot interceptors needed for Pentagon planning: Report<\/div><div class=\"vlp-block-1 vlp-link-summary\">Hellfire missile shipments to Ukraine were recently delayed despite the US sending around 300 to Israel last month<\/div><\/div><\/div>\n\n<div class=\"vlp-link-container vlp-layout-basic wp-block-visual-link-preview-link\"><a href=\"https:\/\/mondoweiss.net\/2025\/05\/the-war-where-womens-bodies-lost-their-rights\/?fbclid=IwY2xjawLaoMZleHRuA2FlbQIxMQBicmlkETFkUnkxYzEyZ1pzTjF4Q0oyAR68mqzMPpWeB3IhSHRhVs0A3UWTjFQgzcReRn6xGaWAQYdxu1qskiHwySAnNg_aem_nG4qaz51YfKu2EhUqXZ_YA\" class=\"vlp-link\" title=\"The war where women\u2019s bodies lost their rights\" rel=\"nofollow\" target=\"_blank\"><\/a><div class=\"vlp-layout-zone-side\"><div class=\"vlp-block-2 vlp-link-image\"><img decoding=\"async\" src=\"https:\/\/mondoweiss.net\/wp-content\/uploads\/2025\/05\/200225_Beit_Lahia_OSH_004-scaled.jpg\" style=\"max-width: 150px; max-height: 150px\" \/><\/div><\/div><div class=\"vlp-layout-zone-main\"><div class=\"vlp-block-0 vlp-link-title\">The war where women\u2019s bodies lost their rights<\/div><div class=\"vlp-block-1 vlp-link-summary\">The war in Gaza is not only the story of rubble and airstrikes. It is the story of the girl getting her period under bombardment, the mother bleeding in silence and miscarrying on cold floors or giving birth under drones.<\/div><\/div><\/div>\n\n<div class=\"vlp-link-container vlp-layout-basic wp-block-visual-link-preview-link\"><a href=\"https:\/\/www.aljazeera.com\/news\/2025\/7\/8\/five-israeli-soldiers-killed-in-gaza-as-pressure-mounts-for-ceasefire?utm_campaign=trueAnthem%3A+Trending+Content&amp;utm_medium=trueAnthem&amp;utm_source=facebook&amp;fbclid=IwY2xjawLaoIhleHRuA2FlbQIxMQBicmlkETFkUnkxYzEyZ1pzTjF4Q0oyAR5Gegje5I2IutqS25YWrD45ghJ7fYigFFpw6KqzR0wmD8qIRY26WcCM3al65g_aem_seWMV6H87Gi1jAlvtBurHA\" class=\"vlp-link\" title=\"Five Israeli soldiers killed in Gaza as pressure mounts for ceasefire | Israel-Palestine conflict News | Al Jazeera\" rel=\"nofollow\" target=\"_blank\"><\/a><div class=\"vlp-layout-zone-side\"><div class=\"vlp-block-2 vlp-link-image\"><img decoding=\"async\" src=\"https:\/\/www.aljazeera.com\/static\/media\/aj-footer-logo.bac952ad.svg\" style=\"max-width: 150px; max-height: 150px\" \/><\/div><\/div><div class=\"vlp-layout-zone-main\"><div class=\"vlp-block-0 vlp-link-title\">Five Israeli soldiers killed in Gaza as pressure mounts for ceasefire | Israel-Palestine conflict News | Al Jazeera<\/div><div class=\"vlp-block-1 vlp-link-summary\">We and our 911 partners store and access personal data, like browsing data or unique identifiers, on your device. Selecting Allow all enables tracking technologies to support the purposes shown under we and our partners process data to provide. Selecting Reject all or withdrawing your consent will disable them. If trackers are disabled, some content and ads you see may not be as relevant to you. You can resurface this menu to change your choices or withdraw consent at any time by clicking the Manage preferences link on the bottom of the webpage . Your choices will have effect within our Website. For more details, refer to our Privacy Policy.To learn more, please view our Cookie Policy.<\/div><\/div><\/div>\n\n<div class=\"vlp-link-container vlp-layout-basic wp-block-visual-link-preview-link\"><a href=\"https:\/\/www.middleeasteye.net\/news\/GHF-proposed-camps-palestinians-reside-deradicalise-reintegrate?utm_source=facebook&amp;utm_medium=social&amp;utm_campaign=Social_Traffic&amp;utm_content=ap_nfd6norol0\" class=\"vlp-link\" title=\"GHF proposed camps for Palestinians to \u2018reside, de-radicalise and re-integrate,\u2019 report claims\" rel=\"nofollow\" target=\"_blank\"><\/a><div class=\"vlp-layout-zone-side\"><div class=\"vlp-block-2 vlp-link-image\"><img decoding=\"async\" src=\"https:\/\/www.middleeasteye.net\/sites\/default\/files\/images-story\/GHF_AID_AFP.jpg\" style=\"max-width: 150px; max-height: 150px\" \/><\/div><\/div><div class=\"vlp-layout-zone-main\"><div class=\"vlp-block-0 vlp-link-title\">GHF proposed camps for Palestinians to \u2018reside, de-radicalise and re-integrate,\u2019 report claims<\/div><div class=\"vlp-block-1 vlp-link-summary\">Gaza Humanitarian Foundation floated idea of creating camps called \u2018Humanitarian Transit Areas\u2019<\/div><\/div><\/div>\n\n<div class=\"vlp-link-container vlp-layout-basic wp-block-visual-link-preview-link\"><a href=\"https:\/\/www.aljazeera.com\/news\/2025\/7\/8\/as-deadly-storms-in-texas-subside-eyes-turn-to-govt-response-to-flooding?utm_campaign=trueAnthem%3A+Trending+Content&amp;utm_medium=trueAnthem&amp;utm_source=facebook&amp;fbclid=IwY2xjawLan9lleHRuA2FlbQIxMQBicmlkETFkUnkxYzEyZ1pzTjF4Q0oyAR5OpBOT-dfIuT77uNw_mkQi8zB8QqXq9Uuie3mwC1FjFPUOJnTmHxV6ejUCNA_aem_8KrlD31f7_YoB7SOFas9Ig\" class=\"vlp-link\" title=\"As deadly storms subside, Texas flooding puts spotlight on gov\u2019t response | Climate News | Al Jazeera\" rel=\"nofollow\" target=\"_blank\"><\/a><div class=\"vlp-layout-zone-side\"><div class=\"vlp-block-2 vlp-link-image\"><img decoding=\"async\" src=\"https:\/\/www.aljazeera.com\/static\/media\/aj-footer-logo.bac952ad.svg\" style=\"max-width: 150px; max-height: 150px\" \/><\/div><\/div><div class=\"vlp-layout-zone-main\"><div class=\"vlp-block-0 vlp-link-title\">As deadly storms subside, Texas flooding puts spotlight on gov\u2019t response | Climate News | Al Jazeera<\/div><div class=\"vlp-block-1 vlp-link-summary\">We and our 911 partners store and access personal data, like browsing data or unique identifiers, on your device. Selecting Allow all enables tracking technologies to support the purposes shown under we and our partners process data to provide. Selecting Reject all or withdrawing your consent will disable them. If trackers are disabled, some content and ads you see may not be as relevant to you. You can resurface this menu to change your choices or withdraw consent at any time by clicking the Manage preferences link on the bottom of the webpage . Your choices will have effect within our Website. For more details, refer to our Privacy Policy.To learn more, please view our Cookie Policy.<\/div><\/div><\/div>\n\n<div class=\"vlp-link-container vlp-layout-basic wp-block-visual-link-preview-link\"><a href=\"https:\/\/theintercept.com\/2025\/07\/07\/ice-raids-la-violence-video-bystanders\/?fbclid=IwY2xjawLZTZ5leHRuA2FlbQIxMQBicmlkETF5SEt5Rm9OakNaNUs5Wk1HAR7bgFI4BffXRrSlG4fm_-FKm4XXiO34A6EdIjcAHkRldBekJH4G04po-nrGYA_aem_ssbXKFzU2wI6XrKgFPiJig\" class=\"vlp-link\" title=\"Documenting ICE Agents\u2019 Brutal Use of Force in LA Immigration Raids\" rel=\"nofollow\" target=\"_blank\"><\/a><div class=\"vlp-layout-zone-side\"><div class=\"vlp-block-2 vlp-link-image\"><img decoding=\"async\" src=\"https:\/\/theintercept.com\/wp-content\/uploads\/2025\/07\/Feature_ICE-violence-LA-June-2025-06.gif?fit=2000%2C1000&amp;w=1200&amp;h=800\" style=\"max-width: 150px; max-height: 150px\" \/><\/div><\/div><div class=\"vlp-layout-zone-main\"><div class=\"vlp-block-0 vlp-link-title\">Documenting ICE Agents\u2019 Brutal Use of Force in LA Immigration Raids<\/div><div class=\"vlp-block-1 vlp-link-summary\">Video analysis of reveals how federal agents in Southern California regularly use force against unarmed individuals, many of them U.S. citizens.<\/div><\/div><\/div>\n\n<div class=\"vlp-link-container vlp-layout-basic wp-block-visual-link-preview-link\"><a href=\"https:\/\/youtube.com\/shorts\/sCr4vKA5lr8?si=fWUmLC692BSQr3ra\" class=\"vlp-link\" title=\"Netanyahu\u2019s Visit to DC Met with Protests\" rel=\"nofollow\" target=\"_blank\"><\/a><div class=\"vlp-layout-zone-side\"><div class=\"vlp-block-2 vlp-link-image\"><img decoding=\"async\" src=\"https:\/\/i.ytimg.com\/vi\/sCr4vKA5lr8\/oar2.jpg?sqp=-oaymwEkCJUDENAFSFqQAgHyq4qpAxMIARUAAAAAJQAAyEI9AICiQ3gB&amp;rs=AOn4CLAeBrDpFM3hm1GAGpxf7fNO3MR8GA\" style=\"max-width: 150px; max-height: 150px\" \/><\/div><\/div><div class=\"vlp-layout-zone-main\"><div class=\"vlp-block-0 vlp-link-title\">Netanyahu\u2019s Visit to DC Met with Protests<\/div><div class=\"vlp-block-1 vlp-link-summary\">Hundreds rally outside the White House, protesting Israeli Prime Minister Benjamin Netanyahu\u2019s meeting with Trump. Protesters are demanding Netanyahu be held\u2026<\/div><\/div><\/div>\n\n<div class=\"vlp-link-container vlp-layout-basic wp-block-visual-link-preview-link\"><a href=\"https:\/\/mondoweiss.net\/2025\/07\/from-cointelpro-to-project-esther-the-evolution-of-domestic-counterinsurgency-in-the-u-s\/?fbclid=IwY2xjawLZUVpleHRuA2FlbQIxMQBicmlkETF5SEt5Rm9OakNaNUs5Wk1HAR6rlJ9Jp006JNfMWXSyk2gVb1--jgTt9Hiu_JB5I0xvqNpiwvIAFiUvx-tqGw_aem_Bsq1NuQybkQOtECYoyxlWg\" class=\"vlp-link\" title=\"From COINTELPRO to Project Esther: The evolution of domestic counterinsurgency in the U.S.\" rel=\"nofollow\" target=\"_blank\"><\/a><div class=\"vlp-layout-zone-side\"><div class=\"vlp-block-2 vlp-link-image\"><img decoding=\"async\" src=\"https:\/\/mondoweiss.net\/wp-content\/uploads\/2025\/03\/DSF2970-scaled.jpg\" style=\"max-width: 150px; max-height: 150px\" \/><\/div><\/div><div class=\"vlp-layout-zone-main\"><div class=\"vlp-block-0 vlp-link-title\">From COINTELPRO to Project Esther: The evolution of domestic counterinsurgency in the U.S.<\/div><div class=\"vlp-block-1 vlp-link-summary\">Counterinsurgency against U.S. social movements has evolved since the 1960s. What was once the exclusive domain of state agencies has now been privatized. This is seen perhaps most clearly in the ongoing campaign to neutralize the Palestine movement.<\/div><\/div><\/div>\n\n<div class=\"vlp-link-container vlp-layout-basic wp-block-visual-link-preview-link\"><a href=\"https:\/\/theintercept.com\/2025\/07\/04\/are-we-at-risk-wave-of-ice-arrests-strikes-fear-in-iranian-communities\/?fbclid=IwY2xjawLZT7ZleHRuA2FlbQIxMQBicmlkETF5SEt5Rm9OakNaNUs5Wk1HAR4StJCjSgFOQZX9-XsAO2aQkohaii6iH2Pe6cVrE8cVO92DbendbSihB2ptVw_aem_U1mHpc83PW54BwMYYaoIIA\" class=\"vlp-link\" title=\"\u201cAre We At Risk?\u201d Wave of ICE Arrests Strikes Fear in Iranian Communities\" rel=\"nofollow\" target=\"_blank\"><\/a><div class=\"vlp-layout-zone-side\"><div class=\"vlp-block-2 vlp-link-image\"><img decoding=\"async\" src=\"https:\/\/theintercept.com\/wp-content\/uploads\/2025\/07\/AP25027710085255-e1751575943675.jpeg?fit=8376%2C4188&amp;w=1200&amp;h=800\" style=\"max-width: 150px; max-height: 150px\" \/><\/div><\/div><div class=\"vlp-layout-zone-main\"><div class=\"vlp-block-0 vlp-link-title\">\u201cAre We At Risk?\u201d Wave of ICE Arrests Strikes Fear in Iranian Communities<\/div><div class=\"vlp-block-1 vlp-link-summary\">Iranian immigrants to the U.S. already faced higher scrutiny. After the U.S. waded into Israel\u2019s war on Iran, ICE seems to be targeting them.<\/div><\/div><\/div>\n\n<div class=\"vlp-link-container vlp-layout-basic wp-block-visual-link-preview-link\"><a href=\"https:\/\/mondoweiss.net\/2025\/05\/i-was-fired-from-emerson-college-for-speaking-out-about-palestine-but-i-refuse-to-be-silent\/?fbclid=IwY2xjawLZT_xleHRuA2FlbQIxMQBicmlkETF5SEt5Rm9OakNaNUs5Wk1HAR5qauDaWIQykq-EMsRt276Low95HU44TwdQJxwyr2PeS_qZsiXdGf5rqUOTtA_aem_9UBvj1TJKm13ye6SsPF5zQ\" class=\"vlp-link\" title=\"I was fired from Emerson College for speaking out about Palestine, but I refuse to be silent\" rel=\"nofollow\" target=\"_blank\"><\/a><div class=\"vlp-layout-zone-side\"><div class=\"vlp-block-2 vlp-link-image\"><img decoding=\"async\" src=\"https:\/\/mondoweiss.net\/wp-content\/uploads\/2025\/05\/Anna-introuducing-Emerson-Film-Fest-in-a-keffiyeh.jpg\" style=\"max-width: 150px; max-height: 150px\" \/><\/div><\/div><div class=\"vlp-layout-zone-main\"><div class=\"vlp-block-0 vlp-link-title\">I was fired from Emerson College for speaking out about Palestine, but I refuse to be silent<\/div><div class=\"vlp-block-1 vlp-link-summary\">Anna Feder is suing Emerson College for firing her over her Palestine activism. She says she will never stop advocating for a free Palestine.<\/div><\/div><\/div>\n\n<div class=\"vlp-link-container vlp-layout-basic wp-block-visual-link-preview-link\"><a href=\"https:\/\/www.cnn.com\/2025\/07\/06\/business\/bessent-tariff-deadline-trump?Date=20250706&amp;Profile=CNN&amp;utm_content=1751838840&amp;utm_medium=social&amp;utm_source=facebook&amp;fbclid=IwY2xjawLZUKFleHRuA2FlbQIxMQBicmlkETF5SEt5Rm9OakNaNUs5Wk1HAR4mnY7J8aVeiSvoQbPolbWWU9gXCFNmQELeZUlwgRsMMDROOfxrR-S8MU88kg_aem_rEh9r0q0D6Hpmj3PZzHf0A\" class=\"vlp-link\" title=\"Trump threatens new tariffs on nations supporting \u2018anti-American\u2019 policies of BRICS group | CNN Business\" rel=\"nofollow\" target=\"_blank\"><\/a><div class=\"vlp-layout-zone-side\"><div class=\"vlp-block-2 vlp-link-image\"><img decoding=\"async\" src=\"https:\/\/media.cnn.com\/api\/v1\/images\/stellar\/prod\/gettyimages-2221603033.jpg?c=16x9&amp;q=w_800,c_fill\" style=\"max-width: 150px; max-height: 150px\" \/><\/div><\/div><div class=\"vlp-layout-zone-main\"><div class=\"vlp-block-0 vlp-link-title\">Trump threatens new tariffs on nations supporting \u2018anti-American\u2019 policies of BRICS group | CNN Business<\/div><div class=\"vlp-block-1 vlp-link-summary\">President Donald Trump has threatened new tariffs on any nation supporting \u201canti-American\u201d policies of the BRICS group of emerging economies, as he announced tariff letters would be sent out to scores of countries from Monday, ahead of a key deadline.<\/div><\/div><\/div>\n\n<div class=\"vlp-link-container vlp-layout-basic wp-block-visual-link-preview-link\"><a href=\"https:\/\/www.middleeasteye.net\/news\/palestinian-factions-threaten-traitor-abu-shabab-over-collaboration-israel?utm_source=facebook&amp;utm_medium=social&amp;utm_campaign=Social_Traffic&amp;utm_content=ap_uijnlkuach\" class=\"vlp-link\" title=\"Palestinian factions threaten \u2018traitor\u2019 Abu Shabab over collaboration with Israel\" rel=\"nofollow\" target=\"_blank\"><\/a><div class=\"vlp-layout-zone-side\"><div class=\"vlp-block-2 vlp-link-image\"><img decoding=\"async\" src=\"https:\/\/www.middleeasteye.net\/sites\/default\/files\/images-story\/abu-shabab-gaza-israel-2025.png\" style=\"max-width: 150px; max-height: 150px\" \/><\/div><\/div><div class=\"vlp-layout-zone-main\"><div class=\"vlp-block-0 vlp-link-title\">Palestinian factions threaten \u2018traitor\u2019 Abu Shabab over collaboration with Israel<\/div><div class=\"vlp-block-1 vlp-link-summary\">Palestinian Joint Operations Room accuses Israel-backed gang leader of operating to protect the occupation\u2019s interests<\/div><\/div><\/div>\n\n<div class=\"vlp-link-container vlp-layout-basic wp-block-visual-link-preview-link\"><a href=\"https:\/\/mondoweiss.net\/2025\/07\/the-national-education-association-just-voted-to-cut-all-ties-to-the-anti-defamation-league\/?fbclid=IwY2xjawLZTiNleHRuA2FlbQIxMQBicmlkETF5SEt5Rm9OakNaNUs5Wk1HAR6dkIF7v6ghI9U8PV97l3YexkBqx-Y7VKjAN_nQCySDoUqlHAdx1LJl83QU9g_aem_OlS7xoagb3a6mYAV4b7BjQ\" class=\"vlp-link\" title=\"The National Education Association just voted to cut all ties to the Anti-Defamation League\" rel=\"nofollow\" target=\"_blank\"><\/a><div class=\"vlp-layout-zone-side\"><div class=\"vlp-block-2 vlp-link-image\"><img decoding=\"async\" src=\"https:\/\/mondoweiss.net\/wp-content\/uploads\/2025\/07\/2025-delegates-solidarity-fists-scaled.jpg\" style=\"max-width: 150px; max-height: 150px\" \/><\/div><\/div><div class=\"vlp-layout-zone-main\"><div class=\"vlp-block-0 vlp-link-title\">The National Education Association just voted to cut all ties to the Anti-Defamation League<\/div><div class=\"vlp-block-1 vlp-link-summary\">In a momentous vote, the National Education Association voted to cut all ties with the Anti-Defamation League. The reason? \u201cDespite its reputation as a civil rights organization, the ADL is not the social justice educational partner it claims to be.\u201d<\/div><\/div><\/div>\n\n<div class=\"vlp-link-container vlp-layout-basic wp-block-visual-link-preview-link\"><a href=\"https:\/\/www.youtube.com\/watch?v=USB2rQ8zfbw\" class=\"vlp-link\" title=\"Activists push shipping giant to divest from Israeli settlements\" rel=\"nofollow\" target=\"_blank\"><\/a><div class=\"vlp-layout-zone-side\"><div class=\"vlp-block-2 vlp-link-image\"><img decoding=\"async\" src=\"https:\/\/i.ytimg.com\/vi\/USB2rQ8zfbw\/maxresdefault.jpg?sqp=-oaymwEmCIAKENAF8quKqQMa8AEB-AG2CIACgA-KAgwIABABGGUgRyhFMA8=&amp;rs=AOn4CLBzGePavqzpR2HaeqO5qrFEz6ZJMA\" style=\"max-width: 150px; max-height: 150px\" \/><\/div><\/div><div class=\"vlp-layout-zone-main\"><div class=\"vlp-block-0 vlp-link-title\">Activists push shipping giant to divest from Israeli settlements<\/div><div class=\"vlp-block-1 vlp-link-summary\">Subscribe for more videos: https:\/\/ajplus.co\/subscribeFollow us on Instagram: https:\/\/www.instagram.com\/ajplus\/Like us on Facebook: https:\/\/www.facebook.com\/\u2026<\/div><\/div><\/div>\n\n\n<p><\/p>\n\n\n<div class=\"vlp-link-container vlp-layout-basic wp-block-visual-link-preview-link\"><a href=\"https:\/\/youtu.be\/-JVTQgIbNJ0?si=7vDMPr-7HsrBTVU1\" class=\"vlp-link\" title=\"Israel Helped Apartheid South Africa Make Nuclear Weapons\" rel=\"nofollow\" target=\"_blank\"><\/a><div class=\"vlp-layout-zone-side\"><div class=\"vlp-block-2 vlp-link-image\"><img decoding=\"async\" src=\"https:\/\/i.ytimg.com\/vi\/-JVTQgIbNJ0\/maxresdefault.jpg?sqp=-oaymwEmCIAKENAF8quKqQMa8AEB-AG2CIACgA-KAgwIABABGFcgRihlMA8=&amp;rs=AOn4CLCX348aVvSTRCUrCQe-o9BAqXeeDA\" style=\"max-width: 150px; max-height: 150px\" \/><\/div><\/div><div class=\"vlp-layout-zone-main\"><div class=\"vlp-block-0 vlp-link-title\">Israel Helped Apartheid South Africa Make Nuclear Weapons<\/div><div class=\"vlp-block-1 vlp-link-summary\">Subscribe for more videos: https:\/\/ajplus.co\/subscribeFollow us on Instagram: https:\/\/www.instagram.com\/ajplus\/Like us on Facebook: https:\/\/www.facebook.com\/\u2026<\/div><\/div><\/div>\n\n<div class=\"vlp-link-container vlp-layout-basic wp-block-visual-link-preview-link\"><a href=\"https:\/\/mondoweiss.net\/2025\/06\/new-york-times-editorial-on-antisemitism-is-just-pro-israel-advocacy\/?fbclid=IwY2xjawLXWWBleHRuA2FlbQIxMQBicmlkETFJT25xU0FJMmFDVkYwTzJOAR5ZLh6Msjo21NK1W_g1lZKB_Ucm0h63PSf_mCXuLD8Wv3Jim8XKOaabosXGRg_aem_fiBhAKPR_upUIeXtONUAQQ\" class=\"vlp-link\" title=\"\u2018New York Times\u2019 editorial on antisemitism is just pro-Israel advocacy\" rel=\"nofollow\" target=\"_blank\"><\/a><div class=\"vlp-layout-zone-side\"><div class=\"vlp-block-2 vlp-link-image\"><img decoding=\"async\" src=\"https:\/\/mondoweiss.net\/wp-content\/uploads\/2014\/08\/Nytimes_hq-e1457102154903.jpg\" style=\"max-width: 150px; max-height: 150px\" \/><\/div><\/div><div class=\"vlp-layout-zone-main\"><div class=\"vlp-block-0 vlp-link-title\">\u2018New York Times\u2019 editorial on antisemitism is just pro-Israel advocacy<\/div><div class=\"vlp-block-1 vlp-link-summary\">The New York Times\u2019s badly flawed editorial on antisemitism fails due to the paper\u2019s own double standards and shocking anti-Palestinian racism.<\/div><\/div><\/div>\n\n<div class=\"vlp-link-container vlp-layout-basic wp-block-visual-link-preview-link\"><a href=\"https:\/\/mondoweiss.net\/2025\/07\/why-i-quit-the-u-s-air-force-and-went-on-a-hunger-strike-to-stop-the-gaza-genocide\/?fbclid=IwY2xjawLWXBtleHRuA2FlbQIxMQBicmlkETEySFRHZkNGMnVmeGluNDYxAR53-eLporDLUHzd0bBi8KKMMR6qTEQ563BDw2Lr7fx8lFfBAD0IxHo3NNEa5Q_aem_-DPxHwm6O1ehjzTSXS-4Eg\" class=\"vlp-link\" title=\"Why I quit the U.S. Air Force and went on a hunger strike to stop the Gaza genocide\" rel=\"nofollow\" target=\"_blank\"><\/a><div class=\"vlp-layout-zone-side\"><div class=\"vlp-block-2 vlp-link-image\"><img decoding=\"async\" src=\"https:\/\/mondoweiss.net\/wp-content\/uploads\/2025\/07\/Screenshot-2025-07-02-at-6.48.11%E2%80%AFPM.png\" style=\"max-width: 150px; max-height: 150px\" \/><\/div><\/div><div class=\"vlp-layout-zone-main\"><div class=\"vlp-block-0 vlp-link-title\">Why I quit the U.S. Air Force and went on a hunger strike to stop the Gaza genocide<\/div><div class=\"vlp-block-1 vlp-link-summary\">Joy Metzler left the Air Force as a conscientious objector over U.S. support for Israeli atrocities in Palestine and joined a 40-day Veterans for Peace hunger strike for Gaza. She says it is crucial we escalate our protest to stop genocide.<\/div><\/div><\/div>\n\n<div class=\"vlp-link-container vlp-layout-basic wp-block-visual-link-preview-link\"><a href=\"https:\/\/www.aljazeera.com\/news\/liveblog\/2025\/7\/5\/live-hamas-says-ready-to-start-gaza-ceasefire-talks-with-israel?fbclid=IwY2xjawLWM8dleHRuA2FlbQIxMABicmlkETFmRDZHeFh5QkpuNGhuVDZHAR6QhCY1p-gyZw-IxN4fDM4i3inQ5gduocGtNGkfAk_iO7_aIAlJYFf6bq4Znw_aem_EN9AhWpuUndU_Egqnz_tjQ&amp;update=3819817\" class=\"vlp-link\" title=\"LIVE: Israel kills 64 Palestinians in Gaza, at least 9 of them aid seekers | Israel-Palestine conflict News | Al Jazeera\" rel=\"nofollow\" target=\"_blank\"><\/a><div class=\"vlp-layout-zone-main\"><div class=\"vlp-block-0 vlp-link-title\">LIVE: Israel kills 64 Palestinians in Gaza, at least 9 of them aid seekers | Israel-Palestine conflict News | Al Jazeera<\/div><div class=\"vlp-block-1 vlp-link-summary\">We use cookies and other tracking technologies to deliver and personalize content and ads, enable features, measure site performance, and enable social media sharing. You can choose to customize your preferences.Learn more about our Cookie Policy.<\/div><\/div><\/div>\n\n<div class=\"vlp-link-container vlp-layout-basic wp-block-visual-link-preview-link\"><a href=\"https:\/\/youtu.be\/3E2KYhDLDQY?si=ZfN1vhlojUdbjNMu\" class=\"vlp-link\" title=\"Mamdani, Trump and the End of the Old Politics | The Ezra Klein Show\" rel=\"nofollow\" target=\"_blank\"><\/a><div class=\"vlp-layout-zone-side\"><div class=\"vlp-block-2 vlp-link-image\"><img decoding=\"async\" src=\"https:\/\/i.ytimg.com\/vi\/3E2KYhDLDQY\/maxresdefault.jpg\" style=\"max-width: 150px; max-height: 150px\" \/><\/div><\/div><div class=\"vlp-layout-zone-main\"><div class=\"vlp-block-0 vlp-link-title\">Mamdani, Trump and the End of the Old Politics | The Ezra Klein Show<\/div><div class=\"vlp-block-1 vlp-link-summary\">Zohran Mamdani created a new anti-establishment playbook \u2013 in his use of social video, his focus on affordability and his position on Israel. His assumed v\u2026<\/div><\/div><\/div>\n\n<div class=\"vlp-link-container vlp-layout-basic wp-block-visual-link-preview-link\"><a href=\"https:\/\/www.middleeasteye.net\/news\/uk-high-court-palestine-action-proscription\" class=\"vlp-link\" title=\"UK courts reject late bid to halt Palestine Action terror list ban\" rel=\"nofollow\" target=\"_blank\"><\/a><div class=\"vlp-layout-zone-side\"><div class=\"vlp-block-2 vlp-link-image\"><img decoding=\"async\" src=\"https:\/\/www.middleeasteye.net\/sites\/default\/files\/images-story\/uk-high-court-palestine-action-july-2025-afp.jpg\" style=\"max-width: 150px; max-height: 150px\" \/><\/div><\/div><div class=\"vlp-layout-zone-main\"><div class=\"vlp-block-0 vlp-link-title\">UK courts reject late bid to halt Palestine Action terror list ban<\/div><div class=\"vlp-block-1 vlp-link-summary\">High Court judgment, upheld by Court of Appeal with ban set to come into force at midnight, comes after co-founder had sought to delay government order proscribing group under terrorism laws<\/div><\/div><\/div>\n\n<div class=\"vlp-link-container vlp-layout-basic wp-block-visual-link-preview-link\"><a href=\"https:\/\/www.nbcnews.com\/news\/us-news\/kilmar-abrego-garcia-suffered-psychological-physical-torture-el-salvad-rcna216685?cid=sm_npd_nn_fb_ma&amp;fbclid=IwY2xjawLWNNdleHRuA2FlbQIxMQBicmlkETFmRDZHeFh5QkpuNGhuVDZHAR6qddUfdABzFuzQ_NvsG-pvBGGdLt9tiR_Q231HBBicNDSrMIOuPFeUPe4jQg_aem_Ke2bHjpSjDBnLqcuz38k_A&amp;_branch_match_id=1263892625653983908&amp;utm_source=facebook&amp;utm_campaign=NBC%20News&amp;utm_medium=social&amp;_branch_referrer=H4sIAAAAAAAAAw3MTU%2BDMBgA4H%2FjzRGZmmmyGBrWQmSVsuEyLw2lL5%2BldoWOhYO%2F3R2fy9NMkxnfPU%2BLUsM8rgpjVqrVvadq4srNMY1z8VGJUrVyG89n%2F9YVc3KiVCqIMhf4WAkW3%2FYMteWg%2Bt0RD1n4EwFuXlhvHCWN%2B747yF4vUuaVDNCC3cI4vY7k0VwRITKZ3qY248xfP0Xo3tDwYPfxl0sx5Ck8d6zmBQz8E3wRdebQhUgnl9It603Pg4c%2FCxVY2%2BqaC%2Fs7j2C3O1nDP0JXOsrXAAAA\" class=\"vlp-link\" title=\"Kilmar Abrego Garcia suffered psychological and physical torture in El Salvador prison, attorneys say\" rel=\"nofollow\" target=\"_blank\"><\/a><div class=\"vlp-layout-zone-side\"><div class=\"vlp-block-2 vlp-link-image\"><img decoding=\"async\" src=\"https:\/\/media-cldnry.s-nbcnews.com\/image\/upload\/t_nbcnews-fp-1200-630,f_auto,q_auto:best\/rockcms\/2025-04\/250409-Kilmar-Abrego-Garcia-mn-0755-d8ceeb.jpg\" style=\"max-width: 150px; max-height: 150px\" \/><\/div><\/div><div class=\"vlp-layout-zone-main\"><div class=\"vlp-block-0 vlp-link-title\">Kilmar Abrego Garcia suffered psychological and physical torture in El Salvador prison, attorneys say<\/div><div class=\"vlp-block-1 vlp-link-summary\">At the notorious CECOT prison, he was forced to frog-march and to kneel from 9 p.m. to 6 a.m., and he was subjected to beatings and threats, his lawyers said Wednesday.<\/div><\/div><\/div>\n\n<div class=\"vlp-link-container vlp-layout-basic wp-block-visual-link-preview-link\"><a href=\"https:\/\/blackagendareport.com\/donald-trumps-congo-venture-scramble-minerals-under-guise-peace\" class=\"vlp-link\" title=\"Donald Trump\u2019s Congo Venture: A Scramble for Minerals Under the Guise of Peace | Black Agenda Report\" rel=\"nofollow\" target=\"_blank\"><\/a><div class=\"vlp-layout-zone-side\"><div class=\"vlp-block-2 vlp-link-image\"><img decoding=\"async\" src=\"http:\/\/blackagendareport.com\/sites\/default\/files\/2025-07\/12%20360x200.png\" style=\"max-width: 150px; max-height: 150px\" \/><\/div><\/div><div class=\"vlp-layout-zone-main\"><div class=\"vlp-block-0 vlp-link-title\">Donald Trump\u2019s Congo Venture: A Scramble for Minerals Under the Guise of Peace | Black Agenda Report<\/div><div class=\"vlp-block-1 vlp-link-summary\">Trump\u2019s \u2018peace deal\u2019 between Rwanda and the DRC is a corporate resource grab disguised as diplomacy, rewarding Rwandan war crimes while U.S. investors stake claims to Congo\u2019s coltan mines.<\/div><\/div><\/div>\n\n<div class=\"vlp-link-container vlp-layout-basic wp-block-visual-link-preview-link\"><a href=\"https:\/\/www.aljazeera.com\/news\/2025\/7\/4\/migrants-in-us-detention-lose-appeal-against-deportation-to-south-sudan?utm_campaign=trueAnthem%3A+Trending+Content&amp;utm_medium=trueAnthem&amp;utm_source=facebook&amp;fbclid=IwY2xjawLWNeRleHRuA2FlbQIxMQBicmlkETFmRDZHeFh5QkpuNGhuVDZHAR7w4CfdL1U2sK3-JwVlsyZb04YrIpwWL8uMT49YH5bk1sNfxQ_6pfEW6t8Gfw_aem_hhEOec5o7aeoTPzu-hLtRQ\" class=\"vlp-link\" title=\"Eight people lose appeal in US against deportation to South Sudan | Donald Trump News | Al Jazeera\" rel=\"nofollow\" target=\"_blank\"><\/a><div class=\"vlp-layout-zone-side\"><div class=\"vlp-block-2 vlp-link-image\"><img decoding=\"async\" src=\"https:\/\/www.aljazeera.com\/static\/media\/aj-footer-logo.bac952ad.svg\" style=\"max-width: 150px; max-height: 150px\" \/><\/div><\/div><div class=\"vlp-layout-zone-main\"><div class=\"vlp-block-0 vlp-link-title\">Eight people lose appeal in US against deportation to South Sudan | Donald Trump News | Al Jazeera<\/div><div class=\"vlp-block-1 vlp-link-summary\">We use cookies and other tracking technologies to deliver and personalize content and ads, enable features, measure site performance, and enable social media sharing. You can choose to customize your preferences.Learn more about our Cookie Policy.<\/div><\/div><\/div>\n\n<div class=\"vlp-link-container vlp-layout-basic wp-block-visual-link-preview-link\"><a href=\"https:\/\/www.middleeasteye.net\/news\/top-european-diplomat-josep-borrell-slams-eu-inaction-against-us-mercenaries-killing-starving?utm_source=facebook&amp;utm_medium=social&amp;utm_campaign=Social_Traffic&amp;utm_content=ap_dpcmlhbbll\" class=\"vlp-link\" title=\"Top diplomat slams EU for inaction against \u2018US mercenaries\u2019 killing starving Palestinians\" rel=\"nofollow\" target=\"_blank\"><\/a><div class=\"vlp-layout-zone-side\"><div class=\"vlp-block-2 vlp-link-image\"><img decoding=\"async\" src=\"https:\/\/www.middleeasteye.net\/sites\/default\/files\/images-story\/000_64MX79L.jpg\" style=\"max-width: 150px; max-height: 150px\" \/><\/div><\/div><div class=\"vlp-layout-zone-main\"><div class=\"vlp-block-0 vlp-link-title\">Top diplomat slams EU for inaction against \u2018US mercenaries\u2019 killing starving Palestinians<\/div><div class=\"vlp-block-1 vlp-link-summary\">Former EU foreign policy chief Josep Borrell joins growing international outrage over the controversial US-Israeli Gaza Humanitarian Foundation<\/div><\/div><\/div>\n\n<div class=\"vlp-link-container vlp-layout-basic wp-block-visual-link-preview-link\"><a href=\"https:\/\/blackagendareport.com\/terrible-origins-july-4th-1\" class=\"vlp-link\" title=\"The Terrible Origins of July 4th | Black Agenda Report\" rel=\"nofollow\" target=\"_blank\"><\/a><div class=\"vlp-layout-zone-side\"><div class=\"vlp-block-2 vlp-link-image\"><img decoding=\"async\" src=\"http:\/\/blackagendareport.com\/sites\/default\/files\/2025-07\/2%20360x200.png\" style=\"max-width: 150px; max-height: 150px\" \/><\/div><\/div><div class=\"vlp-layout-zone-main\"><div class=\"vlp-block-0 vlp-link-title\">The Terrible Origins of July 4th | Black Agenda Report<\/div><div class=\"vlp-block-1 vlp-link-summary\">The causes of the July 4, 1776 Declaration of Independence are rarely taught in this country. The American colonists chafed under British rules limiting\u00a0their settlements and feared they would end slavery. The \u201cpatriots\u201d motives were anything but noble.<\/div><\/div><\/div>\n\n<div class=\"vlp-link-container vlp-layout-basic wp-block-visual-link-preview-link\"><a href=\"https:\/\/www.democracycollaborative.org\/tracking-the-crisis\/boondoggle\" class=\"vlp-link\" title=\"Boondoggle \u2014 The Democracy Collaborative\" rel=\"nofollow\" target=\"_blank\"><\/a><div class=\"vlp-layout-zone-side\"><div class=\"vlp-block-2 vlp-link-image\"><img decoding=\"async\" src=\"http:\/\/static1.squarespace.com\/static\/668c154d4d09237bebbb257a\/t\/686742f50ca01d00cb8ce0b1\/1751597813329\/GettyImages-2194451381-2.jpg?format=1500w\" style=\"max-width: 150px; max-height: 150px\" \/><\/div><\/div><div class=\"vlp-layout-zone-main\"><div class=\"vlp-block-0 vlp-link-title\">Boondoggle \u2014 The Democracy Collaborative<\/div><div class=\"vlp-block-1 vlp-link-summary\">Week of June 27-July 3, 2025<\/div><\/div><\/div>\n\n<div class=\"vlp-link-container vlp-layout-basic wp-block-visual-link-preview-link\"><a href=\"https:\/\/youtu.be\/7q7LwNuOTs4?si=FuOPlKvfm8IYcFbC\" class=\"vlp-link\" title=\"The Disaster That Just Passed the Senate | The Ezra Klein Show\" rel=\"nofollow\" target=\"_blank\"><\/a><div class=\"vlp-layout-zone-side\"><div class=\"vlp-block-2 vlp-link-image\"><img decoding=\"async\" src=\"https:\/\/i.ytimg.com\/vi\/7q7LwNuOTs4\/hqdefault.jpg?sqp=-oaymwEmCOADEOgC8quKqQMa8AEB-AG2CIAC3gSKAgwIABABGGwgbChsMA8=&amp;rs=AOn4CLA3yeaJyFqnbDaqSQ7AcH9SJpEPrg\" style=\"max-width: 150px; max-height: 150px\" \/><\/div><\/div><div class=\"vlp-layout-zone-main\"><div class=\"vlp-block-0 vlp-link-title\">The Disaster That Just Passed the Senate | The Ezra Klein Show<\/div><div class=\"vlp-block-1 vlp-link-summary\">President Trump\u2019s \u201cbig, beautiful bill\u201d is a bad piece of legislation. It includes trillions of dollars in tax cuts that are very much tilted toward the rich\u2026<\/div><\/div><\/div>\n\n<div class=\"vlp-link-container vlp-layout-basic wp-block-visual-link-preview-link\"><a href=\"https:\/\/eastleighvoice.co.ke\/headlines\/171423\/rights-group-demands-release-of-three-activists-linked-to-june-25-protests-chaos\" class=\"vlp-link\" title=\"Rights group demands release of three activists linked to June 25 protests chaos\" rel=\"nofollow\" target=\"_blank\"><\/a><div class=\"vlp-layout-zone-side\"><div class=\"vlp-block-2 vlp-link-image\"><img decoding=\"async\" src=\"https:\/\/publish.eastleighvoice.co.ke\/mugera_lock\/uploads\/2025\/06\/Screenshot-2025-06-28-221853.png\" style=\"max-width: 150px; max-height: 150px\" \/><\/div><\/div><div class=\"vlp-layout-zone-main\"><div class=\"vlp-block-0 vlp-link-title\">Rights group demands release of three activists linked to June 25 protests chaos<\/div><div class=\"vlp-block-1 vlp-link-summary\">The Directorate of Criminal Investigations (DCI) had announced that it had apprehended John Mulingwa Nzau, also known as Garang; Mark Amiani, known as Generali;\u2026<\/div><\/div><\/div>\n\n<div class=\"vlp-link-container vlp-layout-basic wp-block-visual-link-preview-link\"><a href=\"https:\/\/www.nbcnews.com\/world\/africa\/death-toll-kenyas-anti-government-protests-rises-16-rcna215460\" class=\"vlp-link\" title=\"Death toll from Kenya\u2019s anti-government protests rises to 16\" rel=\"nofollow\" target=\"_blank\"><\/a><div class=\"vlp-layout-zone-side\"><div class=\"vlp-block-2 vlp-link-image\"><img decoding=\"async\" src=\"https:\/\/media-cldnry.s-nbcnews.com\/image\/upload\/t_nbcnews-fp-1200-630,f_auto,q_auto:best\/rockcms\/2025-06\/250626-kenya-protest-smoke-crowd-ac-1120p-6e1341.jpg\" style=\"max-width: 150px; max-height: 150px\" \/><\/div><\/div><div class=\"vlp-layout-zone-main\"><div class=\"vlp-block-0 vlp-link-title\">Death toll from Kenya\u2019s anti-government protests rises to 16<\/div><div class=\"vlp-block-1 vlp-link-summary\">Kenyans demonstrated Wednesday in 23 of 47 counties across the country, calling for an end to police brutality and better governance.<\/div><\/div><\/div>\n\n<div class=\"vlp-link-container vlp-layout-basic wp-block-visual-link-preview-link\"><a href=\"https:\/\/abcnews.go.com\/Politics\/new-york-city-democratic-mayoral-primary-strong-showing\/story?id=123174224\" class=\"vlp-link\" title=\"New York City Democratic mayoral primary: Mamdani declares victory, Cuomo concedes before ranked choice votes are counted\" rel=\"nofollow\" target=\"_blank\"><\/a><div class=\"vlp-layout-zone-side\"><div class=\"vlp-block-2 vlp-link-image\"><img decoding=\"async\" src=\"https:\/\/i.abcnewsfe.com\/a\/dd69d331-427a-4805-8193-f3249ff8ffee\/cuomo-mamdani-gty-gmh-250624_1750798269268_hpMain_16x9.jpg?w=1600\" style=\"max-width: 150px; max-height: 150px\" \/><\/div><\/div><div class=\"vlp-layout-zone-main\"><div class=\"vlp-block-0 vlp-link-title\">New York City Democratic mayoral primary: Mamdani declares victory, Cuomo concedes before ranked choice votes are counted<\/div><div class=\"vlp-block-1 vlp-link-summary\">After a strong showing by state Assemblymember Zohran Mamdani, former Gov. Andrew Cuomo said he is conceding the Democratic primary.<\/div><\/div><\/div>\n\n<div class=\"vlp-link-container vlp-layout-basic wp-block-visual-link-preview-link\"><a href=\"https:\/\/www.i24news.tv\/en\/news\/israel\/defense\/artc-7-idf-soldiers-killed-in-major-khan-yunis-incident-after-explosive-device-hits-armored-vehicle\" class=\"vlp-link\" title=\"7 IDF soldiers killed in major Khan Yunis incident after explosive device hits armored vehicle - i24NEWS\" rel=\"nofollow\" target=\"_blank\"><\/a><div class=\"vlp-layout-zone-side\"><div class=\"vlp-block-2 vlp-link-image\"><img decoding=\"async\" src=\"https:\/\/cdn.i24news.tv\/uploads\/a9\/94\/ad\/cc\/8c\/38\/95\/71\/5a\/2f\/77\/52\/68\/c3\/17\/ab\/a994adcc8c3895715a2f775268c317ab.jpeg\" style=\"max-width: 150px; max-height: 150px\" \/><\/div><\/div><div class=\"vlp-layout-zone-main\"><div class=\"vlp-block-0 vlp-link-title\">7 IDF soldiers killed in major Khan Yunis incident after explosive device hits armored vehicle &#8211; i24NEWS<\/div><div class=\"vlp-block-1 vlp-link-summary\">The soldiers were killed by the detonation of an explosive device planted on a POM-16 armored personnel carrier &#8211; Click on the link for more.<\/div><\/div><\/div>\n\n<div class=\"vlp-link-container vlp-layout-basic wp-block-visual-link-preview-link\"><a href=\"https:\/\/www.cnn.com\/2025\/06\/24\/politics\/intel-assessment-us-strikes-iran-nuclear-sites\" class=\"vlp-link\" title=\"Exclusive: Early US intel assessment suggests strikes on Iran did not destroy nuclear sites, sources say | CNN Politics\" rel=\"nofollow\" target=\"_blank\"><\/a><div class=\"vlp-layout-zone-side\"><div class=\"vlp-block-2 vlp-link-image\"><img decoding=\"async\" src=\"https:\/\/media.cnn.com\/api\/v1\/images\/stellar\/prod\/2025-06-22t234513z-539933285-rc2h7fait1zn-rtrmadp-3-iran-nuclear-usa-damage.JPG?c=16x9&amp;q=w_800,c_fill\" style=\"max-width: 150px; max-height: 150px\" \/><\/div><\/div><div class=\"vlp-layout-zone-main\"><div class=\"vlp-block-0 vlp-link-title\">Exclusive: Early US intel assessment suggests strikes on Iran did not destroy nuclear sites, sources say | CNN Politics<\/div><div class=\"vlp-block-1 vlp-link-summary\">The US military strikes on three of Iran\u2019s nuclear facilities last weekend did not destroy the core components of the country\u2019s nuclear program and likely only set it back by months, according to an early US intelligence assessment that was described by seven people briefed on it.<\/div><\/div><\/div>\n\n<div class=\"vlp-link-container vlp-layout-basic wp-block-visual-link-preview-link\"><a href=\"https:\/\/www.middleeasteye.net\/news\/what-iran-achieved-during-conflict-israel\" class=\"vlp-link\" title=\"What Iran achieved during the conflict with Israel\" rel=\"nofollow\" target=\"_blank\"><\/a><div class=\"vlp-layout-zone-side\"><div class=\"vlp-block-2 vlp-link-image\"><img decoding=\"async\" src=\"https:\/\/www.middleeasteye.net\/sites\/default\/files\/images-story\/iran%20protests%20israel%20strikes%20women%20reuters.jpg\" style=\"max-width: 150px; max-height: 150px\" \/><\/div><\/div><div class=\"vlp-layout-zone-main\"><div class=\"vlp-block-0 vlp-link-title\">What Iran achieved during the conflict with Israel<\/div><div class=\"vlp-block-1 vlp-link-summary\">Tehran learned lessons about its nuclear and military capabilities, as well as the stability of the Islamic republic itself<\/div><\/div><\/div>\n\n<div class=\"vlp-link-container vlp-layout-basic wp-block-visual-link-preview-link\"><a href=\"https:\/\/www.axios.com\/2025\/06\/24\/trump-impeachment-trump-iran-al-green-democrats\" class=\"vlp-link\" title=\"House Democrats join Republicans to kill vote impeaching Trump over Iran strikes\" rel=\"nofollow\" target=\"_blank\"><\/a><div class=\"vlp-layout-zone-side\"><div class=\"vlp-block-2 vlp-link-image\"><img decoding=\"async\" src=\"https:\/\/images.axios.com\/5xQOg5xQ2gp8WWuo5ULh_0Q8OEc=\/0x39:4000x2289\/1366x768\/2025\/06\/24\/1750785735035.jpg\" style=\"max-width: 150px; max-height: 150px\" \/><\/div><\/div><div class=\"vlp-layout-zone-main\"><div class=\"vlp-block-0 vlp-link-title\">House Democrats join Republicans to kill vote impeaching Trump over Iran strikes<\/div><div class=\"vlp-block-1 vlp-link-summary\">Rep. Al Green moved to impeach the president for unilaterally striking Iranian military facilities.<\/div><\/div><\/div>\n\n<div class=\"vlp-link-container vlp-layout-basic wp-block-visual-link-preview-link\"><a href=\"https:\/\/www.theguardian.com\/us-news\/2025\/jun\/24\/new-yorkers-mayoral-primary-mamdami-cuomo\" class=\"vlp-link\" title=\"New Yorkers vote in mayoral primary as polls show Mamdani leading Cuomo\" rel=\"nofollow\" target=\"_blank\"><\/a><div class=\"vlp-layout-zone-side\"><div class=\"vlp-block-2 vlp-link-image\"><img decoding=\"async\" src=\"https:\/\/i.guim.co.uk\/img\/media\/ae8ef719f2e773cce08e038d3ea10d2f879fb46b\/0_0_3000_2400\/master\/3000.jpg?width=1200&amp;height=630&amp;quality=85&amp;auto=format&amp;fit=crop&amp;overlay-align=bottom%2Cleft&amp;overlay-width=100p&amp;overlay-base64=L2ltZy9zdGF0aWMvb3ZlcmxheXMvdGctZGVmYXVsdC5wbmc&amp;enable=upscale&amp;s=3960466d07cd73610a307a5bcc4d5e1c\" style=\"max-width: 150px; max-height: 150px\" \/><\/div><\/div><div class=\"vlp-layout-zone-main\"><div class=\"vlp-block-0 vlp-link-title\">New Yorkers vote in mayoral primary as polls show Mamdani leading Cuomo<\/div><div class=\"vlp-block-1 vlp-link-summary\">Leftwing Zohran Mamdani, 33, sees surging support in race with former governor for Democratic nomination<\/div><\/div><\/div>\n\n<div class=\"vlp-link-container vlp-layout-basic wp-block-visual-link-preview-link\"><a href=\"https:\/\/www.usatoday.com\/story\/news\/world\/2025\/06\/23\/iran-us-conflict-live-updates\/84308966007\/\" class=\"vlp-link\" title=\"Netanyahu says Israel accepts ceasefire with Iran announced by Trump: Updates\" rel=\"nofollow\" target=\"_blank\"><\/a><div class=\"vlp-layout-zone-side\"><div class=\"vlp-block-2 vlp-link-image\"><img decoding=\"async\" src=\"https:\/\/www.usatoday.com\/gcdn\/authoring\/authoring-images\/2025\/06\/23\/USAT\/84326931007-20250623-t-201657-z-345269980-rc-2-j-8-fa-6-xy-15-rtrmadp-3-irannuclear.JPG?crop=5233,2944,x0,y0&amp;width=3200&amp;height=1801&amp;format=pjpg&amp;auto=webp\" style=\"max-width: 150px; max-height: 150px\" \/><\/div><\/div><div class=\"vlp-layout-zone-main\"><div class=\"vlp-block-0 vlp-link-title\">Netanyahu says Israel accepts ceasefire with Iran announced by Trump: Updates<\/div><div class=\"vlp-block-1 vlp-link-summary\">Israel confirmed a ceasefire with Iran, thanked Trump for U.S. support and said it had achieved its war aims.<\/div><\/div><\/div>\n\n<div class=\"vlp-link-container vlp-layout-basic wp-block-visual-link-preview-link\"><a href=\"https:\/\/www.middleeasteye.net\/news\/maersk-cuts-ties-companies-operating-israeli-settlements\" class=\"vlp-link\" title=\"Shipping giant Maersk cuts ties with companies operating in Israeli settlements\" rel=\"nofollow\" target=\"_blank\"><\/a><div class=\"vlp-layout-zone-side\"><div class=\"vlp-block-2 vlp-link-image\"><img decoding=\"async\" src=\"https:\/\/www.middleeasteye.net\/sites\/default\/files\/images-story\/maersk-afp_0.jpg\" style=\"max-width: 150px; max-height: 150px\" \/><\/div><\/div><div class=\"vlp-layout-zone-main\"><div class=\"vlp-block-0 vlp-link-title\">Shipping giant Maersk cuts ties with companies operating in Israeli settlements<\/div><div class=\"vlp-block-1 vlp-link-summary\">Human rights activists say the move sends a strong message to the global shipping industry<\/div><\/div><\/div>\n\n<div class=\"vlp-link-container vlp-layout-basic wp-block-visual-link-preview-link\"><a href=\"https:\/\/www.middleeasteye.net\/news\/israel-iran-agree-complete-and-total-ceasefire-trump-says\" class=\"vlp-link\" title=\"Trump says Israel and Iran have agreed to \u2018complete and total\u2019 ceasefire\" rel=\"nofollow\" target=\"_blank\"><\/a><div class=\"vlp-layout-zone-side\"><div class=\"vlp-block-2 vlp-link-image\"><img decoding=\"async\" src=\"https:\/\/www.middleeasteye.net\/sites\/default\/files\/2025-06\/us-president-donald-trump-white-house-situation-room-attack-iran-21-jun-2025-reuters.jpg\" style=\"max-width: 150px; max-height: 150px\" \/><\/div><\/div><div class=\"vlp-layout-zone-main\"><div class=\"vlp-block-0 vlp-link-title\">Trump says Israel and Iran have agreed to \u2018complete and total\u2019 ceasefire<\/div><div class=\"vlp-block-1 vlp-link-summary\">US president says Israel and Iran will begin ceasefire within hours<\/div><\/div><\/div>\n\n<div class=\"vlp-link-container vlp-layout-basic wp-block-visual-link-preview-link\"><a href=\"https:\/\/www.middleeasteye.net\/news\/iran-launches-missiles-towards-us-bases-qatar\" class=\"vlp-link\" title=\"Iran launches missiles towards US base in Qatar\" rel=\"nofollow\" target=\"_blank\"><\/a><div class=\"vlp-layout-zone-side\"><div class=\"vlp-block-2 vlp-link-image\"><img decoding=\"async\" src=\"https:\/\/www.middleeasteye.net\/sites\/default\/files\/images-story\/Qatar-Missiles-AFP.jpg\" style=\"max-width: 150px; max-height: 150px\" \/><\/div><\/div><div class=\"vlp-layout-zone-main\"><div class=\"vlp-block-0 vlp-link-title\">Iran launches missiles towards US base in Qatar<\/div><div class=\"vlp-block-1 vlp-link-summary\">Missiles stream above Doha\u2019s skyline as Iran retaliates for attack on nuclear facilities<\/div><\/div><\/div>\n\n<div class=\"vlp-link-container vlp-layout-basic wp-block-visual-link-preview-link\"><a href=\"https:\/\/theintercept.com\/2025\/06\/23\/trump-iran-nuclear-strikes\/?fbclid=IwY2xjawLGyBRleHRuA2FlbQIxMQBicmlkETFKM3dMVEZYd2NZOHJDME5JAR7kuYNG8TTNcBOiObne3tAwnL4fji2iyvOSOlv9n_h8WXJApp0WPkBKBAJclA_aem_-uHy89gV548CLTla4PeSkA\" class=\"vlp-link\" title=\"Trump Says Iran\u2019s Nuke Sites Are \u201cObliterated.\u201d The Military Isn\u2019t So Sure.\" rel=\"nofollow\" target=\"_blank\"><\/a><div class=\"vlp-layout-zone-side\"><div class=\"vlp-block-2 vlp-link-image\"><img decoding=\"async\" src=\"https:\/\/theintercept.com\/wp-content\/uploads\/2025\/06\/Fordow-Fuel-Enrichment-Plant_Iran_20250622_053406_ssc5_50cm_geo_rgb_6220px-e1750696293662.jpg?fit=6220%2C3110&amp;w=1200&amp;h=800\" style=\"max-width: 150px; max-height: 150px\" \/><\/div><\/div><div class=\"vlp-layout-zone-main\"><div class=\"vlp-block-0 vlp-link-title\">Trump Says Iran\u2019s Nuke Sites Are \u201cObliterated.\u201d The Military Isn\u2019t So Sure.<\/div><div class=\"vlp-block-1 vlp-link-summary\">Defense officials say his claims are \u201coverblown\u201d \u2014 and the intelligence community said Iran wasn\u2019t building a bomb.<\/div><\/div><\/div>\n\n<div class=\"vlp-link-container vlp-layout-basic wp-block-visual-link-preview-link\"><a href=\"https:\/\/www.axios.com\/2025\/06\/22\/iran-closure-strait-of-hormuz\" class=\"vlp-link\" title=\"Iran parliament reportedly backs closure of oil transit channel\" rel=\"nofollow\" target=\"_blank\"><\/a><div class=\"vlp-layout-zone-side\"><div class=\"vlp-block-2 vlp-link-image\"><img decoding=\"async\" src=\"https:\/\/images.axios.com\/1DLRVeRIyx3jONOS2Ezi9uc0kSY=\/0x0:5536x3114\/1366x768\/2025\/06\/22\/1750601249024.jpg\" style=\"max-width: 150px; max-height: 150px\" \/><\/div><\/div><div class=\"vlp-layout-zone-main\"><div class=\"vlp-block-0 vlp-link-title\">Iran parliament reportedly backs closure of oil transit channel<\/div><div class=\"vlp-block-1 vlp-link-summary\">Impeding the strait would likely bring a massive spike in oil prices that would flow through to U.S. consumers.<\/div><\/div><\/div>\n\n<div class=\"vlp-link-container vlp-layout-basic wp-block-visual-link-preview-link\"><a href=\"https:\/\/www.theguardian.com\/world\/2025\/jun\/22\/trump-announces-us-strikes-on-iran-what-we-know-so-far-fordow-israel-nuclear\" class=\"vlp-link\" title=\"Trump says US strikes on Iran were a \u2018success\u2019: what we know so far\" rel=\"nofollow\" target=\"_blank\"><\/a><div class=\"vlp-layout-zone-side\"><div class=\"vlp-block-2 vlp-link-image\"><img decoding=\"async\" src=\"https:\/\/i.guim.co.uk\/img\/media\/560e616eeac98fbc08f19054cc0dcd1c6b888c39\/517_0_2915_2332\/master\/2915.jpg?width=1200&amp;height=630&amp;quality=85&amp;auto=format&amp;fit=crop&amp;overlay-align=bottom%2Cleft&amp;overlay-width=100p&amp;overlay-base64=L2ltZy9zdGF0aWMvb3ZlcmxheXMvdGctZGVmYXVsdC5wbmc&amp;enable=upscale&amp;s=02f0cad0622615bfec83b8138cb056ad\" style=\"max-width: 150px; max-height: 150px\" \/><\/div><\/div><div class=\"vlp-layout-zone-main\"><div class=\"vlp-block-0 vlp-link-title\">Trump says US strikes on Iran were a \u2018success\u2019: what we know so far<\/div><div class=\"vlp-block-1 vlp-link-summary\">US president Donald Trump has said the US has successfully struck three nuclear enrichment sites in Iran. This is what we know so far<\/div><\/div><\/div>\n\n<div class=\"vlp-link-container vlp-layout-basic wp-block-visual-link-preview-link\"><a href=\"https:\/\/www.middleeasteye.net\/live\/israel-targets-iran-nuclear-sites-and-military-commanders-major-attack\" class=\"vlp-link\" title=\"Live: US bombs nuclear sites in Iran\" rel=\"nofollow\" target=\"_blank\"><\/a><div class=\"vlp-layout-zone-side\"><div class=\"vlp-block-2 vlp-link-image\"><img decoding=\"async\" src=\"https:\/\/www.middleeasteye.net\/sites\/default\/files\/2025-06\/us-president-donald-trump-address-nation-iran-strikes-21-jun-2025-reuters.jpg\" style=\"max-width: 150px; max-height: 150px\" \/><\/div><\/div><div class=\"vlp-layout-zone-main\"><div class=\"vlp-block-0 vlp-link-title\">Live: US bombs nuclear sites in Iran<\/div><div class=\"vlp-block-1 vlp-link-summary\">Trump announces \u2018very successful attack\u2019 on Fordow, Natanz and Isfahan sites<\/div><\/div><\/div>\n\n<div class=\"vlp-link-container vlp-layout-basic wp-block-visual-link-preview-link\"><a href=\"https:\/\/theintercept.com\/2025\/06\/21\/iran-israel-united-states-war\/\" class=\"vlp-link\" title=\"Self-Proclaimed \u201cPeacemaker\u201d Drags U.S. Into Another War\" rel=\"nofollow\" target=\"_blank\"><\/a><div class=\"vlp-layout-zone-side\"><div class=\"vlp-block-2 vlp-link-image\"><img decoding=\"async\" src=\"https:\/\/theintercept.com\/wp-content\/uploads\/2025\/06\/GettyImages-2220612648-e1750555903937.jpg?fit=4000%2C2000&amp;w=1200&amp;h=800\" style=\"max-width: 150px; max-height: 150px\" \/><\/div><\/div><div class=\"vlp-layout-zone-main\"><div class=\"vlp-block-0 vlp-link-title\">Self-Proclaimed \u201cPeacemaker\u201d Drags U.S. Into Another War<\/div><div class=\"vlp-block-1 vlp-link-summary\">Heeding the request of Israel\u2019s Prime Minister Benjamin Netanyahu, President Donald Trump dispatched U.S. warplanes to bomb Iran.<\/div><\/div><\/div>\n\n<div class=\"vlp-link-container vlp-layout-basic wp-block-visual-link-preview-link\"><a href=\"https:\/\/www.theguardian.com\/world\/live\/2025\/jun\/22\/israel-iran-war-live-trump-says-us-has-attacked-nuclear-sites-in-iran-including-fordow?page=with:block-6857e1088f0840982823c4ff\" class=\"vlp-link\" title=\"Israel-Iran war live: Trump says key nuclear facilities \u2018obliterated\u2019 by US; missiles hit Israel after Iran launches retaliatory strikes\" rel=\"nofollow\" target=\"_blank\"><\/a><div class=\"vlp-layout-zone-side\"><div class=\"vlp-block-2 vlp-link-image\"><img decoding=\"async\" src=\"https:\/\/i.guim.co.uk\/img\/media\/a0d2e141adc8eb1e6429a821c35796443f933cb7\/391_0_3973_3179\/master\/3973.jpg?width=1200&amp;height=630&amp;quality=85&amp;auto=format&amp;fit=crop&amp;overlay-align=bottom%2Cleft&amp;overlay-width=100p&amp;overlay-base64=L2ltZy9zdGF0aWMvb3ZlcmxheXMvdGctbGl2ZS5wbmc&amp;enable=upscale&amp;s=abc8247cc1b66b232973d84c0b88c54c\" style=\"max-width: 150px; max-height: 150px\" \/><\/div><\/div><div class=\"vlp-layout-zone-main\"><div class=\"vlp-block-0 vlp-link-title\">Israel-Iran war live: Trump says key nuclear facilities \u2018obliterated\u2019 by US; missiles hit Israel after Iran launches retaliatory strikes<\/div><div class=\"vlp-block-1 vlp-link-summary\">In a post on social media earlier, the US president said \u2018A full payload of BOMBS was dropped on the primary site, Fordow. All planes are safely on their way home\u2019<\/div><\/div><\/div>\n\n<div class=\"vlp-link-container vlp-layout-basic wp-block-visual-link-preview-link\"><a href=\"https:\/\/theintercept.com\/2025\/06\/20\/mahmoud-khalil-homeland-security-investigations-ice-surveillance\/\" class=\"vlp-link\" title=\"Mahmoud Khalil Won His Freedom Despite the Best Efforts of ICE\u2019s Intelligence Unit\" rel=\"nofollow\" target=\"_blank\"><\/a><div class=\"vlp-layout-zone-side\"><div class=\"vlp-block-2 vlp-link-image\"><img decoding=\"async\" src=\"https:\/\/theintercept.com\/wp-content\/uploads\/2025\/06\/GettyImages-2209339667.jpg?fit=4992%2C3328&amp;w=1200&amp;h=800\" style=\"max-width: 150px; max-height: 150px\" \/><\/div><\/div><div class=\"vlp-layout-zone-main\"><div class=\"vlp-block-0 vlp-link-title\">Mahmoud Khalil Won His Freedom Despite the Best Efforts of ICE\u2019s Intelligence Unit<\/div><div class=\"vlp-block-1 vlp-link-summary\">Homeland Security Investigations once targeted human traffickers and cartels. Now it\u2019s leading the charge against student protesters.<\/div><\/div><\/div>\n\n<div class=\"vlp-link-container vlp-layout-basic wp-block-visual-link-preview-link\"><a href=\"https:\/\/theintercept.com\/2025\/06\/18\/tucker-carlson-ted-cruz-iran-israel\/\" class=\"vlp-link\" title=\"Tucker Carlson Outdid the Mainstream Media \u2014 But Still Missed This Crucial Point\" rel=\"nofollow\" target=\"_blank\"><\/a><div class=\"vlp-layout-zone-side\"><div class=\"vlp-block-2 vlp-link-image\"><img decoding=\"async\" src=\"https:\/\/theintercept.com\/wp-content\/uploads\/2025\/06\/GettyImages-2181491938_b8cc24-e1750279050971.jpg?fit=4668%2C2334&amp;w=1200&amp;h=800\" style=\"max-width: 150px; max-height: 150px\" \/><\/div><\/div><div class=\"vlp-layout-zone-main\"><div class=\"vlp-block-0 vlp-link-title\">Tucker Carlson Outdid the Mainstream Media \u2014 But Still Missed This Crucial Point<\/div><div class=\"vlp-block-1 vlp-link-summary\">Tucker Carlson stood out for challenging Sen. Ted Cruz\u2019s brainless warmongering. That doesn\u2019t mean we have to hand it to him.<\/div><\/div><\/div>\n\n<div class=\"vlp-link-container vlp-layout-basic wp-block-visual-link-preview-link\"><a href=\"https:\/\/www.bbc.com\/news\/articles\/cjel350eyw5o\" class=\"vlp-link\" title=\"Trump to decide on US action in Israel-Iran conflict within two weeks\" rel=\"nofollow\" target=\"_blank\"><\/a><div class=\"vlp-layout-zone-side\"><div class=\"vlp-block-2 vlp-link-image\"><img decoding=\"async\" src=\"https:\/\/ichef.bbci.co.uk\/news\/1024\/branded_news\/6245\/live\/ca0d4320-4d4e-11f0-86d5-3b52b53af158.jpg\" style=\"max-width: 150px; max-height: 150px\" \/><\/div><\/div><div class=\"vlp-layout-zone-main\"><div class=\"vlp-block-0 vlp-link-title\">Trump to decide on US action in Israel-Iran conflict within two weeks<\/div><div class=\"vlp-block-1 vlp-link-summary\">Trump\u2019s press secretary said the president believes there is a \u201csubstantial chance of negotiations\u201d with Iran.<\/div><\/div><\/div>\n\n<div class=\"vlp-link-container vlp-layout-basic wp-block-visual-link-preview-link\"><a href=\"https:\/\/www.theguardian.com\/world\/2025\/jun\/19\/trump-caution-on-iran-strike-linked-to-doubts-over-bunker-buster-bomb-officials-say\" class=\"vlp-link\" title=\"Trump caution on Iran strike linked to doubts over \u2018bunker buster\u2019 bomb, officials say\" rel=\"nofollow\" target=\"_blank\"><\/a><div class=\"vlp-layout-zone-side\"><div class=\"vlp-block-2 vlp-link-image\"><img decoding=\"async\" src=\"https:\/\/i.guim.co.uk\/img\/media\/f6fe130216f72bd983683544d185a5d62a9f6c57\/3_0_1340_1073\/master\/1340.jpg?width=1200&amp;height=630&amp;quality=85&amp;auto=format&amp;fit=crop&amp;overlay-align=bottom%2Cleft&amp;overlay-width=100p&amp;overlay-base64=L2ltZy9zdGF0aWMvb3ZlcmxheXMvdGctZGVmYXVsdC5wbmc&amp;enable=upscale&amp;s=253b8abf63db0c0a7a7e365f53cb0ca5\" style=\"max-width: 150px; max-height: 150px\" \/><\/div><\/div><div class=\"vlp-layout-zone-main\"><div class=\"vlp-block-0 vlp-link-title\">Trump caution on Iran strike linked to doubts over \u2018bunker buster\u2019 bomb, officials say<\/div><div class=\"vlp-block-1 vlp-link-summary\">Exclusive: The likelihood of a successful US strike on the Iranian nuclear facility buried deep underground at Fordow is a topic of deep contention, defense officials say<\/div><\/div><\/div>\n\n<div class=\"vlp-link-container vlp-layout-basic wp-block-visual-link-preview-link\"><a href=\"https:\/\/apnews.com\/article\/dodger-stadium-ice-denied-entry-8c71b0a569b7bec167d52e99390e2e82\" class=\"vlp-link\" title=\"Federal immigration agents asked to leave Dodger Stadium parking lot, team says\" rel=\"nofollow\" target=\"_blank\"><\/a><div class=\"vlp-layout-zone-side\"><div class=\"vlp-block-2 vlp-link-image\"><img decoding=\"async\" src=\"https:\/\/dims.apnews.com\/dims4\/default\/0bce54f\/2147483647\/strip\/true\/crop\/5895x3316+0+342\/resize\/1440x810!\/quality\/90\/?url=https%3A%2F%2Fassets.apnews.com%2Fed%2Fc1%2Fc0037bac5f6b268dc72c4df2fc13%2F8bf2762cb0454e7eb42bdf2496f00e63\" style=\"max-width: 150px; max-height: 150px\" \/><\/div><\/div><div class=\"vlp-layout-zone-main\"><div class=\"vlp-block-0 vlp-link-title\">Federal immigration agents asked to leave Dodger Stadium parking lot, team says<\/div><div class=\"vlp-block-1 vlp-link-summary\">The Los Angeles Dodgers organization says it asked federal immigration agents to leave the Dodger Stadium grounds after they arrived at a parking lot near one of the gates.<\/div><\/div><\/div>\n\n<div class=\"vlp-link-container vlp-layout-basic wp-block-visual-link-preview-link\"><a href=\"https:\/\/www.nbcnews.com\/news\/latino\/trump-backtracks-ice-arrests-farmers-hotel-workers-rcna213469\" class=\"vlp-link\" title=\"Trump reverses brief reprieve for immigrants he said are \u2018good, long time workers\u2019\" rel=\"nofollow\" target=\"_blank\"><\/a><div class=\"vlp-layout-zone-side\"><div class=\"vlp-block-2 vlp-link-image\"><img decoding=\"async\" src=\"https:\/\/media-cldnry.s-nbcnews.com\/image\/upload\/t_nbcnews-fp-1200-630,f_auto,q_auto:best\/rockcms\/2025-06\/250617-trump-ch-1117-4e10be.jpg\" style=\"max-width: 150px; max-height: 150px\" \/><\/div><\/div><div class=\"vlp-layout-zone-main\"><div class=\"vlp-block-0 vlp-link-title\">Trump reverses brief reprieve for immigrants he said are \u2018good, long time workers\u2019<\/div><div class=\"vlp-block-1 vlp-link-summary\">The president said \u2018we\u2019re going to look everywhere\u2019 for immigration arrests, reversing last week\u2019s exemption ICE gave hotel, restaurant and agricultural workers.<\/div><\/div><\/div>\n\n<div class=\"vlp-link-container vlp-layout-basic wp-block-visual-link-preview-link\"><a href=\"https:\/\/www.cbsnews.com\/news\/trumps-deportation-efforts-could-impact-these-industries-and-states-that-rely-on-undocumented-workers\/\" class=\"vlp-link\" title=\"Trump\u2019s deportation efforts could impact these industries and states that rely on undocumented workers\" rel=\"nofollow\" target=\"_blank\"><\/a><div class=\"vlp-layout-zone-side\"><div class=\"vlp-block-2 vlp-link-image\"><img decoding=\"async\" src=\"https:\/\/assets3.cbsnewsstatic.com\/hub\/i\/r\/2025\/06\/19\/7bc63ef0-af76-4d52-bc91-fc87955938ad\/thumbnail\/1200x630\/9606569004927d02333da6f6c475a3f2\/gettyimages-2220161237.jpg?v=64f55bb7ef9382fe7916b907da543f1f\" style=\"max-width: 150px; max-height: 150px\" \/><\/div><\/div><div class=\"vlp-layout-zone-main\"><div class=\"vlp-block-0 vlp-link-title\">Trump\u2019s deportation efforts could impact these industries and states that rely on undocumented workers<\/div><div class=\"vlp-block-1 vlp-link-summary\">Unauthorized immigrants make up nearly 5% of the U.S. workforce, according to 2022 estimates, and a higher share in construction and agriculture.<\/div><\/div><\/div>\n\n<div class=\"vlp-link-container vlp-layout-basic wp-block-visual-link-preview-link\"><a href=\"https:\/\/www.theguardian.com\/us-news\/2025\/jun\/19\/dhs-immigration-detention-center-visits-new-guidance\" class=\"vlp-link\" title=\"Outrage as DHS moves to restrict lawmaker visits to detention centers\" rel=\"nofollow\" target=\"_blank\"><\/a><div class=\"vlp-layout-zone-side\"><div class=\"vlp-block-2 vlp-link-image\"><img decoding=\"async\" src=\"https:\/\/i.guim.co.uk\/img\/media\/d397b250ccf8bcc618208f0bf98b302136980e75\/0_0_5000_4000\/master\/5000.jpg?width=1200&amp;height=630&amp;quality=85&amp;auto=format&amp;fit=crop&amp;overlay-align=bottom%2Cleft&amp;overlay-width=100p&amp;overlay-base64=L2ltZy9zdGF0aWMvb3ZlcmxheXMvdGctZGVmYXVsdC5wbmc&amp;enable=upscale&amp;s=41b3cde0951331a6804d54cf1dc31ae9\" style=\"max-width: 150px; max-height: 150px\" \/><\/div><\/div><div class=\"vlp-layout-zone-main\"><div class=\"vlp-block-0 vlp-link-title\">Outrage as DHS moves to restrict lawmaker visits to detention centers<\/div><div class=\"vlp-block-1 vlp-link-summary\">Election officials told to give 72 hours\u2019 notice before visiting immigration facilities, with some sites completely off limits<\/div><\/div><\/div>\n\n<div class=\"vlp-link-container vlp-layout-basic wp-block-visual-link-preview-link\"><a href=\"https:\/\/www.middleeasteye.net\/news\/iran-fires-missiles-tel-aviv-after-arak-nuclear-reactor-attacked\" class=\"vlp-link\" title=\"Iranian missiles rain down on Tel Aviv after Israel attacks Arak nuclear reactor\" rel=\"nofollow\" target=\"_blank\"><\/a><div class=\"vlp-layout-zone-side\"><div class=\"vlp-block-2 vlp-link-image\"><img decoding=\"async\" src=\"https:\/\/www.middleeasteye.net\/sites\/default\/files\/images-story\/israel-ramat-gan-office-damaged-iran-missile-19-jun-2025-reuters-via-zuma-press.jpg\" style=\"max-width: 150px; max-height: 150px\" \/><\/div><\/div><div class=\"vlp-layout-zone-main\"><div class=\"vlp-block-0 vlp-link-title\">Iranian missiles rain down on Tel Aviv after Israel attacks Arak nuclear reactor<\/div><div class=\"vlp-block-1 vlp-link-summary\">Damage reported at Israeli stock exchange building in Ramat Gan, a district of Tel Aviv; and Soroko hospital in Be\u2019er Sheva, as Iran retaliates to latest Israeli attacks<\/div><\/div><\/div>\n\n<div class=\"vlp-link-container vlp-layout-basic wp-block-visual-link-preview-link\"><a href=\"https:\/\/youtu.be\/jSlvXC5GX5M?si=goY2wYvK_CMe02di\" class=\"vlp-link\" title=\"Did Capitalism End? Now what?\" rel=\"nofollow\" target=\"_blank\"><\/a><div class=\"vlp-layout-zone-side\"><div class=\"vlp-block-2 vlp-link-image\"><img decoding=\"async\" src=\"https:\/\/i.ytimg.com\/vi\/jSlvXC5GX5M\/maxresdefault.jpg\" style=\"max-width: 150px; max-height: 150px\" \/><\/div><\/div><div class=\"vlp-layout-zone-main\"><div class=\"vlp-block-0 vlp-link-title\">Did Capitalism End? Now what?<\/div><div class=\"vlp-block-1 vlp-link-summary\">We cannot assume the continuity of capitalism, now what?<\/div><\/div><\/div>\n\n<div class=\"vlp-link-container vlp-layout-basic wp-block-visual-link-preview-link\"><a href=\"https:\/\/www.northjersey.com\/story\/news\/2025\/06\/18\/delaney-hall-history-conditions-newark-nj-ice-facility\/84149059007\/\" class=\"vlp-link\" title=\"Before recent Delaney Hall uprising, detainees frequently complained about conditions\" rel=\"nofollow\" target=\"_blank\"><\/a><div class=\"vlp-layout-zone-side\"><div class=\"vlp-block-2 vlp-link-image\"><img decoding=\"async\" src=\"https:\/\/www.northjersey.com\/gcdn\/authoring\/authoring-images\/2025\/03\/11\/PNJM\/82273341007-031125-ice-rally-010.JPG?crop=3749,2109,x0,y390&amp;width=3200&amp;height=1801&amp;format=pjpg&amp;auto=webp\" style=\"max-width: 150px; max-height: 150px\" \/><\/div><\/div><div class=\"vlp-layout-zone-main\"><div class=\"vlp-block-0 vlp-link-title\">Before recent Delaney Hall uprising, detainees frequently complained about conditions<\/div><div class=\"vlp-block-1 vlp-link-summary\">Detainees at Delaney Hall in Newark had problems with food, medical care, and visiting hours before the June 12 riot that resulted in escape.<\/div><\/div><\/div>\n\n<div class=\"vlp-link-container vlp-layout-basic wp-block-visual-link-preview-link\"><a href=\"https:\/\/blackagendareport.com\/cmb-newark-statement-delaney-hall-uprising\" class=\"vlp-link\" title=\"CMB Newark Statement on the Delaney Hall Uprising | Black Agenda Report\" rel=\"nofollow\" target=\"_blank\"><\/a><div class=\"vlp-layout-zone-side\"><div class=\"vlp-block-2 vlp-link-image\"><img decoding=\"async\" src=\"http:\/\/blackagendareport.com\/sites\/default\/files\/2025-06\/8%20360x200_2.png\" style=\"max-width: 150px; max-height: 150px\" \/><\/div><\/div><div class=\"vlp-layout-zone-main\"><div class=\"vlp-block-0 vlp-link-title\">CMB Newark Statement on the Delaney Hall Uprising | Black Agenda Report<\/div><div class=\"vlp-block-1 vlp-link-summary\">When oppression becomes unbearable, resistance erupts. The uprising at Delaney Hall exposes the brutality of immigrant detention and the power of collective defiance.<\/div><\/div><\/div>\n\n<div class=\"vlp-link-container vlp-layout-basic wp-block-visual-link-preview-link\"><a href=\"https:\/\/www.youtube.com\/live\/CnHCFC4F3FM?si=2NHQTcdHVDGyxltE\" class=\"vlp-link\" title=\"#BuildAndFight: Part 5 with Kali Akuno\" rel=\"nofollow\" target=\"_blank\"><\/a><div class=\"vlp-layout-zone-side\"><div class=\"vlp-block-2 vlp-link-image\"><img decoding=\"async\" src=\"https:\/\/i.ytimg.com\/vi\/CnHCFC4F3FM\/maxresdefault.jpg\" style=\"max-width: 150px; max-height: 150px\" \/><\/div><\/div><div class=\"vlp-layout-zone-main\"><div class=\"vlp-block-0 vlp-link-title\">#BuildAndFight: Part 5 with Kali Akuno<\/div><div class=\"vlp-block-1 vlp-link-summary\">Community ProductionThe Build and Fight Formula is a program for the radical transformation of society. Kali Akuno, Co-founder and Executive Director of Miss\u2026<\/div><\/div><\/div>\n\n<div class=\"vlp-link-container vlp-layout-basic wp-block-visual-link-preview-link\"><a href=\"https:\/\/www.youtube.com\/live\/I7XMGrYtMSI?si=dJuLimKapaD041aT\" class=\"vlp-link\" title=\"Dylan Rodr\u00edguez on Lexical Warfare &amp; Counterinsurgency\" rel=\"nofollow\" target=\"_blank\"><\/a><div class=\"vlp-layout-zone-side\"><div class=\"vlp-block-2 vlp-link-image\"><img decoding=\"async\" src=\"https:\/\/i.ytimg.com\/vi\/I7XMGrYtMSI\/maxresdefault.jpg\" style=\"max-width: 150px; max-height: 150px\" \/><\/div><\/div><div class=\"vlp-layout-zone-main\"><div class=\"vlp-block-0 vlp-link-title\">Dylan Rodr\u00edguez on Lexical Warfare &amp; Counterinsurgency<\/div><div class=\"vlp-block-1 vlp-link-summary\">In this episode Dylan Rodr\u00edguez will return to the show to talk about the concept of lexical warfare and its role within warfare, politics, and counterinsurg\u2026<\/div><\/div><\/div>\n\n<div class=\"vlp-link-container vlp-layout-basic wp-block-visual-link-preview-link\"><a href=\"https:\/\/www.middleeasteye.net\/trending\/us-senator-ted-cruz-faces-backlash-for-not-knowing-basic-facts-iran\" class=\"vlp-link\" title=\"US Senator Ted Cruz faces backlash for not knowing basic facts about Iran\" rel=\"nofollow\" target=\"_blank\"><\/a><div class=\"vlp-layout-zone-side\"><div class=\"vlp-block-2 vlp-link-image\"><img decoding=\"async\" src=\"https:\/\/www.middleeasteye.net\/sites\/default\/files\/images-story\/063_2214068695.jpg\" style=\"max-width: 150px; max-height: 150px\" \/><\/div><\/div><div class=\"vlp-layout-zone-main\"><div class=\"vlp-block-0 vlp-link-title\">US Senator Ted Cruz faces backlash for not knowing basic facts about Iran<\/div><div class=\"vlp-block-1 vlp-link-summary\">In a heated interview, Tucker Carlson grilled Cruz over his views on Iran, sparking mockery online<\/div><\/div><\/div>\n\n<div class=\"vlp-link-container vlp-layout-basic wp-block-visual-link-preview-link\"><a href=\"https:\/\/youtu.be\/Ga1jdJLU7Xs?si=S0fvQ-Lr1v00HK3u\" class=\"vlp-link\" title=\"Anatomy of a genocide, with Francesca Albanese\" rel=\"nofollow\" target=\"_blank\"><\/a><div class=\"vlp-layout-zone-side\"><div class=\"vlp-block-2 vlp-link-image\"><img decoding=\"async\" src=\"https:\/\/i.ytimg.com\/vi\/Ga1jdJLU7Xs\/maxresdefault.jpg\" style=\"max-width: 150px; max-height: 150px\" \/><\/div><\/div><div class=\"vlp-layout-zone-main\"><div class=\"vlp-block-0 vlp-link-title\">Anatomy of a genocide, with Francesca Albanese<\/div><div class=\"vlp-block-1 vlp-link-summary\">Internet and phone services collapsed across the Gaza Strip on Thursday following Israeli airstrikes on key infrastructure.\u201cThe central and southern governor\u2026<\/div><\/div><\/div>\n\n<div class=\"vlp-link-container vlp-layout-basic wp-block-visual-link-preview-link\"><a href=\"https:\/\/www.middleeasteye.net\/news\/us-new-york-protest-israel-attacks-iran\" class=\"vlp-link\" title=\"\u2018No war on Iran\u2019: New Yorkers rally against US and Israeli regime change plans\" rel=\"nofollow\" target=\"_blank\"><\/a><div class=\"vlp-layout-zone-side\"><div class=\"vlp-block-2 vlp-link-image\"><img decoding=\"async\" src=\"https:\/\/www.middleeasteye.net\/sites\/default\/files\/images-story\/iranprotest-nyc.jpg\" style=\"max-width: 150px; max-height: 150px\" \/><\/div><\/div><div class=\"vlp-layout-zone-main\"><div class=\"vlp-block-0 vlp-link-title\">\u2018No war on Iran\u2019: New Yorkers rally against US and Israeli regime change plans<\/div><div class=\"vlp-block-1 vlp-link-summary\">Demonstrators say any further US involvement in Israeli attacks on Iran would be catastrophic for the world<\/div><\/div><\/div>\n\n<div class=\"vlp-link-container vlp-layout-basic wp-block-visual-link-preview-link\"><a href=\"https:\/\/www.middleeasteye.net\/news\/israel-launches-major-attack-iran-irgc-chief-killed\" class=\"vlp-link\" title=\"Israel launches major attack on Iran, senior IRGC chief and scientists killed\" rel=\"nofollow\" target=\"_blank\"><\/a><div class=\"vlp-layout-zone-side\"><div class=\"vlp-block-2 vlp-link-image\"><img decoding=\"async\" src=\"https:\/\/www.middleeasteye.net\/sites\/default\/files\/images-story\/tehran-june-israel-attack.jpg\" style=\"max-width: 150px; max-height: 150px\" \/><\/div><\/div><div class=\"vlp-layout-zone-main\"><div class=\"vlp-block-0 vlp-link-title\">Israel launches major attack on Iran, senior IRGC chief and scientists killed<\/div><div class=\"vlp-block-1 vlp-link-summary\">Islamic Revolutionary Guard Corps commander Hossein Salami and leading nuclear scientists killed in overnight strikes, Iranian media reports<\/div><\/div><\/div>\n\n<div class=\"vlp-link-container vlp-layout-basic wp-block-visual-link-preview-link\"><a href=\"https:\/\/apnews.com\/article\/iran-explosions-israel-tehran-00234a06e5128a8aceb406b140297299\" class=\"vlp-link\" title=\"Israel attacks Iran\u2019s nuclear and missile sites, prompting Iranian drone-strike retaliation\" rel=\"nofollow\" target=\"_blank\"><\/a><div class=\"vlp-layout-zone-side\"><div class=\"vlp-block-2 vlp-link-image\"><img decoding=\"async\" src=\"https:\/\/dims.apnews.com\/dims4\/default\/f7b3a6b\/2147483647\/strip\/true\/crop\/8640x4860+0+450\/resize\/1440x810!\/quality\/90\/?url=https%3A%2F%2Fassets.apnews.com%2F31%2Fb0%2Faa200f71cd30fcedecc0b12e5fd6%2F3f256a1693df46f3a454d4e9ada63966\" style=\"max-width: 150px; max-height: 150px\" \/><\/div><\/div><div class=\"vlp-layout-zone-main\"><div class=\"vlp-block-0 vlp-link-title\">Israel attacks Iran\u2019s nuclear and missile sites, prompting Iranian drone-strike retaliation<\/div><div class=\"vlp-block-1 vlp-link-summary\">Israel has attacked Iran\u2019s capital in strikes that targeted the country\u2019s nuclear program and raised the potential for an all-out war between the two bitter Middle East adversaries.<\/div><\/div><\/div>\n\n<div class=\"vlp-link-container vlp-layout-basic wp-block-visual-link-preview-link\"><a href=\"https:\/\/www.cnn.com\/us\/live-news\/la-protests-ice-raids-trump-06-09-25\" class=\"vlp-link\" title=\"LA protesters and police in standoff as Trump doubles National Guard deployment | CNN\" rel=\"nofollow\" target=\"_blank\"><\/a><div class=\"vlp-layout-zone-side\"><div class=\"vlp-block-2 vlp-link-image\"><img decoding=\"async\" src=\"https:\/\/media.cnn.com\/api\/v1\/images\/stellar\/prod\/la-protest-motorcycle-crash.png?c=16x9&amp;q=w_800,c_fill\" style=\"max-width: 150px; max-height: 150px\" \/><\/div><\/div><div class=\"vlp-layout-zone-main\"><div class=\"vlp-block-0 vlp-link-title\">LA protesters and police in standoff as Trump doubles National Guard deployment | CNN<\/div><div class=\"vlp-block-1 vlp-link-summary\">Protesters and police are still facing off in Los Angeles, with standoffs currently in the Arts District and Little Tokyo. Anti-ICE protests have occurred across the country. Follow for live updates<\/div><\/div><\/div>\n\n<div class=\"vlp-link-container vlp-layout-basic wp-block-visual-link-preview-link\"><a href=\"https:\/\/www.middleeasteye.net\/news\/what-know-about-new-trump-travel-ban-now-in-effect\" class=\"vlp-link\" title=\"The new Trump travel ban is now in effect. Here\u2019s what you should know\" rel=\"nofollow\" target=\"_blank\"><\/a><div class=\"vlp-layout-zone-side\"><div class=\"vlp-block-2 vlp-link-image\"><img decoding=\"async\" src=\"https:\/\/www.middleeasteye.net\/sites\/default\/files\/images-story\/2025-06-09T043132Z_1579912430_RC2RYEAD57P1_RTRMADP_3_USA-TRAVEL.JPG\" style=\"max-width: 150px; max-height: 150px\" \/><\/div><\/div><div class=\"vlp-layout-zone-main\"><div class=\"vlp-block-0 vlp-link-title\">The new Trump travel ban is now in effect. Here\u2019s what you should know<\/div><div class=\"vlp-block-1 vlp-link-summary\">Lawyers say it\u2019s a legally sound order, and the only way to challenge it is through legislative change<\/div><\/div><\/div>\n\n<div class=\"vlp-link-container vlp-layout-basic wp-block-visual-link-preview-link\"><a href=\"https:\/\/www.middleeasteye.net\/opinion\/gaza-flotilla-madleen-shows-us-world-it-could-be\" class=\"vlp-link\" title=\"Gaza flotilla: The Madleen shows us the world as it could be\" rel=\"nofollow\" target=\"_blank\"><\/a><div class=\"vlp-layout-zone-side\"><div class=\"vlp-block-2 vlp-link-image\"><img decoding=\"async\" src=\"https:\/\/www.middleeasteye.net\/sites\/default\/files\/images-story\/uk-london-protest-gaza-flotilla-june-2025-benjamin-cremel-afp.jpg\" style=\"max-width: 150px; max-height: 150px\" \/><\/div><\/div><div class=\"vlp-layout-zone-main\"><div class=\"vlp-block-0 vlp-link-title\">Gaza flotilla: The Madleen shows us the world as it could be<\/div><div class=\"vlp-block-1 vlp-link-summary\">What if thousands set sail, from every Mediterranean port? What if fishers, sailors, students and parents rose to say: not in our name?<\/div><\/div><\/div>\n\n<div class=\"vlp-link-container vlp-layout-basic wp-block-visual-link-preview-link\"><a href=\"https:\/\/www.middleeasteye.net\/news\/seizure-madleen-latest-decade-Israeli-attacks-aid-flotillas-gaza\" class=\"vlp-link\" title=\"Seizure of Madleen is the latest in more than a decade of Israeli attacks on aid flotillas\" rel=\"nofollow\" target=\"_blank\"><\/a><div class=\"vlp-layout-zone-side\"><div class=\"vlp-block-2 vlp-link-image\"><img decoding=\"async\" src=\"https:\/\/www.middleeasteye.net\/sites\/default\/files\/images-story\/gaza-boats-solidarity-with-flotilla-afp.jpg\" style=\"max-width: 150px; max-height: 150px\" \/><\/div><\/div><div class=\"vlp-layout-zone-main\"><div class=\"vlp-block-0 vlp-link-title\">Seizure of Madleen is the latest in more than a decade of Israeli attacks on aid flotillas<\/div><div class=\"vlp-block-1 vlp-link-summary\">The Mavi Mamara mission in May 2010 attempted to break Israel\u2019s blockade of Gaza. It was boarded by Israeli soldiers and 10 crew members died in the attack<\/div><\/div><\/div>\n\n<div class=\"vlp-link-container vlp-layout-basic wp-block-visual-link-preview-link\"><a href=\"https:\/\/www.youtube.com\/live\/_FZDSjDCFWw?si=wjG8oAb2HNhi9Fbg\" class=\"vlp-link\" title=\"Los Angeles: Report from On The Ground\" rel=\"nofollow\" target=\"_blank\"><\/a><div class=\"vlp-layout-zone-side\"><div class=\"vlp-block-2 vlp-link-image\"><img decoding=\"async\" src=\"https:\/\/i.ytimg.com\/vi\/_FZDSjDCFWw\/maxresdefault.jpg\" style=\"max-width: 150px; max-height: 150px\" \/><\/div><\/div><div class=\"vlp-layout-zone-main\"><div class=\"vlp-block-0 vlp-link-title\">Los Angeles: Report from On The Ground<\/div><div class=\"vlp-block-1 vlp-link-summary\">Organizers Ron Gochez and Billion GodSun will tell us what\u2019s been happening in the streets of LA since ICE raids and National Guard troops have been deployed\u2026<\/div><\/div><\/div>\n\n<div class=\"vlp-link-container vlp-layout-basic wp-block-visual-link-preview-link\"><a href=\"https:\/\/abcnews.go.com\/Politics\/trump-great-arrest-newsom-stormy-relationship-politics-play\/story?id=122655967\" class=\"vlp-link\" title=\"Trump said it would be \u2018great\u2019 to arrest Newsom. Their stormy relationship and the politics at play.\" rel=\"nofollow\" target=\"_blank\"><\/a><div class=\"vlp-layout-zone-side\"><div class=\"vlp-block-2 vlp-link-image\"><img decoding=\"async\" src=\"https:\/\/i.abcnewsfe.com\/a\/ae78ffc4-cb85-4b5c-8a8d-d51670281f57\/trump-newsom-3-rt-gmh-250609_1749493016186_hpMain_16x9.jpg?w=1600\" style=\"max-width: 150px; max-height: 150px\" \/><\/div><\/div><div class=\"vlp-layout-zone-main\"><div class=\"vlp-block-0 vlp-link-title\">Trump said it would be \u2018great\u2019 to arrest Newsom. Their stormy relationship and the politics at play.<\/div><div class=\"vlp-block-1 vlp-link-summary\">The Democrat governor said Trump has exploited the situation for political gain.<\/div><\/div><\/div>\n\n<div class=\"vlp-link-container vlp-layout-basic wp-block-visual-link-preview-link\"><a href=\"https:\/\/apnews.com\/article\/marines-protests-california-deployed-trump-503e1de25b45c760218d8ae879c8d2d3?utm_source=newsshowcase&amp;utm_medium=gnews&amp;utm_campaign=CDAQuo7lr--CntrvARi7q5qNydKnwrQBKg8IACoHCAowhO7OATDh9Cg&amp;utm_content=rundown\" class=\"vlp-link\" title=\"Pentagon draws up rules on possible use of force by Marines deployed to LA protests\" rel=\"nofollow\" target=\"_blank\"><\/a><div class=\"vlp-layout-zone-side\"><div class=\"vlp-block-2 vlp-link-image\"><img decoding=\"async\" src=\"https:\/\/dims.apnews.com\/dims4\/default\/a347351\/2147483647\/strip\/true\/crop\/3254x1830+0+170\/resize\/1440x810!\/quality\/90\/?url=https%3A%2F%2Fassets.apnews.com%2Ff4%2F48%2Fdfe1397b3726a8a29a13e4695258%2F1b47784e144645c7a4d2ddcf736f086e\" style=\"max-width: 150px; max-height: 150px\" \/><\/div><\/div><div class=\"vlp-layout-zone-main\"><div class=\"vlp-block-0 vlp-link-title\">Pentagon draws up rules on possible use of force by Marines deployed to LA protests<\/div><div class=\"vlp-block-1 vlp-link-summary\">The Pentagon is scrambling to establish rules to guide U.S. Marines who could be faced with the rare and difficult prospect of using force against citizens on American soil, now that the Trump administration is deploying active duty troops to the immigration raid protests in Los Angeles.<\/div><\/div><\/div>\n\n<div class=\"vlp-link-container vlp-layout-basic wp-block-visual-link-preview-link\"><a href=\"https:\/\/www.theguardian.com\/us-news\/2025\/jun\/08\/los-angeles-protests-dispatch\" class=\"vlp-link\" title=\"\u2018We\u2019re not afraid of you\u2019: LA protesters, enraged by Trump, flood the streets\" rel=\"nofollow\" target=\"_blank\"><\/a><div class=\"vlp-layout-zone-side\"><div class=\"vlp-block-2 vlp-link-image\"><img decoding=\"async\" src=\"https:\/\/i.guim.co.uk\/img\/media\/f7209f3e840660ce58e03d5120efa8d255bf7fcb\/464_0_4645_3716\/master\/4645.jpg?width=1200&amp;height=630&amp;quality=85&amp;auto=format&amp;fit=crop&amp;overlay-align=bottom%2Cleft&amp;overlay-width=100p&amp;overlay-base64=L2ltZy9zdGF0aWMvb3ZlcmxheXMvdGctZGVmYXVsdC5wbmc&amp;enable=upscale&amp;s=753e424b4a42c2b14277d0f067a43a0d\" style=\"max-width: 150px; max-height: 150px\" \/><\/div><\/div><div class=\"vlp-layout-zone-main\"><div class=\"vlp-block-0 vlp-link-title\">\u2018We\u2019re not afraid of you\u2019: LA protesters, enraged by Trump, flood the streets<\/div><div class=\"vlp-block-1 vlp-link-summary\">Traffic stopped, signs were brandished, insults were hurled \u2013 and the size of the protest seemed to take police by surprise<\/div><\/div><\/div>\n\n<div class=\"vlp-link-container vlp-layout-basic wp-block-visual-link-preview-link\"><a href=\"https:\/\/www.theguardian.com\/world\/live\/2025\/jun\/09\/live-israel-gaza-aid-ship-madleen-freedom-flotilla-coalition-greta-thunberg\" class=\"vlp-link\" title=\"Israel accused of \u2018forcibly intercepting\u2019 Gaza aid boat as activists detained \u2013 live\" rel=\"nofollow\" target=\"_blank\"><\/a><div class=\"vlp-layout-zone-side\"><div class=\"vlp-block-2 vlp-link-image\"><img decoding=\"async\" src=\"https:\/\/i.guim.co.uk\/img\/media\/f5d50c0a1913afc9cda2786b936a9c5b49ae0710\/0_0_2200_1760\/master\/2200.png?width=1200&amp;height=630&amp;quality=85&amp;auto=format&amp;fit=crop&amp;overlay-align=bottom%2Cleft&amp;overlay-width=100p&amp;overlay-base64=L2ltZy9zdGF0aWMvb3ZlcmxheXMvdGctbGl2ZS5wbmc&amp;enable=upscale&amp;s=8bc369296c6af2f98d430ac6fbeff63f\" style=\"max-width: 150px; max-height: 150px\" \/><\/div><\/div><div class=\"vlp-layout-zone-main\"><div class=\"vlp-block-0 vlp-link-title\">Israel accused of \u2018forcibly intercepting\u2019 Gaza aid boat as activists detained \u2013 live<\/div><div class=\"vlp-block-1 vlp-link-summary\">Israeli foreign ministry confirms ship carrying activists including Greta Thunberg is under its troops\u2019 control and heading towards Israel<\/div><\/div><\/div>\n\n<div class=\"vlp-link-container vlp-layout-basic wp-block-visual-link-preview-link\"><a href=\"https:\/\/abcnews.go.com\/US\/live-updates\/la-immigration-protests-live-updates-trump-deploys-2000\/?id=122621279\" class=\"vlp-link\" title=\"LA immigration protests live updates: All of downtown Los Angeles declared an unlawful assembly\" rel=\"nofollow\" target=\"_blank\"><\/a><div class=\"vlp-layout-zone-side\"><div class=\"vlp-block-2 vlp-link-image\"><img decoding=\"async\" src=\"https:\/\/i.abcnewsfe.com\/a\/b6953534-f088-47b7-b7db-dcdef72f2c07\/la-protest-44-rt-gmh-250608_1749431911321_hpMain_16x9.jpg?w=1600\" style=\"max-width: 150px; max-height: 150px\" \/><\/div><\/div><div class=\"vlp-layout-zone-main\"><div class=\"vlp-block-0 vlp-link-title\">LA immigration protests live updates: All of downtown Los Angeles declared an unlawful assembly<\/div><div class=\"vlp-block-1 vlp-link-summary\">Los Angeles immigration protests live updates<\/div><\/div><\/div>\n\n<div class=\"vlp-link-container vlp-layout-basic wp-block-visual-link-preview-link\"><a href=\"https:\/\/www.aljazeera.com\/news\/liveblog\/2025\/6\/4\/madleen-gaza-flotilla-live-greta-thunberg-activists-to-arrive-on-june-7\" class=\"vlp-link\" title=\"Madleen Gaza flotilla live: Ship, activists being taken to Israel | Gaza News | Al Jazeera\" rel=\"nofollow\" target=\"_blank\"><\/a><div class=\"vlp-layout-zone-main\"><div class=\"vlp-block-0 vlp-link-title\">Madleen Gaza flotilla live: Ship, activists being taken to Israel | Gaza News | Al Jazeera<\/div><div class=\"vlp-block-1 vlp-link-summary\">We use cookies and other tracking technologies to deliver and personalize content and ads, enable features, measure site performance, and enable social media sharing. You can choose to customize your preferences.Learn more about our Cookie Policy.<\/div><\/div><\/div>\n\n<div class=\"vlp-link-container vlp-layout-basic wp-block-visual-link-preview-link\"><a href=\"https:\/\/apnews.com\/article\/trump-travel-ban-immigration-enforcement-visas-b1eb79c7b5717c96daf51e978db83d1b\" class=\"vlp-link\" title=\"Trump\u2019s new travel ban takes effect as tensions escalate over immigration enforcement\" rel=\"nofollow\" target=\"_blank\"><\/a><div class=\"vlp-layout-zone-side\"><div class=\"vlp-block-2 vlp-link-image\"><img decoding=\"async\" src=\"https:\/\/dims.apnews.com\/dims4\/default\/7a1a146\/2147483647\/strip\/true\/crop\/8256x4644+0+430\/resize\/1440x810!\/quality\/90\/?url=https%3A%2F%2Fassets.apnews.com%2Fd3%2F24%2F798081743f495a251f64db83f53f%2F145a13541b364c1b80157b28574a4457\" style=\"max-width: 150px; max-height: 150px\" \/><\/div><\/div><div class=\"vlp-layout-zone-main\"><div class=\"vlp-block-0 vlp-link-title\">Trump\u2019s new travel ban takes effect as tensions escalate over immigration enforcement<\/div><div class=\"vlp-block-1 vlp-link-summary\">President Donald Trump\u2019s new ban on travel to the United States by citizens from 12 mainly African and Middle Eastern countries is now in effect.<\/div><\/div><\/div>\n\n<div class=\"vlp-link-container vlp-layout-basic wp-block-visual-link-preview-link\"><a href=\"https:\/\/www.aljazeera.com\/news\/2025\/6\/8\/iran-says-israeli-treasure-trove-of-secret-documents-to-be-unveiled-soon\" class=\"vlp-link\" title=\"Iran says Israeli \u2018treasure trove\u2019 of secret documents to be unveiled soon | Politics News | Al Jazeera\" rel=\"nofollow\" target=\"_blank\"><\/a><div class=\"vlp-layout-zone-side\"><div class=\"vlp-block-2 vlp-link-image\"><img decoding=\"async\" src=\"https:\/\/www.aljazeera.com\/static\/media\/aj-footer-logo.bac952ad.svg\" style=\"max-width: 150px; max-height: 150px\" \/><\/div><\/div><div class=\"vlp-layout-zone-main\"><div class=\"vlp-block-0 vlp-link-title\">Iran says Israeli \u2018treasure trove\u2019 of secret documents to be unveiled soon | Politics News | Al Jazeera<\/div><div class=\"vlp-block-1 vlp-link-summary\">We use cookies and other tracking technologies to deliver and personalize content and ads, enable features, measure site performance, and enable social media sharing. You can choose to customize your preferences.Learn more about our Cookie Policy.<\/div><\/div><\/div>\n\n<div class=\"vlp-link-container vlp-layout-basic wp-block-visual-link-preview-link\"><a href=\"https:\/\/theintercept.com\/2025\/06\/05\/ice-immigrants-djibouti-illness-smoke-security\/?utm_medium=email&amp;utm_source=The%20Intercept%20Newsletter\" class=\"vlp-link\" title=\"ICE Official Reveals Miserable Conditions for U.S. Immigrants at Djibouti Prison\" rel=\"nofollow\" target=\"_blank\"><\/a><div class=\"vlp-layout-zone-side\"><div class=\"vlp-block-2 vlp-link-image\"><img decoding=\"async\" src=\"https:\/\/theintercept.com\/wp-content\/uploads\/2025\/06\/GettyImages-1949512927-e1749163787774.jpg?fit=4632%2C2316&amp;w=1200&amp;h=800\" style=\"max-width: 150px; max-height: 150px\" \/><\/div><\/div><div class=\"vlp-layout-zone-main\"><div class=\"vlp-block-0 vlp-link-title\">ICE Official Reveals Miserable Conditions for U.S. Immigrants at Djibouti Prison<\/div><div class=\"vlp-block-1 vlp-link-summary\">A top ICE official said illness is common at Camp Lemonnier, with inadequate medical care and exposure to smoke from burn pits.<\/div><\/div><\/div>\n\n<div class=\"vlp-link-container vlp-layout-basic wp-block-visual-link-preview-link\"><a href=\"https:\/\/apnews.com\/article\/insurrection-act-trump-troops-newsom-military-national-guard-a842f79e1c0e244039be274a6f266a7a\" class=\"vlp-link\" title=\"What to know about Trump\u2019s deployment of National Guard troops to LA protests\" rel=\"nofollow\" target=\"_blank\"><\/a><div class=\"vlp-layout-zone-side\"><div class=\"vlp-block-2 vlp-link-image\"><img decoding=\"async\" src=\"https:\/\/dims.apnews.com\/dims4\/default\/c4dcae7\/2147483647\/strip\/true\/crop\/3350x1884+0+174\/resize\/1440x810!\/quality\/90\/?url=https%3A%2F%2Fassets.apnews.com%2Fe3%2F94%2F1a2f82299ded9713167ddab3c9f8%2F1adf3234fab241d98935e642b341f7ef\" style=\"max-width: 150px; max-height: 150px\" \/><\/div><\/div><div class=\"vlp-layout-zone-main\"><div class=\"vlp-block-0 vlp-link-title\">What to know about Trump\u2019s deployment of National Guard troops to LA protests<\/div><div class=\"vlp-block-1 vlp-link-summary\">President Donald Trump says has deployed California National Guard troops to Los Angeles to respond to immigration protests, over the objections of California Gov.<\/div><\/div><\/div>\n\n<div class=\"vlp-link-container vlp-layout-basic wp-block-visual-link-preview-link\"><a href=\"https:\/\/www.theguardian.com\/us-news\/2025\/jun\/09\/los-angeles-trump-immigration\" class=\"vlp-link\" title=\"Los Angeles responds with roaring backlash to Trump\u2019s dramatic escalation\" rel=\"nofollow\" target=\"_blank\"><\/a><div class=\"vlp-layout-zone-side\"><div class=\"vlp-block-2 vlp-link-image\"><img decoding=\"async\" src=\"https:\/\/i.guim.co.uk\/img\/media\/09564d42ca51372e75eb1f788236faefa12d3007\/770_0_6827_5464\/master\/6827.jpg?width=1200&amp;height=630&amp;quality=85&amp;auto=format&amp;fit=crop&amp;overlay-align=bottom%2Cleft&amp;overlay-width=100p&amp;overlay-base64=L2ltZy9zdGF0aWMvb3ZlcmxheXMvdGctZGVmYXVsdC5wbmc&amp;enable=upscale&amp;s=571b27bbcf319633e292fbda9c87581f\" style=\"max-width: 150px; max-height: 150px\" \/><\/div><\/div><div class=\"vlp-layout-zone-main\"><div class=\"vlp-block-0 vlp-link-title\">Los Angeles responds with roaring backlash to Trump\u2019s dramatic escalation<\/div><div class=\"vlp-block-1 vlp-link-summary\">The president vowed to crush opposition to his immigration raids \u2013 but his attempted show of force may have awoken something else<\/div><\/div><\/div>\n\n<div class=\"vlp-link-container vlp-layout-basic wp-block-visual-link-preview-link\"><a href=\"https:\/\/laist.com\/news\/federal-agents-immigration-raids-across-la\" class=\"vlp-link\" title=\"Protesters clash with law enforcement in downtown LA. Hundreds march against Trump\u2019s immigration sweeps\" rel=\"nofollow\" target=\"_blank\"><\/a><div class=\"vlp-layout-zone-side\"><div class=\"vlp-block-2 vlp-link-image\"><img decoding=\"async\" src=\"https:\/\/scpr.brightspotcdn.com\/dims4\/default\/ad5a0b2\/2147483647\/strip\/true\/crop\/6000x3150+0+425\/resize\/1200x630!\/quality\/90\/?url=http%3A%2F%2Fscpr-brightspot.s3.us-west-2.amazonaws.com%2F14%2Fcd%2F1e2cc06d4703b4c12f5ba045ac69%2Fap25159726374624.jpg\" style=\"max-width: 150px; max-height: 150px\" \/><\/div><\/div><div class=\"vlp-layout-zone-main\"><div class=\"vlp-block-0 vlp-link-title\">Protesters clash with law enforcement in downtown LA. Hundreds march against Trump\u2019s immigration sweeps<\/div><div class=\"vlp-block-1 vlp-link-summary\">Protests converged near the federal detention center in downtown L.A. making for a rowdy and tense scene punctuated by the sound of flash bangs.<\/div><\/div><\/div>\n\n<div class=\"vlp-link-container vlp-layout-basic wp-block-visual-link-preview-link\"><a href=\"https:\/\/www.middleeasteye.net\/trending\/hit-tv-show-andor-spurs-viewers-to-draw-parallels-israel-war-on-gaza\" class=\"vlp-link\" title=\"Hit TV show Andor spurs viewers to draw parallels to Israel\u2019s war on Gaza\" rel=\"nofollow\" target=\"_blank\"><\/a><div class=\"vlp-layout-zone-side\"><div class=\"vlp-block-2 vlp-link-image\"><img decoding=\"async\" src=\"https:\/\/www.middleeasteye.net\/sites\/default\/files\/images-story\/andor_s2_online_trailer_2_uhd_r709f_stills_250320_4d9f15b0.jpeg\" style=\"max-width: 150px; max-height: 150px\" \/><\/div><\/div><div class=\"vlp-layout-zone-main\"><div class=\"vlp-block-0 vlp-link-title\">Hit TV show Andor spurs viewers to draw parallels to Israel\u2019s war on Gaza<\/div><div class=\"vlp-block-1 vlp-link-summary\">The Star Wars prequel\u2019s exploration of occupation and resistance brings Gaza to the forefront for its audience<\/div><\/div><\/div>\n\n<div class=\"vlp-link-container vlp-layout-basic wp-block-visual-link-preview-link\"><a href=\"https:\/\/youtu.be\/hE5hxET2x54?si=PgDKMnKR7OnCHosz\" class=\"vlp-link\" title=\"The Emergent Trump Doctrine | The Ezra Klein Show\" rel=\"nofollow\" target=\"_blank\"><\/a><div class=\"vlp-layout-zone-side\"><div class=\"vlp-block-2 vlp-link-image\"><img decoding=\"async\" src=\"https:\/\/i.ytimg.com\/vi\/hE5hxET2x54\/maxresdefault.jpg\" style=\"max-width: 150px; max-height: 150px\" \/><\/div><\/div><div class=\"vlp-layout-zone-main\"><div class=\"vlp-block-0 vlp-link-title\">The Emergent Trump Doctrine | The Ezra Klein Show<\/div><div class=\"vlp-block-1 vlp-link-summary\">The foreign policy scholar Emma Ashford explains what President Trump is really doing in the Middle East and Ukraine.Trump has been making some foreign polic\u2026<\/div><\/div><\/div>\n\n<div class=\"vlp-link-container vlp-layout-basic wp-block-visual-link-preview-link\"><a href=\"https:\/\/theintercept.com\/2025\/06\/03\/openai-sam-altman-trump-china\/?utm_medium=email&amp;utm_source=The%20Intercept%20Newsletter\" class=\"vlp-link\" title=\"OpenAI\u2019s Pitch to Trump: Rank the World on U.S. Tech Interests\" rel=\"nofollow\" target=\"_blank\"><\/a><div class=\"vlp-layout-zone-side\"><div class=\"vlp-block-2 vlp-link-image\"><img decoding=\"async\" src=\"https:\/\/theintercept.com\/wp-content\/uploads\/2025\/06\/GettyImages-2194581816-e1748901865825.jpg?fit=7968%2C3984&amp;w=1200&amp;h=800\" style=\"max-width: 150px; max-height: 150px\" \/><\/div><\/div><div class=\"vlp-layout-zone-main\"><div class=\"vlp-block-0 vlp-link-title\">OpenAI\u2019s Pitch to Trump: Rank the World on U.S. Tech Interests<\/div><div class=\"vlp-block-1 vlp-link-summary\">Sam Altman once framed artificial intelligence as a tool for a globalist utopia. Now OpenAI is trained on upholding American hegemony.<\/div><\/div><\/div>\n\n<div class=\"vlp-link-container vlp-layout-basic wp-block-visual-link-preview-link\"><a href=\"https:\/\/youtu.be\/kjqJjdvNTEs?si=2F8e2VPwcPFmT9HK\" class=\"vlp-link\" title=\"On Grief, Awe and Being Alive | The Ezra Klein Show\" rel=\"nofollow\" target=\"_blank\"><\/a><div class=\"vlp-layout-zone-side\"><div class=\"vlp-block-2 vlp-link-image\"><img decoding=\"async\" src=\"https:\/\/i.ytimg.com\/vi\/kjqJjdvNTEs\/maxresdefault.jpg\" style=\"max-width: 150px; max-height: 150px\" \/><\/div><\/div><div class=\"vlp-layout-zone-main\"><div class=\"vlp-block-0 vlp-link-title\">On Grief, Awe and Being Alive | The Ezra Klein Show<\/div><div class=\"vlp-block-1 vlp-link-summary\">This is a bit of a strange episode. It\u2019s an attempt to explore the difficulty of everything we\u2019re supposed to feel in a day. We\u2019re in a time when to open the\u2026<\/div><\/div><\/div>\n\n<div class=\"vlp-link-container vlp-layout-basic wp-block-visual-link-preview-link\"><a href=\"https:\/\/www.democracycollaborative.org\/tracking-the-crisis\/divorce\" class=\"vlp-link\" title=\"Divorce \u2014 The Democracy Collaborative\" rel=\"nofollow\" target=\"_blank\"><\/a><div class=\"vlp-layout-zone-side\"><div class=\"vlp-block-2 vlp-link-image\"><img decoding=\"async\" src=\"http:\/\/static1.squarespace.com\/static\/668c154d4d09237bebbb257a\/67c8703e107612216a7713e1\/68386ce2ef8fc53bf3074246\/1749251356954\/GettyImages-2198395799-2.jpg?format=1500w\" style=\"max-width: 150px; max-height: 150px\" \/><\/div><\/div><div class=\"vlp-layout-zone-main\"><div class=\"vlp-block-0 vlp-link-title\">Divorce \u2014 The Democracy Collaborative<\/div><div class=\"vlp-block-1 vlp-link-summary\">Week of May 30-June 5, 2025<\/div><\/div><\/div>\n\n<div class=\"vlp-link-container vlp-layout-basic wp-block-visual-link-preview-link\"><a href=\"https:\/\/www.democracycollaborative.org\/tracking-the-crisis\/taco\" class=\"vlp-link\" title=\"Taco \u2014 The Democracy Collaborative\" rel=\"nofollow\" target=\"_blank\"><\/a><div class=\"vlp-layout-zone-side\"><div class=\"vlp-block-2 vlp-link-image\"><img decoding=\"async\" src=\"http:\/\/static1.squarespace.com\/static\/668c154d4d09237bebbb257a\/67c8703e107612216a7713e1\/683a3b64eb9eb96c09ec1842\/1748647084247\/GettyImages-2198395799-2.jpg?format=1500w\" style=\"max-width: 150px; max-height: 150px\" \/><\/div><\/div><div class=\"vlp-layout-zone-main\"><div class=\"vlp-block-0 vlp-link-title\">Taco \u2014 The Democracy Collaborative<\/div><div class=\"vlp-block-1 vlp-link-summary\">Week of May 23-29, 2025<\/div><\/div><\/div>\n\n<div class=\"vlp-link-container vlp-layout-basic wp-block-visual-link-preview-link\"><a href=\"https:\/\/scottritter.substack.com\/p\/playing-with-fire?publication_id=6892&amp;post_id=164935563&amp;isFreemail=false&amp;r=6627&amp;triedRedirect=true&amp;fbclid=IwY2xjawKqCgdleHRuA2FlbQIxMQBicmlkETFtVVF6cjZtdVNZTFhCbEtUAR5AZbtO3d6FVHC3fopd_UtgJ0JaYGD194estJdYfkFFmuV_mImdRvtzIIHdpw_aem_4GrYwlJOZ9s6s-o8qz6xkQ\" class=\"vlp-link\" title=\"Playing with Fire\" rel=\"nofollow\" target=\"_blank\"><\/a><div class=\"vlp-layout-zone-side\"><div class=\"vlp-block-2 vlp-link-image\"><img decoding=\"async\" src=\"https:\/\/substackcdn.com\/image\/fetch\/w_1200,h_600,c_fill,f_jpg,q_auto:good,fl_progressive:steep,g_auto\/https%3A%2F%2Fsubstack-post-media.s3.amazonaws.com%2Fpublic%2Fimages%2F38819325-7463-4633-b9a3-6ddc17742343_628x314.png\" style=\"max-width: 150px; max-height: 150px\" \/><\/div><\/div><div class=\"vlp-layout-zone-main\"><div class=\"vlp-block-0 vlp-link-title\">Playing with Fire<\/div><div class=\"vlp-block-1 vlp-link-summary\">Ukraine\u2019s Operation Spiderweb has crossed the threshold when it comes to triggering a Russian nuclear response. How Russia and the United States respond could determine the fate of the world.<\/div><\/div><\/div>\n\n<div class=\"vlp-link-container vlp-layout-basic wp-block-visual-link-preview-link\"><a href=\"https:\/\/www.youtube.com\/live\/3DTCo7Jl4fE?si=K1HolJkCqFN6mb9W\" class=\"vlp-link\" title=\"NBROC: Opening Plenary - What Time Is It?\" rel=\"nofollow\" target=\"_blank\"><\/a><div class=\"vlp-layout-zone-side\"><div class=\"vlp-block-2 vlp-link-image\"><img decoding=\"async\" src=\"https:\/\/i.ytimg.com\/vi\/3DTCo7Jl4fE\/maxresdefault.jpg\" style=\"max-width: 150px; max-height: 150px\" \/><\/div><\/div><div class=\"vlp-layout-zone-main\"><div class=\"vlp-block-0 vlp-link-title\">NBROC: Opening Plenary &#8211; What Time Is It?<\/div><div class=\"vlp-block-1 vlp-link-summary\">\ud83d\udcccWEBSITE: https:\/\/blkliberationmedia.org\/\ud83d\udcccPATREON: https:\/\/www.patreon.com\/blackliberationmedia\ud83d\udcccTWITTER\/X: https:\/\/x.com\/BLM_edia\ud83d\udcccDISCORD: https:\/\/discor\u2026<\/div><\/div><\/div>\n\n<div class=\"vlp-link-container vlp-layout-basic wp-block-visual-link-preview-link\"><a href=\"https:\/\/www.youtube.com\/live\/d_4BOx_TN_g?si=dLtgmh0HAkHESv0B\" class=\"vlp-link\" title=\"NBROC: What Is To Be Done? - Defining our Politics for Organizing\" rel=\"nofollow\" target=\"_blank\"><\/a><div class=\"vlp-layout-zone-side\"><div class=\"vlp-block-2 vlp-link-image\"><img decoding=\"async\" src=\"https:\/\/i.ytimg.com\/vi\/d_4BOx_TN_g\/maxresdefault.jpg\" style=\"max-width: 150px; max-height: 150px\" \/><\/div><\/div><div class=\"vlp-layout-zone-main\"><div class=\"vlp-block-0 vlp-link-title\">NBROC: What Is To Be Done? &#8211; Defining our Politics for Organizing<\/div><div class=\"vlp-block-1 vlp-link-summary\">\ud83d\udcccWEBSITE: https:\/\/blkliberationmedia.org\/\ud83d\udcccPATREON: https:\/\/www.patreon.com\/blackliberationmedia\ud83d\udcccTWITTER\/X: https:\/\/x.com\/BLM_edia\ud83d\udcccDISCORD: https:\/\/discor\u2026<\/div><\/div><\/div>\n\n<div class=\"vlp-link-container vlp-layout-basic wp-block-visual-link-preview-link\"><a href=\"https:\/\/www.youtube.com\/live\/GSm-ILYURb0?si=8iHqY3BxbeXfi90w\" class=\"vlp-link\" title=\"NBROC: Closing Plenary - Is there an Electoral Strategy for Building Political Power\" rel=\"nofollow\" target=\"_blank\"><\/a><div class=\"vlp-layout-zone-side\"><div class=\"vlp-block-2 vlp-link-image\"><img decoding=\"async\" src=\"https:\/\/i.ytimg.com\/vi\/GSm-ILYURb0\/maxresdefault.jpg\" style=\"max-width: 150px; max-height: 150px\" \/><\/div><\/div><div class=\"vlp-layout-zone-main\"><div class=\"vlp-block-0 vlp-link-title\">NBROC: Closing Plenary &#8211; Is there an Electoral Strategy for Building Political Power<\/div><div class=\"vlp-block-1 vlp-link-summary\">\ud83d\udcccWEBSITE: https:\/\/blkliberationmedia.org\/\ud83d\udcccPATREON: https:\/\/www.patreon.com\/blackliberationmedia\ud83d\udcccTWITTER\/X: https:\/\/x.com\/BLM_edia\ud83d\udcccDISCORD: https:\/\/discor\u2026<\/div><\/div><\/div>\n\n<div class=\"vlp-link-container vlp-layout-basic wp-block-visual-link-preview-link\"><a href=\"https:\/\/www.youtube.com\/live\/loxwfNQw17o?si=XxhN1x4O6JfQEwVi\" class=\"vlp-link\" title=\"Richard Wolff &amp; Michael Hudson: Adam Smith, Marx, and BRICS\u2019 Struggle\" rel=\"nofollow\" target=\"_blank\"><\/a><div class=\"vlp-layout-zone-side\"><div class=\"vlp-block-2 vlp-link-image\"><img decoding=\"async\" src=\"https:\/\/i.ytimg.com\/vi\/loxwfNQw17o\/maxresdefault.jpg\" style=\"max-width: 150px; max-height: 150px\" \/><\/div><\/div><div class=\"vlp-layout-zone-main\"><div class=\"vlp-block-0 vlp-link-title\">Richard Wolff &amp; Michael Hudson: Adam Smith, Marx, and BRICS\u2019 Struggle<\/div><div class=\"vlp-block-1 vlp-link-summary\">Your browser can\u2019t play this video. Learn more<\/div><\/div><\/div>\n\n<div class=\"vlp-link-container vlp-layout-basic wp-block-visual-link-preview-link\"><a href=\"https:\/\/www.middleeasteye.net\/trending\/dehumanisation-design-us-israeli-gaza-aid-operation-descends-chaos\" class=\"vlp-link\" title=\"\u2018Dehumanisation by design\u2019: US-Israeli Gaza aid operation descends into chaos\" rel=\"nofollow\" target=\"_blank\"><\/a><div class=\"vlp-layout-zone-side\"><div class=\"vlp-block-2 vlp-link-image\"><img decoding=\"async\" src=\"https:\/\/www.middleeasteye.net\/sites\/default\/files\/images-story\/cropped-Gr9loX2WIAA315R.jpeg\" style=\"max-width: 150px; max-height: 150px\" \/><\/div><\/div><div class=\"vlp-layout-zone-main\"><div class=\"vlp-block-0 vlp-link-title\">\u2018Dehumanisation by design\u2019: US-Israeli Gaza aid operation descends into chaos<\/div><div class=\"vlp-block-1 vlp-link-summary\">The US-Israeli aid distribution operation in Gaza was widely condemned on social media<\/div><\/div><\/div>\n\n<div class=\"vlp-link-container vlp-layout-basic wp-block-visual-link-preview-link\"><a href=\"https:\/\/www.democracycollaborative.org\/blogs\/a-great-trump-crash?fbclid=IwY2xjawKjvkNleHRuA2FlbQIxMQBicmlkETFxakM2dlhFeGhIRFpUaTVQAR7A17aElFO3B45s-XqYLZFugcTHHzudZZYyKig7yp2IXQmBqEsB9hKTEA-ZtQ_aem_hd8DI3bQnuYJyVFzFVCFaA\" class=\"vlp-link\" title=\"A Great Trump Crash? \u2014 The Democracy Collaborative\" rel=\"nofollow\" target=\"_blank\"><\/a><div class=\"vlp-layout-zone-side\"><div class=\"vlp-block-2 vlp-link-image\"><img decoding=\"async\" src=\"http:\/\/static1.squarespace.com\/static\/668c154d4d09237bebbb257a\/66e08b005243bf7d8f2aec2e\/68365b77ade58843c88def01\/1748398215152\/econimical-crisis-concept-spread-world-economy-is-down-3d-illustration.jpg?format=1500w\" style=\"max-width: 150px; max-height: 150px\" \/><\/div><\/div><div class=\"vlp-layout-zone-main\"><div class=\"vlp-block-0 vlp-link-title\">A Great Trump Crash? \u2014 The Democracy Collaborative<\/div><div class=\"vlp-block-1 vlp-link-summary\">Everywhere we look there are new tripwires being laid, actions by the Trump Administration that could easily serve as the proximate cause or trigger of a financial crisis that could cause a chain reaction ending in a great crash.<\/div><\/div><\/div>\n\n<div class=\"vlp-link-container vlp-layout-basic wp-block-visual-link-preview-link\"><a href=\"https:\/\/www.theguardian.com\/music\/2025\/may\/24\/kneecap-review-wide-awake-festival-brockwell-park-london\" class=\"vlp-link\" title=\"Kneecap review \u2013 rap trio remain unbowed by terror charge\" rel=\"nofollow\" target=\"_blank\"><\/a><div class=\"vlp-layout-zone-side\"><div class=\"vlp-block-2 vlp-link-image\"><img decoding=\"async\" src=\"https:\/\/i.guim.co.uk\/img\/media\/787c2c1d4ea2c52b7ede6f12b6d968e1065e536d\/833_0_4167_3334\/master\/4167.jpg?width=1200&amp;height=630&amp;quality=85&amp;auto=format&amp;fit=crop&amp;overlay-align=bottom%2Cleft&amp;overlay-width=100p&amp;overlay-base64=L2ltZy9zdGF0aWMvb3ZlcmxheXMvdGctcmV2aWV3LTQucG5n&amp;enable=upscale&amp;s=045cbc9592a9d6e046c5b5218f132bef\" style=\"max-width: 150px; max-height: 150px\" \/><\/div><\/div><div class=\"vlp-layout-zone-main\"><div class=\"vlp-block-0 vlp-link-title\">Kneecap review \u2013 rap trio remain unbowed by terror charge<\/div><div class=\"vlp-block-1 vlp-link-summary\">After one of their number was charged with allegedly supporting a terrorist group this week, the Northern Irish band\u2019s activism \u2013 and ketamine references \u2013 are still loud and proud<\/div><\/div><\/div>\n\n<div class=\"vlp-link-container vlp-layout-basic wp-block-visual-link-preview-link\"><a href=\"https:\/\/youtu.be\/fCY42rSNZRM?si=pTM5ZtwcYdn4icoP\" class=\"vlp-link\" title=\"Communicative Capitalism &amp; the WNBA Pay Gap | Dubya S.1 E.2\" rel=\"nofollow\" target=\"_blank\"><\/a><div class=\"vlp-layout-zone-side\"><div class=\"vlp-block-2 vlp-link-image\"><img decoding=\"async\" src=\"https:\/\/i.ytimg.com\/vi\/fCY42rSNZRM\/maxresdefault.jpg\" style=\"max-width: 150px; max-height: 150px\" \/><\/div><\/div><div class=\"vlp-layout-zone-main\"><div class=\"vlp-block-0 vlp-link-title\">Communicative Capitalism &amp; the WNBA Pay Gap | Dubya S.1 E.2<\/div><div class=\"vlp-block-1 vlp-link-summary\">More discussions of sports and politics<\/div><\/div><\/div>\n\n<div class=\"vlp-link-container vlp-layout-basic wp-block-visual-link-preview-link\"><a href=\"https:\/\/www.middleeasteye.net\/news\/less-five-percent-gazas-cropland-usable-says-un?utm_source=facebook&amp;utm_medium=social&amp;utm_campaign=Social_Traffic&amp;utm_content=ap_4mjgsas8es\" class=\"vlp-link\" title=\"Less than five percent of Gaza\u2019s agricultural land is usable says UN\" rel=\"nofollow\" target=\"_blank\"><\/a><div class=\"vlp-layout-zone-side\"><div class=\"vlp-block-2 vlp-link-image\"><img decoding=\"async\" src=\"https:\/\/www.middleeasteye.net\/sites\/default\/files\/images-story\/Smoke%20rises%20from%20North%20Gaza%20after%20an%20explosion%2027%20may%202025%20reuters.jpg\" style=\"max-width: 150px; max-height: 150px\" \/><\/div><\/div><div class=\"vlp-layout-zone-main\"><div class=\"vlp-block-0 vlp-link-title\">Less than five percent of Gaza\u2019s agricultural land is usable says UN<\/div><div class=\"vlp-block-1 vlp-link-summary\">The Food and Agricultural Organisation warned that\u00a0the damage could trigger the \u2018collapse of Gaza\u2019s agri-food system\u2019<\/div><\/div><\/div>\n\n<div class=\"vlp-link-container vlp-layout-basic wp-block-visual-link-preview-link\"><a href=\"https:\/\/www.youtube.com\/live\/Y36mezR7Dmk?si=5wSUL6-fSMib0Tp2\" class=\"vlp-link\" title=\"Lessons from Martin Sostre &amp; Russell \u201cMaroon\u201d Shoatz with Garrett Felber &amp; Russell Shoatz III\" rel=\"nofollow\" target=\"_blank\"><\/a><div class=\"vlp-layout-zone-side\"><div class=\"vlp-block-2 vlp-link-image\"><img decoding=\"async\" src=\"https:\/\/i.ytimg.com\/vi\/Y36mezR7Dmk\/maxresdefault.jpg\" style=\"max-width: 150px; max-height: 150px\" \/><\/div><\/div><div class=\"vlp-layout-zone-main\"><div class=\"vlp-block-0 vlp-link-title\">Lessons from Martin Sostre &amp; Russell \u201cMaroon\u201d Shoatz with Garrett Felber &amp; Russell Shoatz III<\/div><div class=\"vlp-block-1 vlp-link-summary\">May 27th at 12 PM ET \/ 9 AM PTIn this discussion Russell Shoatz III and Garrett Felber will both return to Millennials Are Killing Capitalism. This conversat\u2026<\/div><\/div><\/div>\n\n<div class=\"vlp-link-container vlp-layout-basic wp-block-visual-link-preview-link\"><a href=\"https:\/\/www.middleeasteye.net\/news\/gaza-child-tries-escape-flames-after-israel-school-attack\" class=\"vlp-link\" title=\"Scenes of horror in Gaza as Palestinian child tries to escape the flames after school attack\" rel=\"nofollow\" target=\"_blank\"><\/a><div class=\"vlp-layout-zone-side\"><div class=\"vlp-block-2 vlp-link-image\"><img decoding=\"async\" src=\"https:\/\/www.middleeasteye.net\/sites\/default\/files\/images-story\/gaza-palestine-girl-fire-school-gaza-city-screengrab.jpg\" style=\"max-width: 150px; max-height: 150px\" \/><\/div><\/div><div class=\"vlp-layout-zone-main\"><div class=\"vlp-block-0 vlp-link-title\">Scenes of horror in Gaza as Palestinian child tries to escape the flames after school attack<\/div><div class=\"vlp-block-1 vlp-link-summary\">Disturbing footage shows a young girl trying to flee a burning classroom where dozens of displaced families were killed after being targeted by Israeli forces<\/div><\/div><\/div>\n\n<div class=\"vlp-link-container vlp-layout-basic wp-block-visual-link-preview-link\"><a href=\"https:\/\/www.aljazeera.com\/news\/2025\/5\/27\/heartbreaking-chaos-in-gaza-as-starving-palestinians-seek-us-israeli-aid\" class=\"vlp-link\" title=\"\u2018Deliberate massacre\u2019 in Gaza as starving Palestinians seek Israeli-US aid | Israel-Palestine conflict News | Al Jazeera\" rel=\"nofollow\" target=\"_blank\"><\/a><div class=\"vlp-layout-zone-side\"><div class=\"vlp-block-2 vlp-link-image\"><img decoding=\"async\" src=\"https:\/\/www.aljazeera.com\/static\/media\/aj-footer-logo.bac952ad.svg\" style=\"max-width: 150px; max-height: 150px\" \/><\/div><\/div><div class=\"vlp-layout-zone-main\"><div class=\"vlp-block-0 vlp-link-title\">\u2018Deliberate massacre\u2019 in Gaza as starving Palestinians seek Israeli-US aid | Israel-Palestine conflict News | Al Jazeera<\/div><div class=\"vlp-block-1 vlp-link-summary\">We use cookies and other tracking technologies to deliver and personalize content and ads, enable features, measure site performance, and enable social media sharing. You can choose to customize your preferences.Learn more about our Cookie Policy.<\/div><\/div><\/div>\n\n<div class=\"vlp-link-container vlp-layout-basic wp-block-visual-link-preview-link\"><a href=\"https:\/\/www.dw.com\/en\/merz-says-israeli-actions-in-gaza-no-longer-justified\/live-72666924\" class=\"vlp-link\" title=\"Merz says Israeli actions in Gaza \u2018no longer justified\u2019 \u2013 DW \u2013 05\/27\/2025\" rel=\"nofollow\" target=\"_blank\"><\/a><div class=\"vlp-layout-zone-side\"><div class=\"vlp-block-2 vlp-link-image\"><img decoding=\"async\" src=\"https:\/\/static.dw.com\/image\/72678984_6.jpg\" style=\"max-width: 150px; max-height: 150px\" \/><\/div><\/div><div class=\"vlp-layout-zone-main\"><div class=\"vlp-block-0 vlp-link-title\">Merz says Israeli actions in Gaza \u2018no longer justified\u2019 \u2013 DW \u2013 05\/27\/2025<\/div><div class=\"vlp-block-1 vlp-link-summary\">German Chancellor Friedrich Merz said the fight against \u201cHamas terrorism\u201d does not justify the suffering of civilians in Gaza. He no longer \u201cunderstands what Israel is trying to achieve.\u201d<\/div><\/div><\/div>\n\n<div class=\"vlp-link-container vlp-layout-basic wp-block-visual-link-preview-link\"><a href=\"https:\/\/apnews.com\/article\/deportation-immigration-south-sudan-department-of-homeland-security-26547035c21e45339cffec1450dffa35\" class=\"vlp-link\" title=\"Trump administration asks Supreme Court to halt judge\u2019s order on deportations to South Sudan\" rel=\"nofollow\" target=\"_blank\"><\/a><div class=\"vlp-layout-zone-side\"><div class=\"vlp-block-2 vlp-link-image\"><img decoding=\"async\" src=\"https:\/\/dims.apnews.com\/dims4\/default\/cb1b0b6\/2147483647\/strip\/true\/crop\/5608x3155+0+186\/resize\/1440x810!\/quality\/90\/?url=https%3A%2F%2Fassets.apnews.com%2Feb%2F7d%2F8af24457b16d9785e7e208d842ad%2F5ef8b4863aad48bdada6dd5f80a8242c\" style=\"max-width: 150px; max-height: 150px\" \/><\/div><\/div><div class=\"vlp-layout-zone-main\"><div class=\"vlp-block-0 vlp-link-title\">Trump administration asks Supreme Court to halt judge\u2019s order on deportations to South Sudan<\/div><div class=\"vlp-block-1 vlp-link-summary\">A federal judge is suggesting the Trump administration is \u201cmanufacturing\u201d chaos and says he hopes that \u201creason can get the better of rhetoric\u201d in a scathing order.<\/div><\/div><\/div>\n\n<div class=\"vlp-link-container vlp-layout-basic wp-block-visual-link-preview-link\"><a href=\"https:\/\/missouriindependent.com\/2025\/05\/27\/missouri-supreme-court-reinstates-abortion-restrictions-imposing-de-facto-ban\/\" class=\"vlp-link\" title=\"Missouri Supreme Court order reinstates \u2018de facto abortion ban\u2019 across the state \u2022 Missouri Independent\" rel=\"nofollow\" target=\"_blank\"><\/a><div class=\"vlp-layout-zone-side\"><div class=\"vlp-block-2 vlp-link-image\"><img decoding=\"async\" src=\"https:\/\/missouriindependent.com\/wp-content\/uploads\/2023\/09\/092623_supremecourt1-2048x1338.jpg\" style=\"max-width: 150px; max-height: 150px\" \/><\/div><\/div><div class=\"vlp-layout-zone-main\"><div class=\"vlp-block-0 vlp-link-title\">Missouri Supreme Court order reinstates \u2018de facto abortion ban\u2019 across the state \u2022 Missouri Independent<\/div><div class=\"vlp-block-1 vlp-link-summary\">The Missouri Supreme Court on Tuesday ordered a judge in Kansas City to lift an injunction that had blocked restrictions on abortion.<\/div><\/div><\/div>\n\n<div class=\"vlp-link-container vlp-layout-basic wp-block-visual-link-preview-link\"><a href=\"https:\/\/apnews.com\/article\/supreme-court-arizona-oak-flat-copper-mining-apache-64bb0d7c2bbf544f707ce3a421b67209\" class=\"vlp-link\" title=\"The Supreme Court rejects a plea to block a copper mine on land in Arizona that\u2019s sacred to Apaches\" rel=\"nofollow\" target=\"_blank\"><\/a><div class=\"vlp-layout-zone-side\"><div class=\"vlp-block-2 vlp-link-image\"><img decoding=\"async\" src=\"https:\/\/dims.apnews.com\/dims4\/default\/d5d66dd\/2147483647\/strip\/true\/crop\/4568x2570+0+238\/resize\/1440x810!\/quality\/90\/?url=https%3A%2F%2Fassets.apnews.com%2F89%2Fb2%2F47ee38faf294cf645ef0e6245a8c%2Fddadbfe34063492d9cb09a543a0d4cb8\" style=\"max-width: 150px; max-height: 150px\" \/><\/div><\/div><div class=\"vlp-layout-zone-main\"><div class=\"vlp-block-0 vlp-link-title\">The Supreme Court rejects a plea to block a copper mine on land in Arizona that\u2019s sacred to Apaches<\/div><div class=\"vlp-block-1 vlp-link-summary\">The group Apache Stronghold is vowing to carry on the fight against a massive copper mining project on land the Apaches hold sacred, after a Supreme Court decision that is expected to let the mine proceed.<\/div><\/div><\/div>\n\n<div class=\"vlp-link-container vlp-layout-basic wp-block-visual-link-preview-link\"><a href=\"https:\/\/theintercept.com\/2025\/05\/22\/intel-agencies-buying-data-portal-privacy\/?utm_medium=email&amp;utm_source=The%20Intercept%20Newsletter\" class=\"vlp-link\" title=\"U.S. Spy Agencies Are Getting a One-Stop Shop to Buy Your Most Sensitive Personal Data\" rel=\"nofollow\" target=\"_blank\"><\/a><div class=\"vlp-layout-zone-side\"><div class=\"vlp-block-2 vlp-link-image\"><img decoding=\"async\" src=\"https:\/\/theintercept.com\/wp-content\/uploads\/2025\/05\/Data-warehouse.jpg?fit=2048%2C1024&amp;w=1200&amp;h=800\" style=\"max-width: 150px; max-height: 150px\" \/><\/div><\/div><div class=\"vlp-layout-zone-main\"><div class=\"vlp-block-0 vlp-link-title\">U.S. Spy Agencies Are Getting a One-Stop Shop to Buy Your Most Sensitive Personal Data<\/div><div class=\"vlp-block-1 vlp-link-summary\">The government wants to build a centralized platform where spy agencies can more easily buy private info about millions of people.<\/div><\/div><\/div>\n\n<div class=\"vlp-link-container vlp-layout-basic wp-block-visual-link-preview-link\"><a href=\"https:\/\/youtu.be\/9Wu61epqPfY?si=V4nR1n4Qvg1PbyIx\" class=\"vlp-link\" title=\"US and Hamas reach draft Gaza ceasefire deal\" rel=\"nofollow\" target=\"_blank\"><\/a><div class=\"vlp-layout-zone-side\"><div class=\"vlp-block-2 vlp-link-image\"><img decoding=\"async\" src=\"https:\/\/i.ytimg.com\/vi\/9Wu61epqPfY\/maxresdefault.jpg\" style=\"max-width: 150px; max-height: 150px\" \/><\/div><\/div><div class=\"vlp-layout-zone-main\"><div class=\"vlp-block-0 vlp-link-title\">US and Hamas reach draft Gaza ceasefire deal<\/div><div class=\"vlp-block-1 vlp-link-summary\">Representatives of Hamas and US Special Envoy Steve Witkoff have reached a draft ceasefire agreement in Doha, Qatar, sources have confirmed to Al Jazeera.The\u2026<\/div><\/div><\/div>\n\n<div class=\"vlp-link-container vlp-layout-basic wp-block-visual-link-preview-link\"><a href=\"https:\/\/theintercept.com\/2025\/05\/26\/gaza-famine-aid-israel-palestine-ghf\/\" class=\"vlp-link\" title=\"In Gaza, Famine Is the Weapon \u2014 and So Is Aid\" rel=\"nofollow\" target=\"_blank\"><\/a><div class=\"vlp-layout-zone-side\"><div class=\"vlp-block-2 vlp-link-image\"><img decoding=\"async\" src=\"https:\/\/theintercept.com\/wp-content\/uploads\/2025\/05\/GettyImages-2215626864-e1748278050588.jpg?fit=4000%2C2000&amp;w=1200&amp;h=800\" style=\"max-width: 150px; max-height: 150px\" \/><\/div><\/div><div class=\"vlp-layout-zone-main\"><div class=\"vlp-block-0 vlp-link-title\">In Gaza, Famine Is the Weapon \u2014 and So Is Aid<\/div><div class=\"vlp-block-1 vlp-link-summary\">Amid Israel\u2019s blockade on Gaza, death can come from the lack of food \u2014 or from trying to find food.<\/div><\/div><\/div>\n\n<div class=\"vlp-link-container vlp-layout-basic wp-block-visual-link-preview-link\"><a href=\"https:\/\/theintercept.com\/2025\/05\/24\/andor-has-a-message-for-the-left-act-now\/\" class=\"vlp-link\" title=\"\u201cAndor\u201d Has a Message for the Left: Act Now\" rel=\"nofollow\" target=\"_blank\"><\/a><div class=\"vlp-layout-zone-side\"><div class=\"vlp-block-2 vlp-link-image\"><img decoding=\"async\" src=\"https:\/\/theintercept.com\/wp-content\/uploads\/2025\/05\/Andor_2x1.jpg?fit=2000%2C1000&amp;w=1200&amp;h=800\" style=\"max-width: 150px; max-height: 150px\" \/><\/div><\/div><div class=\"vlp-layout-zone-main\"><div class=\"vlp-block-0 vlp-link-title\">\u201cAndor\u201d Has a Message for the Left: Act Now<\/div><div class=\"vlp-block-1 vlp-link-summary\">The \u201cStar Wars\u201d series shows a rebel movement struggling to be born but has a clear lesson for fighting rising fascism.<\/div><\/div><\/div>\n\n<div class=\"vlp-link-container vlp-layout-basic wp-block-visual-link-preview-link\"><a href=\"https:\/\/youtu.be\/IAF8vJQeMmQ?si=Ch9fG99dJlP8FENk\" class=\"vlp-link\" title=\"What Trump\u2019s \u2018Big, Beautiful Bill\u2019 Is Really Doing (Part 1) | The Ezra Klein Show\" rel=\"nofollow\" target=\"_blank\"><\/a><div class=\"vlp-layout-zone-side\"><div class=\"vlp-block-2 vlp-link-image\"><img decoding=\"async\" src=\"https:\/\/i.ytimg.com\/vi\/IAF8vJQeMmQ\/maxresdefault.jpg\" style=\"max-width: 150px; max-height: 150px\" \/><\/div><\/div><div class=\"vlp-layout-zone-main\"><div class=\"vlp-block-0 vlp-link-title\">What Trump\u2019s \u2018Big, Beautiful Bill\u2019 Is Really Doing (Part 1) | The Ezra Klein Show<\/div><div class=\"vlp-block-1 vlp-link-summary\">Trump\u2019s \u201cbig, beautiful bill\u201d is the cruelest and most irresponsible piece of domestic legislation to be seriously proposed in my lifetime.When you think abo\u2026<\/div><\/div><\/div>\n\n<div class=\"vlp-link-container vlp-layout-basic wp-block-visual-link-preview-link\"><a href=\"https:\/\/youtu.be\/nIB-8dvkL8I?si=By_RSuED7nxATkWd\" class=\"vlp-link\" title=\"What Trump\u2019s \u2018Big, Beautiful Bill\u2019 Is Really Doing (Part 2) | The Ezra Klein Show\" rel=\"nofollow\" target=\"_blank\"><\/a><div class=\"vlp-layout-zone-side\"><div class=\"vlp-block-2 vlp-link-image\"><img decoding=\"async\" src=\"https:\/\/i.ytimg.com\/vi\/nIB-8dvkL8I\/maxresdefault.jpg\" style=\"max-width: 150px; max-height: 150px\" \/><\/div><\/div><div class=\"vlp-layout-zone-main\"><div class=\"vlp-block-0 vlp-link-title\">What Trump\u2019s \u2018Big, Beautiful Bill\u2019 Is Really Doing (Part 2) | The Ezra Klein Show<\/div><div class=\"vlp-block-1 vlp-link-summary\">Trump\u2019s \u201cbig, beautiful bill\u201d is the cruelest and most irresponsible piece of domestic legislation to be seriously proposed in my lifetime. When you think ab\u2026<\/div><\/div><\/div>\n\n<div class=\"vlp-link-container vlp-layout-basic wp-block-visual-link-preview-link\"><a href=\"https:\/\/www.democracycollaborative.org\/tracking-the-crisis\/budget\" class=\"vlp-link\" title=\"Budget \u2014 The Democracy Collaborative\" rel=\"nofollow\" target=\"_blank\"><\/a><div class=\"vlp-layout-zone-side\"><div class=\"vlp-block-2 vlp-link-image\"><img decoding=\"async\" src=\"http:\/\/static1.squarespace.com\/static\/668c154d4d09237bebbb257a\/67c8703e107612216a7713e1\/683096b06c860308e2d97bdc\/1748031863000\/GettyImages-2198395799-2.jpg?format=1500w\" style=\"max-width: 150px; max-height: 150px\" \/><\/div><\/div><div class=\"vlp-layout-zone-main\"><div class=\"vlp-block-0 vlp-link-title\">Budget \u2014 The Democracy Collaborative<\/div><div class=\"vlp-block-1 vlp-link-summary\">Week of May 16-22, 2025<\/div><\/div><\/div>\n\n<div class=\"vlp-link-container vlp-layout-basic wp-block-visual-link-preview-link\"><a href=\"https:\/\/youtu.be\/BSaonHIRF3U?si=rY6kuybM4-tuIhw5\" class=\"vlp-link\" title=\"Two shot outside Jewish museum in Washington, DC: US media\" rel=\"nofollow\" target=\"_blank\"><\/a><div class=\"vlp-layout-zone-side\"><div class=\"vlp-block-2 vlp-link-image\"><img decoding=\"async\" src=\"https:\/\/i.ytimg.com\/vi\/BSaonHIRF3U\/maxresdefault.jpg\" style=\"max-width: 150px; max-height: 150px\" \/><\/div><\/div><div class=\"vlp-layout-zone-main\"><div class=\"vlp-block-0 vlp-link-title\">Two shot outside Jewish museum in Washington, DC: US media<\/div><div class=\"vlp-block-1 vlp-link-summary\">US media is reporting there\u2019s been a shooting outside the Capital Jewish Museum in Washington, DC. At least two people have been killed according to those re\u2026<\/div><\/div><\/div>\n\n<div class=\"vlp-link-container vlp-layout-basic wp-block-visual-link-preview-link\"><a href=\"https:\/\/youtu.be\/VRBFdR17-IY?si=71nsjuC1GwxUSCp6\" class=\"vlp-link\" title=\"UK, France, Canada threaten sanctions on Israel if Gaza war goes on\" rel=\"nofollow\" target=\"_blank\"><\/a><div class=\"vlp-layout-zone-side\"><div class=\"vlp-block-2 vlp-link-image\"><img decoding=\"async\" src=\"https:\/\/i.ytimg.com\/vi\/VRBFdR17-IY\/maxresdefault.jpg\" style=\"max-width: 150px; max-height: 150px\" \/><\/div><\/div><div class=\"vlp-layout-zone-main\"><div class=\"vlp-block-0 vlp-link-title\">UK, France, Canada threaten sanctions on Israel if Gaza war goes on<\/div><div class=\"vlp-block-1 vlp-link-summary\">The leaders of Britain, France and Canada have warned Israel that their countries would take action if it does not stop a renewed military offensive in Gaza\u2026<\/div><\/div><\/div>\n\n<div class=\"vlp-link-container vlp-layout-basic wp-block-visual-link-preview-link\"><a href=\"https:\/\/theintercept.com\/2025\/05\/21\/south-africa-trump-afriforum-white-refugees\/?utm_medium=email&amp;utm_source=The%20Intercept%20Newsletter\" class=\"vlp-link\" title=\"How Trump\u2019s Embrace of Afrikaner \u201cRefugees\u201d Became a Joke in South Africa\" rel=\"nofollow\" target=\"_blank\"><\/a><div class=\"vlp-layout-zone-side\"><div class=\"vlp-block-2 vlp-link-image\"><img decoding=\"async\" src=\"https:\/\/theintercept.com\/wp-content\/uploads\/2025\/05\/GettyImages-2216298219-e1747845586185.jpg?fit=5386%2C2693&amp;w=1200&amp;h=800\" style=\"max-width: 150px; max-height: 150px\" \/><\/div><\/div><div class=\"vlp-layout-zone-main\"><div class=\"vlp-block-0 vlp-link-title\">How Trump\u2019s Embrace of Afrikaner \u201cRefugees\u201d Became a Joke in South Africa<\/div><div class=\"vlp-block-1 vlp-link-summary\">Untangling the \u201cwhite genocide\u201d narrative from propaganda to punchline, as South Africa\u2019s president meets with Trump in the White House.<\/div><\/div><\/div>\n\n<div class=\"vlp-link-container vlp-layout-basic wp-block-visual-link-preview-link\"><a href=\"https:\/\/youtu.be\/Dz8xy83mjEI?si=3RSs49isSDW_ONLA\" class=\"vlp-link\" title=\"Israeli troops trapped by fierce ambush, with Jon Elmer\" rel=\"nofollow\" target=\"_blank\"><\/a><div class=\"vlp-layout-zone-side\"><div class=\"vlp-block-2 vlp-link-image\"><img decoding=\"async\" src=\"https:\/\/i.ytimg.com\/vi\/Dz8xy83mjEI\/maxresdefault.jpg\" style=\"max-width: 150px; max-height: 150px\" \/><\/div><\/div><div class=\"vlp-layout-zone-main\"><div class=\"vlp-block-0 vlp-link-title\">Israeli troops trapped by fierce ambush, with Jon Elmer<\/div><div class=\"vlp-block-1 vlp-link-summary\">Jon Elmer, contributing editor, brings us the latest resistance news from Gaza, including a complex ambush in Shujaiya, a neighborhood east of Gaza City. Thi\u2026<\/div><\/div><\/div>\n\n<div class=\"vlp-link-container vlp-layout-basic wp-block-visual-link-preview-link\"><a href=\"https:\/\/youtu.be\/dO7-Ij8l9jI?si=uVrh-5VZRFVaKcWB\" class=\"vlp-link\" title=\"How Groupthink Protected Biden and Reelected Trump | The Ezra Klein Show\" rel=\"nofollow\" target=\"_blank\"><\/a><div class=\"vlp-layout-zone-side\"><div class=\"vlp-block-2 vlp-link-image\"><img decoding=\"async\" src=\"https:\/\/i.ytimg.com\/vi\/dO7-Ij8l9jI\/maxresdefault.jpg\" style=\"max-width: 150px; max-height: 150px\" \/><\/div><\/div><div class=\"vlp-layout-zone-main\"><div class=\"vlp-block-0 vlp-link-title\">How Groupthink Protected Biden and Reelected Trump | The Ezra Klein Show<\/div><div class=\"vlp-block-1 vlp-link-summary\">This episode is about a seemingly simple question: Was there a Joe Biden cover-up?Jake Tapper and Alex Thompson\u2019s new book argues there was. \u201cOriginal Sin: P\u2026<\/div><\/div><\/div>\n\n<div class=\"vlp-link-container vlp-layout-basic wp-block-visual-link-preview-link\"><a href=\"https:\/\/youtu.be\/dfjgHckDcJ4?si=3fbrZ1GOPelWsWTt\" class=\"vlp-link\" title=\"Yemeni forces expand missile targets to Haifa port, with Jon Elmer\" rel=\"nofollow\" target=\"_blank\"><\/a><div class=\"vlp-layout-zone-side\"><div class=\"vlp-block-2 vlp-link-image\"><img decoding=\"async\" src=\"https:\/\/i.ytimg.com\/vi\/dfjgHckDcJ4\/maxresdefault.jpg\" style=\"max-width: 150px; max-height: 150px\" \/><\/div><\/div><div class=\"vlp-layout-zone-main\"><div class=\"vlp-block-0 vlp-link-title\">Yemeni forces expand missile targets to Haifa port, with Jon Elmer<\/div><div class=\"vlp-block-1 vlp-link-summary\">Jon Elmer, contributing editor, covers the Yemeni forces expansion of their missile attacks on Israel to include the port of Haifa. This is a segment from Th\u2026<\/div><\/div><\/div>\n\n<div class=\"vlp-link-container vlp-layout-basic wp-block-visual-link-preview-link\"><a href=\"https:\/\/theintercept.com\/2025\/05\/19\/efilism-palm-springs-bomber-fertility-clinic\/?utm_medium=email&amp;utm_source=The%20Intercept%20Newsletter\" class=\"vlp-link\" title=\"What is \u201cEfilism,\u201d the Obscure Anti-Natalist Ideology of the Palm Springs Bomber?\" rel=\"nofollow\" target=\"_blank\"><\/a><div class=\"vlp-layout-zone-side\"><div class=\"vlp-block-2 vlp-link-image\"><img decoding=\"async\" src=\"https:\/\/theintercept.com\/wp-content\/uploads\/2025\/05\/GettyImages-2215083155-1-e1747684291995.jpg?fit=6048%2C3024&amp;w=1200&amp;h=800\" style=\"max-width: 150px; max-height: 150px\" \/><\/div><\/div><div class=\"vlp-layout-zone-main\"><div class=\"vlp-block-0 vlp-link-title\">What is \u201cEfilism,\u201d the Obscure Anti-Natalist Ideology of the Palm Springs Bomber?<\/div><div class=\"vlp-block-1 vlp-link-summary\">The Palm Springs bomber was an adherent of the obscure anti-natalist Ideology sometimes known as \u201cefilism.\u201d<\/div><\/div><\/div>\n\n<div class=\"vlp-link-container vlp-layout-basic wp-block-visual-link-preview-link\"><a href=\"https:\/\/youtu.be\/ged_bdGix28?si=TQ39FHRPrNjN8DG2\" class=\"vlp-link\" title=\"Is Trump Losing? A Debate | The Ezra Klein Show\" rel=\"nofollow\" target=\"_blank\"><\/a><div class=\"vlp-layout-zone-side\"><div class=\"vlp-block-2 vlp-link-image\"><img decoding=\"async\" src=\"https:\/\/i.ytimg.com\/vi\/ged_bdGix28\/maxresdefault.jpg\" style=\"max-width: 150px; max-height: 150px\" \/><\/div><\/div><div class=\"vlp-layout-zone-main\"><div class=\"vlp-block-0 vlp-link-title\">Is Trump Losing? A Debate | The Ezra Klein Show<\/div><div class=\"vlp-block-1 vlp-link-summary\">Is Donald Trump eroding American democracy and consolidating power for himself? Or is he trying to do that and failing? Is this what sliding toward authorita\u2026<\/div><\/div><\/div>\n\n<div class=\"vlp-link-container vlp-layout-basic wp-block-visual-link-preview-link\"><a href=\"https:\/\/youtu.be\/OaxvTyzU9EI?si=ygjFbC-qltmcRgDw\" class=\"vlp-link\" title=\"Sankara\u2019s legacy fuels Burkina Faso\u2019s new revolution amid rising violence\" rel=\"nofollow\" target=\"_blank\"><\/a><div class=\"vlp-layout-zone-side\"><div class=\"vlp-block-2 vlp-link-image\"><img decoding=\"async\" src=\"https:\/\/i.ytimg.com\/vi\/OaxvTyzU9EI\/maxresdefault.jpg\" style=\"max-width: 150px; max-height: 150px\" \/><\/div><\/div><div class=\"vlp-layout-zone-main\"><div class=\"vlp-block-0 vlp-link-title\">Sankara\u2019s legacy fuels Burkina Faso\u2019s new revolution amid rising violence<\/div><div class=\"vlp-block-1 vlp-link-summary\">Burkina Faso\u2019s memorial to Thomas Sankara, the assassinated revolutionary leader, has become a rallying point for a new wave of Pan-Africanism. Young junta l\u2026<\/div><\/div><\/div>\n\n<div class=\"vlp-link-container vlp-layout-basic wp-block-visual-link-preview-link\"><a href=\"https:\/\/www.cnn.com\/2025\/05\/18\/middleeast\/israel-gaza-peace-talks-millitary-operation-intl\" class=\"vlp-link\" title=\"Israel begins extensive Gaza ground operation after intense air strikes kill more than 100 overnight | CNN\" rel=\"nofollow\" target=\"_blank\"><\/a><div class=\"vlp-layout-zone-side\"><div class=\"vlp-block-2 vlp-link-image\"><img decoding=\"async\" src=\"https:\/\/media.cnn.com\/api\/v1\/images\/stellar\/prod\/2025-05-18t104421z-1077947244-rc24keadf4o1-rtrmadp-3-israel-palestinians-gaza.JPG?c=16x9&amp;q=w_800,c_fill\" style=\"max-width: 150px; max-height: 150px\" \/><\/div><\/div><div class=\"vlp-layout-zone-main\"><div class=\"vlp-block-0 vlp-link-title\">Israel begins extensive Gaza ground operation after intense air strikes kill more than 100 overnight | CNN<\/div><div class=\"vlp-block-1 vlp-link-summary\">Israel launched an extensive ground operation in Gaza Sunday in addition to an intense air campaign that health officials in the territory say killed over 100 people overnight and shuttered the last functioning hospital in the enclave\u2019s north.<\/div><\/div><\/div>\n\n<div class=\"vlp-link-container vlp-layout-basic wp-block-visual-link-preview-link\"><a href=\"https:\/\/theintercept.com\/2025\/05\/17\/eurovision-censored-israel-booing-free-palestine\/?utm_medium=email&amp;utm_source=The%20Intercept%20Newsletter\" class=\"vlp-link\" title=\"Audio Analysis: Eurovision Broadcaster Muted Sounds of Crowd Booing and Shouting \u201cFree Palestine!\u201d\" rel=\"nofollow\" target=\"_blank\"><\/a><div class=\"vlp-layout-zone-side\"><div class=\"vlp-block-2 vlp-link-image\"><img decoding=\"async\" src=\"https:\/\/theintercept.com\/wp-content\/uploads\/2025\/05\/AP24132694426365.jpg?fit=7741%2C5160&amp;w=1200&amp;h=800\" style=\"max-width: 150px; max-height: 150px\" \/><\/div><\/div><div class=\"vlp-layout-zone-main\"><div class=\"vlp-block-0 vlp-link-title\">Audio Analysis: Eurovision Broadcaster Muted Sounds of Crowd Booing and Shouting \u201cFree Palestine!\u201d<\/div><div class=\"vlp-block-1 vlp-link-summary\">Despite Eurovision denials, an audio analysis shows booing and a \u201cFree Palestine!\u201d cry during Israeli singer Eden Golan\u2019s 2024 performance.<\/div><\/div><\/div>\n\n<div class=\"vlp-link-container vlp-layout-basic wp-block-visual-link-preview-link\"><a href=\"https:\/\/theintercept.com\/2025\/05\/17\/palestine-gaza-war-education-school\/?utm_medium=email&amp;utm_source=The%20Intercept%20Newsletter\" class=\"vlp-link\" title=\"Students and Teachers in Gaza: \u201cEducation Itself Is a Form of Defiance\u201d\" rel=\"nofollow\" target=\"_blank\"><\/a><div class=\"vlp-layout-zone-side\"><div class=\"vlp-block-2 vlp-link-image\"><img decoding=\"async\" src=\"https:\/\/theintercept.com\/wp-content\/uploads\/2025\/05\/AP25121611198346-e1747423436919.jpg?fit=6563%2C3282&amp;w=1200&amp;h=800\" style=\"max-width: 150px; max-height: 150px\" \/><\/div><\/div><div class=\"vlp-layout-zone-main\"><div class=\"vlp-block-0 vlp-link-title\">Students and Teachers in Gaza: \u201cEducation Itself Is a Form of Defiance\u201d<\/div><div class=\"vlp-block-1 vlp-link-summary\">Israel has destroyed every university and 85 percent of schools in Gaza. Four young women talk about how they keep studying amid the violence.<\/div><\/div><\/div>\n\n<div class=\"vlp-link-container vlp-layout-basic wp-block-visual-link-preview-link\"><a href=\"https:\/\/theintercept.com\/2025\/05\/15\/trump-ice-immigrants-deport-prisons-cecot-libya\/?utm_medium=email&amp;utm_source=The%20Intercept%20Newsletter\" class=\"vlp-link\" title=\"Trump Is Building a Global Gulag for Immigrants Captured by ICE\" rel=\"nofollow\" target=\"_blank\"><\/a><div class=\"vlp-layout-zone-side\"><div class=\"vlp-block-2 vlp-link-image\"><img decoding=\"async\" src=\"https:\/\/theintercept.com\/wp-content\/uploads\/2025\/05\/Global-Gulag.jpg?fit=3000%2C1500&amp;w=1200&amp;h=800\" style=\"max-width: 150px; max-height: 150px\" \/><\/div><\/div><div class=\"vlp-layout-zone-main\"><div class=\"vlp-block-0 vlp-link-title\">Trump Is Building a Global Gulag for Immigrants Captured by ICE<\/div><div class=\"vlp-block-1 vlp-link-summary\">The U.S. is in talks with 19 nations, including Libya, Kosovo, Rwanda, and Moldova, to accept deportees from other countries.<\/div><\/div><\/div>\n\n<div class=\"vlp-link-container vlp-layout-basic wp-block-visual-link-preview-link\"><a href=\"https:\/\/apnews.com\/article\/severe-weather-midwest-south-kentucky-a6b8932577b800f996d6963290d3f3d7\" class=\"vlp-link\" title=\"At least 18 killed as severe weather lashes Kentucky, and 9 more die elsewhere\" rel=\"nofollow\" target=\"_blank\"><\/a><div class=\"vlp-layout-zone-side\"><div class=\"vlp-block-2 vlp-link-image\"><img decoding=\"async\" src=\"https:\/\/dims.apnews.com\/dims4\/default\/959e386\/2147483647\/strip\/true\/crop\/4786x2692+0+249\/resize\/1440x810!\/quality\/90\/?url=https%3A%2F%2Fassets.apnews.com%2F20%2F7d%2F4e94a9bade4ab612da1756d58803%2Fa55cc5f5df5f4b188ce5a963d83d9bb0\" style=\"max-width: 150px; max-height: 150px\" \/><\/div><\/div><div class=\"vlp-layout-zone-main\"><div class=\"vlp-block-0 vlp-link-title\">At least 18 killed as severe weather lashes Kentucky, and 9 more die elsewhere<\/div><div class=\"vlp-block-1 vlp-link-summary\">Severe storms across parts of the U.S. Midwest and South have left at least 27 people dead. Kentucky Gov.<\/div><\/div><\/div>\n\n<div class=\"vlp-link-container vlp-layout-basic wp-block-visual-link-preview-link\"><a href=\"https:\/\/www.democracycollaborative.org\/tracking-the-crisis\/art-of-the-deal\" class=\"vlp-link\" title=\"Art of the Deal \u2014 The Democracy Collaborative\" rel=\"nofollow\" target=\"_blank\"><\/a><div class=\"vlp-layout-zone-side\"><div class=\"vlp-block-2 vlp-link-image\"><img decoding=\"async\" src=\"http:\/\/static1.squarespace.com\/static\/668c154d4d09237bebbb257a\/67c8703e107612216a7713e1\/68279198c404a667b1329297\/1747430058558\/GettyImages-2198395799-2.jpg?format=1500w\" style=\"max-width: 150px; max-height: 150px\" \/><\/div><\/div><div class=\"vlp-layout-zone-main\"><div class=\"vlp-block-0 vlp-link-title\">Art of the Deal \u2014 The Democracy Collaborative<\/div><div class=\"vlp-block-1 vlp-link-summary\">Week of May 9-15, 2025<\/div><\/div><\/div>\n\n<div class=\"vlp-link-container vlp-layout-basic wp-block-visual-link-preview-link\"><a href=\"https:\/\/youtu.be\/_cU3CzpBiog?si=xTWWN-euDfvQcx7X\" class=\"vlp-link\" title=\"Is the WNBA Political? | The Dubya S.1 E.1\" rel=\"nofollow\" target=\"_blank\"><\/a><div class=\"vlp-layout-zone-side\"><div class=\"vlp-block-2 vlp-link-image\"><img decoding=\"async\" src=\"https:\/\/i.ytimg.com\/vi\/_cU3CzpBiog\/maxresdefault.jpg\" style=\"max-width: 150px; max-height: 150px\" \/><\/div><\/div><div class=\"vlp-layout-zone-main\"><div class=\"vlp-block-0 vlp-link-title\">Is the WNBA Political? | The Dubya S.1 E.1<\/div><div class=\"vlp-block-1 vlp-link-summary\">A show about the WNBA<\/div><\/div><\/div>\n\n<div class=\"vlp-link-container vlp-layout-basic wp-block-visual-link-preview-link\"><a href=\"https:\/\/www.youtube.com\/live\/ydSN10BEb1c?si=VuyWIps9ot02jdrx\" class=\"vlp-link\" title=\"#BuildAndFight: Part 4 with Kali Akuno\" rel=\"nofollow\" target=\"_blank\"><\/a><div class=\"vlp-layout-zone-side\"><div class=\"vlp-block-2 vlp-link-image\"><img decoding=\"async\" src=\"https:\/\/i.ytimg.com\/vi\/ydSN10BEb1c\/maxresdefault.jpg?v=67fc6cbf\" style=\"max-width: 150px; max-height: 150px\" \/><\/div><\/div><div class=\"vlp-layout-zone-main\"><div class=\"vlp-block-0 vlp-link-title\">#BuildAndFight: Part 4 with Kali Akuno<\/div><div class=\"vlp-block-1 vlp-link-summary\">Worker Self-OrganizationThe Build and Fight Formula is a program for the radical transformation of society. Kali Akuno, Co-founder and Executive Director of\u2026<\/div><\/div><\/div>\n\n<div class=\"vlp-link-container vlp-layout-basic wp-block-visual-link-preview-link\"><a href=\"https:\/\/youtu.be\/HQQtaWgIQmE?si=SxjyhcU8M1jZzGvC\" class=\"vlp-link\" title=\"Educating Kids in the Age of A.I. | The Ezra Klein Show\" rel=\"nofollow\" target=\"_blank\"><\/a><div class=\"vlp-layout-zone-side\"><div class=\"vlp-block-2 vlp-link-image\"><img decoding=\"async\" src=\"https:\/\/i.ytimg.com\/vi\/HQQtaWgIQmE\/maxresdefault.jpg\" style=\"max-width: 150px; max-height: 150px\" \/><\/div><\/div><div class=\"vlp-layout-zone-main\"><div class=\"vlp-block-0 vlp-link-title\">Educating Kids in the Age of A.I. | The Ezra Klein Show<\/div><div class=\"vlp-block-1 vlp-link-summary\">I honestly don\u2019t know how I should be educating my kids. A.I. has raised a lot of questions for schools. Teachers have had to adapt to the most ingenious che\u2026<\/div><\/div><\/div>\n\n<div class=\"vlp-link-container vlp-layout-basic wp-block-visual-link-preview-link\"><a href=\"https:\/\/youtu.be\/LpGhXKf3-qo?si=DXncNfnM6UKCgyKz\" class=\"vlp-link\" title=\"How a Red-District Democrat Is Navigating Trump | The Ezra Klein Show\" rel=\"nofollow\" target=\"_blank\"><\/a><div class=\"vlp-layout-zone-side\"><div class=\"vlp-block-2 vlp-link-image\"><img decoding=\"async\" src=\"https:\/\/i.ytimg.com\/vi\/LpGhXKf3-qo\/maxresdefault.jpg\" style=\"max-width: 150px; max-height: 150px\" \/><\/div><\/div><div class=\"vlp-layout-zone-main\"><div class=\"vlp-block-0 vlp-link-title\">How a Red-District Democrat Is Navigating Trump | The Ezra Klein Show<\/div><div class=\"vlp-block-1 vlp-link-summary\">Representative Marie Gluesenkamp Perez is one of just 13 Democrats to represent a district that Donald Trump won. Her distinctive economic message, and a wil\u2026<\/div><\/div><\/div>\n\n<div class=\"vlp-link-container vlp-layout-basic wp-block-visual-link-preview-link\"><a href=\"https:\/\/apnews.com\/article\/newark-immigration-baraka-ice-arrest-c260a4f0fda53ec52bca691a1f68aeda\" class=\"vlp-link\" title=\"What to know about the Newark mayor\u2019s arrest at an immigration detention center\" rel=\"nofollow\" target=\"_blank\"><\/a><div class=\"vlp-layout-zone-side\"><div class=\"vlp-block-2 vlp-link-image\"><img decoding=\"async\" src=\"https:\/\/dims.apnews.com\/dims4\/default\/4ed60fe\/2147483647\/strip\/true\/crop\/4000x2250+0+213\/resize\/1440x810!\/quality\/90\/?url=https%3A%2F%2Fassets.apnews.com%2Ff6%2Fd8%2Ffd9bba1fb24e64892c2abe8795f6%2F67ba3b60e9bf467c88dc7098f459b9f1\" style=\"max-width: 150px; max-height: 150px\" \/><\/div><\/div><div class=\"vlp-layout-zone-main\"><div class=\"vlp-block-0 vlp-link-title\">What to know about the Newark mayor\u2019s arrest at an immigration detention center<\/div><div class=\"vlp-block-1 vlp-link-summary\">An immigration detention center in New Jersey is at the center of tensions between three congressional Democrats and the Trump administration after the arrest of Newark\u2019s mayor outside the facility.<\/div><\/div><\/div>\n\n<div class=\"vlp-link-container vlp-layout-basic wp-block-visual-link-preview-link\"><a href=\"https:\/\/www.cbsnews.com\/news\/israeli-official-gaza-destroyed-palestinians-will-start-to-leave\/\" class=\"vlp-link\" title=\"Israeli official says Gaza will be \u201centirely destroyed,\u201d Palestinians \u201cwill start to leave in great numbers\u201d\" rel=\"nofollow\" target=\"_blank\"><\/a><div class=\"vlp-layout-zone-side\"><div class=\"vlp-block-2 vlp-link-image\"><img decoding=\"async\" src=\"https:\/\/assets1.cbsnewsstatic.com\/hub\/i\/r\/2025\/05\/06\/d4b79266-6621-4818-9d83-25bb063cea87\/thumbnail\/1200x630\/035c78c18340caa7e0d58b833343a564\/gettyimages-2213121909.jpg?v=e61856d8e666e7ed5709adc37bb2d465\" style=\"max-width: 150px; max-height: 150px\" \/><\/div><\/div><div class=\"vlp-layout-zone-main\"><div class=\"vlp-block-0 vlp-link-title\">Israeli official says Gaza will be \u201centirely destroyed,\u201d Palestinians \u201cwill start to leave in great numbers\u201d<\/div><div class=\"vlp-block-1 vlp-link-summary\">Israeli Finance Minister Bezalel Smotrich says victory in Gaza will mean the enclave being \u201centirely destroyed,\u201d Palestinians leaving for other countries.<\/div><\/div><\/div>\n\n<div class=\"vlp-link-container vlp-layout-basic wp-block-visual-link-preview-link\"><a href=\"https:\/\/www.aljazeera.com\/news\/liveblog\/2025\/5\/12\/live-israel-pounds-gaza-killing-26-hamas-to-release-us-israeli-captive\" class=\"vlp-link\" title=\"LIVE: Israel pounds Gaza, killing 26; Hamas to release US-Israeli captive | Israel-Palestine conflict News | Al Jazeera\" rel=\"nofollow\" target=\"_blank\"><\/a><div class=\"vlp-layout-zone-main\"><div class=\"vlp-block-0 vlp-link-title\">LIVE: Israel pounds Gaza, killing 26; Hamas to release US-Israeli captive | Israel-Palestine conflict News | Al Jazeera<\/div><div class=\"vlp-block-1 vlp-link-summary\">We use cookies and other tracking technologies to deliver and personalize content and ads, enable features, measure site performance, and enable social media sharing. You can choose to customize your preferences.Learn more about our Cookie Policy.<\/div><\/div><\/div>\n\n<div class=\"vlp-link-container vlp-layout-basic wp-block-visual-link-preview-link\"><a href=\"https:\/\/www.bbc.com\/news\/articles\/cglxl67g28no\" class=\"vlp-link\" title=\"Houthis say US \u2018backed down\u2019 and Israel not covered by ceasefire\" rel=\"nofollow\" target=\"_blank\"><\/a><div class=\"vlp-layout-zone-side\"><div class=\"vlp-block-2 vlp-link-image\"><img decoding=\"async\" src=\"https:\/\/ichef.bbci.co.uk\/news\/1024\/branded_news\/2ae7\/live\/153ad190-2b36-11f0-8ff1-59f5dcf8e9f5.jpg\" style=\"max-width: 150px; max-height: 150px\" \/><\/div><\/div><div class=\"vlp-layout-zone-main\"><div class=\"vlp-block-0 vlp-link-title\">Houthis say US \u2018backed down\u2019 and Israel not covered by ceasefire<\/div><div class=\"vlp-block-1 vlp-link-summary\">A senior official rejects US President Donald Trump\u2019s claim the Yemeni group \u201ccapitulated\u201d when agreeing a ceasefire deal.<\/div><\/div><\/div>\n\n<div class=\"vlp-link-container vlp-layout-basic wp-block-visual-link-preview-link\"><a href=\"https:\/\/www.timeslive.co.za\/sunday-times\/opinion-and-analysis\/opinion\/2025-02-16-its-time-for-sa-to-break-free-from-foreign-donor-dependency\/\" class=\"vlp-link\" title=\"2025-02-16-its-time-for-sa-to-break-free-from-foreign-donor-dependency\" rel=\"nofollow\" target=\"_blank\"><\/a><div class=\"vlp-layout-zone-main\"><div class=\"vlp-block-0 vlp-link-title\">2025-02-16-its-time-for-sa-to-break-free-from-foreign-donor-dependency<\/div><\/div><\/div>\n\n<div class=\"vlp-link-container vlp-layout-basic wp-block-visual-link-preview-link\"><a href=\"https:\/\/youtu.be\/SFHodobjGSs?si=2yi6ap_YzPUIwadl\" class=\"vlp-link\" title=\"Examining the Winds of Change, P4: South Africa and the Fight Against Imperialism and Genocide\" rel=\"nofollow\" target=\"_blank\"><\/a><div class=\"vlp-layout-zone-side\"><div class=\"vlp-block-2 vlp-link-image\"><img decoding=\"async\" src=\"https:\/\/i.ytimg.com\/vi\/SFHodobjGSs\/hqdefault.jpg\" style=\"max-width: 150px; max-height: 150px\" \/><\/div><\/div><div class=\"vlp-layout-zone-main\"><div class=\"vlp-block-0 vlp-link-title\">Examining the Winds of Change, P4: South Africa and the Fight Against Imperialism and Genocide<\/div><div class=\"vlp-block-1 vlp-link-summary\">Kali Akuno and Mazibuko Jara discuss South Africa\u2019s role on the international stage and the nuance\u2019s of its advocacy for the Palestinian people and struggle\u2026<\/div><\/div><\/div>\n\n<div class=\"vlp-link-container vlp-layout-basic wp-block-visual-link-preview-link\"><a href=\"https:\/\/abcnews.go.com\/US\/wireStory\/columbia-suspends-65-students-pro-palestinian-protest-library-121660701\" class=\"vlp-link\" title=\"Columbia suspends over 65 students following pro-Palestinian protest in library\" rel=\"nofollow\" target=\"_blank\"><\/a><div class=\"vlp-layout-zone-side\"><div class=\"vlp-block-2 vlp-link-image\"><img decoding=\"async\" src=\"https:\/\/i.abcnewsfe.com\/a\/c399fff2-485d-43ba-a8ca-8d8f7c69b0bb\/wirestory_7215bd15abc3edd303b3224f9edbcfd2_16x9.jpg?w=1600\" style=\"max-width: 150px; max-height: 150px\" \/><\/div><\/div><div class=\"vlp-layout-zone-main\"><div class=\"vlp-block-0 vlp-link-title\">Columbia suspends over 65 students following pro-Palestinian protest in library<\/div><div class=\"vlp-block-1 vlp-link-summary\">Columbia University has suspended dozens of students and barred alums and others who participated in a pro-Palestinian demonstration inside the school\u2019s main library earlier this week<\/div><\/div><\/div>\n\n<div class=\"vlp-link-container vlp-layout-basic wp-block-visual-link-preview-link\"><a href=\"https:\/\/theintercept.com\/2025\/05\/10\/columbia-library-gaza-protests-students-suspended\/\" class=\"vlp-link\" title=\"Students Studying at Columbia Library Were Suspended for Protest They Took No Part In\" rel=\"nofollow\" target=\"_blank\"><\/a><div class=\"vlp-layout-zone-side\"><div class=\"vlp-block-2 vlp-link-image\"><img decoding=\"async\" src=\"https:\/\/theintercept.com\/wp-content\/uploads\/2025\/05\/butler-inside-e1746899795257.jpg?fit=5636%2C2818&amp;w=1200&amp;h=800\" style=\"max-width: 150px; max-height: 150px\" \/><\/div><\/div><div class=\"vlp-layout-zone-main\"><div class=\"vlp-block-0 vlp-link-title\">Students Studying at Columbia Library Were Suspended for Protest They Took No Part In<\/div><div class=\"vlp-block-1 vlp-link-summary\">Students at Butler Library during Wednesday\u2019s Gaza protest faced harsh consequences, though several had their suspensions lifted days later.<\/div><\/div><\/div>\n\n<div class=\"vlp-link-container vlp-layout-basic wp-block-visual-link-preview-link\"><a href=\"https:\/\/www.cnn.com\/world\/live-news\/india-pakistan-operation-sindoor-05-10-25\" class=\"vlp-link\" title=\"Live updates: Pakistan and India agree to ceasefire after weeks of tensions | CNN\" rel=\"nofollow\" target=\"_blank\"><\/a><div class=\"vlp-layout-zone-side\"><div class=\"vlp-block-2 vlp-link-image\"><img decoding=\"async\" src=\"https:\/\/media.cnn.com\/api\/v1\/images\/stellar\/prod\/gettyimages-2213688237.jpg?c=16x9&amp;q=w_800,c_fill\" style=\"max-width: 150px; max-height: 150px\" \/><\/div><\/div><div class=\"vlp-layout-zone-main\"><div class=\"vlp-block-0 vlp-link-title\">Live updates: Pakistan and India agree to ceasefire after weeks of tensions | CNN<\/div><div class=\"vlp-block-1 vlp-link-summary\">India and Pakistan agreed to a ceasefire Saturday after back-and-forth strikes deepened fears of a wider conflict. Within hours, India accused Pakistan of violating the deal and blasts were heard in both India- and Pakistan-administered Kashmir. Follow live updates.<\/div><\/div><\/div>\n\n<div class=\"vlp-link-container vlp-layout-basic wp-block-visual-link-preview-link\"><a href=\"https:\/\/www.usatoday.com\/story\/news\/world\/2025\/05\/09\/elephant-walk-us-military-show-of-force-kedena-afb\/83531140007\/\" class=\"vlp-link\" title=\"US Air Force and Navy parade dozens of warplanes in Pacific \u2018elephant walk\u2019\" rel=\"nofollow\" target=\"_blank\"><\/a><div class=\"vlp-layout-zone-side\"><div class=\"vlp-block-2 vlp-link-image\"><img decoding=\"async\" src=\"https:\/\/www.usatoday.com\/gcdn\/authoring\/authoring-images\/2025\/05\/09\/USAT\/83532342007-250506-fvq-8041423.JPG?crop=6047,3403,x0,y310&amp;width=3200&amp;height=1801&amp;format=pjpg&amp;auto=webp\" style=\"max-width: 150px; max-height: 150px\" \/><\/div><\/div><div class=\"vlp-layout-zone-main\"><div class=\"vlp-block-0 vlp-link-title\">US Air Force and Navy parade dozens of warplanes in Pacific \u2018elephant walk\u2019<\/div><div class=\"vlp-block-1 vlp-link-summary\">A show of force by a US base in East China Sea is \u2018a message you can\u2019t ignore,\u2019 according to one Air Force official. Here\u2019s what it looks like.<\/div><\/div><\/div>\n\n<div class=\"vlp-link-container vlp-layout-basic wp-block-visual-link-preview-link\"><a href=\"https:\/\/www.middleeasteye.net\/news\/chinese-made-pakistani-fighter-jet-shot-down-least-one-rafale-jet\" class=\"vlp-link\" title=\"Chinese-made Pakistani fighter jet shot down at least one French Rafale\" rel=\"nofollow\" target=\"_blank\"><\/a><div class=\"vlp-layout-zone-side\"><div class=\"vlp-block-2 vlp-link-image\"><img decoding=\"async\" src=\"https:\/\/www.middleeasteye.net\/sites\/default\/files\/images-story\/China-JET-AFP.jpg\" style=\"max-width: 150px; max-height: 150px\" \/><\/div><\/div><div class=\"vlp-layout-zone-main\"><div class=\"vlp-block-0 vlp-link-title\">Chinese-made Pakistani fighter jet shot down at least one French Rafale<\/div><div class=\"vlp-block-1 vlp-link-summary\">The combat between India and Pakistan is being carefully watched in Europe, Washington and Beijing<\/div><\/div><\/div>\n\n<div class=\"vlp-link-container vlp-layout-basic wp-block-visual-link-preview-link\"><a href=\"https:\/\/www.usatoday.com\/story\/news\/politics\/2025\/05\/10\/afrikaner-refugees-trump-welcoming-white-south-africans\/83557827007\/\" class=\"vlp-link\" title=\"Who are Afrikaners? Trump welcomes white South Africans as other refugees are halted.\" rel=\"nofollow\" target=\"_blank\"><\/a><div class=\"vlp-layout-zone-side\"><div class=\"vlp-block-2 vlp-link-image\"><img decoding=\"async\" src=\"https:\/\/www.usatoday.com\/gcdn\/authoring\/authoring-images\/2025\/05\/10\/USAT\/83559580007-afp-2199011218.jpg?crop=499,282,x0,y49&amp;width=499&amp;height=282&amp;format=pjpg&amp;auto=webp\" style=\"max-width: 150px; max-height: 150px\" \/><\/div><\/div><div class=\"vlp-layout-zone-main\"><div class=\"vlp-block-0 vlp-link-title\">Who are Afrikaners? Trump welcomes white South Africans as other refugees are halted.<\/div><div class=\"vlp-block-1 vlp-link-summary\">After suspending the U.S. refugee program, President Trump is making an exception for white South Africans, known as Africaners<\/div><\/div><\/div>\n\n<div class=\"vlp-link-container vlp-layout-basic wp-block-visual-link-preview-link\"><a href=\"https:\/\/apnews.com\/article\/india-pakistan-missiles-air-bases-1de0ca13c13899f0bd3530b4808d45ad\" class=\"vlp-link\" title=\"Pakistan says India fired missiles at 3 air bases inside country. Pakistani retaliation underway\" rel=\"nofollow\" target=\"_blank\"><\/a><div class=\"vlp-layout-zone-side\"><div class=\"vlp-block-2 vlp-link-image\"><img decoding=\"async\" src=\"https:\/\/dims.apnews.com\/dims4\/default\/95048e2\/2147483647\/strip\/true\/crop\/5167x2906+0+269\/resize\/1440x810!\/quality\/90\/?url=https%3A%2F%2Fassets.apnews.com%2F82%2Fa3%2Fe7eab5b0e6b2bcbef3cc786cfe51%2F713c575a06d74ca1878321958cf5fa02\" style=\"max-width: 150px; max-height: 150px\" \/><\/div><\/div><div class=\"vlp-layout-zone-main\"><div class=\"vlp-block-0 vlp-link-title\">Pakistan says India fired missiles at 3 air bases inside country. Pakistani retaliation underway<\/div><div class=\"vlp-block-1 vlp-link-summary\">India has fired missiles at three air bases inside Pakistan but most of the missiles were intercepted, marking the latest escalation in a conflict triggered by a gun massacre last month that India blames Pakistan for.<\/div><\/div><\/div>\n\n<div class=\"vlp-link-container vlp-layout-basic wp-block-visual-link-preview-link\"><a href=\"https:\/\/pix11.com\/news\/local-news\/newark-mayor-ras-baraka-taken-into-custody-by-ice-in-new-jersey\/\" class=\"vlp-link\" title=\"Newark Mayor Ras Baraka arrested at ICE detention facility in NJ\" rel=\"nofollow\" target=\"_blank\"><\/a><div class=\"vlp-layout-zone-side\"><div class=\"vlp-block-2 vlp-link-image\"><img decoding=\"async\" src=\"https:\/\/pix11.com\/wp-content\/uploads\/sites\/25\/2025\/05\/Immigration_Detention_New_Jersey_25127628680438.jpg?w=1280\" style=\"max-width: 150px; max-height: 150px\" \/><\/div><\/div><div class=\"vlp-layout-zone-main\"><div class=\"vlp-block-0 vlp-link-title\">Newark Mayor Ras Baraka arrested at ICE detention facility in NJ<\/div><div class=\"vlp-block-1 vlp-link-summary\">NEWARK, N.J. (PIX11) \u2014 Newark Mayor Ras Baraka was arrested for allegedly trespassing at an ICE facility in New Jersey on Friday afternoon, authorities said. \u201cThe Mayor of Newark, Ras B\u2026<\/div><\/div><\/div>\n\n<div class=\"vlp-link-container vlp-layout-basic wp-block-visual-link-preview-link\"><a href=\"https:\/\/www.cnn.com\/2025\/05\/09\/us\/rumeysa-ozturk-tufts-bail-release\" class=\"vlp-link\" title=\"Tufts University student R\u00fcmeysa \u00d6zt\u00fcrk is released after spending six weeks at a Louisiana detention center | CNN\" rel=\"nofollow\" target=\"_blank\"><\/a><div class=\"vlp-layout-zone-side\"><div class=\"vlp-block-2 vlp-link-image\"><img decoding=\"async\" src=\"https:\/\/media.cnn.com\/api\/v1\/images\/stellar\/prod\/c-2025-05-07t152416z-1104613922-rc2wmdactgpj-rtrmadp-3-usa-trump-tufts.jpg?c=16x9&amp;q=w_800,c_fill\" style=\"max-width: 150px; max-height: 150px\" \/><\/div><\/div><div class=\"vlp-layout-zone-main\"><div class=\"vlp-block-0 vlp-link-title\">Tufts University student R\u00fcmeysa \u00d6zt\u00fcrk is released after spending six weeks at a Louisiana detention center | CNN<\/div><div class=\"vlp-block-1 vlp-link-summary\">Tufts University doctoral student R\u00fcmeysa \u00d6zt\u00fcrk was released from a Louisiana detention center Friday, six weeks after masked federal agents took her into custody amid the Trump administration\u2019s effort to deport noncitizens who have protested against the war in Gaza.<\/div><\/div><\/div>\n\n<div class=\"vlp-link-container vlp-layout-basic wp-block-visual-link-preview-link\"><a href=\"https:\/\/www.thenation.com\/article\/activism\/columbia-university-butler-library-protest\/\" class=\"vlp-link\" title=\"To Suppress the Latest Protest, Columbia Unveils a Violent New Form of Campus Policing\" rel=\"nofollow\" target=\"_blank\"><\/a><div class=\"vlp-layout-zone-side\"><div class=\"vlp-block-2 vlp-link-image\"><img decoding=\"async\" src=\"https:\/\/www.thenation.com\/wp-content\/uploads\/2025\/05\/Public_Safety_inside_Butler.jpg\" style=\"max-width: 150px; max-height: 150px\" \/><\/div><\/div><div class=\"vlp-layout-zone-main\"><div class=\"vlp-block-0 vlp-link-title\">To Suppress the Latest Protest, Columbia Unveils a Violent New Form of Campus Policing<\/div><div class=\"vlp-block-1 vlp-link-summary\">Protestors rechristened the Lawrence A. Wien Reading Room \u201cBasel Al-Araj Popular University\u201d in honor of the late Palestinian writer before Public Safety and the NYPD arrived.<\/div><\/div><\/div>\n\n<div class=\"vlp-link-container vlp-layout-basic wp-block-visual-link-preview-link\"><a href=\"https:\/\/www.democracycollaborative.org\/tracking-the-crisis\/dragnet\" class=\"vlp-link\" title=\"Dragnet \u2014 The Democracy Collaborative\" rel=\"nofollow\" target=\"_blank\"><\/a><div class=\"vlp-layout-zone-side\"><div class=\"vlp-block-2 vlp-link-image\"><img decoding=\"async\" src=\"http:\/\/static1.squarespace.com\/static\/668c154d4d09237bebbb257a\/t\/681e39dd7c756751d5ef5e78\/1746811357833\/GettyImages-2198395799-2.jpg?format=1500w\" style=\"max-width: 150px; max-height: 150px\" \/><\/div><\/div><div class=\"vlp-layout-zone-main\"><div class=\"vlp-block-0 vlp-link-title\">Dragnet \u2014 The Democracy Collaborative<\/div><div class=\"vlp-block-1 vlp-link-summary\">Week of May 2-8, 2025<\/div><\/div><\/div>\n\n<div class=\"vlp-link-container vlp-layout-basic wp-block-visual-link-preview-link\"><a href=\"https:\/\/www.theguardian.com\/law\/2025\/may\/09\/end-habeas-corpus-detention-trump-stephen-miller\" class=\"vlp-link\" title=\"Trump administration mulling end to habeas corpus, legal right to challenge one\u2019s detention\" rel=\"nofollow\" target=\"_blank\"><\/a><div class=\"vlp-layout-zone-side\"><div class=\"vlp-block-2 vlp-link-image\"><img decoding=\"async\" src=\"https:\/\/i.guim.co.uk\/img\/media\/3c7f42340199f5c0cf239fd297ed44dffeb4061e\/0_0_5001_4000\/master\/5001.jpg?width=1200&amp;height=630&amp;quality=85&amp;auto=format&amp;fit=crop&amp;overlay-align=bottom%2Cleft&amp;overlay-width=100p&amp;overlay-base64=L2ltZy9zdGF0aWMvb3ZlcmxheXMvdGctZGVmYXVsdC5wbmc&amp;enable=upscale&amp;s=b1eca590991f8259cd62af6d3455f9aa\" style=\"max-width: 150px; max-height: 150px\" \/><\/div><\/div><div class=\"vlp-layout-zone-main\"><div class=\"vlp-block-0 vlp-link-title\">Trump administration mulling end to habeas corpus, legal right to challenge one\u2019s detention<\/div><div class=\"vlp-block-1 vlp-link-summary\">Presidential adviser Stephen Miller announces potential move, which US has made only four times in history<\/div><\/div><\/div>\n\n<div class=\"vlp-link-container vlp-layout-basic wp-block-visual-link-preview-link\"><a href=\"https:\/\/www.nbcnews.com\/news\/us-news\/chaos-hearing-ohio-father-accused-fatally-striking-deputy-car-son-kill-rcna205065\" class=\"vlp-link\" title=\"Chaos at hearing for Ohio father accused of fatally striking deputy with car after son killed by police\" rel=\"nofollow\" target=\"_blank\"><\/a><div class=\"vlp-layout-zone-side\"><div class=\"vlp-block-2 vlp-link-image\"><img decoding=\"async\" src=\"https:\/\/media-cldnry.s-nbcnews.com\/image\/upload\/t_nbcnews-fp-1200-630,f_auto,q_auto:best\/rockcms\/2025-05\/250505-rodney-hinton-mn-0940-48f93e.jpg\" style=\"max-width: 150px; max-height: 150px\" \/><\/div><\/div><div class=\"vlp-layout-zone-main\"><div class=\"vlp-block-0 vlp-link-title\">Chaos at hearing for Ohio father accused of fatally striking deputy with car after son killed by police<\/div><div class=\"vlp-block-1 vlp-link-summary\">Rodney L. Hinton was denied bond at a hearing. An officer said Hinton had viewed video of his son\u2019s fatal police shooting before the collision.<\/div><\/div><\/div>\n\n<div class=\"vlp-link-container vlp-layout-basic wp-block-visual-link-preview-link\"><a href=\"https:\/\/abc7ny.com\/post\/columbia-protest-pro-palestinian-protesters-disrupt-university-no-word-arrests\/16350773\/\" class=\"vlp-link\" title=\"Pro-Palestinian protesters take over room in library at Columbia; dozens in custody\" rel=\"nofollow\" target=\"_blank\"><\/a><div class=\"vlp-layout-zone-side\"><div class=\"vlp-block-2 vlp-link-image\"><img decoding=\"async\" src=\"https:\/\/cdn.abcotvs.com\/dip\/images\/16353162_050725-wabc-protesters-custody-img.jpg?w=1600\" style=\"max-width: 150px; max-height: 150px\" \/><\/div><\/div><div class=\"vlp-layout-zone-main\"><div class=\"vlp-block-0 vlp-link-title\">Pro-Palestinian protesters take over room in library at Columbia; dozens in custody<\/div><div class=\"vlp-block-1 vlp-link-summary\">During the disruption, two of Columbia Public Safety officers suffered injuries during a crowd surge when individuals attempted to force their way into the building and into Room 301, the university\u2019s acting president said.<\/div><\/div><\/div>\n\n<div class=\"vlp-link-container vlp-layout-basic wp-block-visual-link-preview-link\"><a href=\"https:\/\/www.nbcnews.com\/world\/asia\/deadly-cross-border-strikes-can-india-pakistan-avoid-war-rcna205533\" class=\"vlp-link\" title=\"After deadly cross-border strikes, can India and Pakistan avoid all-out war?\" rel=\"nofollow\" target=\"_blank\"><\/a><div class=\"vlp-layout-zone-side\"><div class=\"vlp-block-2 vlp-link-image\"><img decoding=\"async\" src=\"https:\/\/media-cldnry.s-nbcnews.com\/image\/upload\/t_nbcnews-fp-1200-630,f_auto,q_auto:best\/rockcms\/2025-05\/250508-kashmir-mb-0948-680b6f.jpg\" style=\"max-width: 150px; max-height: 150px\" \/><\/div><\/div><div class=\"vlp-layout-zone-main\"><div class=\"vlp-block-0 vlp-link-title\">After deadly cross-border strikes, can India and Pakistan avoid all-out war?<\/div><div class=\"vlp-block-1 vlp-link-summary\">In order to de-escalate, the two nuclear powers need the support of the international community and a way for both of them to declare victory, experts said.<\/div><\/div><\/div>\n\n<div class=\"vlp-link-container vlp-layout-basic wp-block-visual-link-preview-link\"><a href=\"https:\/\/www.youtube.com\/watch?v=FaVg3J167DQ&amp;t=1011s\" class=\"vlp-link\" title=\"Kneecap\u2019s Gaza Solidarity Is a Threat to Imperialism - Why?\" rel=\"nofollow\" target=\"_blank\"><\/a><div class=\"vlp-layout-zone-side\"><div class=\"vlp-block-2 vlp-link-image\"><img decoding=\"async\" src=\"https:\/\/i.ytimg.com\/vi\/FaVg3J167DQ\/hqdefault.jpg\" style=\"max-width: 150px; max-height: 150px\" \/><\/div><\/div><div class=\"vlp-layout-zone-main\"><div class=\"vlp-block-0 vlp-link-title\">Kneecap\u2019s Gaza Solidarity Is a Threat to Imperialism &#8211; Why?<\/div><div class=\"vlp-block-1 vlp-link-summary\">Kneecap stood with Palestine, now the band faces a coordinated information operation campaign to silence their solidarity. Let\u2019s explore the strategic import\u2026<\/div><\/div><\/div>\n\n<div class=\"vlp-link-container vlp-layout-basic wp-block-visual-link-preview-link\"><a href=\"https:\/\/www.democracycollaborative.org\/tracking-the-crisis\/100-days\" class=\"vlp-link\" title=\"100 Days \u2014 The Democracy Collaborative\" rel=\"nofollow\" target=\"_blank\"><\/a><div class=\"vlp-layout-zone-side\"><div class=\"vlp-block-2 vlp-link-image\"><img decoding=\"async\" src=\"http:\/\/static1.squarespace.com\/static\/668c154d4d09237bebbb257a\/67c8703e107612216a7713e1\/681502a98e530b2a2bf0ba0d\/1746207832775\/GettyImages-2198395799-2.jpg?format=1500w\" style=\"max-width: 150px; max-height: 150px\" \/><\/div><\/div><div class=\"vlp-layout-zone-main\"><div class=\"vlp-block-0 vlp-link-title\">100 Days \u2014 The Democracy Collaborative<\/div><div class=\"vlp-block-1 vlp-link-summary\">Week of April 25-May 1, 2025<\/div><\/div><\/div>\n\n<div class=\"vlp-link-container vlp-layout-basic wp-block-visual-link-preview-link\"><a href=\"https:\/\/apnews.com\/article\/may-day-workers-labor-unions-rallies-marches-trump-46de8196d7f01d7458c3d77ccd5e0e54\" class=\"vlp-link\" title=\"May Day demonstrations in US and around the globe protest Trump agenda\" rel=\"nofollow\" target=\"_blank\"><\/a><div class=\"vlp-layout-zone-side\"><div class=\"vlp-block-2 vlp-link-image\"><img decoding=\"async\" src=\"https:\/\/dims.apnews.com\/dims4\/default\/1ff0b32\/2147483647\/strip\/true\/crop\/8450x4753+0+440\/resize\/1440x810!\/quality\/90\/?url=https%3A%2F%2Fassets.apnews.com%2F2b%2F71%2Fa8ddf9e336150127be2351fa156d%2Fef4c295b21c0460fb87f0f215b0b69a6\" style=\"max-width: 150px; max-height: 150px\" \/><\/div><\/div><div class=\"vlp-layout-zone-main\"><div class=\"vlp-block-0 vlp-link-title\">May Day demonstrations in US and around the globe protest Trump agenda<\/div><div class=\"vlp-block-1 vlp-link-summary\">Hundreds of thousands of people rallied in U.S. cities and around the globe for International Workers\u2019 Day or May Day, with the focus this year on President Donald Trump\u2019s agenda.<\/div><\/div><\/div>\n\n<div class=\"vlp-link-container vlp-layout-basic wp-block-visual-link-preview-link\"><a href=\"https:\/\/apnews.com\/article\/trump-deportations-alien-enemies-act-venezuelans-texas-e0dda59f64b1f5752fb92a91ff7878f8\" class=\"vlp-link\" title=\"Judge bars deportations of Venezuelans from South Texas under the Alien Enemies Act\" rel=\"nofollow\" target=\"_blank\"><\/a><div class=\"vlp-layout-zone-side\"><div class=\"vlp-block-2 vlp-link-image\"><img decoding=\"async\" src=\"https:\/\/dims.apnews.com\/dims4\/default\/e6ab65a\/2147483647\/strip\/true\/crop\/3008x1692+0+158\/resize\/1440x810!\/quality\/90\/?url=https%3A%2F%2Fassets.apnews.com%2F50%2Fee%2F2ca487a70aefab717cf93f9d4313%2F17baafc42caa4fd793a45e391b04483c\" style=\"max-width: 150px; max-height: 150px\" \/><\/div><\/div><div class=\"vlp-layout-zone-main\"><div class=\"vlp-block-0 vlp-link-title\">Judge bars deportations of Venezuelans from South Texas under the Alien Enemies Act<\/div><div class=\"vlp-block-1 vlp-link-summary\">A federal judge has barred the Trump administration from deporting any Venezuelans from South Texas under the Alien Enemies Act.<\/div><\/div><\/div>\n\n<div class=\"vlp-link-container vlp-layout-basic wp-block-visual-link-preview-link\"><a href=\"https:\/\/www.democracynow.org\/2025\/5\/1\/headlines\/burkina_faso_protesters_rally_in_defense_of_interim_president_after_alleged_coup_attempt\" class=\"vlp-link\" title=\"Burkina Faso Protesters Rally in Defense of Interim President After Alleged Coup Attempt\" rel=\"nofollow\" target=\"_blank\"><\/a><div class=\"vlp-layout-zone-side\"><div class=\"vlp-block-2 vlp-link-image\"><img decoding=\"async\" src=\"https:\/\/www.democracynow.org\/images\/headlines\/08\/77008\/full_hd\/h11-burkina-faso.jpg\" style=\"max-width: 150px; max-height: 150px\" \/><\/div><\/div><div class=\"vlp-layout-zone-main\"><div class=\"vlp-block-0 vlp-link-title\">Burkina Faso Protesters Rally in Defense of Interim President After Alleged Coup Attempt<\/div><div class=\"vlp-block-1 vlp-link-summary\">In Burkina Faso, thousands of people rallied in support of interim President Ibrahim Traor\u00e9 Wednesday, after military rulers said they foiled a plot to overthrow his transitional government. Traor\u00e9 seized power after a 2022 coup and moved to end military ties with former colonizer France. Protesters also condemned recent comments by General Michael Langley, head of the U.S. military\u2019s Africa Command, who accused Traor\u00e9 of using Burkina Faso\u2019s gold reserves to benefit himself rather than the people. This is a protester in Ouagadougou. Salifou Ou\u00e9draogo: \u201cWords like \u2018democracy,\u2019 \u2018human rights,\u2019 no one can teach that in Africa. The African continent was the first continent that produced democracy, but not that of the West, which consists of burning countries, burning continents that do not think like them. Here we are today so that our country remains standing, so that our continent remains standing.\u201d<\/div><\/div><\/div>\n\n<div class=\"vlp-link-container vlp-layout-basic wp-block-visual-link-preview-link\"><a href=\"https:\/\/www.npr.org\/2025\/05\/01\/nx-s1-5369457\/truman-trump-foreign-policy\" class=\"vlp-link\" title=\"The U.S. set the global order after WWII. Trump has other plans\" rel=\"nofollow\" target=\"_blank\"><\/a><div class=\"vlp-layout-zone-side\"><div class=\"vlp-block-2 vlp-link-image\"><img decoding=\"async\" src=\"https:\/\/npr.brightspotcdn.com\/dims3\/default\/strip\/false\/crop\/3597x2023+0+1217\/resize\/1400\/quality\/100\/format\/jpeg\/?url=http%3A%2F%2Fnpr-brightspot.s3.amazonaws.com%2F8d%2Faa%2Fa10deca74405befeb56387fc10ce%2F100-days-4-gettyimages-914477724.jpg\" style=\"max-width: 150px; max-height: 150px\" \/><\/div><\/div><div class=\"vlp-layout-zone-main\"><div class=\"vlp-block-0 vlp-link-title\">The U.S. set the global order after WWII. Trump has other plans<\/div><div class=\"vlp-block-1 vlp-link-summary\">From the ashes of World War II, President Harry Truman helped create global institutions that have defined international order. President Trump is moving aggressively to scale back that U.S. role.<\/div><\/div><\/div>\n\n<div class=\"vlp-link-container vlp-layout-basic wp-block-visual-link-preview-link\"><a href=\"https:\/\/www.aljazeera.com\/news\/2025\/5\/2\/china-says-it-is-considering-trump-administrations-outreach-on-tariffs\" class=\"vlp-link\" title=\"China says it is \u2018evaluating\u2019 Trump administration\u2019s outreach on tariffs | International Trade News | Al Jazeera\" rel=\"nofollow\" target=\"_blank\"><\/a><div class=\"vlp-layout-zone-side\"><div class=\"vlp-block-2 vlp-link-image\"><img decoding=\"async\" src=\"https:\/\/www.aljazeera.com\/static\/media\/aj-footer-logo.bac952ad.svg\" style=\"max-width: 150px; max-height: 150px\" \/><\/div><\/div><div class=\"vlp-layout-zone-main\"><div class=\"vlp-block-0 vlp-link-title\">China says it is \u2018evaluating\u2019 Trump administration\u2019s outreach on tariffs | International Trade News | Al Jazeera<\/div><div class=\"vlp-block-1 vlp-link-summary\">We use cookies and other tracking technologies to deliver and personalize content and ads, enable features, measure site performance, and enable social media sharing. You can choose to customize your preferences.Learn more about our Cookie Policy.<\/div><\/div><\/div>\n\n<div class=\"vlp-link-container vlp-layout-basic wp-block-visual-link-preview-link\"><a href=\"https:\/\/www.axios.com\/2025\/05\/01\/stephen-miller-tariffs-american-made-dolls\" class=\"vlp-link\" title=\"Stephen Miller: Most Americans would pay more for U.S.-made dolls\" rel=\"nofollow\" target=\"_blank\"><\/a><div class=\"vlp-layout-zone-side\"><div class=\"vlp-block-2 vlp-link-image\"><img decoding=\"async\" src=\"https:\/\/images.axios.com\/OguItj3cwxsYmtopsPC8zuBoiH0=\/0x255:4675x2885\/1366x768\/2025\/05\/01\/1746112963551.jpg\" style=\"max-width: 150px; max-height: 150px\" \/><\/div><\/div><div class=\"vlp-layout-zone-main\"><div class=\"vlp-block-0 vlp-link-title\">Stephen Miller: Most Americans would pay more for U.S.-made dolls<\/div><div class=\"vlp-block-1 vlp-link-summary\">The doll debate continues.<\/div><\/div><\/div>\n\n<div class=\"vlp-link-container vlp-layout-basic wp-block-visual-link-preview-link\"><a href=\"https:\/\/www.democracynow.org\/2025\/5\/1\/headlines\/i_am_not_afraid_of_you_mohsen_mahdawi_sends_message_to_trump_after_release_from_ice_detention\" class=\"vlp-link\" title=\"\u201cI Am Not Afraid of You\u201d: Mohsen Mahdawi Sends Message to Trump After Release from ICE Detention\" rel=\"nofollow\" target=\"_blank\"><\/a><div class=\"vlp-layout-zone-side\"><div class=\"vlp-block-2 vlp-link-image\"><img decoding=\"async\" src=\"https:\/\/www.democracynow.org\/images\/headlines\/98\/76998\/full_hd\/h1-mohsen-mahdawi-released.jpg\" style=\"max-width: 150px; max-height: 150px\" \/><\/div><\/div><div class=\"vlp-layout-zone-main\"><div class=\"vlp-block-0 vlp-link-title\">\u201cI Am Not Afraid of You\u201d: Mohsen Mahdawi Sends Message to Trump After Release from ICE Detention<\/div><div class=\"vlp-block-1 vlp-link-summary\">A federal judge in Vermont has granted bail and released from ICE jail Palestinian Columbia University student Mohsen Mahdawi while he challenges the Trump administration\u2019s efforts to deport him for joining protests against Israel\u2019s assault on Gaza. U.S. District Judge Geoffrey Crawford ruled the Trump administration failed to show why Mahdawi should remain in confinement, condemning \u201cchilling action by the government intended to shut down debate.\u201d Mohsen Mahdawi emerged from the courthouse to a jubilant crowd of supporters, both arms in the air, holding up the V for victory sign with his hands \u2014 also the gesture for peace. Mohsen Mahdawi: \u201cAnd I am saying it clear and loud to President Trump and his Cabinet: I am not afraid of you.\u201d Mahdawi also asked the crowd to join him in singing \u201cWe Shall Overcome.\u201d Mahdawi was jailed by ICE in April after appearing for what he was told would be a naturalization test. He was a lead organizer in Columbia\u2019s Gaza solidarity protests. We\u2019ll get the latest on his case after headlines with a member of Mohsen Mahdawi\u2019s legal defense team.<\/div><\/div><\/div>\n\n<div class=\"vlp-link-container vlp-layout-basic wp-block-visual-link-preview-link\"><a href=\"https:\/\/apnews.com\/article\/immigration-florida-desantis-ice-deportation-afeb0f1b51ba1592b5abe30b8f231690\" class=\"vlp-link\" title=\"ICE joins DeSantis in touting one-week record of arresting 1,120 people in the US illegally\" rel=\"nofollow\" target=\"_blank\"><\/a><div class=\"vlp-layout-zone-side\"><div class=\"vlp-block-2 vlp-link-image\"><img decoding=\"async\" src=\"https:\/\/dims.apnews.com\/dims4\/default\/0cbedea\/2147483647\/strip\/true\/crop\/5811x3269+0+303\/resize\/1440x810!\/quality\/90\/?url=https%3A%2F%2Fassets.apnews.com%2F14%2Fdf%2Fb0b9c75f3b81967088ac50b24350%2F9a564be027ba4c0797ac6de26e5e31ad\" style=\"max-width: 150px; max-height: 150px\" \/><\/div><\/div><div class=\"vlp-layout-zone-main\"><div class=\"vlp-block-0 vlp-link-title\">ICE joins DeSantis in touting one-week record of arresting 1,120 people in the US illegally<\/div><div class=\"vlp-block-1 vlp-link-summary\">U.S. Immigration and Customs Enforcement officials are in Florida with Gov. Ron DeSantis to praise a week long operation that netted 1,120 arrests of people they say were in the country illegally.<\/div><\/div><\/div>\n\n<div class=\"vlp-link-container vlp-layout-basic wp-block-visual-link-preview-link\"><a href=\"https:\/\/www.democracycollaborative.org\/tracking-the-crisis\/rollbacks\" class=\"vlp-link\" title=\"Rollbacks \u2014 The Democracy Collaborative\" rel=\"nofollow\" target=\"_blank\"><\/a><div class=\"vlp-layout-zone-side\"><div class=\"vlp-block-2 vlp-link-image\"><img decoding=\"async\" src=\"http:\/\/static1.squarespace.com\/static\/668c154d4d09237bebbb257a\/t\/680bd1680020954130370b25\/1745604968607\/GettyImages-2198395799-2.jpg?format=1500w\" style=\"max-width: 150px; max-height: 150px\" \/><\/div><\/div><div class=\"vlp-layout-zone-main\"><div class=\"vlp-block-0 vlp-link-title\">Rollbacks \u2014 The Democracy Collaborative<\/div><div class=\"vlp-block-1 vlp-link-summary\">Week of April 18-24, 2025<\/div><\/div><\/div>\n\n<div class=\"vlp-link-container vlp-layout-basic wp-block-visual-link-preview-link\"><a href=\"https:\/\/www.democracycollaborative.org\/tracking-the-crisis\/contempt\" class=\"vlp-link\" title=\"Contempt \u2014 The Democracy Collaborative\" rel=\"nofollow\" target=\"_blank\"><\/a><div class=\"vlp-layout-zone-side\"><div class=\"vlp-block-2 vlp-link-image\"><img decoding=\"async\" src=\"http:\/\/static1.squarespace.com\/static\/668c154d4d09237bebbb257a\/67c8703e107612216a7713e1\/68027ae1176060601eac5154\/1744993600911\/GettyImages-2198395799-2.jpg?format=1500w\" style=\"max-width: 150px; max-height: 150px\" \/><\/div><\/div><div class=\"vlp-layout-zone-main\"><div class=\"vlp-block-0 vlp-link-title\">Contempt \u2014 The Democracy Collaborative<\/div><div class=\"vlp-block-1 vlp-link-summary\">Week of April 11-17, 2025<\/div><\/div><\/div>\n\n<div class=\"vlp-link-container vlp-layout-basic wp-block-visual-link-preview-link\"><a href=\"https:\/\/www.cnn.com\/2025\/04\/17\/politics\/kilmar-abrego-garcia-van-hollen-cecot-el-salvador\/index.html\" class=\"vlp-link\" title=\"Maryland Democrat meets with Abrego Garcia in El Salvador | CNN Politics\" rel=\"nofollow\" target=\"_blank\"><\/a><div class=\"vlp-layout-zone-side\"><div class=\"vlp-block-2 vlp-link-image\"><img decoding=\"async\" src=\"https:\/\/media.cnn.com\/api\/v1\/images\/stellar\/prod\/gettyimages-2210092779.jpg?c=16x9&amp;q=w_800,c_fill\" style=\"max-width: 150px; max-height: 150px\" \/><\/div><\/div><div class=\"vlp-layout-zone-main\"><div class=\"vlp-block-0 vlp-link-title\">Maryland Democrat meets with Abrego Garcia in El Salvador | CNN Politics<\/div><div class=\"vlp-block-1 vlp-link-summary\">Sen. Chris Van Hollen said he met with Kilmar Abrego Garcia, the Maryland man wrongfully deported to El Salvador, Thursday night.<\/div><\/div><\/div>\n\n<div class=\"vlp-link-container vlp-layout-basic wp-block-visual-link-preview-link\"><a href=\"https:\/\/apnews.com\/article\/trump-harvard-tax-exempt-status-international-students-07a10958bf078cb04b59d1fc9a3a27a8\" class=\"vlp-link\" title=\"Trump administration takes aim at Harvard\u2019s international students and tax-exempt status\" rel=\"nofollow\" target=\"_blank\"><\/a><div class=\"vlp-layout-zone-side\"><div class=\"vlp-block-2 vlp-link-image\"><img decoding=\"async\" src=\"https:\/\/dims.apnews.com\/dims4\/default\/4a83f52\/2147483647\/strip\/true\/crop\/7526x4233+0+392\/resize\/1440x810!\/quality\/90\/?url=https%3A%2F%2Fassets.apnews.com%2F26%2Fdb%2F5bea91efe6081055627acda2e151%2Fd9a8a67cc8d14c2da7f7c7a4ac0d6110\" style=\"max-width: 150px; max-height: 150px\" \/><\/div><\/div><div class=\"vlp-layout-zone-main\"><div class=\"vlp-block-0 vlp-link-title\">Trump administration takes aim at Harvard\u2019s international students and tax-exempt status<\/div><div class=\"vlp-block-1 vlp-link-summary\">President Donald Trump\u2019s administration has escalated its ongoing battle with Harvard, threatening to block the university from enrolling international students, who make up 27% of the campus.<\/div><\/div><\/div>\n\n<div class=\"vlp-link-container vlp-layout-basic wp-block-visual-link-preview-link\"><a href=\"https:\/\/apnews.com\/article\/xi-malaysia-visit-southeast-asia-tour-1501183c7f415cbe12b92fb0535e09ff\" class=\"vlp-link\" title=\"Xi says China will stand with Southeast Asian countries in face of economic shocks\" rel=\"nofollow\" target=\"_blank\"><\/a><div class=\"vlp-layout-zone-side\"><div class=\"vlp-block-2 vlp-link-image\"><img decoding=\"async\" src=\"https:\/\/dims.apnews.com\/dims4\/default\/5f2d46c\/2147483647\/strip\/true\/crop\/4225x2377+0+220\/resize\/1440x810!\/quality\/90\/?url=https%3A%2F%2Fassets.apnews.com%2F28%2F19%2Fbc581f286451bca96a1c20e35f36%2Fa33f77e5c7e0463d91702f78fdc45611\" style=\"max-width: 150px; max-height: 150px\" \/><\/div><\/div><div class=\"vlp-layout-zone-main\"><div class=\"vlp-block-0 vlp-link-title\">Xi says China will stand with Southeast Asian countries in face of economic shocks<\/div><div class=\"vlp-block-1 vlp-link-summary\">Chinese leader Xi Jinping has told Malaysia\u2019s leader that China will be a collaborative partner and stand with its Southeast Asian neighbors in the wake of global economic shocks.<\/div><\/div><\/div>\n\n<div class=\"vlp-link-container vlp-layout-basic wp-block-visual-link-preview-link\"><a href=\"https:\/\/www.axios.com\/2025\/04\/16\/trump-iran-nuclear-policy-vance-rubio\" class=\"vlp-link\" title=\"Trump team\u2019s Iran divide: Dialogue vs. detonation to end nuclear threat\" rel=\"nofollow\" target=\"_blank\"><\/a><div class=\"vlp-layout-zone-side\"><div class=\"vlp-block-2 vlp-link-image\"><img decoding=\"async\" src=\"https:\/\/images.axios.com\/0NcLLveMafvt-07h-PtzxngF2jE=\/0x241:6000x3616\/1366x768\/2025\/04\/16\/1744769495127.jpg\" style=\"max-width: 150px; max-height: 150px\" \/><\/div><\/div><div class=\"vlp-layout-zone-main\"><div class=\"vlp-block-0 vlp-link-title\">Trump team\u2019s Iran divide: Dialogue vs. detonation to end nuclear threat<\/div><div class=\"vlp-block-1 vlp-link-summary\">Vance is leading the \u201cdeal camp\u201d against hawks who\u2019d prefer a military strike.<\/div><\/div><\/div>\n\n<div class=\"vlp-link-container vlp-layout-basic wp-block-visual-link-preview-link\"><a href=\"https:\/\/www.france24.com\/en\/americas\/20250417-haiti-independence-ransom-macron-offers-truth-haitians-want-reparations-slavery\" class=\"vlp-link\" title=\"Haiti\u2019s independence ransom: Macron offers \u2018truth\u2019, Haitians want reparations\" rel=\"nofollow\" target=\"_blank\"><\/a><div class=\"vlp-layout-zone-side\"><div class=\"vlp-block-2 vlp-link-image\"><img decoding=\"async\" src=\"https:\/\/s.france24.com\/media\/display\/667ae2b0-1bab-11f0-9805-005056a90284\/w:1280\/p:16x9\/france-haiti-treaty.jpg\" style=\"max-width: 150px; max-height: 150px\" \/><\/div><\/div><div class=\"vlp-layout-zone-main\"><div class=\"vlp-block-0 vlp-link-title\">Haiti\u2019s independence ransom: Macron offers \u2018truth\u2019, Haitians want reparations<\/div><div class=\"vlp-block-1 vlp-link-summary\">French President Emmanuel Macron on Thursday said a joint commission of French and Haitian historians would investigate the legacy of the \u201cheavy price\u201d Haiti was made to pay for its independence, two\u2026<\/div><\/div><\/div>\n\n<div class=\"vlp-link-container vlp-layout-basic wp-block-visual-link-preview-link\"><a href=\"https:\/\/www.aljazeera.com\/news\/2025\/4\/18\/more-than-30-killed-80-injured-in-us-air-strikes-on-yemen-report\" class=\"vlp-link\" title=\"At least 38 killed, 102 injured in US air strikes on Yemen: Report | Houthis News | Al Jazeera\" rel=\"nofollow\" target=\"_blank\"><\/a><div class=\"vlp-layout-zone-side\"><div class=\"vlp-block-2 vlp-link-image\"><img decoding=\"async\" src=\"https:\/\/www.aljazeera.com\/static\/media\/aj-footer-logo.bac952ad.svg\" style=\"max-width: 150px; max-height: 150px\" \/><\/div><\/div><div class=\"vlp-layout-zone-main\"><div class=\"vlp-block-0 vlp-link-title\">At least 38 killed, 102 injured in US air strikes on Yemen: Report | Houthis News | Al Jazeera<\/div><div class=\"vlp-block-1 vlp-link-summary\">We use cookies and other tracking technologies to deliver and personalize content and ads, enable features, measure site performance, and enable social media sharing. You can choose to customize your preferences.Learn more about our Cookie Policy.<\/div><\/div><\/div>\n\n<div class=\"vlp-link-container vlp-layout-basic wp-block-visual-link-preview-link\"><a href=\"https:\/\/www.lemonde.fr\/en\/international\/article\/2025\/04\/17\/gaza-photojournalist-fatima-hassouna-killed-in-a-strike-with-10-of-her-relatives_6740338_4.html\" class=\"vlp-link\" title=\"Gaza photojournalist Fatima Hassouna killed in a strike with 10 of her relatives\" rel=\"nofollow\" target=\"_blank\"><\/a><div class=\"vlp-layout-zone-side\"><div class=\"vlp-block-2 vlp-link-image\"><img decoding=\"async\" src=\"https:\/\/img.lemde.fr\/2025\/04\/17\/0\/257\/2838\/1892\/1440\/960\/60\/0\/11d0820_sirius-fs-upload-1-yo6j0ywcyfsz-1744876703982-put-your-soul-still-6.jpg\" style=\"max-width: 150px; max-height: 150px\" \/><\/div><\/div><div class=\"vlp-layout-zone-main\"><div class=\"vlp-block-0 vlp-link-title\">Gaza photojournalist Fatima Hassouna killed in a strike with 10 of her relatives<\/div><div class=\"vlp-block-1 vlp-link-summary\">The young woman is at the center of a documentary film by director Sepideh Farsi, selected for the 2025 Cannes Film Festival.<\/div><\/div><\/div>\n\n<div class=\"vlp-link-container vlp-layout-basic wp-block-visual-link-preview-link\"><a href=\"https:\/\/apnews.com\/article\/colossal-squid-captured-on-camera-a66b3dacd4643eda7ad39a996dedbed0\" class=\"vlp-link\" title=\"A colossal squid is caught on camera for the first time in the deep sea\" rel=\"nofollow\" target=\"_blank\"><\/a><div class=\"vlp-layout-zone-side\"><div class=\"vlp-block-2 vlp-link-image\"><img decoding=\"async\" src=\"https:\/\/dims.apnews.com\/dims4\/default\/b1f8164\/2147483647\/strip\/true\/crop\/1989x1119+0+104\/resize\/1440x810!\/quality\/90\/?url=https%3A%2F%2Fassets.apnews.com%2F58%2F43%2F640972786764585c7a13d8a38adb%2F557dea39d7dd472c94651e62780b2da7\" style=\"max-width: 150px; max-height: 150px\" \/><\/div><\/div><div class=\"vlp-layout-zone-main\"><div class=\"vlp-block-0 vlp-link-title\">A colossal squid is caught on camera for the first time in the deep sea<\/div><div class=\"vlp-block-1 vlp-link-summary\">A colossal squid has been captured on camera for the first time in the deep sea by an international team of researchers steering a remotely operated submersible.<\/div><\/div><\/div>\n\n<div class=\"vlp-link-container vlp-layout-basic wp-block-visual-link-preview-link\"><a href=\"https:\/\/www.nydailynews.com\/2025\/04\/17\/ny-federal-grand-jury-indicts-luigi-mangione-in-death-penalty-eligible-case\/\" class=\"vlp-link\" title=\"NY federal grand jury indicts Luigi Mangione in death-penalty eligible case\" rel=\"nofollow\" target=\"_blank\"><\/a><div class=\"vlp-layout-zone-side\"><div class=\"vlp-block-2 vlp-link-image\"><img decoding=\"async\" src=\"https:\/\/www.nydailynews.com\/wp-content\/uploads\/2025\/04\/AP25085559545610.jpg?w=1024&amp;h=683\" style=\"max-width: 150px; max-height: 150px\" \/><\/div><\/div><div class=\"vlp-layout-zone-main\"><div class=\"vlp-block-0 vlp-link-title\">NY federal grand jury indicts Luigi Mangione in death-penalty eligible case<\/div><div class=\"vlp-block-1 vlp-link-summary\">A federal grand jury in Manhattan has indicted Luigi Mangione in a death penalty-eligible case for the murder of United Healthcare CEO Brian Thompson, according to court documents filed Thursday.<\/div><\/div><\/div>\n\n<div class=\"vlp-link-container vlp-layout-basic wp-block-visual-link-preview-link\"><a href=\"https:\/\/www.democracycollaborative.org\/tracking-the-crisis\/blink\" class=\"vlp-link\" title=\"Blink \u2014 The Democracy Collaborative\" rel=\"nofollow\" target=\"_blank\"><\/a><div class=\"vlp-layout-zone-side\"><div class=\"vlp-block-2 vlp-link-image\"><img decoding=\"async\" src=\"http:\/\/static1.squarespace.com\/static\/668c154d4d09237bebbb257a\/67c8703e107612216a7713e1\/67f954142760696ae6d645e2\/1744393797382\/GettyImages-2198395799-2.jpg?format=1500w\" style=\"max-width: 150px; max-height: 150px\" \/><\/div><\/div><div class=\"vlp-layout-zone-main\"><div class=\"vlp-block-0 vlp-link-title\">Blink \u2014 The Democracy Collaborative<\/div><div class=\"vlp-block-1 vlp-link-summary\">Week of April 4-10, 2025<\/div><\/div><\/div>\n\n<div class=\"vlp-link-container vlp-layout-basic wp-block-visual-link-preview-link\"><a href=\"https:\/\/www.democracycollaborative.org\/tracking-the-crisis\/trade-war\" class=\"vlp-link\" title=\"Trade War \u2014 The Democracy Collaborative\" rel=\"nofollow\" target=\"_blank\"><\/a><div class=\"vlp-layout-zone-side\"><div class=\"vlp-block-2 vlp-link-image\"><img decoding=\"async\" src=\"http:\/\/static1.squarespace.com\/static\/668c154d4d09237bebbb257a\/67c8703e107612216a7713e1\/67f005ce59881273ced2bf42\/1743869107432\/GettyImages-2198395799-2.jpg?format=1500w\" style=\"max-width: 150px; max-height: 150px\" \/><\/div><\/div><div class=\"vlp-layout-zone-main\"><div class=\"vlp-block-0 vlp-link-title\">Trade War \u2014 The Democracy Collaborative<\/div><div class=\"vlp-block-1 vlp-link-summary\">Week of March 28-April 3, 2025<\/div><\/div><\/div>\n\n<div class=\"vlp-link-container vlp-layout-basic wp-block-visual-link-preview-link\"><a href=\"https:\/\/www.youtube.com\/live\/594yN8rxIJo?si=O8_GeqHgncZvhAMk\" class=\"vlp-link\" title=\"Richard D. Wolff and Michael Hudson on Trump\u2019s Trade Policies: A Fast Track to Economic Ruin\" rel=\"nofollow\" target=\"_blank\"><\/a><div class=\"vlp-layout-zone-side\"><div class=\"vlp-block-2 vlp-link-image\"><img decoding=\"async\" src=\"https:\/\/i.ytimg.com\/vi\/594yN8rxIJo\/maxresdefault.jpg?sqp=-oaymwEmCIAKENAF8quKqQMa8AEB-AH-CYAC0AWKAgwIABABGDUgRSh_MA8=&amp;rs=AOn4CLAmPsudnf1jF-erTAm64cKqOp-V1A\" style=\"max-width: 150px; max-height: 150px\" \/><\/div><\/div><div class=\"vlp-layout-zone-main\"><div class=\"vlp-block-0 vlp-link-title\">Richard D. Wolff and Michael Hudson on Trump\u2019s Trade Policies: A Fast Track to Economic Ruin<\/div><\/div><\/div>\n\n<div class=\"vlp-link-container vlp-layout-basic wp-block-visual-link-preview-link\"><a href=\"https:\/\/www.pbs.org\/newshour\/show\/scientists-sound-alarm-on-trump-administrations-dismantling-of-research-funding\" class=\"vlp-link\" title=\"Scientists sound alarm on Trump administration\u2019s dismantling of research funding\" rel=\"nofollow\" target=\"_blank\"><\/a><div class=\"vlp-layout-zone-side\"><div class=\"vlp-block-2 vlp-link-image\"><img decoding=\"async\" src=\"https:\/\/d3i6fh83elv35t.cloudfront.net\/static\/2025\/03\/Science-1024x683.jpg\" style=\"max-width: 150px; max-height: 150px\" \/><\/div><\/div><div class=\"vlp-layout-zone-main\"><div class=\"vlp-block-0 vlp-link-title\">Scientists sound alarm on Trump administration\u2019s dismantling of research funding<\/div><div class=\"vlp-block-1 vlp-link-summary\">The Trump administration is waging a \u2018wholesale assault on U.S. science\u2019 that threatens the country\u2019s health, economic development, national security and scientific preeminence. That\u2019s according to an open letter published by nearly 2,000 doctors, scientists and researchers. William Brangham discussed the letter with Dr. Steven Woolf, one of its authors.<\/div><\/div><\/div>\n\n<div class=\"vlp-link-container vlp-layout-basic wp-block-visual-link-preview-link\"><a href=\"https:\/\/apnews.com\/article\/gaza-medics-killed-israel-ambulances-f34b6ecc985d9127265a400bd52c72b7\" class=\"vlp-link\" title=\"Israeli troops killed 15 Palestinian medics and buried them in a mass grave, UN says\" rel=\"nofollow\" target=\"_blank\"><\/a><div class=\"vlp-layout-zone-side\"><div class=\"vlp-block-2 vlp-link-image\"><img decoding=\"async\" src=\"https:\/\/dims.apnews.com\/dims4\/default\/08ce80d\/2147483647\/strip\/true\/crop\/8640x4860+0+450\/resize\/1440x810!\/quality\/90\/?url=https%3A%2F%2Fassets.apnews.com%2F66%2Fbf%2F6d330f1457030c1d5456c8af93af%2Fa04eca74e55344e388f06baed7e5022d\" style=\"max-width: 150px; max-height: 150px\" \/><\/div><\/div><div class=\"vlp-layout-zone-main\"><div class=\"vlp-block-0 vlp-link-title\">Israeli troops killed 15 Palestinian medics and buried them in a mass grave, UN says<\/div><div class=\"vlp-block-1 vlp-link-summary\">Palestinians held funerals for 15 medics and emergency responders killed by Israeli troops in southern Gaza.<\/div><\/div><\/div>\n\n<div class=\"vlp-link-container vlp-layout-basic wp-block-visual-link-preview-link\"><a href=\"https:\/\/www.cnn.com\/2025\/03\/31\/china\/china-taiwan-military-drills-hnk-intl\/index.html\" class=\"vlp-link\" title=\"Chinese military says it\u2019s launched joint army, naval and rocket force drills around Taiwan in \u2018stern warning\u2019 | CNN\" rel=\"nofollow\" target=\"_blank\"><\/a><div class=\"vlp-layout-zone-side\"><div class=\"vlp-block-2 vlp-link-image\"><img decoding=\"async\" src=\"https:\/\/media.cnn.com\/api\/v1\/images\/stellar\/prod\/150325082132-social-gfx-breaking-news.jpg?c=16x9&amp;q=w_800,c_fill\" style=\"max-width: 150px; max-height: 150px\" \/><\/div><\/div><div class=\"vlp-layout-zone-main\"><div class=\"vlp-block-0 vlp-link-title\">Chinese military says it\u2019s launched joint army, naval and rocket force drills around Taiwan in \u2018stern warning\u2019 | CNN<\/div><div class=\"vlp-block-1 vlp-link-summary\">The Chinese military on Tuesday said it had begun conducting exercises that would approach the island of Taiwan \u201cfrom multiple directions,\u201d according to a statement posted on the Eastern Theater Command\u2019s official social media account.<\/div><\/div><\/div>\n\n<div class=\"vlp-link-container vlp-layout-basic wp-block-visual-link-preview-link\"><a href=\"https:\/\/www.startribune.com\/second-minnesota-university-student-detained-by-ice\/601310838\" class=\"vlp-link\" title=\"Second Minnesota university student detained by ICE\" rel=\"nofollow\" target=\"_blank\"><\/a><div class=\"vlp-layout-zone-side\"><div class=\"vlp-block-2 vlp-link-image\"><img decoding=\"async\" src=\"https:\/\/arc.stimg.co\/startribunemedia\/GAAELHURVBEQZGORJ4CIIEFMCY.jpg?&amp;w=1200&amp;ar=1.91:1&amp;fit=crop\" style=\"max-width: 150px; max-height: 150px\" \/><\/div><\/div><div class=\"vlp-layout-zone-main\"><div class=\"vlp-block-0 vlp-link-title\">Second Minnesota university student detained by ICE<\/div><div class=\"vlp-block-1 vlp-link-summary\">Students from Minnesota State University Mankato and the University of Minnesota were detained late last week.<\/div><\/div><\/div>\n\n<div class=\"vlp-link-container vlp-layout-basic wp-block-visual-link-preview-link\"><a href=\"https:\/\/www.vox.com\/politics\/406357\/democrat-tea-party-anger-rage-base-bernie-aoc-schumer-primary\" class=\"vlp-link\" title=\"Is this the Democrats\u2019 Tea Party moment?\" rel=\"nofollow\" target=\"_blank\"><\/a><div class=\"vlp-layout-zone-side\"><div class=\"vlp-block-2 vlp-link-image\"><img decoding=\"async\" src=\"https:\/\/platform.vox.com\/wp-content\/uploads\/sites\/2\/2025\/03\/gettyimages-2205650853.jpg?quality=90&amp;strip=all&amp;crop=0%2C10.732984293194%2C100%2C78.534031413613&amp;w=1200\" style=\"max-width: 150px; max-height: 150px\" \/><\/div><\/div><div class=\"vlp-layout-zone-main\"><div class=\"vlp-block-0 vlp-link-title\">Is this the Democrats\u2019 Tea Party moment?<\/div><div class=\"vlp-block-1 vlp-link-summary\">There are early signs that a Democratic revolt is on the horizon. But is it too early to say how it will play out?<\/div><\/div><\/div>\n\n<div class=\"vlp-link-container vlp-layout-basic wp-block-visual-link-preview-link\"><a href=\"https:\/\/www.newsweek.com\/iran-missiles-loaded-launchers-trump-bombing-threat-2052848\" class=\"vlp-link\" title=\"Iran\u2019s missiles \u2018loaded onto launchers\u2019 after Trump threat\" rel=\"nofollow\" target=\"_blank\"><\/a><div class=\"vlp-layout-zone-side\"><div class=\"vlp-block-2 vlp-link-image\"><img decoding=\"async\" src=\"https:\/\/d.newsweek.com\/en\/full\/2617711\/iran-missile-drone.jpg\" style=\"max-width: 150px; max-height: 150px\" \/><\/div><\/div><div class=\"vlp-layout-zone-main\"><div class=\"vlp-block-0 vlp-link-title\">Iran\u2019s missiles \u2018loaded onto launchers\u2019 after Trump threat<\/div><div class=\"vlp-block-1 vlp-link-summary\">Iranian state media is reporting that Iran has placed all of its missiles on launchers in response to a potential U.S. attack.<\/div><\/div><\/div>\n\n<div class=\"vlp-link-container vlp-layout-basic wp-block-visual-link-preview-link\"><a href=\"https:\/\/youtu.be\/ZNKM_bUNPwI?si=7-o-kHPx5FgnZsbF\" class=\"vlp-link\" title=\"Economic Update: Mounting Economic Problems\" rel=\"nofollow\" target=\"_blank\"><\/a><div class=\"vlp-layout-zone-side\"><div class=\"vlp-block-2 vlp-link-image\"><img decoding=\"async\" src=\"https:\/\/i.ytimg.com\/vi\/ZNKM_bUNPwI\/maxresdefault.jpg\" style=\"max-width: 150px; max-height: 150px\" \/><\/div><\/div><div class=\"vlp-layout-zone-main\"><div class=\"vlp-block-0 vlp-link-title\">Economic Update: Mounting Economic Problems<\/div><div class=\"vlp-block-1 vlp-link-summary\">[EU S15 E13] Mounting Economic ProblemsIn this week\u2019s episode of Economic Update, Professor Wolff discusses certain minimum wages by the Trump administration\u2026<\/div><\/div><\/div>\n\n<div class=\"vlp-link-container vlp-layout-basic wp-block-visual-link-preview-link\"><a href=\"https:\/\/www.theguardian.com\/us-news\/2025\/mar\/31\/trump-order-chips-act\" class=\"vlp-link\" title=\"Trump signs order to set up new entity to take over Biden\u2019s Chips Act program\" rel=\"nofollow\" target=\"_blank\"><\/a><div class=\"vlp-layout-zone-side\"><div class=\"vlp-block-2 vlp-link-image\"><img decoding=\"async\" src=\"https:\/\/i.guim.co.uk\/img\/media\/f4c7be214acaa6e9bb168ecd1357bb9b406dcd28\/0_157_7680_4608\/master\/7680.jpg?width=1200&amp;height=630&amp;quality=85&amp;auto=format&amp;fit=crop&amp;overlay-align=bottom%2Cleft&amp;overlay-width=100p&amp;overlay-base64=L2ltZy9zdGF0aWMvb3ZlcmxheXMvdGctZGVmYXVsdC5wbmc&amp;enable=upscale&amp;s=f2aca2dd14cef39bf17a817cb3851463\" style=\"max-width: 150px; max-height: 150px\" \/><\/div><\/div><div class=\"vlp-layout-zone-main\"><div class=\"vlp-block-0 vlp-link-title\">Trump signs order to set up new entity to take over Biden\u2019s Chips Act program<\/div><div class=\"vlp-block-1 vlp-link-summary\">US Investment Accelerator will oversee the semiconductor production boosting law signed in to law in August 2022<\/div><\/div><\/div>\n\n<div class=\"vlp-link-container vlp-layout-basic wp-block-visual-link-preview-link\"><a href=\"https:\/\/www.newsweek.com\/republican-party-hq-set-ablaze-tagged-ice-kkk-new-mexico-2052808\" class=\"vlp-link\" title=\"Republican Party\u2019s HQ set ablaze, tagged with \u201cICE=KKK\u201d in New Mexico\" rel=\"nofollow\" target=\"_blank\"><\/a><div class=\"vlp-layout-zone-side\"><div class=\"vlp-block-2 vlp-link-image\"><img decoding=\"async\" src=\"https:\/\/d.newsweek.com\/en\/full\/2617647\/new-mexico-republican-office-vandalism.png\" style=\"max-width: 150px; max-height: 150px\" \/><\/div><\/div><div class=\"vlp-layout-zone-main\"><div class=\"vlp-block-0 vlp-link-title\">Republican Party\u2019s HQ set ablaze, tagged with \u201cICE=KKK\u201d in New Mexico<\/div><div class=\"vlp-block-1 vlp-link-summary\">The Republican Office of New Mexico\u2019s headquarters in Albuquerque was intentionally set on fire in an act of arson.<\/div><\/div><\/div>\n\n<div class=\"vlp-link-container vlp-layout-basic wp-block-visual-link-preview-link\"><a href=\"https:\/\/www.democracycollaborative.org\/tracking-the-crisis\/capitulation\" class=\"vlp-link\" title=\"Capitulation \u2014 The Democracy Collaborative\" rel=\"nofollow\" target=\"_blank\"><\/a><div class=\"vlp-layout-zone-side\"><div class=\"vlp-block-2 vlp-link-image\"><img decoding=\"async\" src=\"http:\/\/static1.squarespace.com\/static\/668c154d4d09237bebbb257a\/67c8703e107612216a7713e1\/67e6d518bae2d97a1bdfeb68\/1743182005348\/GettyImages-2198395799-2.jpg?format=1500w\" style=\"max-width: 150px; max-height: 150px\" \/><\/div><\/div><div class=\"vlp-layout-zone-main\"><div class=\"vlp-block-0 vlp-link-title\">Capitulation \u2014 The Democracy Collaborative<\/div><div class=\"vlp-block-1 vlp-link-summary\">Week of March 21-27, 2025<\/div><\/div><\/div>\n\n<div class=\"vlp-link-container vlp-layout-basic wp-block-visual-link-preview-link\"><a href=\"https:\/\/youtu.be\/yNeCvXI6MtU?si=geKjvjVpDLRGANCB\" class=\"vlp-link\" title=\"How will regional developments weaken Israel? with Helena Cobban\" rel=\"nofollow\" target=\"_blank\"><\/a><div class=\"vlp-layout-zone-side\"><div class=\"vlp-block-2 vlp-link-image\"><img decoding=\"async\" src=\"https:\/\/i.ytimg.com\/vi\/yNeCvXI6MtU\/maxresdefault.jpg\" style=\"max-width: 150px; max-height: 150px\" \/><\/div><\/div><div class=\"vlp-layout-zone-main\"><div class=\"vlp-block-0 vlp-link-title\">How will regional developments weaken Israel? with Helena Cobban<\/div><div class=\"vlp-block-1 vlp-link-summary\">We speak to author and analyst Helena Cobban, about what a \u201cceasefire\u201d means to Israel and the United States, and survey the situation across the region, inc\u2026<\/div><\/div><\/div>\n\n<div class=\"vlp-link-container vlp-layout-basic wp-block-visual-link-preview-link\"><a href=\"https:\/\/youtu.be\/2W6FYMAbick?si=oQ4bP6x2DLUrFQen\" class=\"vlp-link\" title=\"\u201cKeep telling our stories,\u201d wrote murdered journalist Hossam Shabat\" rel=\"nofollow\" target=\"_blank\"><\/a><div class=\"vlp-layout-zone-side\"><div class=\"vlp-block-2 vlp-link-image\"><img decoding=\"async\" src=\"https:\/\/i.ytimg.com\/vi\/2W6FYMAbick\/maxresdefault.jpg\" style=\"max-width: 150px; max-height: 150px\" \/><\/div><\/div><div class=\"vlp-layout-zone-main\"><div class=\"vlp-block-0 vlp-link-title\">\u201cKeep telling our stories,\u201d wrote murdered journalist Hossam Shabat<\/div><div class=\"vlp-block-1 vlp-link-summary\">Editors discuss Israel\u2019s murder of Palestinian journalist Hossam Shabat, one of nearly 200 journalists killed in Gaza over the course of Israel\u2019s genocide. T\u2026<\/div><\/div><\/div>\n\n<div class=\"vlp-link-container vlp-layout-basic wp-block-visual-link-preview-link\"><a href=\"https:\/\/www.nbcnews.com\/news\/us-news\/columbia-university-alumni-rip-diplomas-protest-school-leadership-rcna198739\" class=\"vlp-link\" title=\"Columbia University alumni rip up their diplomas in protest of school and leadership\" rel=\"nofollow\" target=\"_blank\"><\/a><div class=\"vlp-layout-zone-side\"><div class=\"vlp-block-2 vlp-link-image\"><img decoding=\"async\" src=\"https:\/\/media-cldnry.s-nbcnews.com\/image\/upload\/t_nbcnews-fp-1200-630,f_auto,q_auto:best\/rockcms\/2025-03\/250329-columbia-protest-1-cc-0725p-c6f0ec.jpg\" style=\"max-width: 150px; max-height: 150px\" \/><\/div><\/div><div class=\"vlp-layout-zone-main\"><div class=\"vlp-block-0 vlp-link-title\">Columbia University alumni rip up their diplomas in protest of school and leadership<\/div><div class=\"vlp-block-1 vlp-link-summary\">Some current students at Saturday\u2019s protest said they have lost faith in their school amid recent turmoil that has involved the federal detention of a graduate student.<\/div><\/div><\/div>\n\n<div class=\"vlp-link-container vlp-layout-basic wp-block-visual-link-preview-link\"><a href=\"https:\/\/apnews.com\/article\/iran-rejects-direct-negotiations-trump-letter-us-c414743a567c574b6f48f64a2e889f31\" class=\"vlp-link\" title=\"Iran has rejected direct negotiations with the US in response to Trump\u2019s letter\" rel=\"nofollow\" target=\"_blank\"><\/a><div class=\"vlp-layout-zone-side\"><div class=\"vlp-block-2 vlp-link-image\"><img decoding=\"async\" src=\"https:\/\/dims.apnews.com\/dims4\/default\/d93f0d7\/2147483647\/strip\/true\/crop\/2550x1434+0+133\/resize\/1440x810!\/quality\/90\/?url=https%3A%2F%2Fassets.apnews.com%2Fec%2F16%2F60a154e1693a33f8ee43bef9c422%2Fa73967e2148e4883a9ff58ba9834bce5\" style=\"max-width: 150px; max-height: 150px\" \/><\/div><\/div><div class=\"vlp-layout-zone-main\"><div class=\"vlp-block-0 vlp-link-title\">Iran has rejected direct negotiations with the US in response to Trump\u2019s letter<\/div><div class=\"vlp-block-1 vlp-link-summary\">Iran\u2019s president says Tehran has rejected direct negotiations with the United States in response to a letter from President Donald Trump over its rapidly advancing nuclear program.<\/div><\/div><\/div>\n\n<div class=\"vlp-link-container vlp-layout-basic wp-block-visual-link-preview-link\"><a href=\"https:\/\/www.theguardian.com\/us-news\/ng-interactive\/2025\/mar\/30\/democrats-trump-politics\" class=\"vlp-link\" title=\"Democrats have never been so angry. Who will step up and lead them?\" rel=\"nofollow\" target=\"_blank\"><\/a><div class=\"vlp-layout-zone-side\"><div class=\"vlp-block-2 vlp-link-image\"><img decoding=\"async\" src=\"https:\/\/i.guim.co.uk\/img\/media\/c61e92956183c2a3b4eb4f77a26ef43ec849412c\/1_0_2999_1800\/master\/2999.jpg?width=1200&amp;height=630&amp;quality=85&amp;auto=format&amp;fit=crop&amp;overlay-align=bottom%2Cleft&amp;overlay-width=100p&amp;overlay-base64=L2ltZy9zdGF0aWMvb3ZlcmxheXMvdGctZGVmYXVsdC5wbmc&amp;enable=upscale&amp;s=b1d13cee440e71ca6a7cbddedbb954f1\" style=\"max-width: 150px; max-height: 150px\" \/><\/div><\/div><div class=\"vlp-layout-zone-main\"><div class=\"vlp-block-0 vlp-link-title\">Democrats have never been so angry. Who will step up and lead them?<\/div><div class=\"vlp-block-1 vlp-link-summary\">At rallies, town halls and protests, voters are unleashing their fury with Donald Trump, stoking what some believe is a populist backlash<\/div><\/div><\/div>\n\n<div class=\"vlp-link-container vlp-layout-basic wp-block-visual-link-preview-link\"><a href=\"https:\/\/www.dw.com\/en\/turkey-hundreds-of-thousands-join-growing-istanbul-protest\/a-72082321\" class=\"vlp-link\" title=\"Turkey: Hundreds of thousands join growing Istanbul protest \u2013 DW \u2013 03\/29\/2025\" rel=\"nofollow\" target=\"_blank\"><\/a><div class=\"vlp-layout-zone-side\"><div class=\"vlp-block-2 vlp-link-image\"><img decoding=\"async\" src=\"https:\/\/static.dw.com\/image\/72082996_6.jpg\" style=\"max-width: 150px; max-height: 150px\" \/><\/div><\/div><div class=\"vlp-layout-zone-main\"><div class=\"vlp-block-0 vlp-link-title\">Turkey: Hundreds of thousands join growing Istanbul protest \u2013 DW \u2013 03\/29\/2025<\/div><div class=\"vlp-block-1 vlp-link-summary\">Demonstrators flooded Istanbul\u2019s streets, heeding the call of Turkey\u2019s main opposition CHP party. The mass protests, ongoing since top CHP figure Ekrem Imamoglu\u2019s arrest, are among the biggest against Erdogan.<\/div><\/div><\/div>\n\n<div class=\"vlp-link-container vlp-layout-basic wp-block-visual-link-preview-link\"><a href=\"https:\/\/youtu.be\/2B_2NzcPmCc?si=2f2KpgM1QAg73_FM\" class=\"vlp-link\" title=\"UAE Proxy Pushes Sudan Towards \u2018Libya-Style\u2019 Division of Country\" rel=\"nofollow\" target=\"_blank\"><\/a><div class=\"vlp-layout-zone-side\"><div class=\"vlp-block-2 vlp-link-image\"><img decoding=\"async\" src=\"https:\/\/i.ytimg.com\/vi\/2B_2NzcPmCc\/maxresdefault.jpg\" style=\"max-width: 150px; max-height: 150px\" \/><\/div><\/div><div class=\"vlp-layout-zone-main\"><div class=\"vlp-block-0 vlp-link-title\">UAE Proxy Pushes Sudan Towards \u2018Libya-Style\u2019 Division of Country<\/div><div class=\"vlp-block-1 vlp-link-summary\">Sudan researcher Mosaab Baba joins the show to discuss the ongoing civil war, now in its second year. Baba discusses the Sudanese Armed Forces\u2019 recent recapt\u2026<\/div><\/div><\/div>\n\n<div class=\"vlp-link-container vlp-layout-basic wp-block-visual-link-preview-link\"><a href=\"https:\/\/www.axios.com\/2025\/03\/30\/trump-executive-order-confederate-monuments\" class=\"vlp-link\" title=\"Trump\u2019s \u201crestoring truth\u201d order could return toppled Confederate monuments\" rel=\"nofollow\" target=\"_blank\"><\/a><div class=\"vlp-layout-zone-side\"><div class=\"vlp-block-2 vlp-link-image\"><img decoding=\"async\" src=\"https:\/\/images.axios.com\/iH8yv9yMWH4L6Wx8ABAdmX4SF0M=\/0x313:3000x2000\/1366x768\/2025\/03\/28\/1743183850542.jpg\" style=\"max-width: 150px; max-height: 150px\" \/><\/div><\/div><div class=\"vlp-layout-zone-main\"><div class=\"vlp-block-0 vlp-link-title\">Trump\u2019s \u201crestoring truth\u201d order could return toppled Confederate monuments<\/div><div class=\"vlp-block-1 vlp-link-summary\">The administration is leaving no stone unturned in its push to erase the legacy of 2020\u2019s racial reckoning.<\/div><\/div><\/div>\n\n<div class=\"vlp-link-container vlp-layout-basic wp-block-visual-link-preview-link\"><a href=\"https:\/\/www.politico.eu\/article\/usa-donald-trump-military-intervention-greenland-again-denmark\/\" class=\"vlp-link\" title=\"Trump doesn\u2019t rule out military intervention in Greenland \u2014\u00a0again\" rel=\"nofollow\" target=\"_blank\"><\/a><div class=\"vlp-layout-zone-side\"><div class=\"vlp-block-2 vlp-link-image\"><img decoding=\"async\" src=\"https:\/\/www.politico.eu\/cdn-cgi\/image\/width=1200,height=630,fit=crop,quality=80,onerror=redirect\/wp-content\/uploads\/2025\/03\/30\/GettyImages-2206859079-scaled.jpg\" style=\"max-width: 150px; max-height: 150px\" \/><\/div><\/div><div class=\"vlp-layout-zone-main\"><div class=\"vlp-block-0 vlp-link-title\">Trump doesn\u2019t rule out military intervention in Greenland \u2014\u00a0again<\/div><div class=\"vlp-block-1 vlp-link-summary\">U.S. president\u2019s comments come on the heels of diplomatic tensions between Copenhagen and Washington.<\/div><\/div><\/div>\n\n<div class=\"vlp-link-container vlp-layout-basic wp-block-visual-link-preview-link\"><a href=\"https:\/\/youtu.be\/qKAdujuHvuQ?si=unoi-WBbAqR0yyRW\" class=\"vlp-link\" title=\"EXCLUSIVE: \u201cHow Fascism Works\u201d Author Jason Stanley Plans to Leave the U.S. | Amanpour and Company\" rel=\"nofollow\" target=\"_blank\"><\/a><div class=\"vlp-layout-zone-side\"><div class=\"vlp-block-2 vlp-link-image\"><img decoding=\"async\" src=\"https:\/\/i.ytimg.com\/vi\/qKAdujuHvuQ\/maxresdefault.jpg\" style=\"max-width: 150px; max-height: 150px\" \/><\/div><\/div><div class=\"vlp-layout-zone-main\"><div class=\"vlp-block-0 vlp-link-title\">EXCLUSIVE: \u201cHow Fascism Works\u201d Author Jason Stanley Plans to Leave the U.S. | Amanpour and Company<\/div><div class=\"vlp-block-1 vlp-link-summary\">Trump\u2019s America has started to challenge and redefine academic freedom, and Yale Professor Jason Stanley is sounding the alarm. He is the author of \u201cErasing\u2026<\/div><\/div><\/div>\n\n<div class=\"vlp-link-container vlp-layout-basic wp-block-visual-link-preview-link\"><a href=\"https:\/\/www.cnn.com\/2025\/03\/29\/us\/rumeysa-ozturk-tufts-university-arrest-saturday\/index.html\" class=\"vlp-link\" title=\"A PhD student was snatched by masked officers in broad daylight. Then she was flown 1,500 miles away | CNN\" rel=\"nofollow\" target=\"_blank\"><\/a><div class=\"vlp-layout-zone-side\"><div class=\"vlp-block-2 vlp-link-image\"><img decoding=\"async\" src=\"https:\/\/media.cnn.com\/api\/v1\/images\/stellar\/prod\/01-rumeysa-ozturk.jpg?c=16x9&amp;q=w_800,c_fill\" style=\"max-width: 150px; max-height: 150px\" \/><\/div><\/div><div class=\"vlp-layout-zone-main\"><div class=\"vlp-block-0 vlp-link-title\">A PhD student was snatched by masked officers in broad daylight. Then she was flown 1,500 miles away | CNN<\/div><div class=\"vlp-block-1 vlp-link-summary\">Tufts University PhD student Rumeysa Ozturk was walking alone Tuesday night to meet friends at a dinner where they would break their 13-hour fast when six plainclothes officers suddenly encircled her on the street near her apartment in Somerville, Massachusetts, surveillance video shows.<\/div><\/div><\/div>\n\n<div class=\"vlp-link-container vlp-layout-basic wp-block-visual-link-preview-link\"><a href=\"https:\/\/youtu.be\/p7V74lJKocs?si=wLAZlyiYejdigML-\" class=\"vlp-link\" title=\"Slavery will persist until we adopt a holistic, comprehensive &amp; egalitarian attitude - Wole Soyinka\" rel=\"nofollow\" target=\"_blank\"><\/a><div class=\"vlp-layout-zone-side\"><div class=\"vlp-block-2 vlp-link-image\"><img decoding=\"async\" src=\"https:\/\/i.ytimg.com\/vi\/p7V74lJKocs\/maxresdefault.jpg\" style=\"max-width: 150px; max-height: 150px\" \/><\/div><\/div><div class=\"vlp-layout-zone-main\"><div class=\"vlp-block-0 vlp-link-title\">Slavery will persist until we adopt a holistic, comprehensive &amp; egalitarian attitude &#8211; Wole Soyinka<\/div><div class=\"vlp-block-1 vlp-link-summary\">Remarks by Wole Soyinka, keynote speaker and Nobel Prize Laureate in Literature, during the International Day of Remembrance of the Victims of Slavery and th\u2026<\/div><\/div><\/div>\n\n<div class=\"vlp-link-container vlp-layout-basic wp-block-visual-link-preview-link\"><a href=\"https:\/\/www.cbsnews.com\/minnesota\/news\/university-of-minnesota-graduate-student-detained-ice\/\" class=\"vlp-link\" title=\"University of Minnesota graduate student detained by ICE, school says\" rel=\"nofollow\" target=\"_blank\"><\/a><div class=\"vlp-layout-zone-side\"><div class=\"vlp-block-2 vlp-link-image\"><img decoding=\"async\" src=\"https:\/\/assets2.cbsnewsstatic.com\/hub\/i\/r\/2024\/09\/24\/4a2e5a7e-9916-4dba-acd6-0d1d004375e5\/thumbnail\/1200x630\/fc10c460a2f411f76015c0697cde861c\/gettyimages-991353970.jpg?v=95354023eeb6141c58c08d9a5716f291\" style=\"max-width: 150px; max-height: 150px\" \/><\/div><\/div><div class=\"vlp-layout-zone-main\"><div class=\"vlp-block-0 vlp-link-title\">University of Minnesota graduate student detained by ICE, school says<\/div><div class=\"vlp-block-1 vlp-link-summary\">According to a letter sent by the university to students, faculty and staff, the student was detained at an off-campus residence on Thursday.<\/div><\/div><\/div>\n\n<div class=\"vlp-link-container vlp-layout-basic wp-block-visual-link-preview-link\"><a href=\"https:\/\/youtu.be\/Py91uBeEecU?si=N4Fo5gnkwO1rKZw_\" class=\"vlp-link\" title=\"Hip-Hop Star Macklemore on New Film \u201cThe Encampments\u201d &amp; Why He Opposes Israel\u2019s War on Gaza\" rel=\"nofollow\" target=\"_blank\"><\/a><div class=\"vlp-layout-zone-side\"><div class=\"vlp-block-2 vlp-link-image\"><img decoding=\"async\" src=\"https:\/\/i.ytimg.com\/vi\/Py91uBeEecU\/maxresdefault.jpg\" style=\"max-width: 150px; max-height: 150px\" \/><\/div><\/div><div class=\"vlp-layout-zone-main\"><div class=\"vlp-block-0 vlp-link-title\">Hip-Hop Star Macklemore on New Film \u201cThe Encampments\u201d &amp; Why He Opposes Israel\u2019s War on Gaza<\/div><div class=\"vlp-block-1 vlp-link-summary\">Support our work: https:\/\/democracynow.org\/donate\/sm-desc-ytWe\u2019re joined by the four-time Grammy-winning musician Macklemore, a vocal proponent of Palestinia\u2026<\/div><\/div><\/div>\n\n<div class=\"vlp-link-container vlp-layout-basic wp-block-visual-link-preview-link\"><a href=\"https:\/\/youtu.be\/YVYd_CWiuv8?si=xUvtAsVDnzYFVIGd\" class=\"vlp-link\" title=\"\u201cThe Encampments\u201d: New Film on Mahmoud Khalil &amp; Columbia Students Who Sparked Gaza Campus Protests\" rel=\"nofollow\" target=\"_blank\"><\/a><div class=\"vlp-layout-zone-side\"><div class=\"vlp-block-2 vlp-link-image\"><img decoding=\"async\" src=\"https:\/\/i.ytimg.com\/vi\/YVYd_CWiuv8\/maxresdefault.jpg\" style=\"max-width: 150px; max-height: 150px\" \/><\/div><\/div><div class=\"vlp-layout-zone-main\"><div class=\"vlp-block-0 vlp-link-title\">\u201cThe Encampments\u201d: New Film on Mahmoud Khalil &amp; Columbia Students Who Sparked Gaza Campus Protests<\/div><div class=\"vlp-block-1 vlp-link-summary\">Support our work: https:\/\/democracynow.org\/donate\/sm-desc-ytThe new documentary The Encampments, produced by Watermelon Pictures and BreakThrough News, is an\u2026<\/div><\/div><\/div>\n\n<div class=\"vlp-link-container vlp-layout-basic wp-block-visual-link-preview-link\"><a href=\"https:\/\/www.npr.org\/2025\/03\/28\/nx-s1-5317417\/ramadan-gaza-war\" class=\"vlp-link\" title=\"What Ramadan has been like this year in Gaza, from ceasefire to war\" rel=\"nofollow\" target=\"_blank\"><\/a><div class=\"vlp-layout-zone-side\"><div class=\"vlp-block-2 vlp-link-image\"><img decoding=\"async\" src=\"https:\/\/npr.brightspotcdn.com\/dims3\/default\/strip\/false\/crop\/8064x4536+0+962\/resize\/1400\/quality\/100\/format\/jpeg\/?url=http%3A%2F%2Fnpr-brightspot.s3.amazonaws.com%2F61%2Fbd%2F03b0165e42b5aac58cede7b6364f%2Fimg-0282.jpeg\" style=\"max-width: 150px; max-height: 150px\" \/><\/div><\/div><div class=\"vlp-layout-zone-main\"><div class=\"vlp-block-0 vlp-link-title\">What Ramadan has been like this year in Gaza, from ceasefire to war<\/div><div class=\"vlp-block-1 vlp-link-summary\">For the first week of Ramadan, Palestinians in Gaza marked the holy month with a respite from war. Then Israel broke a ceasefire with Hamas. The fighting and blockade mean there\u2019s little to celebrate.<\/div><\/div><\/div>\n\n<div class=\"vlp-link-container vlp-layout-basic wp-block-visual-link-preview-link\"><a href=\"https:\/\/www.aljazeera.com\/news\/2025\/3\/29\/huge-istanbul-protests-over-imamoglus-arrest-and-imprisonment-in-turkiye\" class=\"vlp-link\" title=\"Huge Istanbul protests over Imamoglu\u2019s arrest and imprisonment in Turkiye | Protests News | Al Jazeera\" rel=\"nofollow\" target=\"_blank\"><\/a><div class=\"vlp-layout-zone-side\"><div class=\"vlp-block-2 vlp-link-image\"><img decoding=\"async\" src=\"https:\/\/www.aljazeera.com\/static\/media\/aj-footer-logo.bac952ad.svg\" style=\"max-width: 150px; max-height: 150px\" \/><\/div><\/div><div class=\"vlp-layout-zone-main\"><div class=\"vlp-block-0 vlp-link-title\">Huge Istanbul protests over Imamoglu\u2019s arrest and imprisonment in Turkiye | Protests News | Al Jazeera<\/div><div class=\"vlp-block-1 vlp-link-summary\">We use cookies and other tracking technologies to deliver and personalize content and ads, enable features, measure site performance, and enable social media sharing. You can choose to customize your preferences.Learn more about our Cookie Policy.<\/div><\/div><\/div>\n\n<div class=\"vlp-link-container vlp-layout-basic wp-block-visual-link-preview-link\"><a href=\"https:\/\/www.nbcnews.com\/nbc-out\/out-news\/utah-bans-lgbtq-pride-flags-on-government-buildings-rcna198716\" class=\"vlp-link\" title=\"Utah becomes first state to ban LGBTQ+ pride flags in government buildings and schools\" rel=\"nofollow\" target=\"_blank\"><\/a><div class=\"vlp-layout-zone-side\"><div class=\"vlp-block-2 vlp-link-image\"><img decoding=\"async\" src=\"https:\/\/media-cldnry.s-nbcnews.com\/image\/upload\/t_nbcnews-fp-1200-630,f_auto,q_auto:best\/rockcms\/2025-03\/240329-utah-pride-ch-1322-ffeab1.jpg\" style=\"max-width: 150px; max-height: 150px\" \/><\/div><\/div><div class=\"vlp-layout-zone-main\"><div class=\"vlp-block-0 vlp-link-title\">Utah becomes first state to ban LGBTQ+ pride flags in government buildings and schools<\/div><div class=\"vlp-block-1 vlp-link-summary\">Utah\u2019s flag law goes further than one signed last week in Idaho that only applies to schools.<\/div><\/div><\/div>\n\n<div class=\"vlp-link-container vlp-layout-basic wp-block-visual-link-preview-link\"><a href=\"https:\/\/www.theguardian.com\/us-news\/2025\/mar\/29\/health-department-private-sector-takeover\" class=\"vlp-link\" title=\"Gutting US health agency will allow for private sector takeover, experts warn\" rel=\"nofollow\" target=\"_blank\"><\/a><div class=\"vlp-layout-zone-side\"><div class=\"vlp-block-2 vlp-link-image\"><img decoding=\"async\" src=\"https:\/\/i.guim.co.uk\/img\/media\/2dda853532c640a0d2282beff39b68cf3691801c\/0_0_8640_5182\/master\/8640.jpg?width=1200&amp;height=630&amp;quality=85&amp;auto=format&amp;fit=crop&amp;overlay-align=bottom%2Cleft&amp;overlay-width=100p&amp;overlay-base64=L2ltZy9zdGF0aWMvb3ZlcmxheXMvdGctZGVmYXVsdC5wbmc&amp;enable=upscale&amp;s=c21afc0556dd113da9cc6badf3a1f9fa\" style=\"max-width: 150px; max-height: 150px\" \/><\/div><\/div><div class=\"vlp-layout-zone-main\"><div class=\"vlp-block-0 vlp-link-title\">Gutting US health agency will allow for private sector takeover, experts warn<\/div><div class=\"vlp-block-1 vlp-link-summary\">Robert F Kennedy, Trump\u2019s health secretary, said he will be laying off nearly 20,000 workers, imperiling crucial services<\/div><\/div><\/div>\n\n<div class=\"vlp-link-container vlp-layout-basic wp-block-visual-link-preview-link\"><a href=\"https:\/\/youtu.be\/LXFHi4LWDbY?si=TNT8ETwNM8DSvOhy\" class=\"vlp-link\" title=\"What\u2019s the truth behind the \u201canti-Hamas\u201d protest in Gaza? with Ali Abunimah\" rel=\"nofollow\" target=\"_blank\"><\/a><div class=\"vlp-layout-zone-side\"><div class=\"vlp-block-2 vlp-link-image\"><img decoding=\"async\" src=\"https:\/\/i.ytimg.com\/vi\/LXFHi4LWDbY\/maxresdefault.jpg\" style=\"max-width: 150px; max-height: 150px\" \/><\/div><\/div><div class=\"vlp-layout-zone-main\"><div class=\"vlp-block-0 vlp-link-title\">What\u2019s the truth behind the \u201canti-Hamas\u201d protest in Gaza? with Ali Abunimah<\/div><div class=\"vlp-block-1 vlp-link-summary\">Ali Abunimah, executive director, reflects on recent protests in Gaza against the genocide, and how mainstream Western media covered them. This is a segment\u2026<\/div><\/div><\/div>\n\n<div class=\"vlp-link-container vlp-layout-basic wp-block-visual-link-preview-link\"><a href=\"https:\/\/www.usatoday.com\/story\/news\/politics\/2025\/03\/26\/trump-citizenship-order-voting-groups-alarm\/82670839007\/\" class=\"vlp-link\" title=\"Trump\u2019s voting rights order targets anybody who\u2019s \u2018not white,\u2019 advocates say\" rel=\"nofollow\" target=\"_blank\"><\/a><div class=\"vlp-layout-zone-side\"><div class=\"vlp-block-2 vlp-link-image\"><img decoding=\"async\" src=\"https:\/\/www.usatoday.com\/gcdn\/authoring\/authoring-images\/2025\/03\/25\/USAT\/82659527007-gty-2206890340-1.jpg?crop=499,281,x0,y0&amp;width=499&amp;height=281&amp;format=pjpg&amp;auto=webp\" style=\"max-width: 150px; max-height: 150px\" \/><\/div><\/div><div class=\"vlp-layout-zone-main\"><div class=\"vlp-block-0 vlp-link-title\">Trump\u2019s voting rights order targets anybody who\u2019s \u2018not white,\u2019 advocates say<\/div><div class=\"vlp-block-1 vlp-link-summary\">Trump\u2019s voting rights executive order, welcomed by conservatives, could bring significant changes to how elections are run<\/div><\/div><\/div>\n\n<div class=\"vlp-link-container vlp-layout-basic wp-block-visual-link-preview-link\"><a href=\"https:\/\/youtu.be\/XgFeYhaZPW0?si=awpx5KrU39t05DpA\" class=\"vlp-link\" title=\"\u201cKidnapped\u201d: 1,000+ Protest After Masked ICE Agents Abduct Tufts Ph.D. Student Rumeysa Ozturk\" rel=\"nofollow\" target=\"_blank\"><\/a><div class=\"vlp-layout-zone-side\"><div class=\"vlp-block-2 vlp-link-image\"><img decoding=\"async\" src=\"https:\/\/i.ytimg.com\/vi\/XgFeYhaZPW0\/maxresdefault.jpg\" style=\"max-width: 150px; max-height: 150px\" \/><\/div><\/div><div class=\"vlp-layout-zone-main\"><div class=\"vlp-block-0 vlp-link-title\">\u201cKidnapped\u201d: 1,000+ Protest After Masked ICE Agents Abduct Tufts Ph.D. Student Rumeysa Ozturk<\/div><div class=\"vlp-block-1 vlp-link-summary\">Support our work: https:\/\/democracynow.org\/donate\/sm-desc-ytOver a thousand protesters gathered near Tufts University on Wednesday after masked plainclothes\u2026<\/div><\/div><\/div>\n\n<div class=\"vlp-link-container vlp-layout-basic wp-block-visual-link-preview-link\"><a href=\"https:\/\/www.youtube.com\/watch?v=_kYLUPq0ywU&amp;t=27s\" class=\"vlp-link\" title=\"Psychology, Personhood, and the Crisis of Neoliberalism: An interview with Jeff Sugarman\" rel=\"nofollow\" target=\"_blank\"><\/a><div class=\"vlp-layout-zone-side\"><div class=\"vlp-block-2 vlp-link-image\"><img decoding=\"async\" src=\"https:\/\/i.ytimg.com\/vi\/_kYLUPq0ywU\/maxresdefault.jpg\" style=\"max-width: 150px; max-height: 150px\" \/><\/div><\/div><div class=\"vlp-layout-zone-main\"><div class=\"vlp-block-0 vlp-link-title\">Psychology, Personhood, and the Crisis of Neoliberalism: An interview with Jeff Sugarman<\/div><div class=\"vlp-block-1 vlp-link-summary\">Jeff Sugarman is a distinguished scholar in theoretical and philosophical psychology, known for his work examining the psychology of selfhood, human agency,\u2026<\/div><\/div><\/div>\n\n<div class=\"vlp-link-container vlp-layout-basic wp-block-visual-link-preview-link\"><a href=\"https:\/\/www.youtube.com\/live\/DzMIUCWTUro?si=7y3F3YGQGHswjD9N\" class=\"vlp-link\" title=\"Breaking news and analysis on day 538 of the Gaza genocide | The Electronic Intifada\" rel=\"nofollow\" target=\"_blank\"><\/a><div class=\"vlp-layout-zone-side\"><div class=\"vlp-block-2 vlp-link-image\"><img decoding=\"async\" src=\"https:\/\/i.ytimg.com\/vi\/DzMIUCWTUro\/maxresdefault.jpg\" style=\"max-width: 150px; max-height: 150px\" \/><\/div><\/div><div class=\"vlp-layout-zone-main\"><div class=\"vlp-block-0 vlp-link-title\">Breaking news and analysis on day 538 of the Gaza genocide | The Electronic Intifada<\/div><div class=\"vlp-block-1 vlp-link-summary\">00:00 Introduction01:00 Opening remarks01:45 Ahmed Masoud talks about his novel and family in Jabaliya27:48 Nora Barrows-Friedman delivers news report01:05:0\u2026<\/div><\/div><\/div>\n\n<div class=\"vlp-link-container vlp-layout-basic wp-block-visual-link-preview-link\"><a href=\"https:\/\/www.npr.org\/2025\/03\/26\/nx-s1-5341505\/greenland-pituffik-space-military-base\" class=\"vlp-link\" title=\"What to know about Pituffik, the only U.S. military base in Greenland\" rel=\"nofollow\" target=\"_blank\"><\/a><div class=\"vlp-layout-zone-side\"><div class=\"vlp-block-2 vlp-link-image\"><img decoding=\"async\" src=\"https:\/\/npr.brightspotcdn.com\/dims3\/default\/strip\/false\/crop\/8159x4589+0+425\/resize\/1400\/quality\/100\/format\/jpeg\/?url=http%3A%2F%2Fnpr-brightspot.s3.amazonaws.com%2F61%2F25%2F62c3f5a34232b6fb1af3d66d91ed%2Fgettyimages-1708736725.jpg\" style=\"max-width: 150px; max-height: 150px\" \/><\/div><\/div><div class=\"vlp-layout-zone-main\"><div class=\"vlp-block-0 vlp-link-title\">What to know about Pituffik, the only U.S. military base in Greenland<\/div><div class=\"vlp-block-1 vlp-link-summary\">Vice President JD Vance will travel to Greenland this week, including a stop at Pituffik Space Base, the U.S. Defense Department\u2019s northernmost installation and its only outpost on the island.<\/div><\/div><\/div>\n\n<div class=\"vlp-link-container vlp-layout-basic wp-block-visual-link-preview-link\"><a href=\"https:\/\/youtu.be\/q1x5TS98GIA?si=9JepyrPXdNbCHez1\" class=\"vlp-link\" title=\"Jude Blanchette &amp; Ryan Hass Where Is the U.S.-China Relationship Headed? | Foreign Affairs Interview\" rel=\"nofollow\" target=\"_blank\"><\/a><div class=\"vlp-layout-zone-side\"><div class=\"vlp-block-2 vlp-link-image\"><img decoding=\"async\" src=\"https:\/\/i.ytimg.com\/vi\/q1x5TS98GIA\/maxresdefault.jpg\" style=\"max-width: 150px; max-height: 150px\" \/><\/div><\/div><div class=\"vlp-layout-zone-main\"><div class=\"vlp-block-0 vlp-link-title\">Jude Blanchette &amp; Ryan Hass Where Is the U.S.-China Relationship Headed? | Foreign Affairs Interview<\/div><div class=\"vlp-block-1 vlp-link-summary\">Two months into U.S. President Donald Trump\u2019s second term, the U.S.-Chinese relationship\u2014the most consequential one in the world by a long stretch\u2014faces new\u2026<\/div><\/div><\/div>\n\n<div class=\"vlp-link-container vlp-layout-basic wp-block-visual-link-preview-link\"><a href=\"https:\/\/apnews.com\/article\/poland-nato-rutte-russia-ukraine-49fa0ce0763926f3c57f6783457ec0e6\" class=\"vlp-link\" title=\"NATO chief appeals for unity as Europe builds its armies and the US eyes security threats elsewhere\" rel=\"nofollow\" target=\"_blank\"><\/a><div class=\"vlp-layout-zone-side\"><div class=\"vlp-block-2 vlp-link-image\"><img decoding=\"async\" src=\"https:\/\/dims.apnews.com\/dims4\/default\/a87bb24\/2147483647\/strip\/true\/crop\/4950x2784+0+258\/resize\/1440x810!\/quality\/90\/?url=https%3A%2F%2Fassets.apnews.com%2Fe1%2F38%2Fb89941caf67c8bac6f40fe1c1461%2Fbab3aea519e84be3969221c502202eb5\" style=\"max-width: 150px; max-height: 150px\" \/><\/div><\/div><div class=\"vlp-layout-zone-main\"><div class=\"vlp-block-0 vlp-link-title\">NATO chief appeals for unity as Europe builds its armies and the US eyes security threats elsewhere<\/div><div class=\"vlp-block-1 vlp-link-summary\">NATO Secretary-General Mark Rutte has appealed for unity within the military alliance as European nations scale up their armed forces and defense industries after the Trump administration warned that Europe must take care of its own security in future.<\/div><\/div><\/div>\n\n<div class=\"vlp-link-container vlp-layout-basic wp-block-visual-link-preview-link\"><a href=\"https:\/\/apnews.com\/article\/sweden-defense-kristersson-nato-us-trump-eu-6b5a134000e4e22a7a58c8e437dde030\" class=\"vlp-link\" title=\"Sweden plans largest military buildup since the Cold War amid Russia threat and uncertain US-EU ties\" rel=\"nofollow\" target=\"_blank\"><\/a><div class=\"vlp-layout-zone-side\"><div class=\"vlp-block-2 vlp-link-image\"><img decoding=\"async\" src=\"https:\/\/dims.apnews.com\/dims4\/default\/3574141\/2147483647\/strip\/true\/crop\/8256x4644+0+430\/resize\/1440x810!\/quality\/90\/?url=https%3A%2F%2Fassets.apnews.com%2F34%2Ff7%2F8708874a834651327af5958ae335%2Fae59fad0c4c546e7b4a8726866aaa7ba\" style=\"max-width: 150px; max-height: 150px\" \/><\/div><\/div><div class=\"vlp-layout-zone-main\"><div class=\"vlp-block-0 vlp-link-title\">Sweden plans largest military buildup since the Cold War amid Russia threat and uncertain US-EU ties<\/div><div class=\"vlp-block-1 vlp-link-summary\">Sweden\u2019s prime minister says his government wants to ramp up defense spending to a target of 3.5% of the Nordic country\u2019sgross domestic product, marking its largest military buildup since the Cold War.<\/div><\/div><\/div>\n\n<div class=\"vlp-link-container vlp-layout-basic wp-block-visual-link-preview-link\"><a href=\"https:\/\/www.youtube.com\/watch?v=Ahv3IKzMdHA\" class=\"vlp-link\" title=\"Elon Musk\u2019s Family History in South Africa Reveals Ties to Apartheid &amp; Neo-Nazi Movements\" rel=\"nofollow\" target=\"_blank\"><\/a><div class=\"vlp-layout-zone-side\"><div class=\"vlp-block-2 vlp-link-image\"><img decoding=\"async\" src=\"https:\/\/i.ytimg.com\/vi\/Ahv3IKzMdHA\/maxresdefault.jpg\" style=\"max-width: 150px; max-height: 150px\" \/><\/div><\/div><div class=\"vlp-layout-zone-main\"><div class=\"vlp-block-0 vlp-link-title\">Elon Musk\u2019s Family History in South Africa Reveals Ties to Apartheid &amp; Neo-Nazi Movements<\/div><div class=\"vlp-block-1 vlp-link-summary\">Support our work: https:\/\/democracynow.org\/donate\/sm-desc-ytElon Musk was born in 1971 in Johannesburg, South Africa, and raised in a wealthy family under th\u2026<\/div><\/div><\/div>\n\n<div class=\"vlp-link-container vlp-layout-basic wp-block-visual-link-preview-link\"><a href=\"https:\/\/www.theguardian.com\/us-news\/2025\/mar\/26\/ice-agents-detain-tufts-university-graduate-student\" class=\"vlp-link\" title=\"Ice agents detain Tufts graduate student over pro-Palestinian activism\" rel=\"nofollow\" target=\"_blank\"><\/a><div class=\"vlp-layout-zone-side\"><div class=\"vlp-block-2 vlp-link-image\"><img decoding=\"async\" src=\"https:\/\/i.guim.co.uk\/img\/media\/3d54c984b74c98f86d143a50097315ff64b4e005\/0_80_2420_1453\/master\/2420.jpg?width=1200&amp;height=630&amp;quality=85&amp;auto=format&amp;fit=crop&amp;overlay-align=bottom%2Cleft&amp;overlay-width=100p&amp;overlay-base64=L2ltZy9zdGF0aWMvb3ZlcmxheXMvdGctZGVmYXVsdC5wbmc&amp;enable=upscale&amp;s=f91eaa5ce72d72395f0a30d79d0d479d\" style=\"max-width: 150px; max-height: 150px\" \/><\/div><\/div><div class=\"vlp-layout-zone-main\"><div class=\"vlp-block-0 vlp-link-title\">Ice agents detain Tufts graduate student over pro-Palestinian activism<\/div><div class=\"vlp-block-1 vlp-link-summary\">Video shows DHS officials wearing masks partially covering their faces while detaining Rumeysa Ozturk in the street<\/div><\/div><\/div>\n\n<div class=\"vlp-link-container vlp-layout-basic wp-block-visual-link-preview-link\"><a href=\"https:\/\/www.youtube.com\/live\/JIhjh4nctPE?si=EqBFXP-S5KKMiNmf\" class=\"vlp-link\" title=\"How the Trump administration is targeting scientific learning in the US | DW News Desk\" rel=\"nofollow\" target=\"_blank\"><\/a><div class=\"vlp-layout-zone-side\"><div class=\"vlp-block-2 vlp-link-image\"><img decoding=\"async\" src=\"https:\/\/i.ytimg.com\/vi\/JIhjh4nctPE\/maxresdefault.jpg\" style=\"max-width: 150px; max-height: 150px\" \/><\/div><\/div><div class=\"vlp-layout-zone-main\"><div class=\"vlp-block-0 vlp-link-title\">How the Trump administration is targeting scientific learning in the US | DW News Desk<\/div><div class=\"vlp-block-1 vlp-link-summary\">Donald Trump has launched an all-out assault on science\u2014rejecting climate data, promoting vaccine skeptics, and attacking facts at every turn. But what\u2019s rea\u2026<\/div><\/div><\/div>\n\n<div class=\"vlp-link-container vlp-layout-basic wp-block-visual-link-preview-link\"><a href=\"https:\/\/www.youtube.com\/live\/zJ7jeNto-QY?si=d7rQLzWnoq8BJmCw\" class=\"vlp-link\" title=\"The Challenge of the Congo: US Imperialism\u2019s Latest Plot against the DRC with CEIA\" rel=\"nofollow\" target=\"_blank\"><\/a><div class=\"vlp-layout-zone-side\"><div class=\"vlp-block-2 vlp-link-image\"><img decoding=\"async\" src=\"https:\/\/i.ytimg.com\/vi\/zJ7jeNto-QY\/maxresdefault.jpg\" style=\"max-width: 150px; max-height: 150px\" \/><\/div><\/div><div class=\"vlp-layout-zone-main\"><div class=\"vlp-block-0 vlp-link-title\">The Challenge of the Congo: US Imperialism\u2019s Latest Plot against the DRC with CEIA<\/div><div class=\"vlp-block-1 vlp-link-summary\">The Coalition for the Elimination of Imperialism in Africa (CEIA) members will discuss the escalating situation in the Democratic Republic of Congo (DRC) as\u2026<\/div><\/div><\/div>\n\n<div class=\"vlp-link-container vlp-layout-basic wp-block-visual-link-preview-link\"><a href=\"https:\/\/www.youtube.com\/watch?v=rucaHgaA3QY\" class=\"vlp-link\" title=\"10 Years of War on Yemen: Leaked War Plan Chats Overshadow U.S. Deadly History Targeting Yemen\" rel=\"nofollow\" target=\"_blank\"><\/a><div class=\"vlp-layout-zone-side\"><div class=\"vlp-block-2 vlp-link-image\"><img decoding=\"async\" src=\"https:\/\/i.ytimg.com\/vi\/rucaHgaA3QY\/maxresdefault.jpg\" style=\"max-width: 150px; max-height: 150px\" \/><\/div><\/div><div class=\"vlp-layout-zone-main\"><div class=\"vlp-block-0 vlp-link-title\">10 Years of War on Yemen: Leaked War Plan Chats Overshadow U.S. Deadly History Targeting Yemen<\/div><div class=\"vlp-block-1 vlp-link-summary\">Support our work: https:\/\/democracynow.org\/donate\/sm-desc-ytDemocratic lawmakers are calling for Defense Secretary Pete Hegseth and national security adviser\u2026<\/div><\/div><\/div>\n\n<div class=\"vlp-link-container vlp-layout-basic wp-block-visual-link-preview-link\"><a href=\"https:\/\/www.bbc.com\/news\/articles\/cx2g0ppj9lyo\" class=\"vlp-link\" title=\"Sudan army chief Abdel Fattah al-Burhan tours recaptured presidential palace in Khartoum\" rel=\"nofollow\" target=\"_blank\"><\/a><div class=\"vlp-layout-zone-side\"><div class=\"vlp-block-2 vlp-link-image\"><img decoding=\"async\" src=\"https:\/\/ichef.bbci.co.uk\/news\/1024\/branded_news\/f309\/live\/b6615890-0a80-11f0-9701-b7018d26a2d0.jpg\" style=\"max-width: 150px; max-height: 150px\" \/><\/div><\/div><div class=\"vlp-layout-zone-main\"><div class=\"vlp-block-0 vlp-link-title\">Sudan army chief Abdel Fattah al-Burhan tours recaptured presidential palace in Khartoum<\/div><div class=\"vlp-block-1 vlp-link-summary\">\u201cKhartoum is free,\u201d says army chief Abdel Fattah al-Burhan after almost two years of occupation by the RSF.<\/div><\/div><\/div>\n\n<div class=\"vlp-link-container vlp-layout-basic wp-block-visual-link-preview-link\"><a href=\"https:\/\/apnews.com\/article\/china-us-sanctions-entity-trump-inspur-44c6a0fd445814a4b5fa40c7baa178ca\" class=\"vlp-link\" title=\"US adds Chinese tech firms to its export control list, says they sought US knowhow for military use\" rel=\"nofollow\" target=\"_blank\"><\/a><div class=\"vlp-layout-zone-side\"><div class=\"vlp-block-2 vlp-link-image\"><img decoding=\"async\" src=\"https:\/\/dims.apnews.com\/dims4\/default\/45b09e1\/2147483647\/strip\/true\/crop\/3799x2137+0+198\/resize\/1440x810!\/quality\/90\/?url=https%3A%2F%2Fassets.apnews.com%2Ffd%2F99%2F75d2568d8f04bec8128221797e86%2F5c47f37708ca4508b794ea9cfafe0849\" style=\"max-width: 150px; max-height: 150px\" \/><\/div><\/div><div class=\"vlp-layout-zone-main\"><div class=\"vlp-block-0 vlp-link-title\">US adds Chinese tech firms to its export control list, says they sought US knowhow for military use<\/div><div class=\"vlp-block-1 vlp-link-summary\">The U.S. has added dozens of companies to its export control, including more than 50 based in China that it says sought advanced knowhow in supercomputing, artificial intelligence and quantum technology for military purposes.<\/div><\/div><\/div>\n\n<div class=\"vlp-link-container vlp-layout-basic wp-block-visual-link-preview-link\"><a href=\"https:\/\/www.cnn.com\/2025\/03\/26\/europe\/european-union-stockpile-member-states-intl-latam\/index.html\" class=\"vlp-link\" title=\"EU urges citizens to stockpile 72 hours\u2019 worth of supplies amid war risk | CNN\" rel=\"nofollow\" target=\"_blank\"><\/a><div class=\"vlp-layout-zone-side\"><div class=\"vlp-block-2 vlp-link-image\"><img decoding=\"async\" src=\"https:\/\/media.cnn.com\/api\/v1\/images\/stellar\/prod\/c-2020-07-30t000000z-21006058-rc2t3i9zbgjj-rtrmadp-3-health-coronavirus-global-groceries.jpg?c=16x9&amp;q=w_800,c_fill\" style=\"max-width: 150px; max-height: 150px\" \/><\/div><\/div><div class=\"vlp-layout-zone-main\"><div class=\"vlp-block-0 vlp-link-title\">EU urges citizens to stockpile 72 hours\u2019 worth of supplies amid war risk | CNN<\/div><div class=\"vlp-block-1 vlp-link-summary\">European Union citizens should stockpile enough food and other essential supplies to sustain them for at least 72 hours in the event of a crisis, the EU Commission has said.<\/div><\/div><\/div>\n\n<div class=\"vlp-link-container vlp-layout-basic wp-block-visual-link-preview-link\"><a href=\"https:\/\/www.npr.org\/2025\/03\/26\/g-s1-56392\/appeals-circuit-alien-enemies-act\" class=\"vlp-link\" title=\"Appeals court sides with judge who blocked deportations under wartime authority\" rel=\"nofollow\" target=\"_blank\"><\/a><div class=\"vlp-layout-zone-side\"><div class=\"vlp-block-2 vlp-link-image\"><img decoding=\"async\" src=\"https:\/\/npr.brightspotcdn.com\/dims3\/default\/strip\/false\/crop\/8192x4608+0+0\/resize\/1400\/quality\/100\/format\/jpeg\/?url=http%3A%2F%2Fnpr-brightspot.s3.amazonaws.com%2Fd8%2F8a%2Fe9d9e1c44534a0248bf31ebe3448%2Fgettyimages-2205557587.jpg\" style=\"max-width: 150px; max-height: 150px\" \/><\/div><\/div><div class=\"vlp-layout-zone-main\"><div class=\"vlp-block-0 vlp-link-title\">Appeals court sides with judge who blocked deportations under wartime authority<\/div><div class=\"vlp-block-1 vlp-link-summary\">The D.C. Circuit Court of Appeals panel denied the Trump administration\u2019s push to restart deportations of alleged gang members under a rarely used wartime authority known as the Alien Enemies Act.<\/div><\/div><\/div>\n\n<div class=\"vlp-link-container vlp-layout-basic wp-block-visual-link-preview-link\"><a href=\"https:\/\/youtu.be\/h6BEuDquU8Q?si=Q95UYs4jkUaPDI-r\" class=\"vlp-link\" title=\"Wolff Responds: \u201cU.S. Gone Rogue??? \u201d Dated March 26, 2025\" rel=\"nofollow\" target=\"_blank\"><\/a><div class=\"vlp-layout-zone-side\"><div class=\"vlp-block-2 vlp-link-image\"><img decoding=\"async\" src=\"https:\/\/i.ytimg.com\/vi\/h6BEuDquU8Q\/maxresdefault.jpg\" style=\"max-width: 150px; max-height: 150px\" \/><\/div><\/div><div class=\"vlp-layout-zone-main\"><div class=\"vlp-block-0 vlp-link-title\">Wolff Responds: \u201cU.S. Gone Rogue??? \u201d Dated March 26, 2025<\/div><div class=\"vlp-block-1 vlp-link-summary\">Today\u2019s Wolff Responds, Professor Wolff discusses The United States increasing isolation from the global community. Professor Wolff\u2019s latest book \u201cUnderstand\u2026<\/div><\/div><\/div>\n\n<div class=\"vlp-link-container vlp-layout-basic wp-block-visual-link-preview-link\"><a href=\"https:\/\/apnews.com\/article\/france-uk-ukraine-russia-war-military-11b305c4073f476318ea0c4fd0c01354\" class=\"vlp-link\" title=\"Macron says a proposed European force for Ukraine could \u2018respond\u2019 if attacked by Russia\" rel=\"nofollow\" target=\"_blank\"><\/a><div class=\"vlp-layout-zone-side\"><div class=\"vlp-block-2 vlp-link-image\"><img decoding=\"async\" src=\"https:\/\/dims.apnews.com\/dims4\/default\/2510e62\/2147483647\/strip\/true\/crop\/6752x3798+0+352\/resize\/1440x810!\/quality\/90\/?url=https%3A%2F%2Fassets.apnews.com%2F27%2Fdf%2F9f2a95dbe39e7bd8afcb7d0c1ff3%2Fa8ae7ac6314d45c0a6733ea307050e98\" style=\"max-width: 150px; max-height: 150px\" \/><\/div><\/div><div class=\"vlp-layout-zone-main\"><div class=\"vlp-block-0 vlp-link-title\">Macron says a proposed European force for Ukraine could \u2018respond\u2019 if attacked by Russia<\/div><div class=\"vlp-block-1 vlp-link-summary\">French President Emmanuel Macron says that a proposed European armed force for possible deployment in Ukraine in tandem with an eventual peace deal could \u201crespond\u201d to a Russian attack if Moscow launched one.<\/div><\/div><\/div>\n\n<div class=\"vlp-link-container vlp-layout-basic wp-block-visual-link-preview-link\"><a href=\"https:\/\/www.democracycollaborative.org\/tracking-the-crisis\/aliens\" class=\"vlp-link\" title=\"Aliens \u2014 The Democracy Collaborative\" rel=\"nofollow\" target=\"_blank\"><\/a><div class=\"vlp-layout-zone-side\"><div class=\"vlp-block-2 vlp-link-image\"><img decoding=\"async\" src=\"http:\/\/static1.squarespace.com\/static\/668c154d4d09237bebbb257a\/67c8703e107612216a7713e1\/67dd55f5c3872d422afb00ca\/1742562681508\/GettyImages-2198395799-2.jpg?format=1500w\" style=\"max-width: 150px; max-height: 150px\" \/><\/div><\/div><div class=\"vlp-layout-zone-main\"><div class=\"vlp-block-0 vlp-link-title\">Aliens \u2014 The Democracy Collaborative<\/div><div class=\"vlp-block-1 vlp-link-summary\">Week of March 14-20, 2025<\/div><\/div><\/div>\n\n<div class=\"vlp-link-container vlp-layout-basic wp-block-visual-link-preview-link\"><a href=\"https:\/\/www.democracycollaborative.org\/blogs\/introducing-tracking-the-crisis\" class=\"vlp-link\" title=\"Introducing \u2018Tracking the Crisis\u2019 \u2014 The Democracy Collaborative\" rel=\"nofollow\" target=\"_blank\"><\/a><div class=\"vlp-layout-zone-side\"><div class=\"vlp-block-2 vlp-link-image\"><img decoding=\"async\" src=\"http:\/\/static1.squarespace.com\/static\/668c154d4d09237bebbb257a\/66e08b005243bf7d8f2aec2e\/67cdf672a0b96b611958360c\/1742584434551\/GettyImages-2198395799.jpg?format=1500w\" style=\"max-width: 150px; max-height: 150px\" \/><\/div><\/div><div class=\"vlp-layout-zone-main\"><div class=\"vlp-block-0 vlp-link-title\">Introducing \u2018Tracking the Crisis\u2019 \u2014 The Democracy Collaborative<\/div><div class=\"vlp-block-1 vlp-link-summary\">A tool to avoid overwhelm and reactivity to the constant outrage-manufacturing machine in a time of debilitating political turbulence and change.<\/div><\/div><\/div>\n\n<div class=\"vlp-link-container vlp-layout-basic wp-block-visual-link-preview-link\"><a href=\"https:\/\/www.nbcnews.com\/now\/video\/judge-hears-case-mahmoud-khalil-and-other-students-brought-against-columbia-235331141515\" class=\"vlp-link\" title=\"Judge hears case Mahmoud Khalil and other students brought against Columbia\" rel=\"nofollow\" target=\"_blank\"><\/a><div class=\"vlp-layout-zone-side\"><div class=\"vlp-block-2 vlp-link-image\"><img decoding=\"async\" src=\"https:\/\/media-cldnry.s-nbcnews.com\/image\/upload\/t_nbcnews-fp-1200-630,f_auto,q_auto:best\/mpx\/2704722219\/2025_03\/1742933576520_now_daily_b_hylton_khalil_lawsuit_250325_1920x1080-rbk3aq.jpg\" style=\"max-width: 150px; max-height: 150px\" \/><\/div><\/div><div class=\"vlp-layout-zone-main\"><div class=\"vlp-block-0 vlp-link-title\">Judge hears case Mahmoud Khalil and other students brought against Columbia<\/div><div class=\"vlp-block-1 vlp-link-summary\">A New York judge heard a case Mahmoud Khalil, who led pro-Palestinian protests and is currently being detained, and other students brought against Columbia University. The lawsuit is an attempt to prevent the university from sharing their disciplinary records with the government.<\/div><\/div><\/div>\n\n<div class=\"vlp-link-container vlp-layout-basic wp-block-visual-link-preview-link\"><a href=\"https:\/\/apnews.com\/article\/el-salvador-trump-tren-de-aragua-venezuela-dde4259e5dcd502101b7b8fbd3c03659\" class=\"vlp-link\" title=\"Venezuelan migrants deported by the US ended up in a Salvadoran prison. This is their legal status\" rel=\"nofollow\" target=\"_blank\"><\/a><div class=\"vlp-layout-zone-side\"><div class=\"vlp-block-2 vlp-link-image\"><img decoding=\"async\" src=\"https:\/\/dims.apnews.com\/dims4\/default\/7aa947a\/2147483647\/strip\/true\/crop\/7828x4403+0+407\/resize\/1440x810!\/quality\/90\/?url=https%3A%2F%2Fassets.apnews.com%2F41%2F41%2F13f12e0c7023dd08f5c4e0e4a7ef%2F50524ec3c6614e019ebbaa952a30c5fb\" style=\"max-width: 150px; max-height: 150px\" \/><\/div><\/div><div class=\"vlp-layout-zone-main\"><div class=\"vlp-block-0 vlp-link-title\">Venezuelan migrants deported by the US ended up in a Salvadoran prison. This is their legal status<\/div><div class=\"vlp-block-1 vlp-link-summary\">The U.S. government used an 18th-century wartime law to deport nearly 300 Venezuelan immigrants to El Salvador, where they were immediately transferred to the country\u2019s maximum-security gang prison.<\/div><\/div><\/div>\n\n<div class=\"vlp-link-container vlp-layout-basic wp-block-visual-link-preview-link\"><a href=\"https:\/\/apnews.com\/article\/columbia-research-funding-cuts-antisemitism-palestine-israel-6f5f6a66306ec2467fc346b993e87a50\" class=\"vlp-link\" title=\"Researchers in limbo as Columbia bows to Trump\u2019s demands in bid to restore $400M federal funding cut\" rel=\"nofollow\" target=\"_blank\"><\/a><div class=\"vlp-layout-zone-side\"><div class=\"vlp-block-2 vlp-link-image\"><img decoding=\"async\" src=\"https:\/\/dims.apnews.com\/dims4\/default\/a92293f\/2147483647\/strip\/true\/crop\/8640x4860+0+450\/resize\/1440x810!\/quality\/90\/?url=https%3A%2F%2Fassets.apnews.com%2Fd4%2Fec%2Ffcabe7b6fca3fc339b3b862a50f0%2F41718d0b73ef48dc9ce2635a3d317f54\" style=\"max-width: 150px; max-height: 150px\" \/><\/div><\/div><div class=\"vlp-layout-zone-main\"><div class=\"vlp-block-0 vlp-link-title\">Researchers in limbo as Columbia bows to Trump\u2019s demands in bid to restore $400M federal funding cut<\/div><div class=\"vlp-block-1 vlp-link-summary\">Researchers at Columbia University remain in limbo after the Ivy League institution bowed to the Trump administration\u2019s demands for unprecedented changes in a bid to restore some $400 million in federal funds cut.<\/div><\/div><\/div>\n\n<div class=\"vlp-link-container vlp-layout-basic wp-block-visual-link-preview-link\"><a href=\"https:\/\/www.theguardian.com\/us-news\/2025\/mar\/25\/columbia-gaza-protester-deportation\" class=\"vlp-link\" title=\"Judge rules Columbia protester can\u2019t be detained as she fights deportation\" rel=\"nofollow\" target=\"_blank\"><\/a><div class=\"vlp-layout-zone-side\"><div class=\"vlp-block-2 vlp-link-image\"><img decoding=\"async\" src=\"https:\/\/i.guim.co.uk\/img\/media\/9f27c9d378210130426140ec41c0998477870afe\/0_166_5000_3002\/master\/5000.jpg?width=1200&amp;height=630&amp;quality=85&amp;auto=format&amp;fit=crop&amp;overlay-align=bottom%2Cleft&amp;overlay-width=100p&amp;overlay-base64=L2ltZy9zdGF0aWMvb3ZlcmxheXMvdGctZGVmYXVsdC5wbmc&amp;enable=upscale&amp;s=746dcfa73936dc066461b210645ac7f4\" style=\"max-width: 150px; max-height: 150px\" \/><\/div><\/div><div class=\"vlp-layout-zone-main\"><div class=\"vlp-block-0 vlp-link-title\">Judge rules Columbia protester can\u2019t be detained as she fights deportation<\/div><div class=\"vlp-block-1 vlp-link-summary\">White House blocked from deporting Yunseo Chung, green card holder and student who sued Trump administration<\/div><\/div><\/div>\n\n<div class=\"vlp-link-container vlp-layout-basic wp-block-visual-link-preview-link\"><a href=\"https:\/\/apnews.com\/article\/israel-palestinians-violence-settlers-oscar-hamdan-ballal-beb96478a55f42a7058a60ac5be7bd05\" class=\"vlp-link\" title=\"Oscar-winning Palestinian director says Israeli soldiers beat him after attack by settlers\" rel=\"nofollow\" target=\"_blank\"><\/a><div class=\"vlp-layout-zone-side\"><div class=\"vlp-block-2 vlp-link-image\"><img decoding=\"async\" src=\"https:\/\/dims.apnews.com\/dims4\/default\/965a3b1\/2147483647\/strip\/true\/crop\/8640x4860+0+450\/resize\/1440x810!\/quality\/90\/?url=https%3A%2F%2Fassets.apnews.com%2Fb9%2Fb5%2F146a14ce81cb273be555482fd89f%2Fd4a0fe694c0a4127a51811b8ac6c01af\" style=\"max-width: 150px; max-height: 150px\" \/><\/div><\/div><div class=\"vlp-layout-zone-main\"><div class=\"vlp-block-0 vlp-link-title\">Oscar-winning Palestinian director says Israeli soldiers beat him after attack by settlers<\/div><div class=\"vlp-block-1 vlp-link-summary\">On Tuesday, with bruises on his face and blood on his clothes, Hamdan Ballal was released from an Israeli police station in a West Bank settlement.<\/div><\/div><\/div>\n\n<div class=\"vlp-link-container vlp-layout-basic wp-block-visual-link-preview-link\"><a href=\"https:\/\/youtu.be\/Zyi45UBns58?si=Vij0ngZJGFjdvyLq\" class=\"vlp-link\" title=\"Students occupy campuses: A new dimension to the Turkey protests against the Erdogan government?\" rel=\"nofollow\" target=\"_blank\"><\/a><div class=\"vlp-layout-zone-side\"><div class=\"vlp-block-2 vlp-link-image\"><img decoding=\"async\" src=\"https:\/\/i.ytimg.com\/vi\/Zyi45UBns58\/maxresdefault.jpg\" style=\"max-width: 150px; max-height: 150px\" \/><\/div><\/div><div class=\"vlp-layout-zone-main\"><div class=\"vlp-block-0 vlp-link-title\">Students occupy campuses: A new dimension to the Turkey protests against the Erdogan government?<\/div><div class=\"vlp-block-1 vlp-link-summary\">In Turkey, protests against the arrest of a leading opposition figure Ekrem Imamoglu, the mayor of Istanbul, stretched into a sixth night, with nearly 1,500\u2026<\/div><\/div><\/div>\n\n<div class=\"vlp-link-container vlp-layout-basic wp-block-visual-link-preview-link\"><a href=\"https:\/\/apnews.com\/article\/serbia-sonic-attack-protest-vucic-weapon-214ff2630733b68dd2987e411b405197\" class=\"vlp-link\" title=\"\u2018Like a sound from hell\u2019: Was an illegal sonic weapon used against peaceful protesters in Serbia?\" rel=\"nofollow\" target=\"_blank\"><\/a><div class=\"vlp-layout-zone-side\"><div class=\"vlp-block-2 vlp-link-image\"><img decoding=\"async\" src=\"https:\/\/dims.apnews.com\/dims4\/default\/8ec6741\/2147483647\/strip\/true\/crop\/7008x3942+0+272\/resize\/1440x810!\/quality\/90\/?url=https%3A%2F%2Fassets.apnews.com%2F48%2F6e%2F8f094a5acc859dee6c2abfdfe8a3%2F971ee8d79a394b9a828a9fefa937fb44\" style=\"max-width: 150px; max-height: 150px\" \/><\/div><\/div><div class=\"vlp-layout-zone-main\"><div class=\"vlp-block-0 vlp-link-title\">\u2018Like a sound from hell\u2019: Was an illegal sonic weapon used against peaceful protesters in Serbia?<\/div><div class=\"vlp-block-1 vlp-link-summary\">Serbia\u2019s populist government is facing increased public scrutiny over reports that it used a sonic weapon against a peaceful crowd during a massive anti-corruption rally in the capital, Belgrade, on March 15.<\/div><\/div><\/div>\n\n<div class=\"vlp-link-container vlp-layout-basic wp-block-visual-link-preview-link\"><a href=\"https:\/\/www.democracynow.org\/2025\/3\/25\/hussam_shabat_journalist_killed_gaza\" class=\"vlp-link\" title=\"Remembering Hossam Shabat: Gaza Journalist Killed by Israel Was Placed on \u201cHit List\u201d Before His Death\" rel=\"nofollow\" target=\"_blank\"><\/a><div class=\"vlp-layout-zone-side\"><div class=\"vlp-block-2 vlp-link-image\"><img decoding=\"async\" src=\"https:\/\/www.democracynow.org\/images\/story\/23\/76423\/full_hd\/SEG2-Hossam-Shabat.jpg\" style=\"max-width: 150px; max-height: 150px\" \/><\/div><\/div><div class=\"vlp-layout-zone-main\"><div class=\"vlp-block-0 vlp-link-title\">Remembering Hossam Shabat: Gaza Journalist Killed by Israel Was Placed on \u201cHit List\u201d Before His Death<\/div><div class=\"vlp-block-1 vlp-link-summary\">On Monday, Israeli strikes killed two Palestinian journalists: Al Jazeera\u2019s Hossam Shabat, who was 23 years old, and Palestine Today\u2019s Mohammed Mansour, who was killed in his apartment alongside his wife. This brings the total number of journalists that Israel has killed in Gaza over the past year and a half to 206. Just before his death, Shabat had shared news of Mansour\u2019s killing on social media and filed an article with Drop Site News describing Israel\u2019s scorched-earth campaign in his hometown of Beit Hanoun. His editor Sharif Abdel Kouddous remembers Shabat as a \u201cwarm and funny person,\u201d dedicated to his job and his community. In recent months, he had been under increasing surveillance by the Israeli military, which labeled him a terrorist and placed him on a \u201chit list.\u201d Despite being \u201ctargeted and openly hunted,\u201d Shabat \u201ccontinued nevertheless to cover the genocide of his people.\u201d<\/div><\/div><\/div>\n\n<div class=\"vlp-link-container vlp-layout-basic wp-block-visual-link-preview-link\"><a href=\"https:\/\/youtu.be\/VNN_k4L4Htg?si=n4PsB67wyfOcEptM\" class=\"vlp-link\" title=\"Law Prof. Katherine Franke Accuses Columbia of Empowering Trump by Agreeing to $400M \u201cRansom Note\u201d\" rel=\"nofollow\" target=\"_blank\"><\/a><div class=\"vlp-layout-zone-side\"><div class=\"vlp-block-2 vlp-link-image\"><img decoding=\"async\" src=\"https:\/\/i.ytimg.com\/vi\/VNN_k4L4Htg\/maxresdefault.jpg\" style=\"max-width: 150px; max-height: 150px\" \/><\/div><\/div><div class=\"vlp-layout-zone-main\"><div class=\"vlp-block-0 vlp-link-title\">Law Prof. Katherine Franke Accuses Columbia of Empowering Trump by Agreeing to $400M \u201cRansom Note\u201d<\/div><div class=\"vlp-block-1 vlp-link-summary\">Support our work: https:\/\/democracynow.org\/donate\/sm-desc-ytEducation Secretary Linda McMahon says Columbia University is on track to regain its federal fund\u2026<\/div><\/div><\/div>\n\n<div class=\"vlp-link-container vlp-layout-basic wp-block-visual-link-preview-link\"><a href=\"https:\/\/youtu.be\/j8MmB17ue8A?si=Y01R1TDuKMmVdS9T\" class=\"vlp-link\" title=\"40 years after India\u2019s Bhopal disaster, thousands of tons of hazardous waste remain | DW News\" rel=\"nofollow\" target=\"_blank\"><\/a><div class=\"vlp-layout-zone-side\"><div class=\"vlp-block-2 vlp-link-image\"><img decoding=\"async\" src=\"https:\/\/i.ytimg.com\/vi\/j8MmB17ue8A\/maxresdefault.jpg\" style=\"max-width: 150px; max-height: 150px\" \/><\/div><\/div><div class=\"vlp-layout-zone-main\"><div class=\"vlp-block-0 vlp-link-title\">40 years after India\u2019s Bhopal disaster, thousands of tons of hazardous waste remain | DW News<\/div><div class=\"vlp-block-1 vlp-link-summary\">It was one of the worst industrial disasters in history. In 1984, toxic gas from a pesticide factory killed thousands of people in Bhopal, India and caused h\u2026<\/div><\/div><\/div>\n\n<div class=\"vlp-link-container vlp-layout-basic wp-block-visual-link-preview-link\"><a href=\"https:\/\/youtu.be\/EmK-KZOiT-c?si=EuphKyRFx4NIA6fk\" class=\"vlp-link\" title=\"Serbian protesters demand investigation as government denies \u2018sonic weapon\u2019 attack | DW News\" rel=\"nofollow\" target=\"_blank\"><\/a><div class=\"vlp-layout-zone-side\"><div class=\"vlp-block-2 vlp-link-image\"><img decoding=\"async\" src=\"https:\/\/i.ytimg.com\/vi\/EmK-KZOiT-c\/maxresdefault.jpg\" style=\"max-width: 150px; max-height: 150px\" \/><\/div><\/div><div class=\"vlp-layout-zone-main\"><div class=\"vlp-block-0 vlp-link-title\">Serbian protesters demand investigation as government denies \u2018sonic weapon\u2019 attack | DW News<\/div><div class=\"vlp-block-1 vlp-link-summary\">Serbia\u2019s president Aleksandar Vucic is denying claims his police used a \u2018sonic weapon\u2019 to disperse protesters at a massive rally in Belgrade. Footage of the\u2026<\/div><\/div><\/div>\n\n<div class=\"vlp-link-container vlp-layout-basic wp-block-visual-link-preview-link\"><a href=\"https:\/\/youtu.be\/eQLVbVIK_oU?si=gZjO42WzrP84E5sl\" class=\"vlp-link\" title=\"Immigrants Deported to El Salvador Despite Judge\u2019s Order: ACLU Lawyer Lee Gelernt\" rel=\"nofollow\" target=\"_blank\"><\/a><div class=\"vlp-layout-zone-side\"><div class=\"vlp-block-2 vlp-link-image\"><img decoding=\"async\" src=\"https:\/\/i.ytimg.com\/vi\/eQLVbVIK_oU\/maxresdefault.jpg\" style=\"max-width: 150px; max-height: 150px\" \/><\/div><\/div><div class=\"vlp-layout-zone-main\"><div class=\"vlp-block-0 vlp-link-title\">Immigrants Deported to El Salvador Despite Judge\u2019s Order: ACLU Lawyer Lee Gelernt<\/div><div class=\"vlp-block-1 vlp-link-summary\">Support our work: https:\/\/democracynow.org\/donate\/sm-desc-ytPresident Trump has invoked a controversial 18th-century law last used to justify the arrest and\u2026<\/div><\/div><\/div>\n\n<div class=\"vlp-link-container vlp-layout-basic wp-block-visual-link-preview-link\"><a href=\"https:\/\/abcnews.go.com\/International\/houthi-missile-drone-attack-us-navy-ships-failed\/story?id=119863896\" class=\"vlp-link\" title=\"Trump says Iran will suffer \u2018dire\u2019 consequences for any more Houthi attacks\" rel=\"nofollow\" target=\"_blank\"><\/a><div class=\"vlp-layout-zone-side\"><div class=\"vlp-block-2 vlp-link-image\"><img decoding=\"async\" src=\"https:\/\/i.abcnewsfe.com\/a\/82304d7d-3ace-4e06-aac9-6df1e5d5ebea\/F18-Red-Sea-DB-250317_1742197821049_hpMain_16x9.jpg?w=1600\" style=\"max-width: 150px; max-height: 150px\" \/><\/div><\/div><div class=\"vlp-layout-zone-main\"><div class=\"vlp-block-0 vlp-link-title\">Trump says Iran will suffer \u2018dire\u2019 consequences for any more Houthi attacks<\/div><div class=\"vlp-block-1 vlp-link-summary\">President Donald Trump on Monday said that further attacks or retaliation by the Houthis would be considered an attack by Iran and it would face \u201cdire\u201d consequences.<\/div><\/div><\/div>\n\n<div class=\"vlp-link-container vlp-layout-basic wp-block-visual-link-preview-link\"><a href=\"https:\/\/apnews.com\/article\/yemen-houthi-rebels-us-strikes-iran-447f4abb39cc12c7f2f5596f0e33407b\" class=\"vlp-link\" title=\"What to know about Yemen\u2019s Houthi rebels as the US steps up attacks on Iran-backed group\" rel=\"nofollow\" target=\"_blank\"><\/a><div class=\"vlp-layout-zone-side\"><div class=\"vlp-block-2 vlp-link-image\"><img decoding=\"async\" src=\"https:\/\/dims.apnews.com\/dims4\/default\/3840f47\/2147483647\/strip\/true\/crop\/2846x1601+0+58\/resize\/1440x810!\/quality\/90\/?url=https%3A%2F%2Fassets.apnews.com%2F00%2Fec%2F6b6de4586fa366030fd5bc43c9aa%2Fad337487c2df4d609b4e4280ee012b16\" style=\"max-width: 150px; max-height: 150px\" \/><\/div><\/div><div class=\"vlp-layout-zone-main\"><div class=\"vlp-block-0 vlp-link-title\">What to know about Yemen\u2019s Houthi rebels as the US steps up attacks on Iran-backed group<\/div><div class=\"vlp-block-1 vlp-link-summary\">The United States under President Donald Trump has launched a new campaign of intense airstrikes targeting Yemen\u2019s Houthi rebels.<\/div><\/div><\/div>\n\n<div class=\"vlp-link-container vlp-layout-basic wp-block-visual-link-preview-link\"><a href=\"https:\/\/www.npr.org\/2025\/03\/17\/g-s1-54401\/israel-launches-deadly-series-of-attack-on-gaza\" class=\"vlp-link\" title=\"Israel launches deadly series of attacks on Gaza\" rel=\"nofollow\" target=\"_blank\"><\/a><div class=\"vlp-layout-zone-side\"><div class=\"vlp-block-2 vlp-link-image\"><img decoding=\"async\" src=\"https:\/\/npr.brightspotcdn.com\/dims3\/default\/strip\/false\/crop\/6000x3375+0+313\/resize\/1400\/quality\/100\/format\/jpeg\/?url=http%3A%2F%2Fnpr-brightspot.s3.amazonaws.com%2F9f%2Fd7%2F8e5167ff4812a48faf4be0391f4b%2Fap25066735998817.jpg\" style=\"max-width: 150px; max-height: 150px\" \/><\/div><\/div><div class=\"vlp-layout-zone-main\"><div class=\"vlp-block-0 vlp-link-title\">Israel launches deadly series of attacks on Gaza<\/div><div class=\"vlp-block-1 vlp-link-summary\">Israel said the early Tuesday attacks were launched after Hamas refused to release more hostages held in Gaza.<\/div><\/div><\/div>\n\n<div class=\"vlp-link-container vlp-layout-basic wp-block-visual-link-preview-link\"><a href=\"https:\/\/www.politico.com\/news\/2025\/03\/17\/michael-flynn-charlie-kirk-trump-appointments-00234637\" class=\"vlp-link\" title=\"Trump stacks military academy boards with MAGA loyalists, including Michael Flynn and Charlie Kirk\" rel=\"nofollow\" target=\"_blank\"><\/a><div class=\"vlp-layout-zone-side\"><div class=\"vlp-block-2 vlp-link-image\"><img decoding=\"async\" src=\"https:\/\/static.politico.com\/7a\/56\/8d2571a04e51b9157c373eb3976c\/ap19264552080893-1.jpg\" style=\"max-width: 150px; max-height: 150px\" \/><\/div><\/div><div class=\"vlp-layout-zone-main\"><div class=\"vlp-block-0 vlp-link-title\">Trump stacks military academy boards with MAGA loyalists, including Michael Flynn and Charlie Kirk<\/div><div class=\"vlp-block-1 vlp-link-summary\">The president\u2019s appointments include Michael Flynn, Charlie Kirk and Steve Bannon\u2019s daughter.<\/div><\/div><\/div>\n\n<div class=\"vlp-link-container vlp-layout-basic wp-block-visual-link-preview-link\"><a href=\"https:\/\/www.npr.org\/2025\/03\/17\/nx-s1-5330815\/navy-destroyer-southern-border-mission\" class=\"vlp-link\" title=\"Navy warship is sent to the southern border to carry out Trump\u2019s immigration plans\" rel=\"nofollow\" target=\"_blank\"><\/a><div class=\"vlp-layout-zone-side\"><div class=\"vlp-block-2 vlp-link-image\"><img decoding=\"async\" src=\"https:\/\/npr.brightspotcdn.com\/dims3\/default\/strip\/false\/crop\/5329x2998+0+278\/resize\/1400\/quality\/100\/format\/jpeg\/?url=http%3A%2F%2Fnpr-brightspot.s3.amazonaws.com%2F3f%2Fac%2Fef8d1a384d9cb08695d1ccc9bf6b%2Fgettyimages-1138237702.jpg\" style=\"max-width: 150px; max-height: 150px\" \/><\/div><\/div><div class=\"vlp-layout-zone-main\"><div class=\"vlp-block-0 vlp-link-title\">Navy warship is sent to the southern border to carry out Trump\u2019s immigration plans<\/div><div class=\"vlp-block-1 vlp-link-summary\">Capable of holding over 300 crew members and larger than any Coast Guard vessel, the USS Gravely has been assigned to help tighten border security, operating in both domestic and international waters.<\/div><\/div><\/div>\n\n<div class=\"vlp-link-container vlp-layout-basic wp-block-visual-link-preview-link\"><a href=\"https:\/\/abcnews.go.com\/US\/columbia-activist-mahmoud-khalil-recounts-arrest\/story?id=119891169\" class=\"vlp-link\" title=\"Palestinian activist Mahmoud Khalil describes his arrest in new court filing\" rel=\"nofollow\" target=\"_blank\"><\/a><div class=\"vlp-layout-zone-side\"><div class=\"vlp-block-2 vlp-link-image\"><img decoding=\"async\" src=\"https:\/\/i.abcnewsfe.com\/a\/b7ce86e3-c894-4a66-af0b-89a987427a02\/USA-TRUMP-COLUMBIA_1741923165235_hpMain_16x9.jpg?w=1600\" style=\"max-width: 150px; max-height: 150px\" \/><\/div><\/div><div class=\"vlp-layout-zone-main\"><div class=\"vlp-block-0 vlp-link-title\">Palestinian activist Mahmoud Khalil describes his arrest in new court filing<\/div><div class=\"vlp-block-1 vlp-link-summary\">Mahmoud Khalil is set to appear before an immigration judge on March 27.<\/div><\/div><\/div>\n\n<div class=\"vlp-link-container vlp-layout-basic wp-block-visual-link-preview-link\"><a href=\"https:\/\/www.nbcnews.com\/news\/us-news\/brown-professor-deported-lebanon-allegedly-attending-hezbollah-funeral-rcna196706\" class=\"vlp-link\" title=\"Brown professor deported to Lebanon after allegedly attending Hezbollah funeral, government says\" rel=\"nofollow\" target=\"_blank\"><\/a><div class=\"vlp-layout-zone-side\"><div class=\"vlp-block-2 vlp-link-image\"><img decoding=\"async\" src=\"https:\/\/media-cldnry.s-nbcnews.com\/image\/upload\/t_nbcnews-fp-1200-630,f_auto,q_auto:best\/rockcms\/2025-03\/250317-brown-university-ew-102p-470f2e.jpg\" style=\"max-width: 150px; max-height: 150px\" \/><\/div><\/div><div class=\"vlp-layout-zone-main\"><div class=\"vlp-block-0 vlp-link-title\">Brown professor deported to Lebanon after allegedly attending Hezbollah funeral, government says<\/div><div class=\"vlp-block-1 vlp-link-summary\">Dr. Rasha Alawieh was detained at Boston Logan International Airport on Thursday and sent back to Lebanon despite having a valid visa.<\/div><\/div><\/div>\n\n<div class=\"vlp-link-container vlp-layout-basic wp-block-visual-link-preview-link\"><a href=\"https:\/\/apnews.com\/article\/us-storm-weather-tornadoes-wildfires-deaths-bd91a18c8a34237784d4bc8c17e03306\" class=\"vlp-link\" title=\"What to know about the deadly storm system that socked the US\" rel=\"nofollow\" target=\"_blank\"><\/a><div class=\"vlp-layout-zone-side\"><div class=\"vlp-block-2 vlp-link-image\"><img decoding=\"async\" src=\"https:\/\/dims.apnews.com\/dims4\/default\/c6b24d4\/2147483647\/strip\/true\/crop\/4032x2268+0+0\/resize\/1440x810!\/quality\/90\/?url=https%3A%2F%2Fassets.apnews.com%2F70%2F3a%2Fb93842e5de37b04831dbad59f0f2%2F1f9452f18c3742eb82d4b8be7b62b2f1\" style=\"max-width: 150px; max-height: 150px\" \/><\/div><\/div><div class=\"vlp-layout-zone-main\"><div class=\"vlp-block-0 vlp-link-title\">What to know about the deadly storm system that socked the US<\/div><div class=\"vlp-block-1 vlp-link-summary\">Dangerous weekend weather spawned tornadoes, dust storms and wildfires that killed at least 39 people and destroyed hundreds of homes and businesses.<\/div><\/div><\/div>\n\n<div class=\"vlp-link-container vlp-layout-basic wp-block-visual-link-preview-link\"><a href=\"https:\/\/www.nbcnews.com\/news\/us-news\/texas-midwife-arrested-charged-performing-illegal-abortions-rcna196810\" class=\"vlp-link\" title=\"Texas midwife arrested and charged with performing illegal abortions\" rel=\"nofollow\" target=\"_blank\"><\/a><div class=\"vlp-layout-zone-side\"><div class=\"vlp-block-2 vlp-link-image\"><img decoding=\"async\" src=\"https:\/\/media-cldnry.s-nbcnews.com\/image\/upload\/t_nbcnews-fp-1200-630,f_auto,q_auto:best\/rockcms\/2024-10\/241030-ken-paxton-ew-1214p-cbea4c.jpg\" style=\"max-width: 150px; max-height: 150px\" \/><\/div><\/div><div class=\"vlp-layout-zone-main\"><div class=\"vlp-block-0 vlp-link-title\">Texas midwife arrested and charged with performing illegal abortions<\/div><div class=\"vlp-block-1 vlp-link-summary\">The arrest appears to be the first time a health care provider in Texas has been criminally charged under the state\u2019s abortion ban, which went into effect in 2022.<\/div><\/div><\/div>\n\n<div class=\"vlp-link-container vlp-layout-basic wp-block-visual-link-preview-link\"><a href=\"https:\/\/www.theguardian.com\/world\/2025\/mar\/15\/south-africa-ambassador-us-no-longer-welcome-marco-rubio-ebrahim-rasool\" class=\"vlp-link\" title=\"Marco Rubio says South Africa\u2019s ambassador to US is \u2018no longer welcome\u2019\" rel=\"nofollow\" target=\"_blank\"><\/a><div class=\"vlp-layout-zone-side\"><div class=\"vlp-block-2 vlp-link-image\"><img decoding=\"async\" src=\"https:\/\/i.guim.co.uk\/img\/media\/02b3e4a01932761f604d0a4cf5d099e19da2444f\/61_85_4338_2603\/master\/4338.jpg?width=1200&amp;height=630&amp;quality=85&amp;auto=format&amp;fit=crop&amp;overlay-align=bottom%2Cleft&amp;overlay-width=100p&amp;overlay-base64=L2ltZy9zdGF0aWMvb3ZlcmxheXMvdGctZGVmYXVsdC5wbmc&amp;enable=upscale&amp;s=68fddf98298b1ad4a201ade46610d254\" style=\"max-width: 150px; max-height: 150px\" \/><\/div><\/div><div class=\"vlp-layout-zone-main\"><div class=\"vlp-block-0 vlp-link-title\">Marco Rubio says South Africa\u2019s ambassador to US is \u2018no longer welcome\u2019<\/div><div class=\"vlp-block-1 vlp-link-summary\">US secretary of state accuses Ebrahim Rasool of being a \u2018race-baiting politician who hates America\u2019 and Donald Trump<\/div><\/div><\/div>\n\n<div class=\"vlp-link-container vlp-layout-basic wp-block-visual-link-preview-link\"><a href=\"https:\/\/www.dw.com\/en\/greenland-hundreds-protest-against-trumps-takeover-plans\/a-71933403\" class=\"vlp-link\" title=\"Greenland: Hundreds protest against Trump\u2019s takeover plans \u2013 DW \u2013 03\/15\/2025\" rel=\"nofollow\" target=\"_blank\"><\/a><div class=\"vlp-layout-zone-side\"><div class=\"vlp-block-2 vlp-link-image\"><img decoding=\"async\" src=\"https:\/\/static.dw.com\/image\/71933311_6.jpg\" style=\"max-width: 150px; max-height: 150px\" \/><\/div><\/div><div class=\"vlp-layout-zone-main\"><div class=\"vlp-block-0 vlp-link-title\">Greenland: Hundreds protest against Trump\u2019s takeover plans \u2013 DW \u2013 03\/15\/2025<\/div><div class=\"vlp-block-1 vlp-link-summary\">Donald Trump has repeatedly raised the prospect of annexing Greenland and making it part of the United States. The Arctic island\u2019s politicians and residents have baulked at the idea.<\/div><\/div><\/div>\n\n<div class=\"vlp-link-container vlp-layout-basic wp-block-visual-link-preview-link\"><a href=\"https:\/\/www.nbcnews.com\/politics\/trump-administration\/judge-limits-trumps-ability-deport-people-alien-enemies-act-rcna196592\" class=\"vlp-link\" title=\"A judge limits Trump\u2019s ability to deport people under the 18th century Alien Enemies Act\" rel=\"nofollow\" target=\"_blank\"><\/a><div class=\"vlp-layout-zone-side\"><div class=\"vlp-block-2 vlp-link-image\"><img decoding=\"async\" src=\"https:\/\/media-cldnry.s-nbcnews.com\/image\/upload\/t_nbcnews-fp-1200-630,f_auto,q_auto:best\/rockcms\/2025-03\/250315-donald-trump-wm-1237p-132887.jpg\" style=\"max-width: 150px; max-height: 150px\" \/><\/div><\/div><div class=\"vlp-layout-zone-main\"><div class=\"vlp-block-0 vlp-link-title\">A judge limits Trump\u2019s ability to deport people under the 18th century Alien Enemies Act<\/div><div class=\"vlp-block-1 vlp-link-summary\">The judge agreed to implement a temporary restraining order preventing the deportation of five Venezuelans for 14 days under the act.<\/div><\/div><\/div>\n\n<div class=\"vlp-link-container vlp-layout-basic wp-block-visual-link-preview-link\"><a href=\"https:\/\/apnews.com\/article\/tornadoes-wildfires-deaths-eb53f6b2463a96b18a08ca9e2db266ab\" class=\"vlp-link\" title=\"At least 32 dead in massive US storm after new fatalities reported in Kansas and Mississippi\" rel=\"nofollow\" target=\"_blank\"><\/a><div class=\"vlp-layout-zone-side\"><div class=\"vlp-block-2 vlp-link-image\"><img decoding=\"async\" src=\"https:\/\/dims.apnews.com\/dims4\/default\/bd52625\/2147483647\/strip\/true\/crop\/5464x3074+0+283\/resize\/1440x810!\/quality\/90\/?url=https%3A%2F%2Fassets.apnews.com%2Fd1%2Fa1%2Fe828ba0008dd9bf744c1d324585f%2F92a6596eb7f2419d8559db2d51b852e5\" style=\"max-width: 150px; max-height: 150px\" \/><\/div><\/div><div class=\"vlp-layout-zone-main\"><div class=\"vlp-block-0 vlp-link-title\">At least 32 dead in massive US storm after new fatalities reported in Kansas and Mississippi<\/div><div class=\"vlp-block-1 vlp-link-summary\">At least 32 people have been killed in a monster storm sweeping across much of the U.S. Kansas authorities said eight people died in a highway pileup caused by a dust storm Friday.<\/div><\/div><\/div>\n\n<div class=\"vlp-link-container vlp-layout-basic wp-block-visual-link-preview-link\"><a href=\"https:\/\/jacobin.com\/2025\/03\/georgia-manganese-mining-chiatura-neoliberalism\" class=\"vlp-link\" title=\"Georgian Mining Shutdown Leaves Workers Abandoned\" rel=\"nofollow\" target=\"_blank\"><\/a><div class=\"vlp-layout-zone-side\"><div class=\"vlp-block-2 vlp-link-image\"><img decoding=\"async\" src=\"https:\/\/images.jacobinmag.com\/wp-content\/uploads\/2025\/03\/14141557\/GettyImages-1004095418.jpg\" style=\"max-width: 150px; max-height: 150px\" \/><\/div><\/div><div class=\"vlp-layout-zone-main\"><div class=\"vlp-block-0 vlp-link-title\">Georgian Mining Shutdown Leaves Workers Abandoned<\/div><div class=\"vlp-block-1 vlp-link-summary\">The layoffs of thousands of miners in Chiatura, Georgia, ought to be big news in a country of under four million people. But most outlets have ignored the story, because it doesn\u2019t fit the narrative of a grand geopolitical battle between East and West.<\/div><\/div><\/div>\n\n<div class=\"vlp-link-container vlp-layout-basic wp-block-visual-link-preview-link\"><a href=\"https:\/\/apnews.com\/article\/hungary-orban-crackdown-media-ngo-38776560a2edf5948482dd4839461411\" class=\"vlp-link\" title=\"Hungary\u2019s Orb\u00e1n, facing opposition surge, promises crackdown in speech laden with conspiracy theory\" rel=\"nofollow\" target=\"_blank\"><\/a><div class=\"vlp-layout-zone-side\"><div class=\"vlp-block-2 vlp-link-image\"><img decoding=\"async\" src=\"https:\/\/dims.apnews.com\/dims4\/default\/3e213ef\/2147483647\/strip\/true\/crop\/4695x2641+0+493\/resize\/1440x810!\/quality\/90\/?url=https%3A%2F%2Fassets.apnews.com%2Fd0%2F20%2F5e571d67302effa5278bb4f270a6%2F9b0636fa7e484012a3788f48fb59052e\" style=\"max-width: 150px; max-height: 150px\" \/><\/div><\/div><div class=\"vlp-layout-zone-main\"><div class=\"vlp-block-0 vlp-link-title\">Hungary\u2019s Orb\u00e1n, facing opposition surge, promises crackdown in speech laden with conspiracy theory<\/div><div class=\"vlp-block-1 vlp-link-summary\">Hungary\u2019s Prime Minister Viktor Orb\u00e1n is vowing to rid his country of foreign-funded groups, calling them a \u201cshadow army\u201d serving the European Union and a \u201cliberal American empire.\u201d<\/div><\/div><\/div>\n\n<div class=\"vlp-link-container vlp-layout-basic wp-block-visual-link-preview-link\"><a href=\"https:\/\/www.dw.com\/en\/serbia-protesters-flood-belgrade-with-vucic-under-pressure\/a-71933147\" class=\"vlp-link\" title=\"Serbia: Protesters flood Belgrade with Vucic under pressure \u2013 DW \u2013 03\/15\/2025\" rel=\"nofollow\" target=\"_blank\"><\/a><div class=\"vlp-layout-zone-side\"><div class=\"vlp-block-2 vlp-link-image\"><img decoding=\"async\" src=\"https:\/\/static.dw.com\/image\/71933198_6.jpg\" style=\"max-width: 150px; max-height: 150px\" \/><\/div><\/div><div class=\"vlp-layout-zone-main\"><div class=\"vlp-block-0 vlp-link-title\">Serbia: Protesters flood Belgrade with Vucic under pressure \u2013 DW \u2013 03\/15\/2025<\/div><div class=\"vlp-block-1 vlp-link-summary\">Students, farmers and military veterans joined possibly the largest anti-government rally in Belgrade\u2019s history to demand accountability for a deadly canopy collapse in Novi Sad.<\/div><\/div><\/div>\n\n<div class=\"vlp-link-container vlp-layout-basic wp-block-visual-link-preview-link\"><a href=\"https:\/\/www.cbsnews.com\/news\/u-s-launches-multiple-strikes-against-houthi-targets-trump\/\" class=\"vlp-link\" title=\"U.S. launches multiple strikes against Houthi targets as Trump says attacks on American vessels \u201cmust stop\u201d\" rel=\"nofollow\" target=\"_blank\"><\/a><div class=\"vlp-layout-zone-side\"><div class=\"vlp-block-2 vlp-link-image\"><img decoding=\"async\" src=\"https:\/\/assets2.cbsnewsstatic.com\/hub\/i\/r\/2025\/03\/15\/0ce52324-e6d6-4e50-a24a-e63bb17cc555\/thumbnail\/1200x630\/eb48ea0ee163d3e1f6be3408c0e70e23\/ap25074677368139.jpg?v=e7f44f50e1cf6b32bb81cbfeaec70acf\" style=\"max-width: 150px; max-height: 150px\" \/><\/div><\/div><div class=\"vlp-layout-zone-main\"><div class=\"vlp-block-0 vlp-link-title\">U.S. launches multiple strikes against Houthi targets as Trump says attacks on American vessels \u201cmust stop\u201d<\/div><div class=\"vlp-block-1 vlp-link-summary\">President Trump said the U.S. would use \u201coverwhelming lethal force\u201d until Houthis cease shipping attacks.<\/div><\/div><\/div>\n\n<div class=\"vlp-link-container vlp-layout-basic wp-block-visual-link-preview-link\"><a href=\"https:\/\/youtu.be\/4TdRdOABDro?si=IX8ziOKBsJkhR2om\" class=\"vlp-link\" title=\"TRUMP\u2019s Crackdown On BirthRight Citizenship And DEI | Let It Rip\" rel=\"nofollow\" target=\"_blank\"><\/a><div class=\"vlp-layout-zone-side\"><div class=\"vlp-block-2 vlp-link-image\"><img decoding=\"async\" src=\"https:\/\/i.ytimg.com\/vi\/4TdRdOABDro\/maxresdefault.jpg\" style=\"max-width: 150px; max-height: 150px\" \/><\/div><\/div><div class=\"vlp-layout-zone-main\"><div class=\"vlp-block-0 vlp-link-title\">TRUMP\u2019s Crackdown On BirthRight Citizenship And DEI | Let It Rip<\/div><div class=\"vlp-block-1 vlp-link-summary\">Let it Rip examines the return of Donald Trump to the white house and the sweeping executive orders to end Diversity equity and inclusion programs, Birthrigh\u2026<\/div><\/div><\/div>\n\n<div class=\"vlp-link-container vlp-layout-basic wp-block-visual-link-preview-link\"><a href=\"https:\/\/youtu.be\/i9XYucmnO24?si=yYk2BnKBuWSiJ1l-\" class=\"vlp-link\" title=\"A victory for a world free of Israeli apartheid, with Wafic Faour and Zoe Jannuzi\" rel=\"nofollow\" target=\"_blank\"><\/a><div class=\"vlp-layout-zone-side\"><div class=\"vlp-block-2 vlp-link-image\"><img decoding=\"async\" src=\"https:\/\/i.ytimg.com\/vi\/i9XYucmnO24\/maxresdefault.jpg\" style=\"max-width: 150px; max-height: 150px\" \/><\/div><\/div><div class=\"vlp-layout-zone-main\"><div class=\"vlp-block-0 vlp-link-title\">A victory for a world free of Israeli apartheid, with Wafic Faour and Zoe Jannuzi<\/div><div class=\"vlp-block-1 vlp-link-summary\">This month, five towns in the state of Vermont voted to adopt the Apartheid-Free Communities Pledge, which commits them \u201cto end all support to Israel\u2019s apart\u2026<\/div><\/div><\/div>\n\n<div class=\"vlp-link-container vlp-layout-basic wp-block-visual-link-preview-link\"><a href=\"https:\/\/youtu.be\/HGJFyN7Nvko?si=VCWcN2nc879j0c2Q\" class=\"vlp-link\" title=\"An eruption of violence and the misinformation crisis in Syria | The Listening Post\" rel=\"nofollow\" target=\"_blank\"><\/a><div class=\"vlp-layout-zone-side\"><div class=\"vlp-block-2 vlp-link-image\"><img decoding=\"async\" src=\"https:\/\/i.ytimg.com\/vi\/HGJFyN7Nvko\/maxresdefault.jpg\" style=\"max-width: 150px; max-height: 150px\" \/><\/div><\/div><div class=\"vlp-layout-zone-main\"><div class=\"vlp-block-0 vlp-link-title\">An eruption of violence and the misinformation crisis in Syria | The Listening Post<\/div><div class=\"vlp-block-1 vlp-link-summary\">Just months after the fall of President Bashar al-Assad, Syria has been rocked by an eruption of violence. Coastal towns have turned into killing fields, wit\u2026<\/div><\/div><\/div>\n\n<div class=\"vlp-link-container vlp-layout-basic wp-block-visual-link-preview-link\"><a href=\"https:\/\/www.theguardian.com\/world\/2025\/mar\/13\/syrias-leader-proclaims-new-history-after-signing-constitutional-declaration\" class=\"vlp-link\" title=\"Syria\u2019s leader proclaims \u2018new history\u2019 after signing constitutional declaration\" rel=\"nofollow\" target=\"_blank\"><\/a><div class=\"vlp-layout-zone-side\"><div class=\"vlp-block-2 vlp-link-image\"><img decoding=\"async\" src=\"https:\/\/i.guim.co.uk\/img\/media\/2709778dee99498b26f745b46bdbb6d608c071a7\/0_154_5999_3600\/master\/5999.jpg?width=1200&amp;height=630&amp;quality=85&amp;auto=format&amp;fit=crop&amp;overlay-align=bottom%2Cleft&amp;overlay-width=100p&amp;overlay-base64=L2ltZy9zdGF0aWMvb3ZlcmxheXMvdGctZGVmYXVsdC5wbmc&amp;enable=upscale&amp;s=c685b21dd481a0d6c701dccfe088e066\" style=\"max-width: 150px; max-height: 150px\" \/><\/div><\/div><div class=\"vlp-layout-zone-main\"><div class=\"vlp-block-0 vlp-link-title\">Syria\u2019s leader proclaims \u2018new history\u2019 after signing constitutional declaration<\/div><div class=\"vlp-block-1 vlp-link-summary\">Five-year transition period declared along with rights for women, freedom of expression and justice for Assad victims<\/div><\/div><\/div>\n\n<div class=\"vlp-link-container vlp-layout-basic wp-block-visual-link-preview-link\"><a href=\"https:\/\/www.pbs.org\/newshour\/world\/china-russia-and-iran-call-for-end-to-u-s-sanctions-on-iran-and-restart-of-nuclear-talks\" class=\"vlp-link\" title=\"China, Russia and Iran call for end to U.S. sanctions on Iran and restart of nuclear talks\" rel=\"nofollow\" target=\"_blank\"><\/a><div class=\"vlp-layout-zone-side\"><div class=\"vlp-block-2 vlp-link-image\"><img decoding=\"async\" src=\"https:\/\/d3i6fh83elv35t.cloudfront.net\/static\/2025\/03\/2025-03-14T063958Z_1320297525_RC2TCDA38BD0_RTRMADP_3_IRAN-NUCLEAR-CHINA-RUSSIA-1024x683.jpg\" style=\"max-width: 150px; max-height: 150px\" \/><\/div><\/div><div class=\"vlp-layout-zone-main\"><div class=\"vlp-block-0 vlp-link-title\">China, Russia and Iran call for end to U.S. sanctions on Iran and restart of nuclear talks<\/div><div class=\"vlp-block-1 vlp-link-summary\">Representatives of China, Russia and Iran called Friday for an end to U.S. sanctions on Iran over its rapidly advancing nuclear program and a restart to multinational talks on the issue.<\/div><\/div><\/div>\n\n<div class=\"vlp-link-container vlp-layout-basic wp-block-visual-link-preview-link\"><a href=\"https:\/\/www.dw.com\/en\/russia-whats-happening-with-the-ukrainian-army-in-kursk\/a-71927722\" class=\"vlp-link\" title=\"Russia: What\u2019s happening with the Ukrainian army in Kursk? \u2013 DW \u2013 03\/14\/2025\" rel=\"nofollow\" target=\"_blank\"><\/a><div class=\"vlp-layout-zone-side\"><div class=\"vlp-block-2 vlp-link-image\"><img decoding=\"async\" src=\"https:\/\/static.dw.com\/image\/71830369_6.jpg\" style=\"max-width: 150px; max-height: 150px\" \/><\/div><\/div><div class=\"vlp-layout-zone-main\"><div class=\"vlp-block-0 vlp-link-title\">Russia: What\u2019s happening with the Ukrainian army in Kursk? \u2013 DW \u2013 03\/14\/2025<\/div><div class=\"vlp-block-1 vlp-link-summary\">The situation of Ukrainian troops in the Russian region of Kursk is becoming increasingly difficult. Are they now withdrawing completely? What is the experts\u2019 view of this Ukrainian operation on Russian territory?<\/div><\/div><\/div>\n\n<div class=\"vlp-link-container vlp-layout-basic wp-block-visual-link-preview-link\"><a href=\"https:\/\/youtu.be\/bAjLHyMI_O8?si=yC_fTusCdoRdenqO\" class=\"vlp-link\" title=\"Global Capitalism: The Old Cold War Fades, A New One Expands\" rel=\"nofollow\" target=\"_blank\"><\/a><div class=\"vlp-layout-zone-side\"><div class=\"vlp-block-2 vlp-link-image\"><img decoding=\"async\" src=\"https:\/\/i.ytimg.com\/vi\/bAjLHyMI_O8\/maxresdefault.jpg\" style=\"max-width: 150px; max-height: 150px\" \/><\/div><\/div><div class=\"vlp-layout-zone-main\"><div class=\"vlp-block-0 vlp-link-title\">Global Capitalism: The Old Cold War Fades, A New One Expands<\/div><div class=\"vlp-block-1 vlp-link-summary\">Professor Wolff will present four key points that reveal the emergence of a new Cold War the U.S. has embarked upon in response to the rise of global allianc\u2026<\/div><\/div><\/div>\n\n<div class=\"vlp-link-container vlp-layout-basic wp-block-visual-link-preview-link\"><a href=\"https:\/\/apnews.com\/article\/zeldin-epa-endangerment-climate-mccarthy-whitman-reilly-06e86474cd2a56251e1532699f59305d\" class=\"vlp-link\" title=\"Trump environmental rollbacks would boost pollution and endanger lives, former EPA heads say\" rel=\"nofollow\" target=\"_blank\"><\/a><div class=\"vlp-layout-zone-side\"><div class=\"vlp-block-2 vlp-link-image\"><img decoding=\"async\" src=\"https:\/\/dims.apnews.com\/dims4\/default\/1aca8d5\/2147483647\/strip\/true\/crop\/2217x1247+0+115\/resize\/1440x810!\/quality\/90\/?url=https%3A%2F%2Fassets.apnews.com%2F6e%2Ff7%2Fc85475a8edf76aa977914ba6c29a%2F7acd5d2ed3ef413e93a50cdbf7d841e3\" style=\"max-width: 150px; max-height: 150px\" \/><\/div><\/div><div class=\"vlp-layout-zone-main\"><div class=\"vlp-block-0 vlp-link-title\">Trump environmental rollbacks would boost pollution and endanger lives, former EPA heads say<\/div><div class=\"vlp-block-1 vlp-link-summary\">Three former Environmental Protection Agency leaders say rollbacks proposed by the Trump administration endanger the lives of millions of Americans and abandon the agency\u2019s mission to protect the environment and human health.<\/div><\/div><\/div>\n\n<div class=\"vlp-link-container vlp-layout-basic wp-block-visual-link-preview-link\"><a href=\"https:\/\/apnews.com\/article\/columbia-university-mahmoud-khalil-ice-arrests-3a8db6e646b786a721089a6f0bc8d9fc\" class=\"vlp-link\" title=\"The Justice Department is investigating whether Columbia University hid students sought by the US\" rel=\"nofollow\" target=\"_blank\"><\/a><div class=\"vlp-layout-zone-side\"><div class=\"vlp-block-2 vlp-link-image\"><img decoding=\"async\" src=\"https:\/\/dims.apnews.com\/dims4\/default\/184e8ca\/2147483647\/strip\/true\/crop\/3500x1969+0+183\/resize\/1440x810!\/quality\/90\/?url=https%3A%2F%2Fassets.apnews.com%2F32%2Fe9%2F33b2e3fcbc45c48f17138ec220c3%2F1b3a448b9b76423b8bef2acefb3ab349\" style=\"max-width: 150px; max-height: 150px\" \/><\/div><\/div><div class=\"vlp-layout-zone-main\"><div class=\"vlp-block-0 vlp-link-title\">The Justice Department is investigating whether Columbia University hid students sought by the US<\/div><div class=\"vlp-block-1 vlp-link-summary\">A top U.S. Justice Department official says the department is investigating whether Columbia University concealed \u201cillegal aliens\u201d on its campus.<\/div><\/div><\/div>\n\n<div class=\"vlp-link-container vlp-layout-basic wp-block-visual-link-preview-link\"><a href=\"https:\/\/www.axios.com\/2025\/03\/14\/columbia-self-deport-arrests-protests-mahmoud-khalil\" class=\"vlp-link\" title=\"One Columbia student leaves country, another arrested as DHS targets protesters\" rel=\"nofollow\" target=\"_blank\"><\/a><div class=\"vlp-layout-zone-side\"><div class=\"vlp-block-2 vlp-link-image\"><img decoding=\"async\" src=\"https:\/\/images.axios.com\/Y-r5AX5fHshN6SLG3pVbCpuNYSg=\/0x424:7200x4474\/1366x768\/2025\/03\/14\/1741970590007.jpg\" style=\"max-width: 150px; max-height: 150px\" \/><\/div><\/div><div class=\"vlp-layout-zone-main\"><div class=\"vlp-block-0 vlp-link-title\">One Columbia student leaves country, another arrested as DHS targets protesters<\/div><div class=\"vlp-block-1 vlp-link-summary\">The State Department is exercising a seldom-used power to remove legal immigrants connected to protests.<\/div><\/div><\/div>\n\n<div class=\"vlp-link-container vlp-layout-basic wp-block-visual-link-preview-link\"><a href=\"https:\/\/www.theguardian.com\/us-news\/2025\/mar\/14\/israel-betar-deportation-list-trump\" class=\"vlp-link\" title=\"Pro-Israel group says it has \u2018deportation list\u2019 and has sent \u2018thousands\u2019 of names to Trump officials\" rel=\"nofollow\" target=\"_blank\"><\/a><div class=\"vlp-layout-zone-side\"><div class=\"vlp-block-2 vlp-link-image\"><img decoding=\"async\" src=\"https:\/\/i.guim.co.uk\/img\/media\/e608ccd0311fa4f050dc21294204912bbc377e13\/0_133_4000_2400\/master\/4000.jpg?width=1200&amp;height=630&amp;quality=85&amp;auto=format&amp;fit=crop&amp;overlay-align=bottom%2Cleft&amp;overlay-width=100p&amp;overlay-base64=L2ltZy9zdGF0aWMvb3ZlcmxheXMvdGctZGVmYXVsdC5wbmc&amp;enable=upscale&amp;s=9951c54488014fafbad8e4e649948836\" style=\"max-width: 150px; max-height: 150px\" \/><\/div><\/div><div class=\"vlp-layout-zone-main\"><div class=\"vlp-block-0 vlp-link-title\">Pro-Israel group says it has \u2018deportation list\u2019 and has sent \u2018thousands\u2019 of names to Trump officials<\/div><div class=\"vlp-block-1 vlp-link-summary\">Betar US is among far-right groups supporting Trump effort to deport students involved in pro-Palestinian protests<\/div><\/div><\/div>\n\n<div class=\"vlp-link-container vlp-layout-basic wp-block-visual-link-preview-link\"><a href=\"https:\/\/apnews.com\/article\/columbia-university-protests-khalil-trump-tower-8e2f455134a2f1b82458e32aecbb59f7\" class=\"vlp-link\" title=\"Jewish protesters flood Trump Tower\u2019s lobby to demand Mahmoud Khalil\u2019s release\" rel=\"nofollow\" target=\"_blank\"><\/a><div class=\"vlp-layout-zone-side\"><div class=\"vlp-block-2 vlp-link-image\"><img decoding=\"async\" src=\"https:\/\/dims.apnews.com\/dims4\/default\/8247f6c\/2147483647\/strip\/true\/crop\/6929x3898+0+276\/resize\/1440x810!\/quality\/90\/?url=https%3A%2F%2Fassets.apnews.com%2Fdc%2F89%2F3e2bd2a2f779509293f1f602e6e5%2Fd1e2b05dda584d50952f2ff38bd0cad1\" style=\"max-width: 150px; max-height: 150px\" \/><\/div><\/div><div class=\"vlp-layout-zone-main\"><div class=\"vlp-block-0 vlp-link-title\">Jewish protesters flood Trump Tower\u2019s lobby to demand Mahmoud Khalil\u2019s release<\/div><div class=\"vlp-block-1 vlp-link-summary\">Police have arrested dozens of demonstrators from a Jewish group who filled the lobby of Trump Tower to denounce the immigration arrest of Mahmoud Khalil, a pro-Palestinian activist who helped lead protests against Israel at Columbia University.<\/div><\/div><\/div>\n\n<div class=\"vlp-link-container vlp-layout-basic wp-block-visual-link-preview-link\"><a href=\"https:\/\/www.columbiaspectator.com\/news\/2025\/03\/13\/ujb-issues-expulsions-degree-revocations-and-suspensions-for-hamilton-hall-occupation\/\" class=\"vlp-link\" title=\"UJB issues expulsions, degree revocations, and suspensions for Hamilton Hall occupation\" rel=\"nofollow\" target=\"_blank\"><\/a><div class=\"vlp-layout-zone-side\"><div class=\"vlp-block-2 vlp-link-image\"><img decoding=\"async\" src=\"https:\/\/cloudfront-us-east-1.images.arcpublishing.com\/spectator\/52LAUGH7OFADNEPSRN6Z4UNU5E.jpg\" style=\"max-width: 150px; max-height: 150px\" \/><\/div><\/div><div class=\"vlp-layout-zone-main\"><div class=\"vlp-block-0 vlp-link-title\">UJB issues expulsions, degree revocations, and suspensions for Hamilton Hall occupation<\/div><div class=\"vlp-block-1 vlp-link-summary\"><i>Updated March 13 at 10:29 p.m.<\/i><\/div><\/div><\/div>\n\n<div class=\"vlp-link-container vlp-layout-basic wp-block-visual-link-preview-link\"><a href=\"https:\/\/www.cnn.com\/2025\/03\/13\/politics\/alien-enemies-act-deportation-consideration\/index.html\" class=\"vlp-link\" title=\"Trump expected to invoke wartime authority to speed up mass deportation effort in coming days | CNN Politics\" rel=\"nofollow\" target=\"_blank\"><\/a><div class=\"vlp-layout-zone-side\"><div class=\"vlp-block-2 vlp-link-image\"><img decoding=\"async\" src=\"https:\/\/media.cnn.com\/api\/v1\/images\/stellar\/prod\/c-2024-12-19t224709z-356824584-rc27sbawvu55-rtrmadp-3-migration-usa-mexico.jpg?c=16x9&amp;q=w_800,c_fill\" style=\"max-width: 150px; max-height: 150px\" \/><\/div><\/div><div class=\"vlp-layout-zone-main\"><div class=\"vlp-block-0 vlp-link-title\">Trump expected to invoke wartime authority to speed up mass deportation effort in coming days | CNN Politics<\/div><div class=\"vlp-block-1 vlp-link-summary\">The Trump administration is expected to invoke a sweeping wartime authority to speed up the president\u2019s mass deportation pledge in the coming days, according to four sources familiar with the discussions.<\/div><\/div><\/div>\n\n<div class=\"vlp-link-container vlp-layout-basic wp-block-visual-link-preview-link\"><a href=\"https:\/\/youtu.be\/rCBt4XgCX-0?si=4JiwuDcofY7xM6Ee\" class=\"vlp-link\" title=\"Why Trump is obsessed with annexing Greenland\" rel=\"nofollow\" target=\"_blank\"><\/a><div class=\"vlp-layout-zone-side\"><div class=\"vlp-block-2 vlp-link-image\"><img decoding=\"async\" src=\"https:\/\/i.ytimg.com\/vi\/rCBt4XgCX-0\/maxresdefault.jpg\" style=\"max-width: 150px; max-height: 150px\" \/><\/div><\/div><div class=\"vlp-layout-zone-main\"><div class=\"vlp-block-0 vlp-link-title\">Why Trump is obsessed with annexing Greenland<\/div><div class=\"vlp-block-1 vlp-link-summary\">Despite Trump\u2019s rhetoric, there are sincere strategic reasons why the US wants Greenland \u2013 be it trade routes, natural resources, strategic sites, security t\u2026<\/div><\/div><\/div>\n\n<div class=\"vlp-link-container vlp-layout-basic wp-block-visual-link-preview-link\"><a href=\"https:\/\/apnews.com\/article\/mexico-disappeared-jalisco-cartel-64ee834c5c23440aae53267428ccc5c9\" class=\"vlp-link\" title=\"Mexicans searching for missing relatives uncover possible mass killing site in Jalisco state\" rel=\"nofollow\" target=\"_blank\"><\/a><div class=\"vlp-layout-zone-side\"><div class=\"vlp-block-2 vlp-link-image\"><img decoding=\"async\" src=\"https:\/\/dims.apnews.com\/dims4\/default\/b8fc885\/2147483647\/strip\/true\/crop\/4100x2306+0+213\/resize\/1440x810!\/quality\/90\/?url=https%3A%2F%2Fassets.apnews.com%2F66%2Fdf%2F0303dd8675ee41f0ec437fcfddf5%2F3e8052daa3ed4c648c5fdfcf73a2e493\" style=\"max-width: 150px; max-height: 150px\" \/><\/div><\/div><div class=\"vlp-layout-zone-main\"><div class=\"vlp-block-0 vlp-link-title\">Mexicans searching for missing relatives uncover possible mass killing site in Jalisco state<\/div><div class=\"vlp-block-1 vlp-link-summary\">When a group of citizens searching for missing relatives in the western state of Jalisco arrived at a remote ranch outside Mexico\u2019s second-largest city last week on an anonymous tip, all they had to do was push open the unlocked gate.<\/div><\/div><\/div>\n\n<div class=\"vlp-link-container vlp-layout-basic wp-block-visual-link-preview-link\"><a href=\"https:\/\/apnews.com\/article\/argentina-protests-retirees-milei-soccer-fans-1a273ac6f088465ff1cf989eeff216e1\" class=\"vlp-link\" title=\"Argentine retirees and soccer fans clash with police during protests against austerity measures\" rel=\"nofollow\" target=\"_blank\"><\/a><div class=\"vlp-layout-zone-side\"><div class=\"vlp-block-2 vlp-link-image\"><img decoding=\"async\" src=\"https:\/\/dims.apnews.com\/dims4\/default\/2a7a51d\/2147483647\/strip\/true\/crop\/7725x4345+0+402\/resize\/1440x810!\/quality\/90\/?url=https%3A%2F%2Fassets.apnews.com%2Fdc%2F90%2F72e0ae54669c306f257242023050%2F2fc04e96b86845adbd81c01c121a1824\" style=\"max-width: 150px; max-height: 150px\" \/><\/div><\/div><div class=\"vlp-layout-zone-main\"><div class=\"vlp-block-0 vlp-link-title\">Argentine retirees and soccer fans clash with police during protests against austerity measures<\/div><div class=\"vlp-block-1 vlp-link-summary\">Argentine retirees and fans of several soccer teams have clashed with police during a protest in front of Congress in the capital, Buenos Aires, against the economic policies implemented by the government of President Javier Milei.<\/div><\/div><\/div>\n\n<div class=\"vlp-link-container vlp-layout-basic wp-block-visual-link-preview-link\"><a href=\"https:\/\/www.theguardian.com\/world\/2025\/mar\/13\/israeli-attacks-on-womens-healthcare-in-gaza-amount-to-genocidal-acts-un-says\" class=\"vlp-link\" title=\"Israeli attacks on Gaza maternity wards and IVF clinic \u2018genocidal acts\u2019, says UN\" rel=\"nofollow\" target=\"_blank\"><\/a><div class=\"vlp-layout-zone-side\"><div class=\"vlp-block-2 vlp-link-image\"><img decoding=\"async\" src=\"https:\/\/i.guim.co.uk\/img\/media\/bfc0893e086a8bf6e1da2cd98c641f82640e66df\/0_137_5500_3300\/master\/5500.jpg?width=1200&amp;height=630&amp;quality=85&amp;auto=format&amp;fit=crop&amp;overlay-align=bottom%2Cleft&amp;overlay-width=100p&amp;overlay-base64=L2ltZy9zdGF0aWMvb3ZlcmxheXMvdGctZGVmYXVsdC5wbmc&amp;enable=upscale&amp;s=26b744a260e93d55d828c166db6b5690\" style=\"max-width: 150px; max-height: 150px\" \/><\/div><\/div><div class=\"vlp-layout-zone-main\"><div class=\"vlp-block-0 vlp-link-title\">Israeli attacks on Gaza maternity wards and IVF clinic \u2018genocidal acts\u2019, says UN<\/div><div class=\"vlp-block-1 vlp-link-summary\">Israeli forces have used sexual violence as weapon to \u2018dominate and destroy\u2019 Palestinian people, report also says<\/div><\/div><\/div>\n\n<div class=\"vlp-link-container vlp-layout-basic wp-block-visual-link-preview-link\"><a href=\"https:\/\/www.npr.org\/2025\/03\/13\/nx-s1-5327437\/israel-damascus-airstrike-islamic-jihad-syria\" class=\"vlp-link\" title=\"Israel targets what it says was an Islamic Jihad command center in Damascus\" rel=\"nofollow\" target=\"_blank\"><\/a><div class=\"vlp-layout-zone-side\"><div class=\"vlp-block-2 vlp-link-image\"><img decoding=\"async\" src=\"https:\/\/npr.brightspotcdn.com\/dims3\/default\/strip\/false\/crop\/4801x2701+0+0\/resize\/1400\/quality\/100\/format\/jpeg\/?url=http%3A%2F%2Fnpr-brightspot.s3.amazonaws.com%2F4b%2F84%2Fbe5cc0d24438bea1b86548c6c7f5%2Fgarthwaite-npr-6.jpg\" style=\"max-width: 150px; max-height: 150px\" \/><\/div><\/div><div class=\"vlp-layout-zone-main\"><div class=\"vlp-block-0 vlp-link-title\">Israel targets what it says was an Islamic Jihad command center in Damascus<\/div><div class=\"vlp-block-1 vlp-link-summary\">An Israeli airstrike targeted a building in an upscale neighborhood, destroying an apartment that neighbors said had been vacant for years.<\/div><\/div><\/div>\n\n<div class=\"vlp-link-container vlp-layout-basic wp-block-visual-link-preview-link\"><a href=\"https:\/\/www.theguardian.com\/us-news\/2025\/mar\/12\/mahmoud-khalil-hearing-federal-judge\" class=\"vlp-link\" title=\"US relies on rare foreign policy provision to try to deport Mahmoud Khalil\" rel=\"nofollow\" target=\"_blank\"><\/a><div class=\"vlp-layout-zone-side\"><div class=\"vlp-block-2 vlp-link-image\"><img decoding=\"async\" src=\"https:\/\/i.guim.co.uk\/img\/media\/f8c80be0b8bd4eece6f9e343a44b4ae45a3e5507\/0_275_4107_2463\/master\/4107.jpg?width=1200&amp;height=630&amp;quality=85&amp;auto=format&amp;fit=crop&amp;overlay-align=bottom%2Cleft&amp;overlay-width=100p&amp;overlay-base64=L2ltZy9zdGF0aWMvb3ZlcmxheXMvdGctZGVmYXVsdC5wbmc&amp;enable=upscale&amp;s=05d9efd06169166547bbd7527e440b5e\" style=\"max-width: 150px; max-height: 150px\" \/><\/div><\/div><div class=\"vlp-layout-zone-main\"><div class=\"vlp-block-0 vlp-link-title\">US relies on rare foreign policy provision to try to deport Mahmoud Khalil<\/div><div class=\"vlp-block-1 vlp-link-summary\">Court document claims \u2018potentially serious foreign policy consequences\u2019 amid outcry over Palestinian activist\u2019s arrest<\/div><\/div><\/div>\n\n<div class=\"vlp-link-container vlp-layout-basic wp-block-visual-link-preview-link\"><a href=\"https:\/\/www.cnn.com\/2025\/03\/12\/us\/mahmoud-khalil-trump-columbia-university\/index.html\" class=\"vlp-link\" title=\"Palestinian activist Mahmoud Khalil will remain in ICE detention in Louisiana after first court hearing | CNN\" rel=\"nofollow\" target=\"_blank\"><\/a><div class=\"vlp-layout-zone-side\"><div class=\"vlp-block-2 vlp-link-image\"><img decoding=\"async\" src=\"https:\/\/media.cnn.com\/api\/v1\/images\/stellar\/prod\/usatsi-23150134.jpg?c=16x9&amp;q=w_800,c_fill\" style=\"max-width: 150px; max-height: 150px\" \/><\/div><\/div><div class=\"vlp-layout-zone-main\"><div class=\"vlp-block-0 vlp-link-title\">Palestinian activist Mahmoud Khalil will remain in ICE detention in Louisiana after first court hearing | CNN<\/div><div class=\"vlp-block-1 vlp-link-summary\">Prominent Palestinian activist Mahmoud Khalil will remain in an ICE detention facility in Louisiana for now following a procedural hearing in New York, days after he was arrested by federal officials at his Columbia University residence in an attempt by the Trump administration to deport him.<\/div><\/div><\/div>\n\n<div class=\"vlp-link-container vlp-layout-basic wp-block-visual-link-preview-link\"><a href=\"https:\/\/youtu.be\/7vHyixlLWWk?si=__zYITV9ohZawB9a\" class=\"vlp-link\" title=\"How activists are disrupting the supply chain of weapons to Israel\" rel=\"nofollow\" target=\"_blank\"><\/a><div class=\"vlp-layout-zone-side\"><div class=\"vlp-block-2 vlp-link-image\"><img decoding=\"async\" src=\"https:\/\/i.ytimg.com\/vi\/7vHyixlLWWk\/maxresdefault.jpg\" style=\"max-width: 150px; max-height: 150px\" \/><\/div><\/div><div class=\"vlp-layout-zone-main\"><div class=\"vlp-block-0 vlp-link-title\">How activists are disrupting the supply chain of weapons to Israel<\/div><div class=\"vlp-block-1 vlp-link-summary\">The Mask Off Maersk campaign recently submitted a report to the United Nations in response to a call by Francesca Albanese, the UN special rapporteur on Pale\u2026<\/div><\/div><\/div>\n\n<div class=\"vlp-link-container vlp-layout-basic wp-block-visual-link-preview-link\"><a href=\"https:\/\/www.youtube.com\/live\/Q-DGOLRSYWU?si=-tCf4xQ3JB-9lk-E\" class=\"vlp-link\" title=\"#BuildAndFight: Part 2 with Kali Akuno\" rel=\"nofollow\" target=\"_blank\"><\/a><div class=\"vlp-layout-zone-side\"><div class=\"vlp-block-2 vlp-link-image\"><img decoding=\"async\" src=\"https:\/\/i.ytimg.com\/vi\/Q-DGOLRSYWU\/maxresdefault.jpg\" style=\"max-width: 150px; max-height: 150px\" \/><\/div><\/div><div class=\"vlp-layout-zone-main\"><div class=\"vlp-block-0 vlp-link-title\">#BuildAndFight: Part 2 with Kali Akuno<\/div><div class=\"vlp-block-1 vlp-link-summary\">Mutual Aid and Social Reproduction The Build and Fight Formula is a program for the radical transformation of society. Kali Akuno, Co-founder and Executive D\u2026<\/div><\/div><\/div>\n\n<div class=\"vlp-link-container vlp-layout-basic wp-block-visual-link-preview-link\"><a href=\"https:\/\/apnews.com\/article\/austria-new-government-migration-family-reunions-2621ad0698df0512ffa5fb78a0d15216\" class=\"vlp-link\" title=\"Austria\u2019s new government is stopping family reunions immediately for migrants\" rel=\"nofollow\" target=\"_blank\"><\/a><div class=\"vlp-layout-zone-side\"><div class=\"vlp-block-2 vlp-link-image\"><img decoding=\"async\" src=\"https:\/\/dims.apnews.com\/dims4\/default\/ffa4e2c\/2147483647\/strip\/true\/crop\/6949x3909+0+362\/resize\/1440x810!\/quality\/90\/?url=https%3A%2F%2Fassets.apnews.com%2Fcc%2F9d%2F7353f5009bc895d816ff9fb0e568%2Fcff13850be89453c9d9c741ddafea2f9\" style=\"max-width: 150px; max-height: 150px\" \/><\/div><\/div><div class=\"vlp-layout-zone-main\"><div class=\"vlp-block-0 vlp-link-title\">Austria\u2019s new government is stopping family reunions immediately for migrants<\/div><div class=\"vlp-block-1 vlp-link-summary\">The new Austrian government says it has decided to immediately stop family reunion procedures for migrants because the country is no longer able to absorb newcomers adequately.<\/div><\/div><\/div>\n\n<div class=\"vlp-link-container vlp-layout-basic wp-block-visual-link-preview-link\"><a href=\"https:\/\/www.theguardian.com\/environment\/2025\/mar\/11\/only-seven-countries-worldwide-meet-who-dirty-air-guidelines-study-shows\" class=\"vlp-link\" title=\"Only seven countries worldwide meet WHO dirty air guidelines, study shows\" rel=\"nofollow\" target=\"_blank\"><\/a><div class=\"vlp-layout-zone-side\"><div class=\"vlp-block-2 vlp-link-image\"><img decoding=\"async\" src=\"https:\/\/i.guim.co.uk\/img\/media\/0e329329d31fb07fe8d8de392c44a053a2682b22\/0_62_2203_1322\/master\/2203.jpg?width=1200&amp;height=630&amp;quality=85&amp;auto=format&amp;fit=crop&amp;overlay-align=bottom%2Cleft&amp;overlay-width=100p&amp;overlay-base64=L2ltZy9zdGF0aWMvb3ZlcmxheXMvdGctZGVmYXVsdC5wbmc&amp;enable=upscale&amp;s=c77f5e2ad6311cdd85ed5b7f618629fb\" style=\"max-width: 150px; max-height: 150px\" \/><\/div><\/div><div class=\"vlp-layout-zone-main\"><div class=\"vlp-block-0 vlp-link-title\">Only seven countries worldwide meet WHO dirty air guidelines, study shows<\/div><div class=\"vlp-block-1 vlp-link-summary\">Annual survey by IQAir based on toxic PM2.5 particles reveals some progress in pollution levels in India and China<\/div><\/div><\/div>\n\n<div class=\"vlp-link-container vlp-layout-basic wp-block-visual-link-preview-link\"><a href=\"https:\/\/oceanographicmagazine.com\/news\/over-800-new-species-discovered-in-worlds-biggest-ocean-mission\/\" class=\"vlp-link\" title=\"Over 800 new species discovered in world\u2019s biggest ocean mission - Oceanographic\" rel=\"nofollow\" target=\"_blank\"><\/a><div class=\"vlp-layout-zone-side\"><div class=\"vlp-block-2 vlp-link-image\"><img decoding=\"async\" src=\"https:\/\/cdn.oceanographicmagazine.com\/wp-content\/uploads\/2025\/03\/10111918\/2-Guitar-Shark_Rhinobatos-sp.-The-Nippon-Foundation-Nekton-Ocean-Census-_-Sergey-Bogorodsky-%C2%A9-2025.jpg\" style=\"max-width: 150px; max-height: 150px\" \/><\/div><\/div><div class=\"vlp-layout-zone-main\"><div class=\"vlp-block-0 vlp-link-title\">Over 800 new species discovered in world\u2019s biggest ocean mission &#8211; Oceanographic<\/div><div class=\"vlp-block-1 vlp-link-summary\">Ocean Census has recorded 866 new marine species including sharks and coral in a giant leap forward in unmasking the mysteries of the ocean.<\/div><\/div><\/div>\n\n<div class=\"vlp-link-container vlp-layout-basic wp-block-visual-link-preview-link\"><a href=\"https:\/\/www.politico.eu\/article\/vladimir-putin-russian-troops-kursk-war-in-ukraine-peace-talks\/\" class=\"vlp-link\" title=\"Putin orders swift expulsion of Ukrainian forces before peace talks\" rel=\"nofollow\" target=\"_blank\"><\/a><div class=\"vlp-layout-zone-side\"><div class=\"vlp-block-2 vlp-link-image\"><img decoding=\"async\" src=\"https:\/\/www.politico.eu\/cdn-cgi\/image\/width=1200,height=630,fit=crop,quality=80,onerror=redirect\/wp-content\/uploads\/2025\/03\/12\/GettyImages-2167139875-scaled.jpg\" style=\"max-width: 150px; max-height: 150px\" \/><\/div><\/div><div class=\"vlp-layout-zone-main\"><div class=\"vlp-block-0 vlp-link-title\">Putin orders swift expulsion of Ukrainian forces before peace talks<\/div><div class=\"vlp-block-1 vlp-link-summary\">The Russian leader promised to treat captured forces as \u201cterrorists.\u201d<\/div><\/div><\/div>\n\n<div class=\"vlp-link-container vlp-layout-basic wp-block-visual-link-preview-link\"><a href=\"https:\/\/www.bbc.com\/news\/articles\/c9819r2en4do\" class=\"vlp-link\" title=\"Rodrigo Duterte: Ex-Philippine leader in The Hague after drug war arrest\" rel=\"nofollow\" target=\"_blank\"><\/a><div class=\"vlp-layout-zone-side\"><div class=\"vlp-block-2 vlp-link-image\"><img decoding=\"async\" src=\"https:\/\/ichef.bbci.co.uk\/news\/1024\/branded_news\/2a03\/live\/2a2f9280-fef8-11ef-8f2f-f3e95adf551f.jpg\" style=\"max-width: 150px; max-height: 150px\" \/><\/div><\/div><div class=\"vlp-layout-zone-main\"><div class=\"vlp-block-0 vlp-link-title\">Rodrigo Duterte: Ex-Philippine leader in The Hague after drug war arrest<\/div><div class=\"vlp-block-1 vlp-link-summary\">Duterte, who led a \u201cdrug war\u201d that killed thousands, was arrested for alleged crimes against humanity.<\/div><\/div><\/div>\n\n<div class=\"vlp-link-container vlp-layout-basic wp-block-visual-link-preview-link\"><a href=\"https:\/\/www.politico.eu\/article\/greenlanders-say-no-donald-trump-key-election-independence\/\" class=\"vlp-link\" title=\"Greenlanders say no to Trump as rare earths loom over coalition talks\" rel=\"nofollow\" target=\"_blank\"><\/a><div class=\"vlp-layout-zone-side\"><div class=\"vlp-block-2 vlp-link-image\"><img decoding=\"async\" src=\"https:\/\/www.politico.eu\/cdn-cgi\/image\/width=1200,height=630,fit=crop,quality=80,onerror=redirect\/wp-content\/uploads\/2025\/03\/12\/GettyImages-2204040028.jpg\" style=\"max-width: 150px; max-height: 150px\" \/><\/div><\/div><div class=\"vlp-layout-zone-main\"><div class=\"vlp-block-0 vlp-link-title\">Greenlanders say no to Trump as rare earths loom over coalition talks<\/div><div class=\"vlp-block-1 vlp-link-summary\">Election throws up surprise result as independence from Denmark remains tough to define.<\/div><\/div><\/div>\n\n<div class=\"vlp-link-container vlp-layout-basic wp-block-visual-link-preview-link\"><a href=\"https:\/\/www.theguardian.com\/us-news\/2025\/mar\/12\/republican-misgenders-sarah-mcbride\" class=\"vlp-link\" title=\"House hearing ends abruptly after Republican misgenders trans member\" rel=\"nofollow\" target=\"_blank\"><\/a><div class=\"vlp-layout-zone-side\"><div class=\"vlp-block-2 vlp-link-image\"><img decoding=\"async\" src=\"https:\/\/i.guim.co.uk\/img\/media\/4a1059254e8f3f1a2e905e082d62ce49c4a5e29c\/0_54_2820_1692\/master\/2820.jpg?width=1200&amp;height=630&amp;quality=85&amp;auto=format&amp;fit=crop&amp;overlay-align=bottom%2Cleft&amp;overlay-width=100p&amp;overlay-base64=L2ltZy9zdGF0aWMvb3ZlcmxheXMvdGctZGVmYXVsdC5wbmc&amp;enable=upscale&amp;s=d35c07d7db7dd35607759486535e74d6\" style=\"max-width: 150px; max-height: 150px\" \/><\/div><\/div><div class=\"vlp-layout-zone-main\"><div class=\"vlp-block-0 vlp-link-title\">House hearing ends abruptly after Republican misgenders trans member<\/div><div class=\"vlp-block-1 vlp-link-summary\">Heated exchange after subcommittee chair Keith Self calls first out trans representative Sarah McBride \u2018Mr McBride\u2019<\/div><\/div><\/div>\n\n<div class=\"vlp-link-container vlp-layout-basic wp-block-visual-link-preview-link\"><a href=\"https:\/\/apnews.com\/article\/trump-eu-tariffs-countermeasures-806a3b9bcc9cd4e45817e672d95f0070\" class=\"vlp-link\" title=\"Canada and the EU swiftly retaliate against Trump\u2019s steel and aluminum tariffs\" rel=\"nofollow\" target=\"_blank\"><\/a><div class=\"vlp-layout-zone-side\"><div class=\"vlp-block-2 vlp-link-image\"><img decoding=\"async\" src=\"https:\/\/dims.apnews.com\/dims4\/default\/7fdf8e7\/2147483647\/strip\/true\/crop\/7423x4175+0+386\/resize\/1440x810!\/quality\/90\/?url=https%3A%2F%2Fassets.apnews.com%2Fe4%2F0e%2Ff4728ecb8b9244aa8f3d4ca09d04%2Fa986d643be25479ba3a16763fdec95de\" style=\"max-width: 150px; max-height: 150px\" \/><\/div><\/div><div class=\"vlp-layout-zone-main\"><div class=\"vlp-block-0 vlp-link-title\">Canada and the EU swiftly retaliate against Trump\u2019s steel and aluminum tariffs<\/div><div class=\"vlp-block-1 vlp-link-summary\">European Commission President Ursula von der Leyen said as the United States is \u201capplying tariffs worth 28 billion dollars, we are responding with countermeasures worth 26 billion euros,\u201d or about $28 billion.<\/div><\/div><\/div>\n\n<div class=\"vlp-link-container vlp-layout-basic wp-block-visual-link-preview-link\"><a href=\"https:\/\/www.youtube.com\/live\/3_Lj8P-R5Kg?si=fX79ATfojMt5TImm\" class=\"vlp-link\" title=\"Beyond exploration: Workers self manegment for a new era\" rel=\"nofollow\" target=\"_blank\"><\/a><div class=\"vlp-layout-zone-side\"><div class=\"vlp-block-2 vlp-link-image\"><img decoding=\"async\" src=\"https:\/\/i.ytimg.com\/vi\/3_Lj8P-R5Kg\/maxresdefault.jpg?sqp=-oaymwEmCIAKENAF8quKqQMa8AEB-AH-CYAC0AWKAgwIABABGFogWihlMA8=&amp;rs=AOn4CLC-XJP77q-FJ6ipGpQXvfL7HBMV4Q\" style=\"max-width: 150px; max-height: 150px\" \/><\/div><\/div><div class=\"vlp-layout-zone-main\"><div class=\"vlp-block-0 vlp-link-title\">Beyond exploration: Workers self manegment for a new era<\/div><\/div><\/div>\n\n<div class=\"vlp-link-container vlp-layout-basic wp-block-visual-link-preview-link\"><a href=\"https:\/\/www.youtube.com\/live\/1tRhIVCUfBc?si=obI7F5AZ8kygrxcU\" class=\"vlp-link\" title=\"Kali Akuno reflects on first few weeks of the Trump Regime\" rel=\"nofollow\" target=\"_blank\"><\/a><div class=\"vlp-layout-zone-side\"><div class=\"vlp-block-2 vlp-link-image\"><img decoding=\"async\" src=\"https:\/\/i.ytimg.com\/vi\/1tRhIVCUfBc\/hqdefault.jpg?sqp=-oaymwEmCOADEOgC8quKqQMa8AEB-AH-CYAC0AWKAgwIABABGGUgZShlMA8=&amp;rs=AOn4CLAgv9uqm0dYTMrJFXcDvpA1xxks3w\" style=\"max-width: 150px; max-height: 150px\" \/><\/div><\/div><div class=\"vlp-layout-zone-main\"><div class=\"vlp-block-0 vlp-link-title\">Kali Akuno reflects on first few weeks of the Trump Regime<\/div><div class=\"vlp-block-1 vlp-link-summary\">Interview has been postponed. We will reschedule soon.\ud83c\udf99\ufe0f New to streaming or looking to level up? Check out StreamYard and get $10 discount! \ud83d\ude0d https:\/\/stre\u2026<\/div><\/div><\/div>\n\n<div class=\"vlp-link-container vlp-layout-basic wp-block-visual-link-preview-link\"><a href=\"https:\/\/www.theguardian.com\/world\/2025\/mar\/07\/surface-tension-could-the-promised-aukus-nuclear-submarines-simply-never-be-handed-over-to-australia\" class=\"vlp-link\" title=\"Surface tension: could the promised Aukus nuclear submarines simply never be handed over to Australia?\" rel=\"nofollow\" target=\"_blank\"><\/a><div class=\"vlp-layout-zone-side\"><div class=\"vlp-block-2 vlp-link-image\"><img decoding=\"async\" src=\"https:\/\/i.guim.co.uk\/img\/media\/03358105babacc1e53b1de3d073ea39378932019\/2_0_960_576\/master\/960.jpg?width=1200&amp;height=630&amp;quality=85&amp;auto=format&amp;fit=crop&amp;overlay-align=bottom%2Cleft&amp;overlay-width=100p&amp;overlay-base64=L2ltZy9zdGF0aWMvb3ZlcmxheXMvdGctZGVmYXVsdC5wbmc&amp;enable=upscale&amp;s=9f1b4eb3a50f8ca5f70d604a2f3cc744\" style=\"max-width: 150px; max-height: 150px\" \/><\/div><\/div><div class=\"vlp-layout-zone-main\"><div class=\"vlp-block-0 vlp-link-title\">Surface tension: could the promised Aukus nuclear submarines simply never be handed over to Australia?<\/div><div class=\"vlp-block-1 vlp-link-summary\">The multi-billion dollar deal was heralded as ensuring the security of the Indo-Pacific. But with America an increasingly unreliable ally, doubts are rising above the waves<\/div><\/div><\/div>\n\n<div class=\"vlp-link-container vlp-layout-basic wp-block-visual-link-preview-link\"><a href=\"https:\/\/www.theguardian.com\/global-development\/2025\/mar\/07\/here-you-will-die-detainees-speak-of-executions-starvation-and-beatings-at-hands-of-sudans-rapid-support-forces\" class=\"vlp-link\" title=\"\u2018Here you will die\u2019: detainees speak of executions, starvation and beatings at hands of Sudan\u2019s Rapid Support Forces\" rel=\"nofollow\" target=\"_blank\"><\/a><div class=\"vlp-layout-zone-side\"><div class=\"vlp-block-2 vlp-link-image\"><img decoding=\"async\" src=\"https:\/\/i.guim.co.uk\/img\/media\/0b7443dd328c37a96e82502b436207f1b5020219\/0_678_6466_3880\/master\/6466.jpg?width=1200&amp;height=630&amp;quality=85&amp;auto=format&amp;fit=crop&amp;overlay-align=bottom%2Cleft&amp;overlay-width=100p&amp;overlay-base64=L2ltZy9zdGF0aWMvb3ZlcmxheXMvdGctZGVmYXVsdC5wbmc&amp;enable=upscale&amp;s=a643e46119525468c14a112c9656228e\" style=\"max-width: 150px; max-height: 150px\" \/><\/div><\/div><div class=\"vlp-layout-zone-main\"><div class=\"vlp-block-0 vlp-link-title\">\u2018Here you will die\u2019: detainees speak of executions, starvation and beatings at hands of Sudan\u2019s Rapid Support Forces<\/div><div class=\"vlp-block-1 vlp-link-summary\">Haunting accounts of torture in newly found detention centre lead to calls for an investigation into what experts say could be among the worst atrocities of Sudan\u2019s civil war<\/div><\/div><\/div>\n\n<div class=\"vlp-link-container vlp-layout-basic wp-block-visual-link-preview-link\"><a href=\"https:\/\/www.theguardian.com\/world\/2025\/mar\/07\/president-yoon-suk-yeol-detention-cancelled-insurrection-case\" class=\"vlp-link\" title=\"South Korea court cancels President Yoon\u2019s detention as insurrection case continues\" rel=\"nofollow\" target=\"_blank\"><\/a><div class=\"vlp-layout-zone-side\"><div class=\"vlp-block-2 vlp-link-image\"><img decoding=\"async\" src=\"https:\/\/i.guim.co.uk\/img\/media\/3eb3b9d55b1546d7e4b9fe60d5c3e144f48c8832\/0_373_6000_3600\/master\/6000.jpg?width=1200&amp;height=630&amp;quality=85&amp;auto=format&amp;fit=crop&amp;overlay-align=bottom%2Cleft&amp;overlay-width=100p&amp;overlay-base64=L2ltZy9zdGF0aWMvb3ZlcmxheXMvdGctZGVmYXVsdC5wbmc&amp;enable=upscale&amp;s=9767f6b43ad6f5cf7b9e29054e250b46\" style=\"max-width: 150px; max-height: 150px\" \/><\/div><\/div><div class=\"vlp-layout-zone-main\"><div class=\"vlp-block-0 vlp-link-title\">South Korea court cancels President Yoon\u2019s detention as insurrection case continues<\/div><div class=\"vlp-block-1 vlp-link-summary\">Police and supporters of impeached president gather at presidential residence in Seoul before his possible release<\/div><\/div><\/div>\n\n<div class=\"vlp-link-container vlp-layout-basic wp-block-visual-link-preview-link\"><a href=\"https:\/\/www.dw.com\/en\/arab-leaders-un-endorse-egypts-53-billion-gaza-plan\/a-71819003\" class=\"vlp-link\" title=\"Arab leaders, UN endorse Egypt\u2019s $53 billion Gaza plan \u2013 DW \u2013 03\/04\/2025\" rel=\"nofollow\" target=\"_blank\"><\/a><div class=\"vlp-layout-zone-side\"><div class=\"vlp-block-2 vlp-link-image\"><img decoding=\"async\" src=\"https:\/\/static.dw.com\/image\/71511133_6.jpg\" style=\"max-width: 150px; max-height: 150px\" \/><\/div><\/div><div class=\"vlp-layout-zone-main\"><div class=\"vlp-block-0 vlp-link-title\">Arab leaders, UN endorse Egypt\u2019s $53 billion Gaza plan \u2013 DW \u2013 03\/04\/2025<\/div><div class=\"vlp-block-1 vlp-link-summary\">Egypt\u2019s alternative to Trump\u2019s \u201cGaza Riviera\u201d plan is expected to cost $53 billion and take five years. Cairo says it will host a conference for Gaza reconstruction next month.<\/div><\/div><\/div>\n\n<div class=\"vlp-link-container vlp-layout-basic wp-block-visual-link-preview-link\"><a href=\"https:\/\/apnews.com\/article\/ukraine-britain-zelenskyy-europe-starmer-trump-russia-b980170ead74a1a7914c565f14ee6cc9\" class=\"vlp-link\" title=\"UK\u2019s Starmer says Europe is at \u2018crossroads in history\u2019 as leaders agree to steps to Ukraine peace\" rel=\"nofollow\" target=\"_blank\"><\/a><div class=\"vlp-layout-zone-side\"><div class=\"vlp-block-2 vlp-link-image\"><img decoding=\"async\" src=\"https:\/\/dims.apnews.com\/dims4\/default\/b810a62\/2147483647\/strip\/true\/crop\/5392x3033+0+280\/resize\/1440x810!\/quality\/90\/?url=https%3A%2F%2Fassets.apnews.com%2Fea%2F51%2F25744c542eb1428ee11815f69229%2Fb8875ff9c657473583d45e5d1678e35f\" style=\"max-width: 150px; max-height: 150px\" \/><\/div><\/div><div class=\"vlp-layout-zone-main\"><div class=\"vlp-block-0 vlp-link-title\">UK\u2019s Starmer says Europe is at \u2018crossroads in history\u2019 as leaders agree to steps to Ukraine peace<\/div><div class=\"vlp-block-1 vlp-link-summary\">British Prime Minister Keir Starmer\u2019s exhortation comes two days after U.S. backing of Ukraine appeared in jeopardy when President Donald Trump lashed out at Ukrainian President Volodymyr Zelenskyy.<\/div><\/div><\/div>\n\n<div class=\"vlp-link-container vlp-layout-basic wp-block-visual-link-preview-link\"><a href=\"https:\/\/apnews.com\/article\/russia-ukraine-war-energy-attack-zelenskyy-talks-942d5fa7c9bdd42e6361e5fa7ddb3ae3\" class=\"vlp-link\" title=\"Russia attacks Ukraine\u2019s energy supplies as US cuts its access to satellite images\" rel=\"nofollow\" target=\"_blank\"><\/a><div class=\"vlp-layout-zone-side\"><div class=\"vlp-block-2 vlp-link-image\"><img decoding=\"async\" src=\"https:\/\/dims.apnews.com\/dims4\/default\/3317e30\/2147483647\/strip\/true\/crop\/2000x1125+0+103\/resize\/1440x810!\/quality\/90\/?url=https%3A%2F%2Fassets.apnews.com%2Ff9%2F93%2F07653c3b7e7a86a6419840c62d12%2Fc848ed9aba954164ab3bf148661fec4b\" style=\"max-width: 150px; max-height: 150px\" \/><\/div><\/div><div class=\"vlp-layout-zone-main\"><div class=\"vlp-block-0 vlp-link-title\">Russia attacks Ukraine\u2019s energy supplies as US cuts its access to satellite images<\/div><div class=\"vlp-block-1 vlp-link-summary\">The bombardment took place hours after Zelenskyy said talks with the U.S. on ending the 3-year war will happen next week.<\/div><\/div><\/div>\n\n<div class=\"vlp-link-container vlp-layout-basic wp-block-visual-link-preview-link\"><a href=\"https:\/\/www.theguardian.com\/us-news\/2025\/mar\/06\/us-judges-threats-trump-musk\" class=\"vlp-link\" title=\"US judges alarmed over rise in violent threats as Trump and Musk lambast them\" rel=\"nofollow\" target=\"_blank\"><\/a><div class=\"vlp-layout-zone-side\"><div class=\"vlp-block-2 vlp-link-image\"><img decoding=\"async\" src=\"https:\/\/i.guim.co.uk\/img\/media\/5c25227456abaf6abcab9aad1d163de6235234ea\/0_162_5791_3475\/master\/5791.jpg?width=1200&amp;height=630&amp;quality=85&amp;auto=format&amp;fit=crop&amp;overlay-align=bottom%2Cleft&amp;overlay-width=100p&amp;overlay-base64=L2ltZy9zdGF0aWMvb3ZlcmxheXMvdGctZGVmYXVsdC5wbmc&amp;enable=upscale&amp;s=4468cc2b6a5ebaddb889d438c5640c05\" style=\"max-width: 150px; max-height: 150px\" \/><\/div><\/div><div class=\"vlp-layout-zone-main\"><div class=\"vlp-block-0 vlp-link-title\">US judges alarmed over rise in violent threats as Trump and Musk lambast them<\/div><div class=\"vlp-block-1 vlp-link-summary\">Reuters interviews with 11 federal judges in multiple districts reveal mounting concern over their security<\/div><\/div><\/div>\n\n<div class=\"vlp-link-container vlp-layout-basic wp-block-visual-link-preview-link\"><a href=\"https:\/\/www.theguardian.com\/us-news\/2025\/mar\/06\/university-california-antisemitism-gaza-israel\" class=\"vlp-link\" title=\"US DoJ to investigate University of California over alleged antisemitism\" rel=\"nofollow\" target=\"_blank\"><\/a><div class=\"vlp-layout-zone-side\"><div class=\"vlp-block-2 vlp-link-image\"><img decoding=\"async\" src=\"https:\/\/i.guim.co.uk\/img\/media\/f9471338870323ac8baa93c02d47df1be16ecbe4\/0_367_5500_3301\/master\/5500.jpg?width=1200&amp;height=630&amp;quality=85&amp;auto=format&amp;fit=crop&amp;overlay-align=bottom%2Cleft&amp;overlay-width=100p&amp;overlay-base64=L2ltZy9zdGF0aWMvb3ZlcmxheXMvdGctZGVmYXVsdC5wbmc&amp;enable=upscale&amp;s=8e150878779ca3a8747d57e8a9beec06\" style=\"max-width: 150px; max-height: 150px\" \/><\/div><\/div><div class=\"vlp-layout-zone-main\"><div class=\"vlp-block-0 vlp-link-title\">US DoJ to investigate University of California over alleged antisemitism<\/div><div class=\"vlp-block-1 vlp-link-summary\">Justice department to determine whether UC violated Civil Rights Act of 1964 amid pro-Palestinian campus protests<\/div><\/div><\/div>\n\n<div class=\"vlp-link-container vlp-layout-basic wp-block-visual-link-preview-link\"><a href=\"https:\/\/www.npr.org\/2025\/03\/07\/nx-s1-5320159\/trump-week-tariffs-mexico-canada-doge\" class=\"vlp-link\" title=\"The short history of Trump\u2019s tariff chaos \u2014 and more that happened this week\" rel=\"nofollow\" target=\"_blank\"><\/a><div class=\"vlp-layout-zone-side\"><div class=\"vlp-block-2 vlp-link-image\"><img decoding=\"async\" src=\"https:\/\/npr.brightspotcdn.com\/dims3\/default\/strip\/false\/crop\/4000x2250+0+0\/resize\/1400\/quality\/100\/format\/jpeg\/?url=http%3A%2F%2Fnpr-brightspot.s3.amazonaws.com%2F59%2F7c%2F41b4b79e4c6a93c8f421f9572818%2Fgettyimages-2202771701.jpg\" style=\"max-width: 150px; max-height: 150px\" \/><\/div><\/div><div class=\"vlp-layout-zone-main\"><div class=\"vlp-block-0 vlp-link-title\">The short history of Trump\u2019s tariff chaos \u2014 and more that happened this week<\/div><div class=\"vlp-block-1 vlp-link-summary\">It was a week that saw not only more twists in the tariffs saga but also Trump\u2019s big Hill address, the suspension of aid to Ukraine, more firings at agencies, and more. NPR keeps track, day by day.<\/div><\/div><\/div>\n\n<div class=\"vlp-link-container vlp-layout-basic wp-block-visual-link-preview-link\"><a href=\"https:\/\/apnews.com\/article\/trump-tariffs-business-uncertainty-canada-mexico-china-2b01e586faf99bae3438d289f48a1add\" class=\"vlp-link\" title=\"Trump\u2019s erratic trade policies are baffling businesses, threatening investment and economic growth\" rel=\"nofollow\" target=\"_blank\"><\/a><div class=\"vlp-layout-zone-side\"><div class=\"vlp-block-2 vlp-link-image\"><img decoding=\"async\" src=\"https:\/\/dims.apnews.com\/dims4\/default\/08060c2\/2147483647\/strip\/true\/crop\/1887x1061+0+98\/resize\/1440x810!\/quality\/90\/?url=https%3A%2F%2Fassets.apnews.com%2Fb8%2Fff%2Fce7dd226e9e7327b77b428afb963%2Faeaaa5cf38364618acf88fe4e30c5dc7\" style=\"max-width: 150px; max-height: 150px\" \/><\/div><\/div><div class=\"vlp-layout-zone-main\"><div class=\"vlp-block-0 vlp-link-title\">Trump\u2019s erratic trade policies are baffling businesses, threatening investment and economic growth<\/div><div class=\"vlp-block-1 vlp-link-summary\">President Donald Trump\u2019s ever-changing, on-again, off-again tariff war with America\u2019s three biggest trading partners \u2013 Mexico, Canada and China \u2014 is baffling businesses.<\/div><\/div><\/div>\n\n<div class=\"vlp-link-container vlp-layout-basic wp-block-visual-link-preview-link\"><a href=\"https:\/\/www.youtube.com\/live\/UK7QJ1acbk8?si=_MV9rTM3-MMip9Fk\" class=\"vlp-link\" title=\"Redneck Gone Green: The Build &amp; Fight Formula with Kali Akuno\" rel=\"nofollow\" target=\"_blank\"><\/a><div class=\"vlp-layout-zone-side\"><div class=\"vlp-block-2 vlp-link-image\"><img decoding=\"async\" src=\"https:\/\/i.ytimg.com\/vi\/UK7QJ1acbk8\/maxresdefault.jpg\" style=\"max-width: 150px; max-height: 150px\" \/><\/div><\/div><div class=\"vlp-layout-zone-main\"><div class=\"vlp-block-0 vlp-link-title\">Redneck Gone Green: The Build &amp; Fight Formula with Kali Akuno<\/div><div class=\"vlp-block-1 vlp-link-summary\">On this week\u2019s edition of Redneck Gone Green with David Cobb and Shane Knight, they discuss the flaccid state of the Democratic Party and what it\u2019s going to\u2026<\/div><\/div><\/div>\n\n<div class=\"vlp-link-container vlp-layout-basic wp-block-visual-link-preview-link\"><a href=\"https:\/\/youtu.be\/1ih7WJrcjWg?si=AuUZlqjIpW1sdKhq\" class=\"vlp-link\" title=\"The American empire is over: Richard Wolff on Trump, tariffs and the rising power of BRICS | UpFront\" rel=\"nofollow\" target=\"_blank\"><\/a><div class=\"vlp-layout-zone-side\"><div class=\"vlp-block-2 vlp-link-image\"><img decoding=\"async\" src=\"https:\/\/i.ytimg.com\/vi\/1ih7WJrcjWg\/maxresdefault.jpg\" style=\"max-width: 150px; max-height: 150px\" \/><\/div><\/div><div class=\"vlp-layout-zone-main\"><div class=\"vlp-block-0 vlp-link-title\">The American empire is over: Richard Wolff on Trump, tariffs and the rising power of BRICS | UpFront<\/div><div class=\"vlp-block-1 vlp-link-summary\">United States President Donald Trump is pushing to slash public spending and implement tariffs on countries including China, Canada and Mexico, straining dip\u2026<\/div><\/div><\/div>\n\n<div class=\"vlp-link-container vlp-layout-basic wp-block-visual-link-preview-link\"><a href=\"https:\/\/apnews.com\/article\/climate-trump-green-energy-us-africa-indonesia-8adac422057e9aaf165f7c6b16dbc315\" class=\"vlp-link\" title=\"The US has withdrawn from a climate agreement that helps developing nations, South Africa says\" rel=\"nofollow\" target=\"_blank\"><\/a><div class=\"vlp-layout-zone-side\"><div class=\"vlp-block-2 vlp-link-image\"><img decoding=\"async\" src=\"https:\/\/dims.apnews.com\/dims4\/default\/c2d3d63\/2147483647\/strip\/true\/crop\/4334x2438+0+226\/resize\/1440x810!\/quality\/90\/?url=https%3A%2F%2Fassets.apnews.com%2F5a%2F17%2F3300311f172abb078dad148bc10d%2Fc68e6178c70b4f6e92e3b2626034246f\" style=\"max-width: 150px; max-height: 150px\" \/><\/div><\/div><div class=\"vlp-layout-zone-main\"><div class=\"vlp-block-0 vlp-link-title\">The US has withdrawn from a climate agreement that helps developing nations, South Africa says<\/div><div class=\"vlp-block-1 vlp-link-summary\">The United States has withdrawn from a climate agreement where rich nations have pledged billions of dollars to help a small group of developing countries switch from coal to green energy sources.<\/div><\/div><\/div>\n\n<div class=\"vlp-link-container vlp-layout-basic wp-block-visual-link-preview-link\"><a href=\"https:\/\/apnews.com\/article\/south-korea-fighter-jets-accidental-bombing-us-drills-6c9b9aa634ca7a34c813b9b8b3e64191\" class=\"vlp-link\" title=\"South Korea stops some military drills after accidental bombing in possible setback to US exercises\" rel=\"nofollow\" target=\"_blank\"><\/a><div class=\"vlp-layout-zone-side\"><div class=\"vlp-block-2 vlp-link-image\"><img decoding=\"async\" src=\"https:\/\/dims.apnews.com\/dims4\/default\/8d95e18\/2147483647\/strip\/true\/crop\/6000x3375+0+312\/resize\/1440x810!\/quality\/90\/?url=https%3A%2F%2Fassets.apnews.com%2Fdb%2Fd5%2F1c090bd5c687479c46cf804350ed%2F241ecd6b17804c8a8256bd06880c507e\" style=\"max-width: 150px; max-height: 150px\" \/><\/div><\/div><div class=\"vlp-layout-zone-main\"><div class=\"vlp-block-0 vlp-link-title\">South Korea stops some military drills after accidental bombing in possible setback to US exercises<\/div><div class=\"vlp-block-1 vlp-link-summary\">South Korea\u2019s military says it has suspended the training flights of air force aircraft and all live-fire drills after two fighter jets accidentally bombed a civilian area.<\/div><\/div><\/div>\n\n<div class=\"vlp-link-container vlp-layout-basic wp-block-visual-link-preview-link\"><a href=\"https:\/\/apnews.com\/article\/latakia-syria-clashes-assad-loyalists-alawites-ef7496972e037db8e90c77a5f498d721\" class=\"vlp-link\" title=\"Clashes in Syria between government forces and Assad loyalists kill more than 200\" rel=\"nofollow\" target=\"_blank\"><\/a><div class=\"vlp-layout-zone-side\"><div class=\"vlp-block-2 vlp-link-image\"><img decoding=\"async\" src=\"https:\/\/dims.apnews.com\/dims4\/default\/c24fde8\/2147483647\/strip\/true\/crop\/6000x3375+0+312\/resize\/1440x810!\/quality\/90\/?url=https%3A%2F%2Fassets.apnews.com%2F41%2F37%2F567ccbac42e1dab4e0c23efa7e28%2F4375bb4ee4c84466bb90c1b63334db8a\" style=\"max-width: 150px; max-height: 150px\" \/><\/div><\/div><div class=\"vlp-layout-zone-main\"><div class=\"vlp-block-0 vlp-link-title\">Clashes in Syria between government forces and Assad loyalists kill more than 200<\/div><div class=\"vlp-block-1 vlp-link-summary\">A war monitor says two days of clashes between Syrian security forces and gunmen loyal to former President Bashar Assad have left more than 200 people dead.<\/div><\/div><\/div>\n\n<div class=\"vlp-link-container vlp-layout-basic wp-block-visual-link-preview-link\"><a href=\"https:\/\/apnews.com\/article\/eu-europe-defense-trump-ukraine-germany-france-e4362b1107c3b41c026147466dd582ce\" class=\"vlp-link\" title=\"EU leaders commit to working together after Trump signals that Europe must defend itself\" rel=\"nofollow\" target=\"_blank\"><\/a><div class=\"vlp-layout-zone-side\"><div class=\"vlp-block-2 vlp-link-image\"><img decoding=\"async\" src=\"https:\/\/dims.apnews.com\/dims4\/default\/20cf5f4\/2147483647\/strip\/true\/crop\/3411x1919+0+178\/resize\/1440x810!\/quality\/90\/?url=https%3A%2F%2Fassets.apnews.com%2F38%2F8a%2Fd717f980f17ce4a08f2e5b648f82%2Ff8247c157695406eabdeefe9f98b15bf\" style=\"max-width: 150px; max-height: 150px\" \/><\/div><\/div><div class=\"vlp-layout-zone-main\"><div class=\"vlp-block-0 vlp-link-title\">EU leaders commit to working together after Trump signals that Europe must defend itself<\/div><div class=\"vlp-block-1 vlp-link-summary\">European Union leaders committed to working together to bolster the continent\u2019s defenses and to free up hundreds of billions of euros for security.<\/div><\/div><\/div>\n\n<div class=\"vlp-link-container vlp-layout-basic wp-block-visual-link-preview-link\"><a href=\"https:\/\/www.theguardian.com\/us-news\/live\/2025\/mar\/06\/trump-education-tariffs-ukraine-hamas-usaid-medicare-federal-workers-us-politics-live-news\" class=\"vlp-link\" title=\"US reportedly plans to revoke foreign students\u2019 visas over pro-Palestinian social media posts flagged by AI \u2013 as it happened\" rel=\"nofollow\" target=\"_blank\"><\/a><div class=\"vlp-layout-zone-side\"><div class=\"vlp-block-2 vlp-link-image\"><img decoding=\"async\" src=\"https:\/\/i.guim.co.uk\/img\/media\/51e93000a77f7623390ac31daf13dfdfad0899ed\/232_795_8446_5070\/master\/8446.jpg?width=1200&amp;height=630&amp;quality=85&amp;auto=format&amp;fit=crop&amp;overlay-align=bottom%2Cleft&amp;overlay-width=100p&amp;overlay-base64=L2ltZy9zdGF0aWMvb3ZlcmxheXMvdGctbGl2ZS5wbmc&amp;enable=upscale&amp;s=4175153de1b79deb83a62bbef169e78f\" style=\"max-width: 150px; max-height: 150px\" \/><\/div><\/div><div class=\"vlp-layout-zone-main\"><div class=\"vlp-block-0 vlp-link-title\">US reportedly plans to revoke foreign students\u2019 visas over pro-Palestinian social media posts flagged by AI \u2013 as it happened<\/div><div class=\"vlp-block-1 vlp-link-summary\">State department is using AI to review tens of thousands of accounts, reports say<\/div><\/div><\/div>\n\n<div class=\"vlp-link-container vlp-layout-basic wp-block-visual-link-preview-link\"><a href=\"https:\/\/www.columbiaspectator.com\/news\/2025\/03\/05\/pro-palestinian-protesters-stage-sit-in-in-milstein-lobby\/\" class=\"vlp-link\" title=\"Pro-Palestinian protesters stage sit-in in Milstein lobby\" rel=\"nofollow\" target=\"_blank\"><\/a><div class=\"vlp-layout-zone-side\"><div class=\"vlp-block-2 vlp-link-image\"><img decoding=\"async\" src=\"https:\/\/cloudfront-us-east-1.images.arcpublishing.com\/spectator\/2C34OTMU6FACLP76TTKXFC4DHY.jpg\" style=\"max-width: 150px; max-height: 150px\" \/><\/div><\/div><div class=\"vlp-layout-zone-main\"><div class=\"vlp-block-0 vlp-link-title\">Pro-Palestinian protesters stage sit-in in Milstein lobby<\/div><div class=\"vlp-block-1 vlp-link-summary\"><i>Updated March 5 at 4:01 p.m.<\/i><\/div><\/div><\/div>\n\n<div class=\"vlp-link-container vlp-layout-basic wp-block-visual-link-preview-link\"><a href=\"https:\/\/www.npr.org\/2025\/03\/07\/nx-s1-5320802\/china-us-tariffs-gaza-ukraine-russia-trump\" class=\"vlp-link\" title=\"5 takeaways: China\u2019s foreign minister slams Trump\u2019s \u2018two-faced\u2019 policies\" rel=\"nofollow\" target=\"_blank\"><\/a><div class=\"vlp-layout-zone-side\"><div class=\"vlp-block-2 vlp-link-image\"><img decoding=\"async\" src=\"https:\/\/npr.brightspotcdn.com\/dims3\/default\/strip\/false\/crop\/3097x1742+0+161\/resize\/1400\/quality\/100\/format\/jpeg\/?url=http%3A%2F%2Fnpr-brightspot.s3.amazonaws.com%2F48%2Fee%2Fe7434b5243c4aa52e3cda2b5468d%2Fap25066118617937.jpg\" style=\"max-width: 150px; max-height: 150px\" \/><\/div><\/div><div class=\"vlp-layout-zone-main\"><div class=\"vlp-block-0 vlp-link-title\">5 takeaways: China\u2019s foreign minister slams Trump\u2019s \u2018two-faced\u2019 policies<\/div><div class=\"vlp-block-1 vlp-link-summary\">China\u2019s top foreign policy official addressed the escalating trade war with the U.S. and promoted China as an \u201canchor\u201d on the global stage as America retreats from international involvement.<\/div><\/div><\/div>\n\n<div class=\"vlp-link-container vlp-layout-basic wp-block-visual-link-preview-link\"><a href=\"https:\/\/www.theguardian.com\/us-news\/2025\/mar\/06\/trump-labor-board-firing-gwynne-wilcox\" class=\"vlp-link\" title=\"Court rules Trump\u2019s firing of labor board official illegal, saying president is not a king\" rel=\"nofollow\" target=\"_blank\"><\/a><div class=\"vlp-layout-zone-side\"><div class=\"vlp-block-2 vlp-link-image\"><img decoding=\"async\" src=\"https:\/\/i.guim.co.uk\/img\/media\/25e23d4becd6c22b5f07c85b8f70efa43a4c261b\/0_395_3058_1834\/master\/3058.jpg?width=1200&amp;height=630&amp;quality=85&amp;auto=format&amp;fit=crop&amp;overlay-align=bottom%2Cleft&amp;overlay-width=100p&amp;overlay-base64=L2ltZy9zdGF0aWMvb3ZlcmxheXMvdGctZGVmYXVsdC5wbmc&amp;enable=upscale&amp;s=9309ac6b33289f236b8b2164af6b5f92\" style=\"max-width: 150px; max-height: 150px\" \/><\/div><\/div><div class=\"vlp-layout-zone-main\"><div class=\"vlp-block-0 vlp-link-title\">Court rules Trump\u2019s firing of labor board official illegal, saying president is not a king<\/div><div class=\"vlp-block-1 vlp-link-summary\">Judge orders reinstatement of Gwynne Wilcox to National Labor Relations Board after her removal by US president<\/div><\/div><\/div>\n\n<div class=\"vlp-link-container vlp-layout-basic wp-block-visual-link-preview-link\"><a href=\"https:\/\/www.cnbc.com\/2025\/03\/07\/cnbc-daily-open-more-tariff-pauses-but-nasdaq-enters-correction.html\" class=\"vlp-link\" title=\"CNBC Daily Open: Trump paused tariffs for some imports \u2014 but Nasdaq enters correction territory\" rel=\"nofollow\" target=\"_blank\"><\/a><div class=\"vlp-layout-zone-side\"><div class=\"vlp-block-2 vlp-link-image\"><img decoding=\"async\" src=\"https:\/\/image.cnbcfm.com\/api\/v1\/image\/108112335-17412962782025-03-06t211202z_784510376_rc2v7dats9oe_rtrmadp_0_usa-trump.jpeg?v=1741296311&amp;w=1920&amp;h=1080\" style=\"max-width: 150px; max-height: 150px\" \/><\/div><\/div><div class=\"vlp-layout-zone-main\"><div class=\"vlp-block-0 vlp-link-title\">CNBC Daily Open: Trump paused tariffs for some imports \u2014 but Nasdaq enters correction territory<\/div><div class=\"vlp-block-1 vlp-link-summary\">The Trump administration seems to be doubling down on tariffs, even as it acknowledges \u2014 and dismisses \u2014 the repercussions of such levies.<\/div><\/div><\/div>\n\n<div class=\"vlp-link-container vlp-layout-basic wp-block-visual-link-preview-link\"><a href=\"https:\/\/abcnews.go.com\/US\/active-duty-army-soldier-charged-selling-classified-info\/story?id=119537927\" class=\"vlp-link\" title=\"Active-duty Army soldier charged with selling classified info to China\" rel=\"nofollow\" target=\"_blank\"><\/a><div class=\"vlp-layout-zone-side\"><div class=\"vlp-block-2 vlp-link-image\"><img decoding=\"async\" src=\"https:\/\/i.abcnewsfe.com\/a\/d576674b-1efe-4109-b284-f842a929440d\/jian-zhao-court-documents_1741318293153_hpMain_16x9.jpg?w=1600\" style=\"max-width: 150px; max-height: 150px\" \/><\/div><\/div><div class=\"vlp-layout-zone-main\"><div class=\"vlp-block-0 vlp-link-title\">Active-duty Army soldier charged with selling classified info to China<\/div><div class=\"vlp-block-1 vlp-link-summary\">An active-duty U.S. army sergeant has been charged with selling sensitive national defense secrets, according to court documents.<\/div><\/div><\/div>\n\n<div class=\"vlp-link-container vlp-layout-basic wp-block-visual-link-preview-link\"><a href=\"https:\/\/www.theguardian.com\/us-news\/2025\/mar\/05\/trump-administration-hamas-israel-gaza-ceasefire\" class=\"vlp-link\" title=\"Trump posts fresh ultimatum to Hamas as US enters direct talks with group\" rel=\"nofollow\" target=\"_blank\"><\/a><div class=\"vlp-layout-zone-side\"><div class=\"vlp-block-2 vlp-link-image\"><img decoding=\"async\" src=\"https:\/\/i.guim.co.uk\/img\/media\/360810ea1024bebe1aa8d4af4cd66f7cd02655c0\/488_493_4355_2612\/master\/4355.jpg?width=1200&amp;height=630&amp;quality=85&amp;auto=format&amp;fit=crop&amp;overlay-align=bottom%2Cleft&amp;overlay-width=100p&amp;overlay-base64=L2ltZy9zdGF0aWMvb3ZlcmxheXMvdGctZGVmYXVsdC5wbmc&amp;enable=upscale&amp;s=502dc3e9a7208d0203c6e5b4752c763c\" style=\"max-width: 150px; max-height: 150px\" \/><\/div><\/div><div class=\"vlp-layout-zone-main\"><div class=\"vlp-block-0 vlp-link-title\">Trump posts fresh ultimatum to Hamas as US enters direct talks with group<\/div><div class=\"vlp-block-1 vlp-link-summary\">US president tells group to \u2018release all of the Hostages now &#8230; or it is OVER for you\u2019 as White House enters negotiations<\/div><\/div><\/div>\n\n\n\n\n<div class=\"wp-block-group\"><div class=\"wp-block-group__inner-container is-layout-constrained wp-block-group-is-layout-constrained\"><div class=\"vlp-link-container vlp-layout-basic wp-block-visual-link-preview-link\"><a href=\"https:\/\/podcasts.apple.com\/us\/podcast\/episode-48-marxism-and-academia-in-soviet-georgia\/id1555761205?i=1000689981760\" class=\"vlp-link\" title=\"Episode 48: Marxism and Academia in Soviet Georgia with Bakar Berekashvili\" rel=\"nofollow\" target=\"_blank\"><\/a><div class=\"vlp-layout-zone-side\"><div class=\"vlp-block-2 vlp-link-image\"><img decoding=\"async\" src=\"https:\/\/is1-ssl.mzstatic.com\/image\/thumb\/Podcasts211\/v4\/1d\/8c\/0e\/1d8c0ecd-aabb-7851-6afe-2d6bcc346e48\/mza_16335390518435111049.jpg\/1200x1200ECA.PESS01-60.jpg?imgShow=Podcasts114\/v4\/00\/90\/32\/009032d4-0e30-27dc-2d8f-c91050094374\/mza_3410539084136592001.jpg\" style=\"max-width: 150px; max-height: 150px\" \/><\/div><\/div><div class=\"vlp-layout-zone-main\"><div class=\"vlp-block-0 vlp-link-title\">Episode 48: Marxism and Academia in Soviet Georgia with Bakar Berekashvili<\/div><div class=\"vlp-block-1 vlp-link-summary\">Podcast Episode \u00b7 Reimagining Soviet Georgia \u00b7 02\/07\/2025 \u00b7 1h 25m<\/div><\/div><\/div>\n\n\n<h6 class=\"wp-block-heading\" id=\"cloverleaf\"><\/h6>\n\n\n<div class=\"vlp-link-container vlp-layout-basic wp-block-visual-link-preview-link\"><a href=\"https:\/\/www.kshb.com\/news\/local-news\/cloverleaf-apartments-tenants-face-sudden-displacement-after-hopeful-meeting\" class=\"vlp-link\" title=\"Cloverleaf Apartments tenants face sudden displacement after hopeful meeting\" rel=\"nofollow\" target=\"_blank\"><\/a><div class=\"vlp-layout-zone-side\"><div class=\"vlp-block-2 vlp-link-image\"><img decoding=\"async\" src=\"https:\/\/ewscripps.brightspotcdn.com\/dims4\/default\/754eaf7\/2147483647\/strip\/true\/crop\/3840x2016+0+72\/resize\/1200x630!\/quality\/90\/?url=http%3A%2F%2Fewscripps-brightspot.s3.amazonaws.com%2F75%2F4b%2F64883a904c27995693b91a596583%2F2.jpg\" style=\"max-width: 150px; max-height: 150px\" \/><\/div><\/div><div class=\"vlp-layout-zone-main\"><div class=\"vlp-block-0 vlp-link-title\">Cloverleaf Apartments tenants face sudden displacement after hopeful meeting<\/div><div class=\"vlp-block-1 vlp-link-summary\">A day of emotional whiplash left more than 75 Cloverleaf apartment tenants scrambling for shelter after the Kansas City Fire Department abruptly shut down the complex Wednesday afternoon.<\/div><\/div><\/div>\n\n<div class=\"vlp-link-container vlp-layout-basic wp-block-visual-link-preview-link\"><a href=\"https:\/\/www.youtube.com\/watch?v=e7zxBTQsvng\" class=\"vlp-link\" title=\"Biden, Blinken &amp; Austin Accused of Complicity in Israel\u2019s Gaza War Crimes; ICC Urged to Investigate\" rel=\"nofollow\" target=\"_blank\"><\/a><div class=\"vlp-layout-zone-side\"><div class=\"vlp-block-2 vlp-link-image\"><img decoding=\"async\" src=\"https:\/\/i.ytimg.com\/vi\/e7zxBTQsvng\/maxresdefault.jpg\" style=\"max-width: 150px; max-height: 150px\" \/><\/div><\/div><div class=\"vlp-layout-zone-main\"><div class=\"vlp-block-0 vlp-link-title\">Biden, Blinken &amp; Austin Accused of Complicity in Israel\u2019s Gaza War Crimes; ICC Urged to Investigate<\/div><div class=\"vlp-block-1 vlp-link-summary\">Support our work: https:\/\/democracynow.org\/donate\/sm-desc-ytDAWN, a D.C.-based nonprofit organization that supports democracy and human rights in the Middle\u2026<\/div><\/div><\/div>\n\n<div class=\"vlp-link-container vlp-layout-basic wp-block-visual-link-preview-link\"><a href=\"https:\/\/apnews.com\/article\/congo-rebels-death-roll-rwanda-goma-b9751306586dc3aec20bd90cd20b68e0\" class=\"vlp-link\" title=\"More pressure on Rwanda as Congo says rebel uprising has killed over 7,000 people this year\" rel=\"nofollow\" target=\"_blank\"><\/a><div class=\"vlp-layout-zone-side\"><div class=\"vlp-block-2 vlp-link-image\"><img decoding=\"async\" src=\"https:\/\/dims.apnews.com\/dims4\/default\/ffc8573\/2147483647\/strip\/true\/crop\/5253x2955+0+274\/resize\/1440x810!\/quality\/90\/?url=https%3A%2F%2Fassets.apnews.com%2Fc2%2F46%2F2a36dffa91073ecdd0d460333a25%2F173121586f564fa08661bbb96ae67bfa\" style=\"max-width: 150px; max-height: 150px\" \/><\/div><\/div><div class=\"vlp-layout-zone-main\"><div class=\"vlp-block-0 vlp-link-title\">More pressure on Rwanda as Congo says rebel uprising has killed over 7,000 people this year<\/div><div class=\"vlp-block-1 vlp-link-summary\">Congo says over 7,000 people have died this year as Rwanda-backed M23 rebels have captured unprecedented amounts of territory in its mineral-rich eastern region.<\/div><\/div><\/div>\n\n<div class=\"vlp-link-container vlp-layout-basic wp-block-visual-link-preview-link\"><a href=\"https:\/\/www.france24.com\/en\/middle-east\/20250225-day-of-true-victory-syrians-aim-to-chart-their-political-future-with-national-dialogue-conference\" class=\"vlp-link\" title=\"Syrian national conference bans armed groups outside military, Kurdish parties reject outcome\" rel=\"nofollow\" target=\"_blank\"><\/a><div class=\"vlp-layout-zone-side\"><div class=\"vlp-block-2 vlp-link-image\"><img decoding=\"async\" src=\"https:\/\/s.france24.com\/media\/display\/66827272-f361-11ef-bec2-005056a90284\/w:1280\/p:16x9\/bae53117d71e6b0707d2e82bb05a50f22b146563.jpg\" style=\"max-width: 150px; max-height: 150px\" \/><\/div><\/div><div class=\"vlp-layout-zone-main\"><div class=\"vlp-block-0 vlp-link-title\">Syrian national conference bans armed groups outside military, Kurdish parties reject outcome<\/div><div class=\"vlp-block-1 vlp-link-summary\">A major national conference on Syria\u2019s future ended in Damascus on Tuesday with the country\u2019s new rulers\u00a0pledging to ensure a state monopoly on weapons and banning armed groups outside the military.\u2026<\/div><\/div><\/div>\n\n<div class=\"vlp-link-container vlp-layout-basic wp-block-visual-link-preview-link\"><a href=\"https:\/\/www.bbc.com\/news\/articles\/ckgdyqx1zy6o\" class=\"vlp-link\" title=\"Chris Mason: Starmer upends Labour manifesto to confront Europe\u2019s new reality\" rel=\"nofollow\" target=\"_blank\"><\/a><div class=\"vlp-layout-zone-side\"><div class=\"vlp-block-2 vlp-link-image\"><img decoding=\"async\" src=\"https:\/\/ichef.bbci.co.uk\/news\/1024\/branded_news\/47d3\/live\/39d85570-f3d4-11ef-8b5c-03afff36a6ac.jpg\" style=\"max-width: 150px; max-height: 150px\" \/><\/div><\/div><div class=\"vlp-layout-zone-main\"><div class=\"vlp-block-0 vlp-link-title\">Chris Mason: Starmer upends Labour manifesto to confront Europe\u2019s new reality<\/div><div class=\"vlp-block-1 vlp-link-summary\">Sir Keir Starmer\u2019s meeting with the US president comes at a pivotal moment for Europe, our political editor writes.<\/div><\/div><\/div>\n\n<div class=\"vlp-link-container vlp-layout-basic wp-block-visual-link-preview-link\"><a href=\"https:\/\/www.cnn.com\/2025\/02\/25\/americas\/chile-blackout-14-regions-intl-latam\/index.html\" class=\"vlp-link\" title=\"Chile experiences massive blackout hitting 14 of its 16 regions | CNN\" rel=\"nofollow\" target=\"_blank\"><\/a><div class=\"vlp-layout-zone-side\"><div class=\"vlp-block-2 vlp-link-image\"><img decoding=\"async\" src=\"https:\/\/media.cnn.com\/api\/v1\/images\/stellar\/prod\/2025-02-25t200522z-1106948056-rc2w1da9kizk-rtrmadp-3-chile-power.JPG?c=16x9&amp;q=w_800,c_fill\" style=\"max-width: 150px; max-height: 150px\" \/><\/div><\/div><div class=\"vlp-layout-zone-main\"><div class=\"vlp-block-0 vlp-link-title\">Chile experiences massive blackout hitting 14 of its 16 regions | CNN<\/div><div class=\"vlp-block-1 vlp-link-summary\">A massive blackout hit Chile on Tuesday, affecting 14 of the country\u2019s 16 regions, including the capital Santiago and its surrounding area, the National Disaster Prevention and Response Service (Senapred) said.<\/div><\/div><\/div>\n\n<div class=\"vlp-link-container vlp-layout-basic wp-block-visual-link-preview-link\"><a href=\"https:\/\/www.pbs.org\/newshour\/world\/ukraine-and-u-s-agree-on-economic-deal-including-rare-earth-materials-ukrainian-officials-say\" class=\"vlp-link\" title=\"Ukraine and U.S. agree on economic deal including rare earth materials, Ukrainian officials say\" rel=\"nofollow\" target=\"_blank\"><\/a><div class=\"vlp-layout-zone-side\"><div class=\"vlp-block-2 vlp-link-image\"><img decoding=\"async\" src=\"https:\/\/d3i6fh83elv35t.cloudfront.net\/static\/2025\/02\/wrap-5-1024x681.jpg\" style=\"max-width: 150px; max-height: 150px\" \/><\/div><\/div><div class=\"vlp-layout-zone-main\"><div class=\"vlp-block-0 vlp-link-title\">Ukraine and U.S. agree on economic deal including rare earth materials, Ukrainian officials say<\/div><div class=\"vlp-block-1 vlp-link-summary\">The officials, who were familiar with the matter, spoke on condition of anonymity because they were not authorized to speak publicly.<\/div><\/div><\/div>\n\n<div class=\"vlp-link-container vlp-layout-basic wp-block-visual-link-preview-link\"><a href=\"https:\/\/apnews.com\/video\/trump-says-musks-email-to-federal-workers-is-somewhat-voluntary-but-no-answer-and-you-get-fired-4e9ecea7cfa74f828f74be48955bfd35\" class=\"vlp-link\" title=\"Trump says Musk\u2019s email to federal workers is \u2018somewhat voluntary\u2019 but no answer and \u2018you get fired\u2019\" rel=\"nofollow\" target=\"_blank\"><\/a><div class=\"vlp-layout-zone-side\"><div class=\"vlp-block-2 vlp-link-image\"><img decoding=\"async\" src=\"https:\/\/dims.apnews.com\/dims4\/default\/8a8a585\/2147483647\/strip\/true\/crop\/1280x720+0+0\/resize\/1440x810!\/quality\/90\/?url=https%3A%2F%2Fassets.apnews.com%2F71%2Ffc%2Ffd90be504bc980a6c462da4a5be5%2Fyoutube-thumbnails-2025-02-25t185933-954.png\" style=\"max-width: 150px; max-height: 150px\" \/><\/div><\/div><div class=\"vlp-layout-zone-main\"><div class=\"vlp-block-0 vlp-link-title\">Trump says Musk\u2019s email to federal workers is \u2018somewhat voluntary\u2019 but no answer and \u2018you get fired\u2019<\/div><div class=\"vlp-block-1 vlp-link-summary\">President Donald Trump did little to clear up the confusion surrounding the email sent to federal employees asking them to list their accomplishments last week.<\/div><\/div><\/div><\/div><\/div>\n\n\n\n<div class=\"wp-block-buttons is-content-justification-center is-layout-flex wp-container-core-buttons-is-layout-16018d1d wp-block-buttons-is-layout-flex\">\n<div class=\"wp-block-button has-custom-width wp-block-button__width-50\"><a class=\"wp-block-button__link wp-element-button\" href=\"https:\/\/thepartisans.info\/index.php\/sweep-archives-four\/\">Previous Articles<\/a><\/div>\n<\/div>\n\n\n\n<p><\/p>\n","protected":false},"excerpt":{"rendered":"","protected":false},"author":1,"featured_media":0,"parent":0,"menu_order":0,"comment_status":"closed","ping_status":"closed","template":"","meta":{"footnotes":""},"class_list":["post-114","page","type-page","status-publish","hentry"],"jetpack_sharing_enabled":true,"jetpack_likes_enabled":true,"_links":{"self":[{"href":"https:\/\/thepartisans.info\/index.php\/wp-json\/wp\/v2\/pages\/114","targetHints":{"allow":["GET"]}}],"collection":[{"href":"https:\/\/thepartisans.info\/index.php\/wp-json\/wp\/v2\/pages"}],"about":[{"href":"https:\/\/thepartisans.info\/index.php\/wp-json\/wp\/v2\/types\/page"}],"author":[{"embeddable":true,"href":"https:\/\/thepartisans.info\/index.php\/wp-json\/wp\/v2\/users\/1"}],"replies":[{"embeddable":true,"href":"https:\/\/thepartisans.info\/index.php\/wp-json\/wp\/v2\/comments?post=114"}],"version-history":[{"count":197,"href":"https:\/\/thepartisans.info\/index.php\/wp-json\/wp\/v2\/pages\/114\/revisions"}],"predecessor-version":[{"id":780,"href":"https:\/\/thepartisans.info\/index.php\/wp-json\/wp\/v2\/pages\/114\/revisions\/780"}],"wp:attachment":[{"href":"https:\/\/thepartisans.info\/index.php\/wp-json\/wp\/v2\/media?parent=114"}],"curies":[{"name":"wp","href":"https:\/\/api.w.org\/{rel}","templated":true}]}}